{"id":17262,"date":"2026-04-29T10:28:15","date_gmt":"2026-04-29T08:28:15","guid":{"rendered":"https:\/\/turisme.mutxamel.org\/eventos\/jornades-danellament-i-ruta-interpretativa\/"},"modified":"2026-04-30T03:03:52","modified_gmt":"2026-04-30T01:03:52","slug":"jornades-danellament-i-ruta-interpretativa-5","status":"publish","type":"mec-events","link":"https:\/\/turisme.mutxamel.org\/ca\/eventos\/jornades-danellament-i-ruta-interpretativa-5\/","title":{"rendered":"Jornades d&#8217;Anellament i ruta interpretativa"},"content":{"rendered":"<p>L&#8217;\u00e0rea de Sostenibilitat Ambiental de l&#8217;Ajuntament de Mutxamel, en col\u00b7laboraci\u00f3 amb el grup G.A.L.A., organitza quatre jornades d&#8217;anellament i ruta de senderisme interpretativa pel riu Montnegre durant els mesos d&#8217;abril i maig, per a celebrar el Dia Mundial de la Biodiversitat i el Dia dels Ocells migradors.<\/p>\n<p>Durant la visita podreu participar en un taller d&#8217;anellament, en el qual anilladores cient\u00edfics ens ensenyaran el funcionament d&#8217;una estaci\u00f3 d&#8217;anellament i com les dades que s&#8217;obtenen ens ajuden a con\u00e9ixer millor les aus i les seues rutes migrat\u00f2ries.<\/p>\n<p>Les dates de les jornades d&#8217;anellaments s\u00f3n:<\/p>\n<p>12 i 18 d&#8217;abril i 10 i 24 de maig<\/p>\n<p>Lloc d&#8217;eixida: Centre d&#8217;Interpretaci\u00f3 Els Fontetes (antiga \u00c0rea Recreativa La Sabateta)<\/p>\n<p>Hora: 9.00h<\/p>\n<p>Duraci\u00f3: 4h<\/p>\n<p>Longitud: 4 km (anada i tornada)<\/p>\n<p>Dificultat: baixa<\/p>\n<p>La inscripci\u00f3 \u00e9s obligat\u00f2ria mitjan\u00e7ant este formulari<\/p>\n<p>Les rutes, per la seua dificultat, s\u00f3n aptes per a tota mena de p\u00fablic, encara que no s\u00f3n accessibles per a persones amb mobilitat redu\u00efda. En cas de no poder acudir, s&#8217;ha d&#8217;informar en el mateix email d&#8217;inscripci\u00f3, per a possibilitar l&#8217;assist\u00e8ncia d&#8217;altres persones en llista d&#8217;espera.<\/p>\n","protected":false},"excerpt":{"rendered":"<p>L&#8217;\u00e0rea de Sostenibilitat Ambiental de l&#8217;Ajuntament de Mutxamel, en col\u00b7laboraci\u00f3 amb el grup G.A.L.A., organitza quatre jornades d&#8217;anellament i ruta de senderisme interpretativa pel riu Montnegre durant els mesos d&#8217;abril i maig, per a celebrar el Dia Mundial de la Biodiversitat i el Dia dels Ocells migradors. Durant la visita podreu participar en un taller&#8230;<\/p>\n","protected":false},"author":5,"featured_media":14011,"comment_status":"closed","ping_status":"closed","template":"","tags":[],"mec_category":[33],"class_list":["post-17262","mec-events","type-mec-events","status-publish","has-post-thumbnail","hentry","mec_category-turismo"],"yoast_head":"<!-- This site is optimized with the Yoast SEO plugin v27.4 - https:\/\/yoast.com\/product\/yoast-seo-wordpress\/ -->\n<title>Jornades d&#039;Anellament i ruta interpretativa - Turismo Mutxamel<\/title>\n<meta name=\"robots\" content=\"index, follow, max-snippet:-1, max-image-preview:large, max-video-preview:-1\" \/>\n<link rel=\"canonical\" href=\"https:\/\/turisme.mutxamel.org\/ca\/eventos\/jornades-danellament-i-ruta-interpretativa-5\/\" \/>\n<meta property=\"og:locale\" content=\"ca_ES\" \/>\n<meta property=\"og:type\" content=\"article\" \/>\n<meta property=\"og:title\" content=\"Jornades d&#039;Anellament i ruta interpretativa - Turismo Mutxamel\" \/>\n<meta property=\"og:description\" content=\"L&#8217;\u00e0rea de Sostenibilitat Ambiental de l&#8217;Ajuntament de Mutxamel, en col\u00b7laboraci\u00f3 amb el grup G.A.L.A., organitza quatre jornades d&#8217;anellament i ruta de senderisme interpretativa pel riu Montnegre durant els mesos d&#8217;abril i maig, per a celebrar el Dia Mundial de la Biodiversitat i el Dia dels Ocells migradors. Durant la visita podreu participar en un taller...\" \/>\n<meta property=\"og:url\" content=\"https:\/\/turisme.mutxamel.org\/ca\/eventos\/jornades-danellament-i-ruta-interpretativa-5\/\" \/>\n<meta property=\"og:site_name\" content=\"Turismo Mutxamel\" \/>\n<meta property=\"article:publisher\" content=\"https:\/\/www.facebook.com\/mutxamelturismo\" \/>\n<meta property=\"article:modified_time\" content=\"2026-04-30T01:03:52+00:00\" \/>\n<meta property=\"og:image\" content=\"https:\/\/turisme.mutxamel.org\/wp-content\/uploads\/2024\/04\/Cartel-Anillamiento-2024-scaled-2.jpg\" \/>\n\t<meta property=\"og:image:width\" content=\"1357\" \/>\n\t<meta property=\"og:image:height\" content=\"1920\" \/>\n\t<meta property=\"og:image:type\" content=\"image\/jpeg\" \/>\n<meta name=\"twitter:card\" content=\"summary_large_image\" \/>\n<meta name=\"twitter:label1\" content=\"Temps estimat de lectura\" \/>\n\t<meta name=\"twitter:data1\" content=\"1 minut\" \/>\n<script type=\"application\/ld+json\" class=\"yoast-schema-graph\">{\"@context\":\"https:\\\/\\\/schema.org\",\"@graph\":[{\"@type\":\"WebPage\",\"@id\":\"https:\\\/\\\/turisme.mutxamel.org\\\/ca\\\/eventos\\\/jornades-danellament-i-ruta-interpretativa-5\\\/\",\"url\":\"https:\\\/\\\/turisme.mutxamel.org\\\/ca\\\/eventos\\\/jornades-danellament-i-ruta-interpretativa-5\\\/\",\"name\":\"Jornades d'Anellament i ruta interpretativa - Turismo Mutxamel\",\"isPartOf\":{\"@id\":\"https:\\\/\\\/turisme.mutxamel.org\\\/ca\\\/#website\"},\"primaryImageOfPage\":{\"@id\":\"https:\\\/\\\/turisme.mutxamel.org\\\/ca\\\/eventos\\\/jornades-danellament-i-ruta-interpretativa-5\\\/#primaryimage\"},\"image\":{\"@id\":\"https:\\\/\\\/turisme.mutxamel.org\\\/ca\\\/eventos\\\/jornades-danellament-i-ruta-interpretativa-5\\\/#primaryimage\"},\"thumbnailUrl\":\"https:\\\/\\\/turisme.mutxamel.org\\\/wp-content\\\/uploads\\\/2024\\\/04\\\/Cartel-Anillamiento-2024-scaled-2.jpg\",\"datePublished\":\"2026-04-29T08:28:15+00:00\",\"dateModified\":\"2026-04-30T01:03:52+00:00\",\"breadcrumb\":{\"@id\":\"https:\\\/\\\/turisme.mutxamel.org\\\/ca\\\/eventos\\\/jornades-danellament-i-ruta-interpretativa-5\\\/#breadcrumb\"},\"inLanguage\":\"ca\",\"potentialAction\":[{\"@type\":\"ReadAction\",\"target\":[\"https:\\\/\\\/turisme.mutxamel.org\\\/ca\\\/eventos\\\/jornades-danellament-i-ruta-interpretativa-5\\\/\"]}]},{\"@type\":\"ImageObject\",\"inLanguage\":\"ca\",\"@id\":\"https:\\\/\\\/turisme.mutxamel.org\\\/ca\\\/eventos\\\/jornades-danellament-i-ruta-interpretativa-5\\\/#primaryimage\",\"url\":\"https:\\\/\\\/turisme.mutxamel.org\\\/wp-content\\\/uploads\\\/2024\\\/04\\\/Cartel-Anillamiento-2024-scaled-2.jpg\",\"contentUrl\":\"https:\\\/\\\/turisme.mutxamel.org\\\/wp-content\\\/uploads\\\/2024\\\/04\\\/Cartel-Anillamiento-2024-scaled-2.jpg\",\"width\":1357,\"height\":1920},{\"@type\":\"BreadcrumbList\",\"@id\":\"https:\\\/\\\/turisme.mutxamel.org\\\/ca\\\/eventos\\\/jornades-danellament-i-ruta-interpretativa-5\\\/#breadcrumb\",\"itemListElement\":[{\"@type\":\"ListItem\",\"position\":1,\"name\":\"Portada\",\"item\":\"https:\\\/\\\/turisme.mutxamel.org\\\/ca\\\/\"},{\"@type\":\"ListItem\",\"position\":2,\"name\":\"Events\",\"item\":\"https:\\\/\\\/turisme.mutxamel.org\\\/ca\\\/eventos\\\/\"},{\"@type\":\"ListItem\",\"position\":3,\"name\":\"Jornades d&#8217;Anellament i ruta interpretativa\"}]},{\"@type\":\"WebSite\",\"@id\":\"https:\\\/\\\/turisme.mutxamel.org\\\/ca\\\/#website\",\"url\":\"https:\\\/\\\/turisme.mutxamel.org\\\/ca\\\/\",\"name\":\"Turismo Mutxamel\",\"description\":\"\",\"publisher\":{\"@id\":\"https:\\\/\\\/turisme.mutxamel.org\\\/ca\\\/#organization\"},\"potentialAction\":[{\"@type\":\"SearchAction\",\"target\":{\"@type\":\"EntryPoint\",\"urlTemplate\":\"https:\\\/\\\/turisme.mutxamel.org\\\/ca\\\/?s={search_term_string}\"},\"query-input\":{\"@type\":\"PropertyValueSpecification\",\"valueRequired\":true,\"valueName\":\"search_term_string\"}}],\"inLanguage\":\"ca\"},{\"@type\":\"Organization\",\"@id\":\"https:\\\/\\\/turisme.mutxamel.org\\\/ca\\\/#organization\",\"name\":\"Turismo Mutxamel\",\"url\":\"https:\\\/\\\/turisme.mutxamel.org\\\/ca\\\/\",\"logo\":{\"@type\":\"ImageObject\",\"inLanguage\":\"ca\",\"@id\":\"https:\\\/\\\/turisme.mutxamel.org\\\/ca\\\/#\\\/schema\\\/logo\\\/image\\\/\",\"url\":\"https:\\\/\\\/turisme.mutxamel.org\\\/wp-content\\\/uploads\\\/2024\\\/01\\\/logo-turismo-mutxamel.jpg\",\"contentUrl\":\"https:\\\/\\\/turisme.mutxamel.org\\\/wp-content\\\/uploads\\\/2024\\\/01\\\/logo-turismo-mutxamel.jpg\",\"width\":195,\"height\":81,\"caption\":\"Turismo Mutxamel\"},\"image\":{\"@id\":\"https:\\\/\\\/turisme.mutxamel.org\\\/ca\\\/#\\\/schema\\\/logo\\\/image\\\/\"},\"sameAs\":[\"https:\\\/\\\/www.facebook.com\\\/mutxamelturismo\",\"https:\\\/\\\/www.instagram.com\\\/mutxamelturismo\\\/\",\"https:\\\/\\\/www.youtube.com\\\/aytomutxamel\"]}]}<\/script>\n<!-- \/ Yoast SEO plugin. -->","yoast_head_json":{"title":"Jornades d'Anellament i ruta interpretativa - Turismo Mutxamel","robots":{"index":"index","follow":"follow","max-snippet":"max-snippet:-1","max-image-preview":"max-image-preview:large","max-video-preview":"max-video-preview:-1"},"canonical":"https:\/\/turisme.mutxamel.org\/ca\/eventos\/jornades-danellament-i-ruta-interpretativa-5\/","og_locale":"ca_ES","og_type":"article","og_title":"Jornades d'Anellament i ruta interpretativa - Turismo Mutxamel","og_description":"L&#8217;\u00e0rea de Sostenibilitat Ambiental de l&#8217;Ajuntament de Mutxamel, en col\u00b7laboraci\u00f3 amb el grup G.A.L.A., organitza quatre jornades d&#8217;anellament i ruta de senderisme interpretativa pel riu Montnegre durant els mesos d&#8217;abril i maig, per a celebrar el Dia Mundial de la Biodiversitat i el Dia dels Ocells migradors. Durant la visita podreu participar en un taller...","og_url":"https:\/\/turisme.mutxamel.org\/ca\/eventos\/jornades-danellament-i-ruta-interpretativa-5\/","og_site_name":"Turismo Mutxamel","article_publisher":"https:\/\/www.facebook.com\/mutxamelturismo","article_modified_time":"2026-04-30T01:03:52+00:00","og_image":[{"width":1357,"height":1920,"url":"https:\/\/turisme.mutxamel.org\/wp-content\/uploads\/2024\/04\/Cartel-Anillamiento-2024-scaled-2.jpg","type":"image\/jpeg"}],"twitter_card":"summary_large_image","twitter_misc":{"Temps estimat de lectura":"1 minut"},"schema":{"@context":"https:\/\/schema.org","@graph":[{"@type":"WebPage","@id":"https:\/\/turisme.mutxamel.org\/ca\/eventos\/jornades-danellament-i-ruta-interpretativa-5\/","url":"https:\/\/turisme.mutxamel.org\/ca\/eventos\/jornades-danellament-i-ruta-interpretativa-5\/","name":"Jornades d'Anellament i ruta interpretativa - Turismo Mutxamel","isPartOf":{"@id":"https:\/\/turisme.mutxamel.org\/ca\/#website"},"primaryImageOfPage":{"@id":"https:\/\/turisme.mutxamel.org\/ca\/eventos\/jornades-danellament-i-ruta-interpretativa-5\/#primaryimage"},"image":{"@id":"https:\/\/turisme.mutxamel.org\/ca\/eventos\/jornades-danellament-i-ruta-interpretativa-5\/#primaryimage"},"thumbnailUrl":"https:\/\/turisme.mutxamel.org\/wp-content\/uploads\/2024\/04\/Cartel-Anillamiento-2024-scaled-2.jpg","datePublished":"2026-04-29T08:28:15+00:00","dateModified":"2026-04-30T01:03:52+00:00","breadcrumb":{"@id":"https:\/\/turisme.mutxamel.org\/ca\/eventos\/jornades-danellament-i-ruta-interpretativa-5\/#breadcrumb"},"inLanguage":"ca","potentialAction":[{"@type":"ReadAction","target":["https:\/\/turisme.mutxamel.org\/ca\/eventos\/jornades-danellament-i-ruta-interpretativa-5\/"]}]},{"@type":"ImageObject","inLanguage":"ca","@id":"https:\/\/turisme.mutxamel.org\/ca\/eventos\/jornades-danellament-i-ruta-interpretativa-5\/#primaryimage","url":"https:\/\/turisme.mutxamel.org\/wp-content\/uploads\/2024\/04\/Cartel-Anillamiento-2024-scaled-2.jpg","contentUrl":"https:\/\/turisme.mutxamel.org\/wp-content\/uploads\/2024\/04\/Cartel-Anillamiento-2024-scaled-2.jpg","width":1357,"height":1920},{"@type":"BreadcrumbList","@id":"https:\/\/turisme.mutxamel.org\/ca\/eventos\/jornades-danellament-i-ruta-interpretativa-5\/#breadcrumb","itemListElement":[{"@type":"ListItem","position":1,"name":"Portada","item":"https:\/\/turisme.mutxamel.org\/ca\/"},{"@type":"ListItem","position":2,"name":"Events","item":"https:\/\/turisme.mutxamel.org\/ca\/eventos\/"},{"@type":"ListItem","position":3,"name":"Jornades d&#8217;Anellament i ruta interpretativa"}]},{"@type":"WebSite","@id":"https:\/\/turisme.mutxamel.org\/ca\/#website","url":"https:\/\/turisme.mutxamel.org\/ca\/","name":"Turismo Mutxamel","description":"","publisher":{"@id":"https:\/\/turisme.mutxamel.org\/ca\/#organization"},"potentialAction":[{"@type":"SearchAction","target":{"@type":"EntryPoint","urlTemplate":"https:\/\/turisme.mutxamel.org\/ca\/?s={search_term_string}"},"query-input":{"@type":"PropertyValueSpecification","valueRequired":true,"valueName":"search_term_string"}}],"inLanguage":"ca"},{"@type":"Organization","@id":"https:\/\/turisme.mutxamel.org\/ca\/#organization","name":"Turismo Mutxamel","url":"https:\/\/turisme.mutxamel.org\/ca\/","logo":{"@type":"ImageObject","inLanguage":"ca","@id":"https:\/\/turisme.mutxamel.org\/ca\/#\/schema\/logo\/image\/","url":"https:\/\/turisme.mutxamel.org\/wp-content\/uploads\/2024\/01\/logo-turismo-mutxamel.jpg","contentUrl":"https:\/\/turisme.mutxamel.org\/wp-content\/uploads\/2024\/01\/logo-turismo-mutxamel.jpg","width":195,"height":81,"caption":"Turismo Mutxamel"},"image":{"@id":"https:\/\/turisme.mutxamel.org\/ca\/#\/schema\/logo\/image\/"},"sameAs":["https:\/\/www.facebook.com\/mutxamelturismo","https:\/\/www.instagram.com\/mutxamelturismo\/","https:\/\/www.youtube.com\/aytomutxamel"]}]}},"_links":{"self":[{"href":"https:\/\/turisme.mutxamel.org\/ca\/wp-json\/wp\/v2\/mec-events\/17262","targetHints":{"allow":["GET"]}}],"collection":[{"href":"https:\/\/turisme.mutxamel.org\/ca\/wp-json\/wp\/v2\/mec-events"}],"about":[{"href":"https:\/\/turisme.mutxamel.org\/ca\/wp-json\/wp\/v2\/types\/mec-events"}],"author":[{"embeddable":true,"href":"https:\/\/turisme.mutxamel.org\/ca\/wp-json\/wp\/v2\/users\/5"}],"replies":[{"embeddable":true,"href":"https:\/\/turisme.mutxamel.org\/ca\/wp-json\/wp\/v2\/comments?post=17262"}],"wp:featuredmedia":[{"embeddable":true,"href":"https:\/\/turisme.mutxamel.org\/ca\/wp-json\/wp\/v2\/media\/14011"}],"wp:attachment":[{"href":"https:\/\/turisme.mutxamel.org\/ca\/wp-json\/wp\/v2\/media?parent=17262"}],"wp:term":[{"taxonomy":"post_tag","embeddable":true,"href":"https:\/\/turisme.mutxamel.org\/ca\/wp-json\/wp\/v2\/tags?post=17262"},{"taxonomy":"mec_category","embeddable":true,"href":"https:\/\/turisme.mutxamel.org\/ca\/wp-json\/wp\/v2\/mec_category?post=17262"}],"curies":[{"name":"wp","href":"https:\/\/api.w.org\/{rel}","templated":true}]}}