{"id":17609,"date":"2026-06-30T13:27:41","date_gmt":"2026-06-30T11:27:41","guid":{"rendered":"https:\/\/turisme.mutxamel.org\/eventos\/visita-teatralitzada-misteris-i-llegendes-de-mutxamel\/"},"modified":"2026-08-31T03:02:38","modified_gmt":"2026-08-31T01:02:38","slug":"visita-teatralitzada-misteris-i-llegendes-de-mutxamel-3","status":"publish","type":"mec-events","link":"https:\/\/turisme.mutxamel.org\/ca\/eventos\/visita-teatralitzada-misteris-i-llegendes-de-mutxamel-3\/","title":{"rendered":"Visita Teatralitzada Misteris i Llegendes de Mutxamel"},"content":{"rendered":"<p>Prepara&#8217;t per a viure una nit diferent amb la<span>\u00a0<\/span><strong>Visita Teatralitzada de Misteris i Llegendes<\/strong><span>\u00a0<\/span>el pr\u00f2xim<span>\u00a0<\/span><strong>divendres que ve 3 de juliol a les 20.30 h<\/strong>, una experi\u00e8ncia que inaugura la programaci\u00f3 especial de visites de l&#8217;estiu.<\/p>\n<p>Recorre els carrers de Mutxamel mentres personatges del passat cobren vida per a revelar hist\u00f2ries, enigmes i llegendes que han perdurat a trav\u00e9s del temps. Un recorregut ple d&#8217;emoci\u00f3, teatre i sorpreses que et far\u00e0 descobrir el municipi des d&#8217;una perspectiva \u00fanica.<\/p>\n<p>Deixa&#8217;t embolicar per la m\u00e0gia de la nit i endinsa&#8217;t en un viatge on la hist\u00f2ria i la llegenda s&#8217;entrellacen.<\/p>\n<p>Reserva la teua pla\u00e7a i veuen a descobrir els secrets m\u00e9s ben guardats de Mutxamel!<\/p>\n<p>M\u00e9s info:<span>\u00a0<\/span><strong>683 58 99 17<\/strong><\/p>\n","protected":false},"excerpt":{"rendered":"<p>Prepara&#8217;t per a viure una nit diferent amb la\u00a0Visita Teatralitzada de Misteris i Llegendes\u00a0el pr\u00f2xim\u00a0divendres que ve 3 de juliol a les 20.30 h, una experi\u00e8ncia que inaugura la programaci\u00f3 especial de visites de l&#8217;estiu. Recorre els carrers de Mutxamel mentres personatges del passat cobren vida per a revelar hist\u00f2ries, enigmes i llegendes que han&#8230;<\/p>\n","protected":false},"author":5,"featured_media":14283,"comment_status":"closed","ping_status":"closed","template":"","tags":[],"mec_category":[33],"class_list":["post-17609","mec-events","type-mec-events","status-publish","has-post-thumbnail","hentry","mec_category-turismo"],"yoast_head":"<!-- This site is optimized with the Yoast SEO plugin v28.0 - https:\/\/yoast.com\/product\/yoast-seo-wordpress\/ -->\n<title>Visita Teatralitzada Misteris i Llegendes de Mutxamel - Turismo Mutxamel<\/title>\n<meta name=\"robots\" content=\"index, follow, max-snippet:-1, max-image-preview:large, max-video-preview:-1\" \/>\n<link rel=\"canonical\" href=\"https:\/\/turisme.mutxamel.org\/ca\/eventos\/visita-teatralitzada-misteris-i-llegendes-de-mutxamel-3\/\" \/>\n<meta property=\"og:locale\" content=\"ca_ES\" \/>\n<meta property=\"og:type\" content=\"article\" \/>\n<meta property=\"og:title\" content=\"Visita Teatralitzada Misteris i Llegendes de Mutxamel - Turismo Mutxamel\" \/>\n<meta property=\"og:description\" content=\"Prepara&#8217;t per a viure una nit diferent amb la\u00a0Visita Teatralitzada de Misteris i Llegendes\u00a0el pr\u00f2xim\u00a0divendres que ve 3 de juliol a les 20.30 h, una experi\u00e8ncia que inaugura la programaci\u00f3 especial de visites de l&#8217;estiu. Recorre els carrers de Mutxamel mentres personatges del passat cobren vida per a revelar hist\u00f2ries, enigmes i llegendes que han...\" \/>\n<meta property=\"og:url\" content=\"https:\/\/turisme.mutxamel.org\/ca\/eventos\/visita-teatralitzada-misteris-i-llegendes-de-mutxamel-3\/\" \/>\n<meta property=\"og:site_name\" content=\"Turismo Mutxamel\" \/>\n<meta property=\"article:publisher\" content=\"https:\/\/www.facebook.com\/mutxamelturismo\" \/>\n<meta property=\"article:modified_time\" content=\"2026-08-31T01:02:38+00:00\" \/>\n<meta property=\"og:image\" content=\"https:\/\/turisme.mutxamel.org\/wp-content\/uploads\/2024\/07\/Visita-2-agosto-val.jpg\" \/>\n\t<meta property=\"og:image:width\" content=\"1080\" \/>\n\t<meta property=\"og:image:height\" content=\"1080\" \/>\n\t<meta property=\"og:image:type\" content=\"image\/jpeg\" \/>\n<meta name=\"twitter:card\" content=\"summary_large_image\" \/>\n<meta name=\"twitter:label1\" content=\"Temps estimat de lectura\" \/>\n\t<meta name=\"twitter:data1\" content=\"1 minut\" \/>\n<script type=\"application\/ld+json\" class=\"yoast-schema-graph\">{\"@context\":\"https:\\\/\\\/schema.org\",\"@graph\":[{\"@type\":\"WebPage\",\"@id\":\"https:\\\/\\\/turisme.mutxamel.org\\\/ca\\\/eventos\\\/visita-teatralitzada-misteris-i-llegendes-de-mutxamel-3\\\/\",\"url\":\"https:\\\/\\\/turisme.mutxamel.org\\\/ca\\\/eventos\\\/visita-teatralitzada-misteris-i-llegendes-de-mutxamel-3\\\/\",\"name\":\"Visita Teatralitzada Misteris i Llegendes de Mutxamel - Turismo Mutxamel\",\"isPartOf\":{\"@id\":\"https:\\\/\\\/turisme.mutxamel.org\\\/ca\\\/#website\"},\"primaryImageOfPage\":{\"@id\":\"https:\\\/\\\/turisme.mutxamel.org\\\/ca\\\/eventos\\\/visita-teatralitzada-misteris-i-llegendes-de-mutxamel-3\\\/#primaryimage\"},\"image\":{\"@id\":\"https:\\\/\\\/turisme.mutxamel.org\\\/ca\\\/eventos\\\/visita-teatralitzada-misteris-i-llegendes-de-mutxamel-3\\\/#primaryimage\"},\"thumbnailUrl\":\"https:\\\/\\\/turisme.mutxamel.org\\\/wp-content\\\/uploads\\\/2024\\\/07\\\/Visita-2-agosto-val.jpg\",\"datePublished\":\"2026-06-30T11:27:41+00:00\",\"dateModified\":\"2026-08-31T01:02:38+00:00\",\"breadcrumb\":{\"@id\":\"https:\\\/\\\/turisme.mutxamel.org\\\/ca\\\/eventos\\\/visita-teatralitzada-misteris-i-llegendes-de-mutxamel-3\\\/#breadcrumb\"},\"inLanguage\":\"ca\",\"potentialAction\":[{\"@type\":\"ReadAction\",\"target\":[\"https:\\\/\\\/turisme.mutxamel.org\\\/ca\\\/eventos\\\/visita-teatralitzada-misteris-i-llegendes-de-mutxamel-3\\\/\"]}]},{\"@type\":\"ImageObject\",\"inLanguage\":\"ca\",\"@id\":\"https:\\\/\\\/turisme.mutxamel.org\\\/ca\\\/eventos\\\/visita-teatralitzada-misteris-i-llegendes-de-mutxamel-3\\\/#primaryimage\",\"url\":\"https:\\\/\\\/turisme.mutxamel.org\\\/wp-content\\\/uploads\\\/2024\\\/07\\\/Visita-2-agosto-val.jpg\",\"contentUrl\":\"https:\\\/\\\/turisme.mutxamel.org\\\/wp-content\\\/uploads\\\/2024\\\/07\\\/Visita-2-agosto-val.jpg\",\"width\":1080,\"height\":1080},{\"@type\":\"BreadcrumbList\",\"@id\":\"https:\\\/\\\/turisme.mutxamel.org\\\/ca\\\/eventos\\\/visita-teatralitzada-misteris-i-llegendes-de-mutxamel-3\\\/#breadcrumb\",\"itemListElement\":[{\"@type\":\"ListItem\",\"position\":1,\"name\":\"Portada\",\"item\":\"https:\\\/\\\/turisme.mutxamel.org\\\/ca\\\/\"},{\"@type\":\"ListItem\",\"position\":2,\"name\":\"Events\",\"item\":\"https:\\\/\\\/turisme.mutxamel.org\\\/ca\\\/eventos\\\/\"},{\"@type\":\"ListItem\",\"position\":3,\"name\":\"Visita Teatralitzada Misteris i Llegendes de Mutxamel\"}]},{\"@type\":\"WebSite\",\"@id\":\"https:\\\/\\\/turisme.mutxamel.org\\\/ca\\\/#website\",\"url\":\"https:\\\/\\\/turisme.mutxamel.org\\\/ca\\\/\",\"name\":\"Turismo Mutxamel\",\"description\":\"\",\"publisher\":{\"@id\":\"https:\\\/\\\/turisme.mutxamel.org\\\/ca\\\/#organization\"},\"potentialAction\":[{\"@type\":\"SearchAction\",\"target\":{\"@type\":\"EntryPoint\",\"urlTemplate\":\"https:\\\/\\\/turisme.mutxamel.org\\\/ca\\\/?s={search_term_string}\"},\"query-input\":{\"@type\":\"PropertyValueSpecification\",\"valueRequired\":true,\"valueName\":\"search_term_string\"}}],\"inLanguage\":\"ca\"},{\"@type\":\"Organization\",\"@id\":\"https:\\\/\\\/turisme.mutxamel.org\\\/ca\\\/#organization\",\"name\":\"Turismo Mutxamel\",\"url\":\"https:\\\/\\\/turisme.mutxamel.org\\\/ca\\\/\",\"logo\":{\"@type\":\"ImageObject\",\"inLanguage\":\"ca\",\"@id\":\"https:\\\/\\\/turisme.mutxamel.org\\\/ca\\\/#\\\/schema\\\/logo\\\/image\\\/\",\"url\":\"https:\\\/\\\/turisme.mutxamel.org\\\/wp-content\\\/uploads\\\/2024\\\/01\\\/logo-turismo-mutxamel.jpg\",\"contentUrl\":\"https:\\\/\\\/turisme.mutxamel.org\\\/wp-content\\\/uploads\\\/2024\\\/01\\\/logo-turismo-mutxamel.jpg\",\"width\":195,\"height\":81,\"caption\":\"Turismo Mutxamel\"},\"image\":{\"@id\":\"https:\\\/\\\/turisme.mutxamel.org\\\/ca\\\/#\\\/schema\\\/logo\\\/image\\\/\"},\"sameAs\":[\"https:\\\/\\\/www.facebook.com\\\/mutxamelturismo\",\"https:\\\/\\\/www.instagram.com\\\/mutxamelturismo\\\/\",\"https:\\\/\\\/www.youtube.com\\\/aytomutxamel\"]}]}<\/script>\n<!-- \/ Yoast SEO plugin. -->","yoast_head_json":{"title":"Visita Teatralitzada Misteris i Llegendes de Mutxamel - Turismo Mutxamel","robots":{"index":"index","follow":"follow","max-snippet":"max-snippet:-1","max-image-preview":"max-image-preview:large","max-video-preview":"max-video-preview:-1"},"canonical":"https:\/\/turisme.mutxamel.org\/ca\/eventos\/visita-teatralitzada-misteris-i-llegendes-de-mutxamel-3\/","og_locale":"ca_ES","og_type":"article","og_title":"Visita Teatralitzada Misteris i Llegendes de Mutxamel - Turismo Mutxamel","og_description":"Prepara&#8217;t per a viure una nit diferent amb la\u00a0Visita Teatralitzada de Misteris i Llegendes\u00a0el pr\u00f2xim\u00a0divendres que ve 3 de juliol a les 20.30 h, una experi\u00e8ncia que inaugura la programaci\u00f3 especial de visites de l&#8217;estiu. Recorre els carrers de Mutxamel mentres personatges del passat cobren vida per a revelar hist\u00f2ries, enigmes i llegendes que han...","og_url":"https:\/\/turisme.mutxamel.org\/ca\/eventos\/visita-teatralitzada-misteris-i-llegendes-de-mutxamel-3\/","og_site_name":"Turismo Mutxamel","article_publisher":"https:\/\/www.facebook.com\/mutxamelturismo","article_modified_time":"2026-08-31T01:02:38+00:00","og_image":[{"width":1080,"height":1080,"url":"https:\/\/turisme.mutxamel.org\/wp-content\/uploads\/2024\/07\/Visita-2-agosto-val.jpg","type":"image\/jpeg"}],"twitter_card":"summary_large_image","twitter_misc":{"Temps estimat de lectura":"1 minut"},"schema":{"@context":"https:\/\/schema.org","@graph":[{"@type":"WebPage","@id":"https:\/\/turisme.mutxamel.org\/ca\/eventos\/visita-teatralitzada-misteris-i-llegendes-de-mutxamel-3\/","url":"https:\/\/turisme.mutxamel.org\/ca\/eventos\/visita-teatralitzada-misteris-i-llegendes-de-mutxamel-3\/","name":"Visita Teatralitzada Misteris i Llegendes de Mutxamel - Turismo Mutxamel","isPartOf":{"@id":"https:\/\/turisme.mutxamel.org\/ca\/#website"},"primaryImageOfPage":{"@id":"https:\/\/turisme.mutxamel.org\/ca\/eventos\/visita-teatralitzada-misteris-i-llegendes-de-mutxamel-3\/#primaryimage"},"image":{"@id":"https:\/\/turisme.mutxamel.org\/ca\/eventos\/visita-teatralitzada-misteris-i-llegendes-de-mutxamel-3\/#primaryimage"},"thumbnailUrl":"https:\/\/turisme.mutxamel.org\/wp-content\/uploads\/2024\/07\/Visita-2-agosto-val.jpg","datePublished":"2026-06-30T11:27:41+00:00","dateModified":"2026-08-31T01:02:38+00:00","breadcrumb":{"@id":"https:\/\/turisme.mutxamel.org\/ca\/eventos\/visita-teatralitzada-misteris-i-llegendes-de-mutxamel-3\/#breadcrumb"},"inLanguage":"ca","potentialAction":[{"@type":"ReadAction","target":["https:\/\/turisme.mutxamel.org\/ca\/eventos\/visita-teatralitzada-misteris-i-llegendes-de-mutxamel-3\/"]}]},{"@type":"ImageObject","inLanguage":"ca","@id":"https:\/\/turisme.mutxamel.org\/ca\/eventos\/visita-teatralitzada-misteris-i-llegendes-de-mutxamel-3\/#primaryimage","url":"https:\/\/turisme.mutxamel.org\/wp-content\/uploads\/2024\/07\/Visita-2-agosto-val.jpg","contentUrl":"https:\/\/turisme.mutxamel.org\/wp-content\/uploads\/2024\/07\/Visita-2-agosto-val.jpg","width":1080,"height":1080},{"@type":"BreadcrumbList","@id":"https:\/\/turisme.mutxamel.org\/ca\/eventos\/visita-teatralitzada-misteris-i-llegendes-de-mutxamel-3\/#breadcrumb","itemListElement":[{"@type":"ListItem","position":1,"name":"Portada","item":"https:\/\/turisme.mutxamel.org\/ca\/"},{"@type":"ListItem","position":2,"name":"Events","item":"https:\/\/turisme.mutxamel.org\/ca\/eventos\/"},{"@type":"ListItem","position":3,"name":"Visita Teatralitzada Misteris i Llegendes de Mutxamel"}]},{"@type":"WebSite","@id":"https:\/\/turisme.mutxamel.org\/ca\/#website","url":"https:\/\/turisme.mutxamel.org\/ca\/","name":"Turismo Mutxamel","description":"","publisher":{"@id":"https:\/\/turisme.mutxamel.org\/ca\/#organization"},"potentialAction":[{"@type":"SearchAction","target":{"@type":"EntryPoint","urlTemplate":"https:\/\/turisme.mutxamel.org\/ca\/?s={search_term_string}"},"query-input":{"@type":"PropertyValueSpecification","valueRequired":true,"valueName":"search_term_string"}}],"inLanguage":"ca"},{"@type":"Organization","@id":"https:\/\/turisme.mutxamel.org\/ca\/#organization","name":"Turismo Mutxamel","url":"https:\/\/turisme.mutxamel.org\/ca\/","logo":{"@type":"ImageObject","inLanguage":"ca","@id":"https:\/\/turisme.mutxamel.org\/ca\/#\/schema\/logo\/image\/","url":"https:\/\/turisme.mutxamel.org\/wp-content\/uploads\/2024\/01\/logo-turismo-mutxamel.jpg","contentUrl":"https:\/\/turisme.mutxamel.org\/wp-content\/uploads\/2024\/01\/logo-turismo-mutxamel.jpg","width":195,"height":81,"caption":"Turismo Mutxamel"},"image":{"@id":"https:\/\/turisme.mutxamel.org\/ca\/#\/schema\/logo\/image\/"},"sameAs":["https:\/\/www.facebook.com\/mutxamelturismo","https:\/\/www.instagram.com\/mutxamelturismo\/","https:\/\/www.youtube.com\/aytomutxamel"]}]}},"_links":{"self":[{"href":"https:\/\/turisme.mutxamel.org\/ca\/wp-json\/wp\/v2\/mec-events\/17609","targetHints":{"allow":["GET"]}}],"collection":[{"href":"https:\/\/turisme.mutxamel.org\/ca\/wp-json\/wp\/v2\/mec-events"}],"about":[{"href":"https:\/\/turisme.mutxamel.org\/ca\/wp-json\/wp\/v2\/types\/mec-events"}],"author":[{"embeddable":true,"href":"https:\/\/turisme.mutxamel.org\/ca\/wp-json\/wp\/v2\/users\/5"}],"replies":[{"embeddable":true,"href":"https:\/\/turisme.mutxamel.org\/ca\/wp-json\/wp\/v2\/comments?post=17609"}],"wp:featuredmedia":[{"embeddable":true,"href":"https:\/\/turisme.mutxamel.org\/ca\/wp-json\/wp\/v2\/media\/14283"}],"wp:attachment":[{"href":"https:\/\/turisme.mutxamel.org\/ca\/wp-json\/wp\/v2\/media?parent=17609"}],"wp:term":[{"taxonomy":"post_tag","embeddable":true,"href":"https:\/\/turisme.mutxamel.org\/ca\/wp-json\/wp\/v2\/tags?post=17609"},{"taxonomy":"mec_category","embeddable":true,"href":"https:\/\/turisme.mutxamel.org\/ca\/wp-json\/wp\/v2\/mec_category?post=17609"}],"curies":[{"name":"wp","href":"https:\/\/api.w.org\/{rel}","templated":true}]}}