{"id":17613,"date":"2026-06-30T13:18:05","date_gmt":"2026-06-30T11:18:05","guid":{"rendered":"https:\/\/turisme.mutxamel.org\/eventos\/visita-guiada-torre-de-defensa-de-mutxamel-2\/"},"modified":"2026-08-31T03:02:38","modified_gmt":"2026-08-31T01:02:38","slug":"visita-guiada-torre-de-defensa-de-mutxamel-2","status":"publish","type":"mec-events","link":"https:\/\/turisme.mutxamel.org\/ca\/eventos\/visita-guiada-torre-de-defensa-de-mutxamel-2\/","title":{"rendered":"Visita guiada Torre de Defensa de Mutxamel"},"content":{"rendered":"<p><strong>Viatja al passat i descobrix la Torre de Defensa de Mutxamel<\/strong><\/p>\n<p>Este estiu et convidem a con\u00e9ixer un dels monuments m\u00e9s emblem\u00e0tics de Mutxamel. Endinsa&#8217;t en la hist\u00f2ria de la Torre de Defensa i descobrix com protegia la poblaci\u00f3 enfront dels atacs pirates, a m\u00e9s de con\u00e9ixer la seua import\u00e0ncia en la hist\u00f2ria del municipi.<\/p>\n<p><strong>Dissabte 25 de juliol<\/strong><br \/>\nA les<span>\u00a0<\/span><strong>20:00 h<\/strong><\/p>\n<p>Una visita guiada per a descobrir la seua arquitectura, la seua funci\u00f3 defensiva i les hist\u00f2ries que amaguen els seus murs.<\/p>\n<p>Una oportunitat \u00fanica per a contemplar de prop un dels s\u00edmbols del patrimoni de Mutxamel i con\u00e9ixer el seu passat d&#8217;una forma amena i entretinguda.<\/p>\n<p>No et quedes sense la teua pla\u00e7a i gaudix d&#8217;esta experi\u00e8ncia cultural este estiu!<\/p>\n<p>M\u00e9s info:<span>\u00a0<\/span><strong>683 58 99 17<\/strong><\/p>\n","protected":false},"excerpt":{"rendered":"<p>Viatja al passat i descobrix la Torre de Defensa de Mutxamel Este estiu et convidem a con\u00e9ixer un dels monuments m\u00e9s emblem\u00e0tics de Mutxamel. Endinsa&#8217;t en la hist\u00f2ria de la Torre de Defensa i descobrix com protegia la poblaci\u00f3 enfront dels atacs pirates, a m\u00e9s de con\u00e9ixer la seua import\u00e0ncia en la hist\u00f2ria del municipi&#8230;.<\/p>\n","protected":false},"author":5,"featured_media":17611,"comment_status":"closed","ping_status":"closed","template":"","tags":[],"mec_category":[33],"class_list":["post-17613","mec-events","type-mec-events","status-publish","has-post-thumbnail","hentry","mec_category-turismo"],"yoast_head":"<!-- This site is optimized with the Yoast SEO plugin v28.0 - https:\/\/yoast.com\/product\/yoast-seo-wordpress\/ -->\n<title>Visita guiada Torre de Defensa de Mutxamel - Turismo Mutxamel<\/title>\n<meta name=\"robots\" content=\"index, follow, max-snippet:-1, max-image-preview:large, max-video-preview:-1\" \/>\n<link rel=\"canonical\" href=\"https:\/\/turisme.mutxamel.org\/ca\/eventos\/visita-guiada-torre-de-defensa-de-mutxamel-2\/\" \/>\n<meta property=\"og:locale\" content=\"ca_ES\" \/>\n<meta property=\"og:type\" content=\"article\" \/>\n<meta property=\"og:title\" content=\"Visita guiada Torre de Defensa de Mutxamel - Turismo Mutxamel\" \/>\n<meta property=\"og:description\" content=\"Viatja al passat i descobrix la Torre de Defensa de Mutxamel Este estiu et convidem a con\u00e9ixer un dels monuments m\u00e9s emblem\u00e0tics de Mutxamel. Endinsa&#8217;t en la hist\u00f2ria de la Torre de Defensa i descobrix com protegia la poblaci\u00f3 enfront dels atacs pirates, a m\u00e9s de con\u00e9ixer la seua import\u00e0ncia en la hist\u00f2ria del municipi....\" \/>\n<meta property=\"og:url\" content=\"https:\/\/turisme.mutxamel.org\/ca\/eventos\/visita-guiada-torre-de-defensa-de-mutxamel-2\/\" \/>\n<meta property=\"og:site_name\" content=\"Turismo Mutxamel\" \/>\n<meta property=\"article:publisher\" content=\"https:\/\/www.facebook.com\/mutxamelturismo\" \/>\n<meta property=\"article:modified_time\" content=\"2026-08-31T01:02:38+00:00\" \/>\n<meta property=\"og:image\" content=\"https:\/\/turisme.mutxamel.org\/wp-content\/uploads\/2023\/11\/Torre-defensa-julio-cast.jpg\" \/>\n\t<meta property=\"og:image:width\" content=\"1080\" \/>\n\t<meta property=\"og:image:height\" content=\"1080\" \/>\n\t<meta property=\"og:image:type\" content=\"image\/jpeg\" \/>\n<meta name=\"twitter:card\" content=\"summary_large_image\" \/>\n<meta name=\"twitter:label1\" content=\"Temps estimat de lectura\" \/>\n\t<meta name=\"twitter:data1\" content=\"1 minut\" \/>\n<script type=\"application\/ld+json\" class=\"yoast-schema-graph\">{\"@context\":\"https:\\\/\\\/schema.org\",\"@graph\":[{\"@type\":\"WebPage\",\"@id\":\"https:\\\/\\\/turisme.mutxamel.org\\\/ca\\\/eventos\\\/visita-guiada-torre-de-defensa-de-mutxamel-2\\\/\",\"url\":\"https:\\\/\\\/turisme.mutxamel.org\\\/ca\\\/eventos\\\/visita-guiada-torre-de-defensa-de-mutxamel-2\\\/\",\"name\":\"Visita guiada Torre de Defensa de Mutxamel - Turismo Mutxamel\",\"isPartOf\":{\"@id\":\"https:\\\/\\\/turisme.mutxamel.org\\\/ca\\\/#website\"},\"primaryImageOfPage\":{\"@id\":\"https:\\\/\\\/turisme.mutxamel.org\\\/ca\\\/eventos\\\/visita-guiada-torre-de-defensa-de-mutxamel-2\\\/#primaryimage\"},\"image\":{\"@id\":\"https:\\\/\\\/turisme.mutxamel.org\\\/ca\\\/eventos\\\/visita-guiada-torre-de-defensa-de-mutxamel-2\\\/#primaryimage\"},\"thumbnailUrl\":\"https:\\\/\\\/turisme.mutxamel.org\\\/wp-content\\\/uploads\\\/2023\\\/11\\\/Torre-defensa-julio-cast.jpg\",\"datePublished\":\"2026-06-30T11:18:05+00:00\",\"dateModified\":\"2026-08-31T01:02:38+00:00\",\"breadcrumb\":{\"@id\":\"https:\\\/\\\/turisme.mutxamel.org\\\/ca\\\/eventos\\\/visita-guiada-torre-de-defensa-de-mutxamel-2\\\/#breadcrumb\"},\"inLanguage\":\"ca\",\"potentialAction\":[{\"@type\":\"ReadAction\",\"target\":[\"https:\\\/\\\/turisme.mutxamel.org\\\/ca\\\/eventos\\\/visita-guiada-torre-de-defensa-de-mutxamel-2\\\/\"]}]},{\"@type\":\"ImageObject\",\"inLanguage\":\"ca\",\"@id\":\"https:\\\/\\\/turisme.mutxamel.org\\\/ca\\\/eventos\\\/visita-guiada-torre-de-defensa-de-mutxamel-2\\\/#primaryimage\",\"url\":\"https:\\\/\\\/turisme.mutxamel.org\\\/wp-content\\\/uploads\\\/2023\\\/11\\\/Torre-defensa-julio-cast.jpg\",\"contentUrl\":\"https:\\\/\\\/turisme.mutxamel.org\\\/wp-content\\\/uploads\\\/2023\\\/11\\\/Torre-defensa-julio-cast.jpg\",\"width\":1080,\"height\":1080},{\"@type\":\"BreadcrumbList\",\"@id\":\"https:\\\/\\\/turisme.mutxamel.org\\\/ca\\\/eventos\\\/visita-guiada-torre-de-defensa-de-mutxamel-2\\\/#breadcrumb\",\"itemListElement\":[{\"@type\":\"ListItem\",\"position\":1,\"name\":\"Portada\",\"item\":\"https:\\\/\\\/turisme.mutxamel.org\\\/ca\\\/\"},{\"@type\":\"ListItem\",\"position\":2,\"name\":\"Events\",\"item\":\"https:\\\/\\\/turisme.mutxamel.org\\\/ca\\\/eventos\\\/\"},{\"@type\":\"ListItem\",\"position\":3,\"name\":\"Visita guiada Torre de Defensa de Mutxamel\"}]},{\"@type\":\"WebSite\",\"@id\":\"https:\\\/\\\/turisme.mutxamel.org\\\/ca\\\/#website\",\"url\":\"https:\\\/\\\/turisme.mutxamel.org\\\/ca\\\/\",\"name\":\"Turismo Mutxamel\",\"description\":\"\",\"publisher\":{\"@id\":\"https:\\\/\\\/turisme.mutxamel.org\\\/ca\\\/#organization\"},\"potentialAction\":[{\"@type\":\"SearchAction\",\"target\":{\"@type\":\"EntryPoint\",\"urlTemplate\":\"https:\\\/\\\/turisme.mutxamel.org\\\/ca\\\/?s={search_term_string}\"},\"query-input\":{\"@type\":\"PropertyValueSpecification\",\"valueRequired\":true,\"valueName\":\"search_term_string\"}}],\"inLanguage\":\"ca\"},{\"@type\":\"Organization\",\"@id\":\"https:\\\/\\\/turisme.mutxamel.org\\\/ca\\\/#organization\",\"name\":\"Turismo Mutxamel\",\"url\":\"https:\\\/\\\/turisme.mutxamel.org\\\/ca\\\/\",\"logo\":{\"@type\":\"ImageObject\",\"inLanguage\":\"ca\",\"@id\":\"https:\\\/\\\/turisme.mutxamel.org\\\/ca\\\/#\\\/schema\\\/logo\\\/image\\\/\",\"url\":\"https:\\\/\\\/turisme.mutxamel.org\\\/wp-content\\\/uploads\\\/2024\\\/01\\\/logo-turismo-mutxamel.jpg\",\"contentUrl\":\"https:\\\/\\\/turisme.mutxamel.org\\\/wp-content\\\/uploads\\\/2024\\\/01\\\/logo-turismo-mutxamel.jpg\",\"width\":195,\"height\":81,\"caption\":\"Turismo Mutxamel\"},\"image\":{\"@id\":\"https:\\\/\\\/turisme.mutxamel.org\\\/ca\\\/#\\\/schema\\\/logo\\\/image\\\/\"},\"sameAs\":[\"https:\\\/\\\/www.facebook.com\\\/mutxamelturismo\",\"https:\\\/\\\/www.instagram.com\\\/mutxamelturismo\\\/\",\"https:\\\/\\\/www.youtube.com\\\/aytomutxamel\"]}]}<\/script>\n<!-- \/ Yoast SEO plugin. -->","yoast_head_json":{"title":"Visita guiada Torre de Defensa de Mutxamel - Turismo Mutxamel","robots":{"index":"index","follow":"follow","max-snippet":"max-snippet:-1","max-image-preview":"max-image-preview:large","max-video-preview":"max-video-preview:-1"},"canonical":"https:\/\/turisme.mutxamel.org\/ca\/eventos\/visita-guiada-torre-de-defensa-de-mutxamel-2\/","og_locale":"ca_ES","og_type":"article","og_title":"Visita guiada Torre de Defensa de Mutxamel - Turismo Mutxamel","og_description":"Viatja al passat i descobrix la Torre de Defensa de Mutxamel Este estiu et convidem a con\u00e9ixer un dels monuments m\u00e9s emblem\u00e0tics de Mutxamel. Endinsa&#8217;t en la hist\u00f2ria de la Torre de Defensa i descobrix com protegia la poblaci\u00f3 enfront dels atacs pirates, a m\u00e9s de con\u00e9ixer la seua import\u00e0ncia en la hist\u00f2ria del municipi....","og_url":"https:\/\/turisme.mutxamel.org\/ca\/eventos\/visita-guiada-torre-de-defensa-de-mutxamel-2\/","og_site_name":"Turismo Mutxamel","article_publisher":"https:\/\/www.facebook.com\/mutxamelturismo","article_modified_time":"2026-08-31T01:02:38+00:00","og_image":[{"width":1080,"height":1080,"url":"https:\/\/turisme.mutxamel.org\/wp-content\/uploads\/2023\/11\/Torre-defensa-julio-cast.jpg","type":"image\/jpeg"}],"twitter_card":"summary_large_image","twitter_misc":{"Temps estimat de lectura":"1 minut"},"schema":{"@context":"https:\/\/schema.org","@graph":[{"@type":"WebPage","@id":"https:\/\/turisme.mutxamel.org\/ca\/eventos\/visita-guiada-torre-de-defensa-de-mutxamel-2\/","url":"https:\/\/turisme.mutxamel.org\/ca\/eventos\/visita-guiada-torre-de-defensa-de-mutxamel-2\/","name":"Visita guiada Torre de Defensa de Mutxamel - Turismo Mutxamel","isPartOf":{"@id":"https:\/\/turisme.mutxamel.org\/ca\/#website"},"primaryImageOfPage":{"@id":"https:\/\/turisme.mutxamel.org\/ca\/eventos\/visita-guiada-torre-de-defensa-de-mutxamel-2\/#primaryimage"},"image":{"@id":"https:\/\/turisme.mutxamel.org\/ca\/eventos\/visita-guiada-torre-de-defensa-de-mutxamel-2\/#primaryimage"},"thumbnailUrl":"https:\/\/turisme.mutxamel.org\/wp-content\/uploads\/2023\/11\/Torre-defensa-julio-cast.jpg","datePublished":"2026-06-30T11:18:05+00:00","dateModified":"2026-08-31T01:02:38+00:00","breadcrumb":{"@id":"https:\/\/turisme.mutxamel.org\/ca\/eventos\/visita-guiada-torre-de-defensa-de-mutxamel-2\/#breadcrumb"},"inLanguage":"ca","potentialAction":[{"@type":"ReadAction","target":["https:\/\/turisme.mutxamel.org\/ca\/eventos\/visita-guiada-torre-de-defensa-de-mutxamel-2\/"]}]},{"@type":"ImageObject","inLanguage":"ca","@id":"https:\/\/turisme.mutxamel.org\/ca\/eventos\/visita-guiada-torre-de-defensa-de-mutxamel-2\/#primaryimage","url":"https:\/\/turisme.mutxamel.org\/wp-content\/uploads\/2023\/11\/Torre-defensa-julio-cast.jpg","contentUrl":"https:\/\/turisme.mutxamel.org\/wp-content\/uploads\/2023\/11\/Torre-defensa-julio-cast.jpg","width":1080,"height":1080},{"@type":"BreadcrumbList","@id":"https:\/\/turisme.mutxamel.org\/ca\/eventos\/visita-guiada-torre-de-defensa-de-mutxamel-2\/#breadcrumb","itemListElement":[{"@type":"ListItem","position":1,"name":"Portada","item":"https:\/\/turisme.mutxamel.org\/ca\/"},{"@type":"ListItem","position":2,"name":"Events","item":"https:\/\/turisme.mutxamel.org\/ca\/eventos\/"},{"@type":"ListItem","position":3,"name":"Visita guiada Torre de Defensa de Mutxamel"}]},{"@type":"WebSite","@id":"https:\/\/turisme.mutxamel.org\/ca\/#website","url":"https:\/\/turisme.mutxamel.org\/ca\/","name":"Turismo Mutxamel","description":"","publisher":{"@id":"https:\/\/turisme.mutxamel.org\/ca\/#organization"},"potentialAction":[{"@type":"SearchAction","target":{"@type":"EntryPoint","urlTemplate":"https:\/\/turisme.mutxamel.org\/ca\/?s={search_term_string}"},"query-input":{"@type":"PropertyValueSpecification","valueRequired":true,"valueName":"search_term_string"}}],"inLanguage":"ca"},{"@type":"Organization","@id":"https:\/\/turisme.mutxamel.org\/ca\/#organization","name":"Turismo Mutxamel","url":"https:\/\/turisme.mutxamel.org\/ca\/","logo":{"@type":"ImageObject","inLanguage":"ca","@id":"https:\/\/turisme.mutxamel.org\/ca\/#\/schema\/logo\/image\/","url":"https:\/\/turisme.mutxamel.org\/wp-content\/uploads\/2024\/01\/logo-turismo-mutxamel.jpg","contentUrl":"https:\/\/turisme.mutxamel.org\/wp-content\/uploads\/2024\/01\/logo-turismo-mutxamel.jpg","width":195,"height":81,"caption":"Turismo Mutxamel"},"image":{"@id":"https:\/\/turisme.mutxamel.org\/ca\/#\/schema\/logo\/image\/"},"sameAs":["https:\/\/www.facebook.com\/mutxamelturismo","https:\/\/www.instagram.com\/mutxamelturismo\/","https:\/\/www.youtube.com\/aytomutxamel"]}]}},"_links":{"self":[{"href":"https:\/\/turisme.mutxamel.org\/ca\/wp-json\/wp\/v2\/mec-events\/17613","targetHints":{"allow":["GET"]}}],"collection":[{"href":"https:\/\/turisme.mutxamel.org\/ca\/wp-json\/wp\/v2\/mec-events"}],"about":[{"href":"https:\/\/turisme.mutxamel.org\/ca\/wp-json\/wp\/v2\/types\/mec-events"}],"author":[{"embeddable":true,"href":"https:\/\/turisme.mutxamel.org\/ca\/wp-json\/wp\/v2\/users\/5"}],"replies":[{"embeddable":true,"href":"https:\/\/turisme.mutxamel.org\/ca\/wp-json\/wp\/v2\/comments?post=17613"}],"wp:featuredmedia":[{"embeddable":true,"href":"https:\/\/turisme.mutxamel.org\/ca\/wp-json\/wp\/v2\/media\/17611"}],"wp:attachment":[{"href":"https:\/\/turisme.mutxamel.org\/ca\/wp-json\/wp\/v2\/media?parent=17613"}],"wp:term":[{"taxonomy":"post_tag","embeddable":true,"href":"https:\/\/turisme.mutxamel.org\/ca\/wp-json\/wp\/v2\/tags?post=17613"},{"taxonomy":"mec_category","embeddable":true,"href":"https:\/\/turisme.mutxamel.org\/ca\/wp-json\/wp\/v2\/mec_category?post=17613"}],"curies":[{"name":"wp","href":"https:\/\/api.w.org\/{rel}","templated":true}]}}