{"id":17625,"date":"2026-07-06T11:42:43","date_gmt":"2026-07-06T09:42:43","guid":{"rendered":"https:\/\/turisme.mutxamel.org\/eventos\/festival-grup-de-danses-virgen-de-loreto-50o-aniversari-2\/"},"modified":"2026-08-31T03:02:37","modified_gmt":"2026-08-31T01:02:37","slug":"festival-grup-de-danses-virgen-de-loreto-50o-aniversari-2","status":"publish","type":"mec-events","link":"https:\/\/turisme.mutxamel.org\/ca\/eventos\/festival-grup-de-danses-virgen-de-loreto-50o-aniversari-2\/","title":{"rendered":"Festival Grup de Danses Virgen de Loreto 50\u00ba Aniversari"},"content":{"rendered":"<p>Festival 50\u00ba aniversario El grup de danses Virgen de Loreto, es va iniciar al voltant de 1970. Este grup, en aquells dies, infantil, va ser organitzat per Pilar Blasco, i en 1976, l\u2019APA del col\u00b7legi El Salvador, va promoure uns cursos d\u2019iniciaci\u00f3 a la dansa, amb la finalitat de conservar els balls i tradicions de Mutxamel, donant lloc a la formaci\u00f3 del grup. Des de llavors, s\u2019ha participat en diferents festes i esdeveniments del poble.<\/p>\n<p>En 1984 es va registrar el grup com a tal en el Registre d\u2019associacions de la Generalitat Valenciana.<\/p>\n<p>Hui dia, es continua mantenint la mateixa fi: recuperar, mantindre i difondre les tradicions del poble de Mutxamel i Comunitat Valenciana. I enguany complim 50\u00e9 anys de ball, m\u00fasica i tradicions, i volem que ens acompanyeu, ser\u00e0 el dissabte 11 de Juliol. Hi haur\u00e0 una dansa des del mercat fins al \u201ccanyar dels portelles \u201c(lloc on se celebrar\u00e0 el festival) i en la qual participaran moltes de les persones que han format part del grup, comen\u00e7ar\u00e0 a les 21.30 i el festival del 50\u00ba aniversari, a les 22.00 Hores<\/p>\n","protected":false},"excerpt":{"rendered":"<p>Festival 50\u00ba aniversario El grup de danses Virgen de Loreto, es va iniciar al voltant de 1970. Este grup, en aquells dies, infantil, va ser organitzat per Pilar Blasco, i en 1976, l\u2019APA del col\u00b7legi El Salvador, va promoure uns cursos d\u2019iniciaci\u00f3 a la dansa, amb la finalitat de conservar els balls i tradicions de&#8230;<\/p>\n","protected":false},"author":5,"featured_media":17623,"comment_status":"closed","ping_status":"closed","template":"","tags":[],"mec_category":[33],"class_list":["post-17625","mec-events","type-mec-events","status-publish","has-post-thumbnail","hentry","mec_category-turismo"],"yoast_head":"<!-- This site is optimized with the Yoast SEO plugin v28.0 - https:\/\/yoast.com\/product\/yoast-seo-wordpress\/ -->\n<title>Festival Grup de Danses Virgen de Loreto 50\u00ba Aniversari - Turismo Mutxamel<\/title>\n<meta name=\"robots\" content=\"index, follow, max-snippet:-1, max-image-preview:large, max-video-preview:-1\" \/>\n<link rel=\"canonical\" href=\"https:\/\/turisme.mutxamel.org\/ca\/eventos\/festival-grup-de-danses-virgen-de-loreto-50o-aniversari-2\/\" \/>\n<meta property=\"og:locale\" content=\"ca_ES\" \/>\n<meta property=\"og:type\" content=\"article\" \/>\n<meta property=\"og:title\" content=\"Festival Grup de Danses Virgen de Loreto 50\u00ba Aniversari - Turismo Mutxamel\" \/>\n<meta property=\"og:description\" content=\"Festival 50\u00ba aniversario El grup de danses Virgen de Loreto, es va iniciar al voltant de 1970. Este grup, en aquells dies, infantil, va ser organitzat per Pilar Blasco, i en 1976, l\u2019APA del col\u00b7legi El Salvador, va promoure uns cursos d\u2019iniciaci\u00f3 a la dansa, amb la finalitat de conservar els balls i tradicions de...\" \/>\n<meta property=\"og:url\" content=\"https:\/\/turisme.mutxamel.org\/ca\/eventos\/festival-grup-de-danses-virgen-de-loreto-50o-aniversari-2\/\" \/>\n<meta property=\"og:site_name\" content=\"Turismo Mutxamel\" \/>\n<meta property=\"article:publisher\" content=\"https:\/\/www.facebook.com\/mutxamelturismo\" \/>\n<meta property=\"article:modified_time\" content=\"2026-08-31T01:02:37+00:00\" \/>\n<meta property=\"og:image\" content=\"https:\/\/turisme.mutxamel.org\/wp-content\/uploads\/2023\/11\/cartell-festival-grup-de-danses-juliol-2026.jpeg\" \/>\n\t<meta property=\"og:image:width\" content=\"1131\" \/>\n\t<meta property=\"og:image:height\" content=\"1600\" \/>\n\t<meta property=\"og:image:type\" content=\"image\/jpeg\" \/>\n<meta name=\"twitter:card\" content=\"summary_large_image\" \/>\n<meta name=\"twitter:label1\" content=\"Temps estimat de lectura\" \/>\n\t<meta name=\"twitter:data1\" content=\"1 minut\" \/>\n<script type=\"application\/ld+json\" class=\"yoast-schema-graph\">{\"@context\":\"https:\\\/\\\/schema.org\",\"@graph\":[{\"@type\":\"WebPage\",\"@id\":\"https:\\\/\\\/turisme.mutxamel.org\\\/ca\\\/eventos\\\/festival-grup-de-danses-virgen-de-loreto-50o-aniversari-2\\\/\",\"url\":\"https:\\\/\\\/turisme.mutxamel.org\\\/ca\\\/eventos\\\/festival-grup-de-danses-virgen-de-loreto-50o-aniversari-2\\\/\",\"name\":\"Festival Grup de Danses Virgen de Loreto 50\u00ba Aniversari - Turismo Mutxamel\",\"isPartOf\":{\"@id\":\"https:\\\/\\\/turisme.mutxamel.org\\\/ca\\\/#website\"},\"primaryImageOfPage\":{\"@id\":\"https:\\\/\\\/turisme.mutxamel.org\\\/ca\\\/eventos\\\/festival-grup-de-danses-virgen-de-loreto-50o-aniversari-2\\\/#primaryimage\"},\"image\":{\"@id\":\"https:\\\/\\\/turisme.mutxamel.org\\\/ca\\\/eventos\\\/festival-grup-de-danses-virgen-de-loreto-50o-aniversari-2\\\/#primaryimage\"},\"thumbnailUrl\":\"https:\\\/\\\/turisme.mutxamel.org\\\/wp-content\\\/uploads\\\/2023\\\/11\\\/cartell-festival-grup-de-danses-juliol-2026.jpeg\",\"datePublished\":\"2026-07-06T09:42:43+00:00\",\"dateModified\":\"2026-08-31T01:02:37+00:00\",\"breadcrumb\":{\"@id\":\"https:\\\/\\\/turisme.mutxamel.org\\\/ca\\\/eventos\\\/festival-grup-de-danses-virgen-de-loreto-50o-aniversari-2\\\/#breadcrumb\"},\"inLanguage\":\"ca\",\"potentialAction\":[{\"@type\":\"ReadAction\",\"target\":[\"https:\\\/\\\/turisme.mutxamel.org\\\/ca\\\/eventos\\\/festival-grup-de-danses-virgen-de-loreto-50o-aniversari-2\\\/\"]}]},{\"@type\":\"ImageObject\",\"inLanguage\":\"ca\",\"@id\":\"https:\\\/\\\/turisme.mutxamel.org\\\/ca\\\/eventos\\\/festival-grup-de-danses-virgen-de-loreto-50o-aniversari-2\\\/#primaryimage\",\"url\":\"https:\\\/\\\/turisme.mutxamel.org\\\/wp-content\\\/uploads\\\/2023\\\/11\\\/cartell-festival-grup-de-danses-juliol-2026.jpeg\",\"contentUrl\":\"https:\\\/\\\/turisme.mutxamel.org\\\/wp-content\\\/uploads\\\/2023\\\/11\\\/cartell-festival-grup-de-danses-juliol-2026.jpeg\",\"width\":1131,\"height\":1600},{\"@type\":\"BreadcrumbList\",\"@id\":\"https:\\\/\\\/turisme.mutxamel.org\\\/ca\\\/eventos\\\/festival-grup-de-danses-virgen-de-loreto-50o-aniversari-2\\\/#breadcrumb\",\"itemListElement\":[{\"@type\":\"ListItem\",\"position\":1,\"name\":\"Portada\",\"item\":\"https:\\\/\\\/turisme.mutxamel.org\\\/ca\\\/\"},{\"@type\":\"ListItem\",\"position\":2,\"name\":\"Events\",\"item\":\"https:\\\/\\\/turisme.mutxamel.org\\\/ca\\\/eventos\\\/\"},{\"@type\":\"ListItem\",\"position\":3,\"name\":\"Festival Grup de Danses Virgen de Loreto 50\u00ba Aniversari\"}]},{\"@type\":\"WebSite\",\"@id\":\"https:\\\/\\\/turisme.mutxamel.org\\\/ca\\\/#website\",\"url\":\"https:\\\/\\\/turisme.mutxamel.org\\\/ca\\\/\",\"name\":\"Turismo Mutxamel\",\"description\":\"\",\"publisher\":{\"@id\":\"https:\\\/\\\/turisme.mutxamel.org\\\/ca\\\/#organization\"},\"potentialAction\":[{\"@type\":\"SearchAction\",\"target\":{\"@type\":\"EntryPoint\",\"urlTemplate\":\"https:\\\/\\\/turisme.mutxamel.org\\\/ca\\\/?s={search_term_string}\"},\"query-input\":{\"@type\":\"PropertyValueSpecification\",\"valueRequired\":true,\"valueName\":\"search_term_string\"}}],\"inLanguage\":\"ca\"},{\"@type\":\"Organization\",\"@id\":\"https:\\\/\\\/turisme.mutxamel.org\\\/ca\\\/#organization\",\"name\":\"Turismo Mutxamel\",\"url\":\"https:\\\/\\\/turisme.mutxamel.org\\\/ca\\\/\",\"logo\":{\"@type\":\"ImageObject\",\"inLanguage\":\"ca\",\"@id\":\"https:\\\/\\\/turisme.mutxamel.org\\\/ca\\\/#\\\/schema\\\/logo\\\/image\\\/\",\"url\":\"https:\\\/\\\/turisme.mutxamel.org\\\/wp-content\\\/uploads\\\/2024\\\/01\\\/logo-turismo-mutxamel.jpg\",\"contentUrl\":\"https:\\\/\\\/turisme.mutxamel.org\\\/wp-content\\\/uploads\\\/2024\\\/01\\\/logo-turismo-mutxamel.jpg\",\"width\":195,\"height\":81,\"caption\":\"Turismo Mutxamel\"},\"image\":{\"@id\":\"https:\\\/\\\/turisme.mutxamel.org\\\/ca\\\/#\\\/schema\\\/logo\\\/image\\\/\"},\"sameAs\":[\"https:\\\/\\\/www.facebook.com\\\/mutxamelturismo\",\"https:\\\/\\\/www.instagram.com\\\/mutxamelturismo\\\/\",\"https:\\\/\\\/www.youtube.com\\\/aytomutxamel\"]}]}<\/script>\n<!-- \/ Yoast SEO plugin. -->","yoast_head_json":{"title":"Festival Grup de Danses Virgen de Loreto 50\u00ba Aniversari - Turismo Mutxamel","robots":{"index":"index","follow":"follow","max-snippet":"max-snippet:-1","max-image-preview":"max-image-preview:large","max-video-preview":"max-video-preview:-1"},"canonical":"https:\/\/turisme.mutxamel.org\/ca\/eventos\/festival-grup-de-danses-virgen-de-loreto-50o-aniversari-2\/","og_locale":"ca_ES","og_type":"article","og_title":"Festival Grup de Danses Virgen de Loreto 50\u00ba Aniversari - Turismo Mutxamel","og_description":"Festival 50\u00ba aniversario El grup de danses Virgen de Loreto, es va iniciar al voltant de 1970. Este grup, en aquells dies, infantil, va ser organitzat per Pilar Blasco, i en 1976, l\u2019APA del col\u00b7legi El Salvador, va promoure uns cursos d\u2019iniciaci\u00f3 a la dansa, amb la finalitat de conservar els balls i tradicions de...","og_url":"https:\/\/turisme.mutxamel.org\/ca\/eventos\/festival-grup-de-danses-virgen-de-loreto-50o-aniversari-2\/","og_site_name":"Turismo Mutxamel","article_publisher":"https:\/\/www.facebook.com\/mutxamelturismo","article_modified_time":"2026-08-31T01:02:37+00:00","og_image":[{"width":1131,"height":1600,"url":"https:\/\/turisme.mutxamel.org\/wp-content\/uploads\/2023\/11\/cartell-festival-grup-de-danses-juliol-2026.jpeg","type":"image\/jpeg"}],"twitter_card":"summary_large_image","twitter_misc":{"Temps estimat de lectura":"1 minut"},"schema":{"@context":"https:\/\/schema.org","@graph":[{"@type":"WebPage","@id":"https:\/\/turisme.mutxamel.org\/ca\/eventos\/festival-grup-de-danses-virgen-de-loreto-50o-aniversari-2\/","url":"https:\/\/turisme.mutxamel.org\/ca\/eventos\/festival-grup-de-danses-virgen-de-loreto-50o-aniversari-2\/","name":"Festival Grup de Danses Virgen de Loreto 50\u00ba Aniversari - Turismo Mutxamel","isPartOf":{"@id":"https:\/\/turisme.mutxamel.org\/ca\/#website"},"primaryImageOfPage":{"@id":"https:\/\/turisme.mutxamel.org\/ca\/eventos\/festival-grup-de-danses-virgen-de-loreto-50o-aniversari-2\/#primaryimage"},"image":{"@id":"https:\/\/turisme.mutxamel.org\/ca\/eventos\/festival-grup-de-danses-virgen-de-loreto-50o-aniversari-2\/#primaryimage"},"thumbnailUrl":"https:\/\/turisme.mutxamel.org\/wp-content\/uploads\/2023\/11\/cartell-festival-grup-de-danses-juliol-2026.jpeg","datePublished":"2026-07-06T09:42:43+00:00","dateModified":"2026-08-31T01:02:37+00:00","breadcrumb":{"@id":"https:\/\/turisme.mutxamel.org\/ca\/eventos\/festival-grup-de-danses-virgen-de-loreto-50o-aniversari-2\/#breadcrumb"},"inLanguage":"ca","potentialAction":[{"@type":"ReadAction","target":["https:\/\/turisme.mutxamel.org\/ca\/eventos\/festival-grup-de-danses-virgen-de-loreto-50o-aniversari-2\/"]}]},{"@type":"ImageObject","inLanguage":"ca","@id":"https:\/\/turisme.mutxamel.org\/ca\/eventos\/festival-grup-de-danses-virgen-de-loreto-50o-aniversari-2\/#primaryimage","url":"https:\/\/turisme.mutxamel.org\/wp-content\/uploads\/2023\/11\/cartell-festival-grup-de-danses-juliol-2026.jpeg","contentUrl":"https:\/\/turisme.mutxamel.org\/wp-content\/uploads\/2023\/11\/cartell-festival-grup-de-danses-juliol-2026.jpeg","width":1131,"height":1600},{"@type":"BreadcrumbList","@id":"https:\/\/turisme.mutxamel.org\/ca\/eventos\/festival-grup-de-danses-virgen-de-loreto-50o-aniversari-2\/#breadcrumb","itemListElement":[{"@type":"ListItem","position":1,"name":"Portada","item":"https:\/\/turisme.mutxamel.org\/ca\/"},{"@type":"ListItem","position":2,"name":"Events","item":"https:\/\/turisme.mutxamel.org\/ca\/eventos\/"},{"@type":"ListItem","position":3,"name":"Festival Grup de Danses Virgen de Loreto 50\u00ba Aniversari"}]},{"@type":"WebSite","@id":"https:\/\/turisme.mutxamel.org\/ca\/#website","url":"https:\/\/turisme.mutxamel.org\/ca\/","name":"Turismo Mutxamel","description":"","publisher":{"@id":"https:\/\/turisme.mutxamel.org\/ca\/#organization"},"potentialAction":[{"@type":"SearchAction","target":{"@type":"EntryPoint","urlTemplate":"https:\/\/turisme.mutxamel.org\/ca\/?s={search_term_string}"},"query-input":{"@type":"PropertyValueSpecification","valueRequired":true,"valueName":"search_term_string"}}],"inLanguage":"ca"},{"@type":"Organization","@id":"https:\/\/turisme.mutxamel.org\/ca\/#organization","name":"Turismo Mutxamel","url":"https:\/\/turisme.mutxamel.org\/ca\/","logo":{"@type":"ImageObject","inLanguage":"ca","@id":"https:\/\/turisme.mutxamel.org\/ca\/#\/schema\/logo\/image\/","url":"https:\/\/turisme.mutxamel.org\/wp-content\/uploads\/2024\/01\/logo-turismo-mutxamel.jpg","contentUrl":"https:\/\/turisme.mutxamel.org\/wp-content\/uploads\/2024\/01\/logo-turismo-mutxamel.jpg","width":195,"height":81,"caption":"Turismo Mutxamel"},"image":{"@id":"https:\/\/turisme.mutxamel.org\/ca\/#\/schema\/logo\/image\/"},"sameAs":["https:\/\/www.facebook.com\/mutxamelturismo","https:\/\/www.instagram.com\/mutxamelturismo\/","https:\/\/www.youtube.com\/aytomutxamel"]}]}},"_links":{"self":[{"href":"https:\/\/turisme.mutxamel.org\/ca\/wp-json\/wp\/v2\/mec-events\/17625","targetHints":{"allow":["GET"]}}],"collection":[{"href":"https:\/\/turisme.mutxamel.org\/ca\/wp-json\/wp\/v2\/mec-events"}],"about":[{"href":"https:\/\/turisme.mutxamel.org\/ca\/wp-json\/wp\/v2\/types\/mec-events"}],"author":[{"embeddable":true,"href":"https:\/\/turisme.mutxamel.org\/ca\/wp-json\/wp\/v2\/users\/5"}],"replies":[{"embeddable":true,"href":"https:\/\/turisme.mutxamel.org\/ca\/wp-json\/wp\/v2\/comments?post=17625"}],"wp:featuredmedia":[{"embeddable":true,"href":"https:\/\/turisme.mutxamel.org\/ca\/wp-json\/wp\/v2\/media\/17623"}],"wp:attachment":[{"href":"https:\/\/turisme.mutxamel.org\/ca\/wp-json\/wp\/v2\/media?parent=17625"}],"wp:term":[{"taxonomy":"post_tag","embeddable":true,"href":"https:\/\/turisme.mutxamel.org\/ca\/wp-json\/wp\/v2\/tags?post=17625"},{"taxonomy":"mec_category","embeddable":true,"href":"https:\/\/turisme.mutxamel.org\/ca\/wp-json\/wp\/v2\/mec_category?post=17625"}],"curies":[{"name":"wp","href":"https:\/\/api.w.org\/{rel}","templated":true}]}}