{"id":1108,"date":"2023-11-08T10:53:44","date_gmt":"2023-11-08T09:53:44","guid":{"rendered":"https:\/\/turisme.mutxamel.org\/inicio\/"},"modified":"2026-04-14T13:36:16","modified_gmt":"2026-04-14T11:36:16","slug":"inicio","status":"publish","type":"page","link":"https:\/\/turisme.mutxamel.org\/ca\/","title":{"rendered":"Inici"},"content":{"rendered":"<section class=\"l-section wpb_row height_auto width_full color_alternate with_img with_video\"><div class=\"l-section-img\" role=\"img\" aria-label=\"Plaza Nueva\" data-img-width=\"500\" data-img-height=\"333\" style=\"background-image: url(https:\/\/turisme.mutxamel.org\/wp-content\/uploads\/2023\/11\/bg-home-video.jpg);background-repeat: no-repeat;\"><\/div><div id=\"us_bg_video_f06c\" class=\"l-section-video\"><script id=\"us_bg_video_f06c-script\">!function(w){var node = document.getElementById( 'us_bg_video_f06c' );if ( w.innerWidth <= 600 ) { node.remove() }}(window);<\/script><style>@media(max-width:600px){#us_bg_video_f06c{display:none!important}}<\/style><video  autoplay loop muted playsinline preload=\"auto\" tabindex=\"-1\"><source type=\"video\/mp4\" src=\"https:\/\/turisme.mutxamel.org\/video-intro\/SPOT_MUTXAMEL_VALENCIANO.mp4\" \/><\/video><\/div><div class=\"l-section-h i-cf\"><div class=\"g-cols vc_row via_grid cols_1 laptops-cols_inherit tablets-cols_inherit mobiles-cols_1 valign_top type_default stacking_default\"><div class=\"wpb_column vc_column_container\"><div class=\"vc_column-inner\"><div class=\"w-separator size_custom\" style=\"height:250px\" id=\"z33a\"><style>@media(max-width:1024px){ #z33a{height:150px!important}}@media(max-width:600px){ #z33a{height:50px!important}}<\/style><\/div><div class=\"w-iconbox us_custom_8b3d6790 has_text_color iconpos_top style_default color_primary align_center no_text icontype_img\"><a target=\"_blank\" href=\"https:\/\/youtu.be\/SGMpNUFZdHk?si=iQVqPGMuHx0JIbRT\" class=\"w-iconbox-link\" aria-label=\"Veure en YouTube\"><div class=\"w-iconbox-icon\" style=\"font-size:5rem;\"><img loading=\"lazy\" decoding=\"async\" width=\"114\" height=\"112\" src=\"https:\/\/turisme.mutxamel.org\/wp-content\/uploads\/2023\/11\/ico-play.png\" class=\"attachment-full size-full\" alt=\"Icono reproducir video\" \/><\/div><\/a><div class=\"w-iconbox-meta\"><p class=\"w-iconbox-title\"><a target=\"_blank\" href=\"https:\/\/youtu.be\/SGMpNUFZdHk?si=iQVqPGMuHx0JIbRT\" class=\"w-iconbox-link\" aria-label=\"Veure en YouTube\">Veure en YouTube<\/a><\/p><\/div><\/div><div class=\"w-separator size_custom\" style=\"height:250px\" id=\"keae\"><style>@media(max-width:1024px){ #keae{height:150px!important}}@media(max-width:600px){ #keae{height:50px!important}}<\/style><\/div><\/div><\/div><\/div><\/div><\/section><section class=\"l-section wpb_row height_medium\" id=\"mtxcontent\"><div class=\"l-section-overlay\" style=\"background:var(--color-header-middle-bg)\"><\/div><div class=\"l-section-h i-cf\"><div class=\"g-cols vc_row via_grid cols_7-5 laptops-cols_inherit tablets-cols_inherit mobiles-cols_1 valign_top type_default stacking_default\"><div class=\"wpb_column vc_column_container\"><div class=\"vc_column-inner\"><div id=\"ultimate-heading-781569f0963b13bfe\" class=\"uvc-heading ult-adjust-bottom-margin ultimate-heading-781569f0963b13bfe uvc-5972 \" data-hspacer=\"no_spacer\"  data-halign=\"left\" style=\"text-align:left\"><div class=\"uvc-heading-spacer no_spacer\" style=\"top\"><\/div><div class=\"uvc-main-heading ult-responsive\"  data-ultimate-target='.uvc-heading.ultimate-heading-781569f0963b13bfe h1'  data-responsive-json-new='{\"font-size\":\"\",\"line-height\":\"\"}' ><h1 style=\"font-weight:normal;\">Mutxamel Informaci\u00f3 Tur\u00edstica<\/h1><\/div><\/div><div class=\"w-separator size_small\"><\/div><div class=\"wpb_text_column\"><div class=\"wpb_wrapper\"><p>La Regidoria de Turisme de Mutxamel articula els seus serveis a trav\u00e9s de <strong>l&#8217;Oficina de Turisme: TouristInfo Mutxamel<\/strong>. L&#8217;oficina es va incorporar a la Xarxa Tourist Info de la Generalitat Valenciana l&#8217;1 de desembre de 2005.<\/p>\n<p>El nostre objectiu \u00e9s oferir <strong>informaci\u00f3 tur\u00edstica de qualitat<\/strong> sobre l&#8217;oferta i els recursos tur\u00edstics del municipi, programar i difondre diverses activitats per a la posada en valor del <strong>patrimoni hist\u00f2ric, cultural i gastron\u00f2mic de Mutxamel<\/strong>. Tamb\u00e9 oferim informaci\u00f3 tur\u00edstica de la Comunitat valenciana<\/p>\n<\/div><\/div><div class=\"w-separator size_custom\" style=\"height:50px\"><\/div><div class=\"w-hwrapper valign_top wrap default_align_left laptops_align_left tablets_align_center mobiles_align_center\" style=\"--hwrapper-gap:1.2rem\"><div class=\"w-image align_center\"><div class=\"w-image-h\"><img decoding=\"async\" width=\"195\" height=\"81\" src=\"https:\/\/turisme.mutxamel.org\/wp-content\/uploads\/2023\/11\/logo-turismo.jpg\" class=\"attachment-full size-full\" alt=\"logo-turismo\" loading=\"lazy\" \/><\/div><\/div><div class=\"w-image us_custom_02652b28 has_height align_center\"><div class=\"w-image-h\"><img decoding=\"async\" width=\"200\" height=\"200\" src=\"https:\/\/turisme.mutxamel.org\/wp-content\/uploads\/2023\/11\/logo-tourist-info-cuadrado.png\" class=\"attachment-full size-full\" alt=\"Tourist info\" loading=\"lazy\" srcset=\"https:\/\/turisme.mutxamel.org\/wp-content\/uploads\/2023\/11\/logo-tourist-info-cuadrado.png 200w, https:\/\/turisme.mutxamel.org\/wp-content\/uploads\/2023\/11\/logo-tourist-info-cuadrado-150x150.png 150w\" sizes=\"auto, (max-width: 200px) 100vw, 200px\" \/><\/div><\/div><div class=\"w-image us_custom_02652b28 has_height align_center\"><div class=\"w-image-h\"><img decoding=\"async\" width=\"1420\" height=\"819\" src=\"https:\/\/turisme.mutxamel.org\/wp-content\/uploads\/2025\/12\/Logo_Q_imagen.png\" class=\"attachment-full size-full\" alt=\"\" loading=\"lazy\" srcset=\"https:\/\/turisme.mutxamel.org\/wp-content\/uploads\/2025\/12\/Logo_Q_imagen.png 1420w, https:\/\/turisme.mutxamel.org\/wp-content\/uploads\/2025\/12\/Logo_Q_imagen-300x173.png 300w, https:\/\/turisme.mutxamel.org\/wp-content\/uploads\/2025\/12\/Logo_Q_imagen-1024x591.png 1024w\" sizes=\"auto, (max-width: 1420px) 100vw, 1420px\" \/><\/div><\/div><div class=\"w-image us_custom_02652b28 has_height align_center\"><div class=\"w-image-h\"><img decoding=\"async\" width=\"1596\" height=\"504\" src=\"https:\/\/turisme.mutxamel.org\/wp-content\/uploads\/2026\/04\/LGO-DTI.png\" class=\"attachment-full size-full\" alt=\"\" loading=\"lazy\" srcset=\"https:\/\/turisme.mutxamel.org\/wp-content\/uploads\/2026\/04\/LGO-DTI.png 1596w, https:\/\/turisme.mutxamel.org\/wp-content\/uploads\/2026\/04\/LGO-DTI-300x95.png 300w, https:\/\/turisme.mutxamel.org\/wp-content\/uploads\/2026\/04\/LGO-DTI-1024x323.png 1024w\" sizes=\"auto, (max-width: 1596px) 100vw, 1596px\" \/><\/div><\/div><div class=\"w-image us_custom_02652b28 has_height align_center\"><div class=\"w-image-h\"><img decoding=\"async\" width=\"1189\" height=\"1071\" src=\"https:\/\/turisme.mutxamel.org\/wp-content\/uploads\/2026\/04\/logoExquisit.png\" class=\"attachment-full size-full\" alt=\"\" loading=\"lazy\" srcset=\"https:\/\/turisme.mutxamel.org\/wp-content\/uploads\/2026\/04\/logoExquisit.png 1189w, https:\/\/turisme.mutxamel.org\/wp-content\/uploads\/2026\/04\/logoExquisit-300x270.png 300w, https:\/\/turisme.mutxamel.org\/wp-content\/uploads\/2026\/04\/logoExquisit-1024x922.png 1024w\" sizes=\"auto, (max-width: 1189px) 100vw, 1189px\" \/><\/div><\/div><\/div><\/div><\/div><div class=\"wpb_column vc_column_container us_custom_8f4c409f has-link\"><div class=\"vc_column-overlay\" style=\"background:#E3E4E4\"><\/div><div class=\"vc_column-inner\"><div id=\"ultimate-heading-868869f0963b1d22e\" class=\"uvc-heading ult-adjust-bottom-margin ultimate-heading-868869f0963b1d22e uvc-3650 \" data-hspacer=\"no_spacer\"  data-halign=\"left\" style=\"text-align:left\"><div class=\"uvc-heading-spacer no_spacer\" style=\"top\"><\/div><div class=\"uvc-main-heading ult-responsive\"  data-ultimate-target='.uvc-heading.ultimate-heading-868869f0963b1d22e h2'  data-responsive-json-new='{\"font-size\":\"\",\"line-height\":\"\"}' ><h2 style=\"font-weight:normal;\">TOURIST INFO MUTXAMEL<\/h2><\/div><\/div><div class=\"w-separator size_custom\" style=\"height:50px\"><\/div><div class=\"w-iconbox us_custom_807ed010 iconpos_left style_default color_custom align_left\"><div class=\"w-iconbox-icon\" style=\"font-size:1rem;--icon-color:#0D803E;\"><i class=\"fas fa-map-marker\"><\/i><\/div><div class=\"w-iconbox-meta\"><p class=\"w-iconbox-title\">C\/ Carmen, 1<\/p><div class=\"w-iconbox-text\"><p>03110 \u2013 Mutxamel- Alicante<\/p>\n<\/div><\/div><\/div><div class=\"w-iconbox us_custom_a833bf3c iconpos_left style_default color_custom align_left no_text\"><div class=\"w-iconbox-icon\" style=\"font-size:1rem;--icon-color:#0D803E;\"><i class=\"fas fa-phone-alt\"><\/i><\/div><div class=\"w-iconbox-meta\"><p class=\"w-iconbox-title\">683 58 99 17<\/p><\/div><\/div><div class=\"w-iconbox us_custom_a833bf3c iconpos_left style_default color_custom align_left no_text icontype_img\"><div class=\"w-iconbox-icon\" style=\"font-size:1rem;--icon-color:#0D803E;\"><img loading=\"lazy\" decoding=\"async\" width=\"360\" height=\"362\" src=\"https:\/\/turisme.mutxamel.org\/wp-content\/uploads\/2025\/11\/WhastappVERDE.png\" class=\"attachment-full size-full\" alt=\"Contactar en WhatsApp\" srcset=\"https:\/\/turisme.mutxamel.org\/wp-content\/uploads\/2025\/11\/WhastappVERDE.png 360w, https:\/\/turisme.mutxamel.org\/wp-content\/uploads\/2025\/11\/WhastappVERDE-298x300.png 298w, https:\/\/turisme.mutxamel.org\/wp-content\/uploads\/2025\/11\/WhastappVERDE-150x150.png 150w\" sizes=\"auto, (max-width: 360px) 100vw, 360px\" \/><\/div><div class=\"w-iconbox-meta\"><p class=\"w-iconbox-title\">683 58 99 17<\/p><\/div><\/div><div class=\"w-iconbox us_custom_a833bf3c iconpos_left style_default color_custom align_left no_text\"><div class=\"w-iconbox-icon\" style=\"font-size:1rem;--icon-color:#0D803E;\"><i class=\"fas fa-envelope\"><\/i><\/div><div class=\"w-iconbox-meta\"><p class=\"w-iconbox-title\">mutxamel@touristinfo.net<\/p><\/div><\/div><div class=\"w-iconbox us_custom_a833bf3c iconpos_left style_default color_custom align_left\"><div class=\"w-iconbox-icon\" style=\"font-size:1rem;--icon-color:#0D803E;\"><i class=\"fas fa-clock\"><\/i><\/div><div class=\"w-iconbox-meta\"><p class=\"w-iconbox-title\">HORARI D\u2019HIVERN<\/p><div class=\"w-iconbox-text\"><p data-start=\"23\" data-end=\"41\">D\u2019OCTUBRE A JUNY<\/p>\n<p data-start=\"43\" data-end=\"84\">De dimecres a diumenge de 10:00 a 13:00<\/p>\n<\/div><\/div><\/div><div class=\"w-iconbox us_custom_a833bf3c iconpos_left style_default color_custom align_left\"><div class=\"w-iconbox-icon\" style=\"font-size:1rem;--icon-color:#0D803E;\"><i class=\"fas fa-clock\"><\/i><\/div><div class=\"w-iconbox-meta\"><p class=\"w-iconbox-title\">HORARI D\u2019ESTIU<\/p><div class=\"w-iconbox-text\"><p data-start=\"109\" data-end=\"131\">DE JULIOL A SETEMBRE<\/p>\n<p data-start=\"133\" data-end=\"172\" data-is-last-node=\"\" data-is-only-node=\"\">De dimecres a diumenge de 10:00 a 13:00<\/p>\n<\/div><\/div><\/div><div class=\"wpb_text_column\"><div class=\"wpb_wrapper\"><p>Consulta en la nostra<strong>\u00a0AGENDA<\/strong>\u00a0EL programa de visites guiades i teatralizades. Inscriu-te en en inscripcionesturismo@mutxamel.org.<\/p>\n<\/div><\/div><div class=\"w-separator size_medium\"><\/div><div class=\"w-hwrapper valign_middle align_left\" style=\"--hwrapper-gap:2.1rem\"><div class=\"w-image us_custom_bfaf47e6 has_height align_none\"><a target=\"_blank\" href=\"https:\/\/www.facebook.com\/mutxamelturismo\" aria-label=\"ico-facebook-verde\" class=\"w-image-h\"><img decoding=\"async\" width=\"31\" height=\"75\" src=\"https:\/\/turisme.mutxamel.org\/wp-content\/uploads\/2023\/11\/ico-facebook-verde.png\" class=\"attachment-full size-full\" alt=\"Ir a facebook\" loading=\"lazy\" \/><\/a><\/div><div class=\"w-image us_custom_bfaf47e6 has_height align_none\"><a target=\"_blank\" href=\"https:\/\/www.instagram.com\/mutxamelturismo\/\" aria-label=\"ico-instagram-verde\" class=\"w-image-h\"><img decoding=\"async\" width=\"68\" height=\"75\" src=\"https:\/\/turisme.mutxamel.org\/wp-content\/uploads\/2023\/11\/ico-instagram-verde.png\" class=\"attachment-full size-full\" alt=\"Ir a instagram\" loading=\"lazy\" \/><\/a><\/div><div class=\"w-image us_custom_bfaf47e6 has_height align_none\"><a target=\"_blank\" href=\"https:\/\/www.youtube.com\/aytomutxamel\" aria-label=\"ico-youtube-verde\" class=\"w-image-h\"><img decoding=\"async\" width=\"84\" height=\"75\" src=\"https:\/\/turisme.mutxamel.org\/wp-content\/uploads\/2023\/11\/ico-youtube-verde.png\" class=\"attachment-full size-full\" alt=\"Ir a Youtube\" loading=\"lazy\" \/><\/a><\/div><\/div><\/div><a href=\"https:\/\/turisme.mutxamel.org\/tourist-info\/\" class=\"vc_column-link smooth-scroll\" aria-label=\"Enlla\u00e7\"><\/a><\/div><\/div><\/div><\/section><section class=\"l-section wpb_row height_small\"><div class=\"l-section-h i-cf\"><div class=\"g-cols vc_row via_grid cols_1 laptops-cols_inherit tablets-cols_inherit mobiles-cols_1 valign_top type_default stacking_default\"><div class=\"wpb_column vc_column_container\"><div class=\"vc_column-inner\"><div id=\"ultimate-heading-491369f0963b2f2d0\" class=\"uvc-heading ult-adjust-bottom-margin ultimate-heading-491369f0963b2f2d0 uvc-1689 \" data-hspacer=\"no_spacer\"  data-halign=\"center\" style=\"text-align:center\"><div class=\"uvc-heading-spacer no_spacer\" style=\"top\"><\/div><div class=\"uvc-main-heading ult-responsive\"  data-ultimate-target='.uvc-heading.ultimate-heading-491369f0963b2f2d0 h2'  data-responsive-json-new='{\"font-size\":\"\",\"line-height\":\"\"}' ><h2 style=\"font-weight:normal;\">TOUR VIRTUAL 360\u00ba<\/h2><\/div><\/div><div class=\"w-separator size_small with_line width_30 thick_4 style_solid color_border align_center\"><div class=\"w-separator-h\"><\/div><\/div><div class=\"w-html\"><iframe title=\"Tour Virtual\" aria-label=\"Tour Virtual\" style=\"width:100%; height:60vh;\" src=\"https:\/\/api.lookishtg.com\/360\/alicante-provincia\/mutxamel\/video360mutxamel\/index.htm\"><\/iframe><\/div><div class=\"w-separator size_small\"><\/div><\/div><\/div><\/div><\/div><\/section><section class=\"l-section wpb_row height_auto color_primary\"><div class=\"l-section-h i-cf\"><div class=\"g-cols vc_row via_grid cols_1-3 laptops-cols_inherit tablets-cols_inherit mobiles-cols_1 valign_top type_default stacking_default\" style=\"--columns-gap:0.8rem;\"><div class=\"wpb_column vc_column_container us_custom_6e8448b4\"><div class=\"vc_column-overlay\" style=\"background:var(--color-header-middle-text-hover)\"><\/div><div class=\"vc_column-inner\"><div class=\"wpb_text_column us_custom_08a01e09 has_text_color hide_on_mobiles\"><div class=\"wpb_wrapper\"><h2>et<br \/>\nrecoma<br \/>\nnem<\/h2>\n<\/div><\/div><div class=\"w-iconbox us_custom_832e62ec has_text_color iconpos_top style_default color_primary align_left no_text\"><a href=\"https:\/\/turisme.mutxamel.org\/ca\/agenda\/\" class=\"w-iconbox-link\" aria-label=\"Veure agenda\"><div class=\"w-iconbox-icon\" style=\"font-size:3rem;\"><i class=\"fal fa-calendar-alt\"><\/i><\/div><\/a><div class=\"w-iconbox-meta\"><p class=\"w-iconbox-title\"><a href=\"https:\/\/turisme.mutxamel.org\/ca\/agenda\/\" class=\"w-iconbox-link\" aria-label=\"Veure agenda\">Veure agenda<\/a><\/p><\/div><\/div><\/div><\/div><div class=\"wpb_column vc_column_container\"><div class=\"vc_column-inner\"><div class=\"w-grid us_grid eventos_home type_grid layout_12606 cols_2 overflow_hidden preload_style_spinner\" id=\"us_grid_1\" style=\"--columns:2;--gap:0.5rem;\" data-filterable=\"true\"><style>@media (max-width:600px){#us_grid_1{--columns:1!important}}.layout_12606 .w-grid-item-h{}.layout_12606 .usg_post_title_2{color:var(--color-header-middle-text)!important;font-size:calc(10px + 0.5vw)!important;line-height:1.1!important;font-family:var(--h1-font-family)!important;font-weight:700!important;max-width:80%!important;position:absolute!important;left:0px!important;top:2em!important;background:var(--color-header-middle-bg)!important;padding:0.5em 1em 0.5em 1em!important}<\/style><div class=\"w-grid-list\">\t<article class=\"w-grid-item size_1x1 post-17143 mec-events type-mec-events status-publish has-post-thumbnail hentry mec_category-turismo\" data-id=\"17143\">\r\n\t\t<div class=\"w-grid-item-h\">\r\n\t\t\t\t\t\t<div class=\"w-post-elm post_image usg_post_image_2 has_ratio\"><img loading=\"lazy\" decoding=\"async\" width=\"724\" height=\"1024\" src=\"https:\/\/turisme.mutxamel.org\/wp-content\/uploads\/2023\/11\/cartel-bonalba-cast-scaled-2-724x1024.png\" class=\"attachment-large size-large wp-post-image\" alt=\"\" \/><div style=\"padding-bottom:133.3333%\"><\/div><\/div><p class=\"w-post-elm post_title usg_post_title_2 has_text_color align_left entry-title color_link_inherit\"><a href=\"https:\/\/turisme.mutxamel.org\/ca\/eventos\/reforestacio-en-bonalba\/\">Reforestaci\u00f3 en Bonalba<\/a><\/p>\t\t<\/div>\r\n\t\t\t<\/article>\r\n\t<article class=\"w-grid-item size_1x1 post-17152 mec-events type-mec-events status-publish has-post-thumbnail hentry mec_category-turismo\" data-id=\"17152\">\r\n\t\t<div class=\"w-grid-item-h\">\r\n\t\t\t\t\t\t<div class=\"w-post-elm post_image usg_post_image_2 has_ratio\"><img loading=\"lazy\" decoding=\"async\" width=\"717\" height=\"1024\" src=\"https:\/\/turisme.mutxamel.org\/wp-content\/uploads\/2023\/11\/Via-crucis-historia-1-717x1024.jpg\" class=\"attachment-large size-large wp-post-image\" alt=\"\" \/><div style=\"padding-bottom:133.3333%\"><\/div><\/div><p class=\"w-post-elm post_title usg_post_title_2 has_text_color align_left entry-title color_link_inherit\"><a href=\"https:\/\/turisme.mutxamel.org\/ca\/eventos\/viacrucis-extraordinari\/\">V\u00edacrucis Extraordinari<\/a><\/p>\t\t<\/div>\r\n\t\t\t<\/article>\r\n<\/div>\t<div class=\"w-grid-preloader\">\r\n\t\t<div class=\"g-preloader type_1\">\r\n\t\t\t<div><\/div>\r\n\t\t<\/div>\r\n\t<\/div>\r\n\t\t<div class=\"w-grid-json hidden\" onclick='return {&quot;action&quot;:&quot;us_ajax_grid&quot;,&quot;infinite_scroll&quot;:0,&quot;max_num_pages&quot;:131,&quot;pagination&quot;:&quot;none&quot;,&quot;template_vars&quot;:{&quot;columns&quot;:&quot;2&quot;,&quot;exclude_items&quot;:&quot;none&quot;,&quot;img_size&quot;:&quot;default&quot;,&quot;ignore_items_size&quot;:0,&quot;items_layout&quot;:&quot;12606&quot;,&quot;items_offset&quot;:&quot;1&quot;,&quot;load_animation&quot;:&quot;none&quot;,&quot;overriding_link&quot;:&quot;%7B%22url%22%3A%22%22%7D&quot;,&quot;post_id&quot;:0,&quot;query_args&quot;:{&quot;post_type&quot;:[&quot;mec-events&quot;],&quot;post_status&quot;:[&quot;publish&quot;],&quot;posts_per_page&quot;:&quot;2&quot;},&quot;orderby_query_args&quot;:{&quot;orderby&quot;:&quot;custom_field&quot;,&quot;meta_key&quot;:&quot;mec_start_from_today&quot;,&quot;order&quot;:&quot;DESC&quot;},&quot;type&quot;:&quot;grid&quot;,&quot;us_grid_post_type&quot;:&quot;mec-events&quot;,&quot;us_grid_ajax_index&quot;:1,&quot;us_grid_filter_query_string&quot;:null,&quot;us_grid_index&quot;:1,&quot;page_args&quot;:[],&quot;lang&quot;:&quot;ca&quot;}}'><\/div>\r\n\t<\/div><\/div><\/div><\/div><\/div><\/section><section class=\"l-section wpb_row height_auto\"><div class=\"l-section-h i-cf\"><div class=\"g-cols vc_row via_grid cols_1 laptops-cols_inherit tablets-cols_inherit mobiles-cols_1 valign_top type_default stacking_default\"><div class=\"wpb_column vc_column_container\"><div class=\"vc_column-inner\"><div class=\"w-separator size_large\"><\/div><\/div><\/div><\/div><\/div><\/section><section class=\"l-section wpb_row height_medium color_primary\"><div class=\"l-section-overlay\" style=\"background:#E3E4E4\"><\/div><div class=\"l-section-h i-cf\"><div class=\"g-cols vc_row via_grid cols_1 laptops-cols_inherit tablets-cols_inherit mobiles-cols_1 valign_top type_default stacking_default\"><div class=\"wpb_column vc_column_container\"><div class=\"vc_column-inner\"><div class=\"g-cols wpb_row via_grid cols_1-3 laptops-cols_inherit tablets-cols_inherit mobiles-cols_1 valign_top type_default stacking_default\" style=\"--columns-gap:0.8rem;\"><div class=\"wpb_column vc_column_container us_custom_6e8448b4\"><div class=\"vc_column-overlay\" style=\"background:var(--color-header-middle-text-hover)\"><\/div><div class=\"vc_column-inner\"><div class=\"wpb_text_column us_custom_84a83d6a has_text_color hide_on_mobiles\"><div class=\"wpb_wrapper\"><h2>desta<br \/>\nquem<\/h2>\n<\/div><\/div><div class=\"w-iconbox us_custom_832e62ec has_text_color iconpos_top style_default color_primary align_left no_text\"><a href=\"https:\/\/turisme.mutxamel.org\/ca\/noticies\/\" class=\"w-iconbox-link\" aria-label=\"Veure not\u00edcies\"><div class=\"w-iconbox-icon\" style=\"font-size:3rem;\"><i class=\"fal fa-star\"><\/i><\/div><\/a><div class=\"w-iconbox-meta\"><p class=\"w-iconbox-title\"><a href=\"https:\/\/turisme.mutxamel.org\/ca\/noticies\/\" class=\"w-iconbox-link\" aria-label=\"Veure not\u00edcies\">Veure not\u00edcies<\/a><\/p><\/div><\/div><\/div><\/div><div class=\"wpb_column vc_column_container\"><div class=\"vc_column-inner\"><div class=\"w-grid us_grid type_grid layout_1739 cols_3 preload_style_spinner\" id=\"us_grid_2\" style=\"--columns:3;--gap:0.4rem;\" data-filterable=\"true\"><style>@media (max-width:600px){#us_grid_2{--columns:1!important}}.layout_1739 .w-grid-item-h{}.layout_1739 .usg_post_title_1{color:var(--color-header-middle-text)!important;font-size:calc(10px + 0.5vw)!important;line-height:1.1!important;font-family:var(--h1-font-family)!important;font-weight:700!important;padding-top:10px!important}<\/style><div class=\"w-grid-list\">\t<article class=\"w-grid-item size_1x1 post-17256 post type-post status-publish format-standard has-post-thumbnail hentry category-turismo\" data-id=\"17256\">\r\n\t\t<div class=\"w-grid-item-h\">\r\n\t\t\t\t\t\t<div class=\"w-post-elm post_image usg_post_image_1 has_ratio\"><img loading=\"lazy\" decoding=\"async\" width=\"212\" height=\"300\" src=\"https:\/\/turisme.mutxamel.org\/wp-content\/uploads\/2023\/11\/Cartel-Mutxamel-Mayo-2026-VAL-scaled-1-212x300.jpg\" class=\"attachment-medium size-medium wp-post-image\" alt=\"\" \/><div style=\"padding-bottom:100%\"><\/div><\/div><p class=\"w-post-elm post_title usg_post_title_1 has_text_color entry-title color_link_inherit\"><a href=\"https:\/\/turisme.mutxamel.org\/ca\/mutxamel-floreix-al-maig-amb-un-programa-de-visites-guiades-i-experiencies-culturals\/\">Mutxamel floreix al maig amb un programa de visites guiades i experi\u00e8ncies culturals<\/a><\/p>\t\t<\/div>\r\n\t\t\t<\/article>\r\n\t<article class=\"w-grid-item size_1x1 post-17187 post type-post status-publish format-standard has-post-thumbnail hentry category-turismo\" data-id=\"17187\">\r\n\t\t<div class=\"w-grid-item-h\">\r\n\t\t\t\t\t\t<div class=\"w-post-elm post_image usg_post_image_1 has_ratio\"><img loading=\"lazy\" decoding=\"async\" width=\"225\" height=\"300\" src=\"https:\/\/turisme.mutxamel.org\/wp-content\/uploads\/2023\/11\/Mutxamel-Abril-VAL-RRSS-225x300.jpg\" class=\"attachment-medium size-medium wp-post-image\" alt=\"\" \/><div style=\"padding-bottom:100%\"><\/div><\/div><p class=\"w-post-elm post_title usg_post_title_1 has_text_color entry-title color_link_inherit\"><a href=\"https:\/\/turisme.mutxamel.org\/ca\/mutxamel-organitza-visites-guiades-i-horaris-especials-al-seu-patrimoni-amb-motiu-de-setmana-santa\/\">Mutxamel organitza visites guiades i horaris especials al seu patrimoni amb motiu de Setmana Santa<\/a><\/p>\t\t<\/div>\r\n\t\t\t<\/article>\r\n\t<article class=\"w-grid-item size_1x1 post-17066 post type-post status-publish format-standard has-post-thumbnail hentry category-turismo\" data-id=\"17066\">\r\n\t\t<div class=\"w-grid-item-h\">\r\n\t\t\t\t\t\t<div class=\"w-post-elm post_image usg_post_image_1 has_ratio\"><img loading=\"lazy\" decoding=\"async\" width=\"212\" height=\"300\" src=\"https:\/\/turisme.mutxamel.org\/wp-content\/uploads\/2023\/11\/ESP-Cartel-Mutxamel-Febrero-Marzo-2026-1-scaled-2-212x300.jpg\" class=\"attachment-medium size-medium wp-post-image\" alt=\"\" \/><div style=\"padding-bottom:100%\"><\/div><\/div><p class=\"w-post-elm post_title usg_post_title_1 has_text_color entry-title color_link_inherit\"><a href=\"https:\/\/turisme.mutxamel.org\/ca\/descobrix-mutxamel-al-febrer-i-marc-de-2026\/\">Descobrix Mutxamel al febrer i mar\u00e7 de 2026<\/a><\/p>\t\t<\/div>\r\n\t\t\t<\/article>\r\n<\/div>\t<div class=\"w-grid-preloader\">\r\n\t\t<div class=\"g-preloader type_1\">\r\n\t\t\t<div><\/div>\r\n\t\t<\/div>\r\n\t<\/div>\r\n\t\t<div class=\"w-grid-json hidden\" onclick='return {&quot;action&quot;:&quot;us_ajax_grid&quot;,&quot;infinite_scroll&quot;:0,&quot;max_num_pages&quot;:16,&quot;pagination&quot;:&quot;none&quot;,&quot;template_vars&quot;:{&quot;columns&quot;:&quot;3&quot;,&quot;exclude_items&quot;:&quot;none&quot;,&quot;img_size&quot;:&quot;default&quot;,&quot;ignore_items_size&quot;:0,&quot;items_layout&quot;:&quot;1739&quot;,&quot;items_offset&quot;:&quot;1&quot;,&quot;load_animation&quot;:&quot;none&quot;,&quot;overriding_link&quot;:&quot;%7B%22url%22%3A%22%22%7D&quot;,&quot;post_id&quot;:0,&quot;query_args&quot;:{&quot;post_type&quot;:[&quot;post&quot;],&quot;post_status&quot;:[&quot;publish&quot;],&quot;posts_per_page&quot;:&quot;3&quot;},&quot;orderby_query_args&quot;:{&quot;orderby&quot;:{&quot;date&quot;:&quot;DESC&quot;}},&quot;type&quot;:&quot;grid&quot;,&quot;us_grid_post_type&quot;:&quot;post&quot;,&quot;us_grid_ajax_index&quot;:2,&quot;us_grid_filter_query_string&quot;:null,&quot;us_grid_index&quot;:2,&quot;page_args&quot;:[],&quot;lang&quot;:&quot;ca&quot;}}'><\/div>\r\n\t<\/div><\/div><\/div><\/div><\/div><\/div><\/div><\/div><\/section><section class=\"l-section wpb_row height_auto with_img\"><div class=\"l-section-img\" role=\"img\" aria-label=\"Plaza Nueva\" data-img-width=\"1200\" data-img-height=\"800\" style=\"background-image: url(https:\/\/turisme.mutxamel.org\/wp-content\/uploads\/2023\/11\/bg-home-accesos-directos.jpg);background-position: bottom center;background-repeat: no-repeat;\"><\/div><div class=\"l-section-h i-cf\"><div class=\"g-cols vc_row via_grid cols_2 laptops-cols_inherit tablets-cols_inherit mobiles-cols_1 valign_bottom type_default stacking_default\"><div class=\"wpb_column vc_column_container us_custom_698552de\"><div class=\"vc_column-overlay\" style=\"background:rgba(13,131,62,0.90)\"><\/div><div class=\"vc_column-inner\"><div class=\"w-separator size_custom\" style=\"height:150px\" id=\"h13f\"><style>@media(max-width:600px){ #h13f{height:100px!important}}<\/style><\/div><div class=\"wpb_text_column us_custom_6f46d6a2 has_text_color\"><div class=\"wpb_wrapper\"><p>Descobreix<br \/>\nMutxamel<\/p>\n<\/div><\/div><div class=\"w-separator size_custom\" style=\"height:150px\" id=\"d553\"><style>@media(max-width:600px){ #d553{height:50px!important}}<\/style><\/div><\/div><\/div><div class=\"wpb_column vc_column_container us_custom_04c40667\"><div class=\"vc_column-inner\"><div class=\"w-separator size_custom\" style=\"height:150px\" id=\"p8bd\"><style>@media(max-width:600px){ #p8bd{height:100px!important}}<\/style><\/div><div class=\"w-vwrapper align_right valign_top\" style=\"--vwrapper-gap:0.7rem\"><div class=\"w-btn-wrapper align_right\"><a class=\"w-btn us-btn-style_3 us_custom_0636a685\" target=\"_blank\" href=\"https:\/\/api.lookishtg.com\/360\/alicante-provincia\/mutxamel\/vistaprincipalmutxamel\/index.htm\"><span class=\"w-btn-label\">Panor\u00e0mica 360\u00ba<\/span><\/a><\/div><div class=\"w-btn-wrapper align_right\"><a class=\"w-btn us-btn-style_3 us_custom_0636a685\" href=\"https:\/\/turisme.mutxamel.org\/ca\/patrimoni\/\"><span class=\"w-btn-label\">Patrimoni<\/span><\/a><\/div><div class=\"w-btn-wrapper align_right\"><a class=\"w-btn us-btn-style_3 us_custom_0636a685\" href=\"https:\/\/turisme.mutxamel.org\/ca\/museus\/\"><span class=\"w-btn-label\">Museus<\/span><\/a><\/div><div class=\"w-btn-wrapper align_right\"><a class=\"w-btn us-btn-style_3 us_custom_0636a685\" href=\"https:\/\/turisme.mutxamel.org\/ca\/festes\/\"><span class=\"w-btn-label\">Festes<\/span><\/a><\/div><div class=\"w-btn-wrapper align_right\"><a class=\"w-btn us-btn-style_3 us_custom_0636a685\" href=\"https:\/\/turisme.mutxamel.org\/ca\/turisme-actiu\/\"><span class=\"w-btn-label\">Turisme Actiu<\/span><\/a><\/div><div class=\"w-btn-wrapper align_right\"><a class=\"w-btn us-btn-style_3 us_custom_0636a685\" href=\"https:\/\/turisme.mutxamel.org\/ca\/turisme-educatiu\/\"><span class=\"w-btn-label\">Turisme Educatiu<\/span><\/a><\/div><div class=\"w-btn-wrapper align_right\"><a class=\"w-btn us-btn-style_3 us_custom_0636a685\" href=\"https:\/\/turisme.mutxamel.org\/ca\/turisme-urba\/\"><span class=\"w-btn-label\">Turisme Urb\u00e0<\/span><\/a><\/div><div class=\"w-btn-wrapper align_right\"><a class=\"w-btn us-btn-style_3 us_custom_0636a685\" href=\"https:\/\/turisme.mutxamel.org\/ca\/turisme-gastronomic\/\"><span class=\"w-btn-label\">Turisme Gastron\u00f2mic<\/span><\/a><\/div><\/div><div class=\"w-separator size_custom\" style=\"height:150px\" id=\"ba61\"><style>@media(max-width:600px){ #ba61{height:100px!important}}<\/style><\/div><\/div><\/div><\/div><\/div><\/section><section class=\"l-section wpb_row height_small\"><div class=\"l-section-h i-cf\"><div class=\"g-cols vc_row via_grid cols_1 laptops-cols_inherit tablets-cols_inherit mobiles-cols_1 valign_top type_default stacking_default\"><div class=\"wpb_column vc_column_container\"><div class=\"vc_column-inner\"><div class=\"w-separator size_medium\"><\/div><div id=\"ultimate-heading-40069f0963bd92c0\" class=\"uvc-heading ult-adjust-bottom-margin ultimate-heading-40069f0963bd92c0 uvc-1273 \" data-hspacer=\"no_spacer\"  data-halign=\"center\" style=\"text-align:center\"><div class=\"uvc-heading-spacer no_spacer\" style=\"top\"><\/div><div class=\"uvc-main-heading ult-responsive\"  data-ultimate-target='.uvc-heading.ultimate-heading-40069f0963bd92c0 h2'  data-responsive-json-new='{\"font-size\":\"\",\"line-height\":\"\"}' ><h2 style=\"font-weight:normal;\">ELS MILLORS PLANS<\/h2><\/div><div class=\"uvc-sub-heading ult-responsive\"  data-ultimate-target='.uvc-heading.ultimate-heading-40069f0963bd92c0 .uvc-sub-heading '  data-responsive-json-new='{\"font-size\":\"\",\"line-height\":\"\"}'  style=\"font-weight:normal;\">Vine, visita Mutxamel i fes el teu dia inoblidable<\/div><\/div><div class=\"w-separator size_small with_line width_30 thick_4 style_solid color_border align_center\"><div class=\"w-separator-h\"><\/div><\/div><\/div><\/div><\/div><\/div><\/section><section class=\"l-section wpb_row height_auto\"><div class=\"l-section-h i-cf\"><div class=\"g-cols vc_row via_grid cols_1 laptops-cols_inherit tablets-cols_inherit mobiles-cols_1 valign_top type_default stacking_default\"><div class=\"wpb_column vc_column_container\"><div class=\"vc_column-inner\"><div class=\"w-grid us_carousel type_carousel layout_1434 preload_style_spinner items_3\" id=\"us_grid_3\" style=\"--items:3;--gap:0.5rem;\"><style>.layout_1434 .w-grid-item-h{}.layout_1434 .usg_post_image_1{margin-bottom:1rem!important}.layout_1434 .usg_post_title_1{font-size:1.4rem!important;font-family:var(--h1-font-family)!important;font-weight:700!important;text-transform:uppercase!important;margin-bottom:0.5rem!important}<\/style><div class=\"w-grid-list owl-carousel valign_stretch dotstyle_circle navstyle_square arrows-ver-pos_stretch arrows-hor-pos_on_sides_outside arrows-disabled_hide owl-responsive-2000 with_arrows\" style=\"--transition-duration:350ms;--arrows-size:1.5rem;--arrows-hor-offset:calc(0px + 0.5rem);--arrows-gap:10px;\">\t<article class=\"w-grid-item post-1267 page type-page status-publish has-post-thumbnail hentry clasificacion-fiestas clasificacion-portada-fiestas\" data-id=\"1267\">\r\n\t\t<div class=\"w-grid-item-h\">\r\n\t\t\t\t\t\t<div class=\"w-post-elm post_image usg_post_image_1 has_ratio\"><img loading=\"lazy\" decoding=\"async\" width=\"1024\" height=\"683\" src=\"https:\/\/turisme.mutxamel.org\/wp-content\/uploads\/2023\/11\/festes2018-9530-1024x683.jpg\" class=\"attachment-large size-large wp-post-image\" alt=\"Moros y Cristianos\" \/><div style=\"padding-bottom:66.6667%\"><\/div><\/div><p class=\"w-post-elm post_title usg_post_title_1 entry-title color_link_inherit\"><a href=\"https:\/\/turisme.mutxamel.org\/ca\/festes\/moros-i-cristians\/\">Moros i cristians<\/a><\/p>\t\t<\/div>\r\n\t\t\t<\/article>\r\n\t<article class=\"w-grid-item post-1176 page type-page status-publish has-post-thumbnail hentry clasificacion-patrimonio clasificacion-portada-patrimonio\" data-id=\"1176\">\r\n\t\t<div class=\"w-grid-item-h\">\r\n\t\t\t\t\t\t<div class=\"w-post-elm post_image usg_post_image_1 has_ratio\"><img loading=\"lazy\" decoding=\"async\" width=\"344\" height=\"500\" src=\"https:\/\/turisme.mutxamel.org\/wp-content\/uploads\/2023\/11\/Ravalet1P.jpg\" class=\"attachment-large size-large wp-post-image\" alt=\"Ravalet\" \/><div style=\"padding-bottom:66.6667%\"><\/div><\/div><p class=\"w-post-elm post_title usg_post_title_1 entry-title color_link_inherit\"><a href=\"https:\/\/turisme.mutxamel.org\/ca\/patrimoni\/ravalet\/\">Ravalet<\/a><\/p>\t\t<\/div>\r\n\t\t\t<\/article>\r\n\t<article class=\"w-grid-item post-1468 page type-page status-publish hentry clasificacion-portada-turismo-gastronomico clasificacion-turismo-gastronomico\" data-id=\"1468\">\r\n\t\t<div class=\"w-grid-item-h\">\r\n\t\t\t\t\t\t<div class=\"w-post-elm post_image usg_post_image_1 has_ratio with_placeholder\"><img loading=\"lazy\" decoding=\"async\" width=\"1024\" height=\"1024\" src=\"https:\/\/turisme.mutxamel.org\/wp-content\/uploads\/2023\/12\/marcador-de-posicion-1024x1024.jpg\" class=\"g-placeholder\" alt=\"\" \/><div style=\"padding-bottom:66.6667%\"><\/div><\/div><p class=\"w-post-elm post_title usg_post_title_1 entry-title color_link_inherit\"><a href=\"https:\/\/turisme.mutxamel.org\/ca\/turisme-gastronomic\/jornades-gastronomiques\/\">XVII Jornades Gastron\u00f2miques<\/a><\/p>\t\t<\/div>\r\n\t\t\t<\/article>\r\n\t<article class=\"w-grid-item post-1481 page type-page status-publish has-post-thumbnail hentry clasificacion-portada-turismo-activo clasificacion-turismo-activo\" data-id=\"1481\">\r\n\t\t<div class=\"w-grid-item-h\">\r\n\t\t\t\t\t\t<div class=\"w-post-elm post_image usg_post_image_1 has_ratio\"><img loading=\"lazy\" decoding=\"async\" width=\"1024\" height=\"306\" src=\"https:\/\/turisme.mutxamel.org\/wp-content\/uploads\/2023\/11\/cocons-1024x306.jpg\" class=\"attachment-large size-large wp-post-image\" alt=\"Ruta Barranc del Cocons - Minas de Ocre\" \/><div style=\"padding-bottom:66.6667%\"><\/div><\/div><p class=\"w-post-elm post_title usg_post_title_1 entry-title color_link_inherit\"><a href=\"https:\/\/turisme.mutxamel.org\/ca\/turisme-actiu\/ruta-barranc-dels-cocons-mines-de-l-ocre\/\">Ruta Barranc dels Cocons \u2013 Mines de l&#8217;Ocre<\/a><\/p>\t\t<\/div>\r\n\t\t\t<\/article>\r\n\t<article class=\"w-grid-item post-1162 page type-page status-publish has-post-thumbnail hentry clasificacion-patrimonio clasificacion-portada-patrimonio\" data-id=\"1162\">\r\n\t\t<div class=\"w-grid-item-h\">\r\n\t\t\t\t\t\t<div class=\"w-post-elm post_image usg_post_image_1 has_ratio\"><img loading=\"lazy\" decoding=\"async\" width=\"1024\" height=\"683\" src=\"https:\/\/turisme.mutxamel.org\/wp-content\/uploads\/2023\/11\/iglesia1-1024x683.jpg\" class=\"attachment-large size-large wp-post-image\" alt=\"Iglesia El Salvador\" \/><div style=\"padding-bottom:66.6667%\"><\/div><\/div><p class=\"w-post-elm post_title usg_post_title_1 entry-title color_link_inherit\"><a href=\"https:\/\/turisme.mutxamel.org\/ca\/patrimoni\/esglesia-el-salvador\/\">Esgl\u00e9sia El Salvador<\/a><\/p>\t\t<\/div>\r\n\t\t\t<\/article>\r\n\t<article class=\"w-grid-item post-1299 page type-page status-publish has-post-thumbnail hentry clasificacion-fiestas clasificacion-portada-fiestas\" data-id=\"1299\">\r\n\t\t<div class=\"w-grid-item-h\">\r\n\t\t\t\t\t\t<div class=\"w-post-elm post_image usg_post_image_1 has_ratio\"><img loading=\"lazy\" decoding=\"async\" width=\"1024\" height=\"684\" src=\"https:\/\/turisme.mutxamel.org\/wp-content\/uploads\/2023\/11\/83274901_599353250640284_6588852257268170752_o_599353243973618-1024x684.jpg\" class=\"attachment-large size-large wp-post-image\" alt=\"Cabalgata de Reyes\" \/><div style=\"padding-bottom:66.6667%\"><\/div><\/div><p class=\"w-post-elm post_title usg_post_title_1 entry-title color_link_inherit\"><a href=\"https:\/\/turisme.mutxamel.org\/ca\/festes\/cavalcada-de-reis\/\">Cavalcada de Reis<\/a><\/p>\t\t<\/div>\r\n\t\t\t<\/article>\r\n\t<article class=\"w-grid-item post-1478 page type-page status-publish has-post-thumbnail hentry clasificacion-portada-turismo-urbano clasificacion-turismo-urbano\" data-id=\"1478\">\r\n\t\t<div class=\"w-grid-item-h\">\r\n\t\t\t\t\t\t<div class=\"w-post-elm post_image usg_post_image_1 has_ratio\"><img loading=\"lazy\" decoding=\"async\" width=\"500\" height=\"333\" src=\"https:\/\/turisme.mutxamel.org\/wp-content\/uploads\/2023\/11\/placa5.jpg\" class=\"attachment-large size-large wp-post-image\" alt=\"Plaza Nova\" \/><div style=\"padding-bottom:66.6667%\"><\/div><\/div><p class=\"w-post-elm post_title usg_post_title_1 entry-title color_link_inherit\"><a href=\"https:\/\/turisme.mutxamel.org\/ca\/turisme-urba\/ruta-turistica-mutxamel-historic\/\">Ruta tur\u00edstica Mutxamel Hist\u00f2ric<\/a><\/p>\t\t<\/div>\r\n\t\t\t<\/article>\r\n<\/div><div class=\"w-grid-carousel-json hidden\" onclick='return {&quot;carousel_settings&quot;:{&quot;aria_labels&quot;:{&quot;prev&quot;:&quot;Anterior&quot;,&quot;next&quot;:&quot;Seg\\u00fcent&quot;},&quot;autoplayContinual&quot;:false,&quot;autoplayContinualCss&quot;:false,&quot;autoplayHoverPause&quot;:false,&quot;autoplayTimeout&quot;:3000,&quot;autoWidth&quot;:false,&quot;smartSpeed&quot;:350,&quot;margin&quot;:0,&quot;mouseDrag&quot;:true,&quot;rtl&quot;:false,&quot;slideBy&quot;:&quot;page&quot;,&quot;touchDrag&quot;:true,&quot;slideTransition&quot;:&quot;&quot;,&quot;responsive&quot;:{&quot;0&quot;:{&quot;autoHeight&quot;:false,&quot;autoplay&quot;:true,&quot;autoplayContinualCss&quot;:false,&quot;autoWidth&quot;:false,&quot;center&quot;:false,&quot;dots&quot;:false,&quot;items&quot;:1,&quot;loop&quot;:true,&quot;nav&quot;:false,&quot;stagePadding&quot;:0,&quot;slideBy&quot;:&quot;1&quot;,&quot;touchDrag&quot;:true,&quot;mouseDrag&quot;:true},&quot;601&quot;:{&quot;autoHeight&quot;:false,&quot;autoplay&quot;:true,&quot;autoplayContinualCss&quot;:false,&quot;autoWidth&quot;:false,&quot;center&quot;:false,&quot;dots&quot;:false,&quot;items&quot;:2,&quot;loop&quot;:true,&quot;nav&quot;:true,&quot;stagePadding&quot;:0,&quot;slideBy&quot;:&quot;1&quot;,&quot;touchDrag&quot;:true,&quot;mouseDrag&quot;:true},&quot;1025&quot;:{&quot;autoHeight&quot;:false,&quot;autoplay&quot;:true,&quot;autoplayContinualCss&quot;:false,&quot;autoWidth&quot;:false,&quot;center&quot;:false,&quot;dots&quot;:false,&quot;items&quot;:3,&quot;loop&quot;:true,&quot;nav&quot;:true,&quot;stagePadding&quot;:0,&quot;slideBy&quot;:&quot;1&quot;,&quot;touchDrag&quot;:true,&quot;mouseDrag&quot;:true},&quot;1381&quot;:{&quot;items&quot;:3,&quot;autoplay&quot;:false,&quot;autoplayContinualCss&quot;:false,&quot;center&quot;:false,&quot;dots&quot;:false,&quot;nav&quot;:true,&quot;autoHeight&quot;:false,&quot;autoWidth&quot;:false,&quot;loop&quot;:true,&quot;stagePadding&quot;:0}}}}'><\/div><\/div><div class=\"w-separator size_medium\"><\/div><\/div><\/div><\/div><\/div><\/section>\n","protected":false},"excerpt":{"rendered":"QU\u00c8 FER IniciP\u00e0gines Ruta tur\u00edstica Mutxamel Hist\u00f2ricAquesta ruta descriptiva est\u00e0 realitzada amb la finalitat de poder con\u00e9ixer part de la hist\u00f2ria i el patrimoni mutxamelero, ens \u00e9s una guia on s\u2019estudia en profunditat cada recurs hist\u00f2ric, est\u00e0 dissenyada perqu\u00e8 el professor\/a puga transmetre als\/les alumnes\/as aquells recursos que podem trobar durant el transcurs de l\u2019antiga...","protected":false},"author":1,"featured_media":0,"parent":0,"menu_order":63,"comment_status":"closed","ping_status":"closed","template":"","meta":{"footnotes":""},"clasificacion":[],"class_list":["post-1108","page","type-page","status-publish","hentry"],"yoast_head":"<!-- This site is optimized with the Yoast SEO plugin v27.4 - https:\/\/yoast.com\/product\/yoast-seo-wordpress\/ -->\n<title>Inici - Turismo Mutxamel<\/title>\n<meta name=\"robots\" content=\"index, follow, max-snippet:-1, max-image-preview:large, max-video-preview:-1\" \/>\n<link rel=\"canonical\" href=\"https:\/\/turisme.mutxamel.org\/ca\/\" \/>\n<meta property=\"og:locale\" content=\"ca_ES\" \/>\n<meta property=\"og:type\" content=\"article\" \/>\n<meta property=\"og:title\" content=\"Inici - Turismo Mutxamel\" \/>\n<meta property=\"og:url\" content=\"https:\/\/turisme.mutxamel.org\/ca\/\" \/>\n<meta property=\"og:site_name\" content=\"Turismo Mutxamel\" \/>\n<meta property=\"article:publisher\" content=\"https:\/\/www.facebook.com\/mutxamelturismo\" \/>\n<meta property=\"article:modified_time\" content=\"2026-04-14T11:36:16+00:00\" \/>\n<meta name=\"twitter:card\" content=\"summary_large_image\" \/>\n<meta name=\"twitter:label1\" content=\"Temps estimat de lectura\" \/>\n\t<meta name=\"twitter:data1\" content=\"3 minuts\" \/>\n<script type=\"application\/ld+json\" class=\"yoast-schema-graph\">{\"@context\":\"https:\\\/\\\/schema.org\",\"@graph\":[{\"@type\":\"WebPage\",\"@id\":\"https:\\\/\\\/turisme.mutxamel.org\\\/ca\\\/\",\"url\":\"https:\\\/\\\/turisme.mutxamel.org\\\/ca\\\/\",\"name\":\"Inici - Turismo Mutxamel\",\"isPartOf\":{\"@id\":\"https:\\\/\\\/turisme.mutxamel.org\\\/ca\\\/#website\"},\"datePublished\":\"2023-11-08T09:53:44+00:00\",\"dateModified\":\"2026-04-14T11:36:16+00:00\",\"breadcrumb\":{\"@id\":\"https:\\\/\\\/turisme.mutxamel.org\\\/ca\\\/#breadcrumb\"},\"inLanguage\":\"ca\",\"potentialAction\":[{\"@type\":\"ReadAction\",\"target\":[\"https:\\\/\\\/turisme.mutxamel.org\\\/ca\\\/\"]}]},{\"@type\":\"BreadcrumbList\",\"@id\":\"https:\\\/\\\/turisme.mutxamel.org\\\/ca\\\/#breadcrumb\",\"itemListElement\":[{\"@type\":\"ListItem\",\"position\":1,\"name\":\"Portada\",\"item\":\"https:\\\/\\\/turisme.mutxamel.org\\\/ca\\\/inicio\\\/\"},{\"@type\":\"ListItem\",\"position\":2,\"name\":\"Inici\"}]},{\"@type\":\"WebSite\",\"@id\":\"https:\\\/\\\/turisme.mutxamel.org\\\/ca\\\/#website\",\"url\":\"https:\\\/\\\/turisme.mutxamel.org\\\/ca\\\/\",\"name\":\"Turismo Mutxamel\",\"description\":\"\",\"publisher\":{\"@id\":\"https:\\\/\\\/turisme.mutxamel.org\\\/ca\\\/#organization\"},\"potentialAction\":[{\"@type\":\"SearchAction\",\"target\":{\"@type\":\"EntryPoint\",\"urlTemplate\":\"https:\\\/\\\/turisme.mutxamel.org\\\/ca\\\/?s={search_term_string}\"},\"query-input\":{\"@type\":\"PropertyValueSpecification\",\"valueRequired\":true,\"valueName\":\"search_term_string\"}}],\"inLanguage\":\"ca\"},{\"@type\":\"Organization\",\"@id\":\"https:\\\/\\\/turisme.mutxamel.org\\\/ca\\\/#organization\",\"name\":\"Turismo Mutxamel\",\"url\":\"https:\\\/\\\/turisme.mutxamel.org\\\/ca\\\/\",\"logo\":{\"@type\":\"ImageObject\",\"inLanguage\":\"ca\",\"@id\":\"https:\\\/\\\/turisme.mutxamel.org\\\/ca\\\/#\\\/schema\\\/logo\\\/image\\\/\",\"url\":\"https:\\\/\\\/turisme.mutxamel.org\\\/wp-content\\\/uploads\\\/2024\\\/01\\\/logo-turismo-mutxamel.jpg\",\"contentUrl\":\"https:\\\/\\\/turisme.mutxamel.org\\\/wp-content\\\/uploads\\\/2024\\\/01\\\/logo-turismo-mutxamel.jpg\",\"width\":195,\"height\":81,\"caption\":\"Turismo Mutxamel\"},\"image\":{\"@id\":\"https:\\\/\\\/turisme.mutxamel.org\\\/ca\\\/#\\\/schema\\\/logo\\\/image\\\/\"},\"sameAs\":[\"https:\\\/\\\/www.facebook.com\\\/mutxamelturismo\",\"https:\\\/\\\/www.instagram.com\\\/mutxamelturismo\\\/\",\"https:\\\/\\\/www.youtube.com\\\/aytomutxamel\"]}]}<\/script>\n<!-- \/ Yoast SEO plugin. -->","yoast_head_json":{"title":"Inici - Turismo Mutxamel","robots":{"index":"index","follow":"follow","max-snippet":"max-snippet:-1","max-image-preview":"max-image-preview:large","max-video-preview":"max-video-preview:-1"},"canonical":"https:\/\/turisme.mutxamel.org\/ca\/","og_locale":"ca_ES","og_type":"article","og_title":"Inici - Turismo Mutxamel","og_url":"https:\/\/turisme.mutxamel.org\/ca\/","og_site_name":"Turismo Mutxamel","article_publisher":"https:\/\/www.facebook.com\/mutxamelturismo","article_modified_time":"2026-04-14T11:36:16+00:00","twitter_card":"summary_large_image","twitter_misc":{"Temps estimat de lectura":"3 minuts"},"schema":{"@context":"https:\/\/schema.org","@graph":[{"@type":"WebPage","@id":"https:\/\/turisme.mutxamel.org\/ca\/","url":"https:\/\/turisme.mutxamel.org\/ca\/","name":"Inici - Turismo Mutxamel","isPartOf":{"@id":"https:\/\/turisme.mutxamel.org\/ca\/#website"},"datePublished":"2023-11-08T09:53:44+00:00","dateModified":"2026-04-14T11:36:16+00:00","breadcrumb":{"@id":"https:\/\/turisme.mutxamel.org\/ca\/#breadcrumb"},"inLanguage":"ca","potentialAction":[{"@type":"ReadAction","target":["https:\/\/turisme.mutxamel.org\/ca\/"]}]},{"@type":"BreadcrumbList","@id":"https:\/\/turisme.mutxamel.org\/ca\/#breadcrumb","itemListElement":[{"@type":"ListItem","position":1,"name":"Portada","item":"https:\/\/turisme.mutxamel.org\/ca\/inicio\/"},{"@type":"ListItem","position":2,"name":"Inici"}]},{"@type":"WebSite","@id":"https:\/\/turisme.mutxamel.org\/ca\/#website","url":"https:\/\/turisme.mutxamel.org\/ca\/","name":"Turismo Mutxamel","description":"","publisher":{"@id":"https:\/\/turisme.mutxamel.org\/ca\/#organization"},"potentialAction":[{"@type":"SearchAction","target":{"@type":"EntryPoint","urlTemplate":"https:\/\/turisme.mutxamel.org\/ca\/?s={search_term_string}"},"query-input":{"@type":"PropertyValueSpecification","valueRequired":true,"valueName":"search_term_string"}}],"inLanguage":"ca"},{"@type":"Organization","@id":"https:\/\/turisme.mutxamel.org\/ca\/#organization","name":"Turismo Mutxamel","url":"https:\/\/turisme.mutxamel.org\/ca\/","logo":{"@type":"ImageObject","inLanguage":"ca","@id":"https:\/\/turisme.mutxamel.org\/ca\/#\/schema\/logo\/image\/","url":"https:\/\/turisme.mutxamel.org\/wp-content\/uploads\/2024\/01\/logo-turismo-mutxamel.jpg","contentUrl":"https:\/\/turisme.mutxamel.org\/wp-content\/uploads\/2024\/01\/logo-turismo-mutxamel.jpg","width":195,"height":81,"caption":"Turismo Mutxamel"},"image":{"@id":"https:\/\/turisme.mutxamel.org\/ca\/#\/schema\/logo\/image\/"},"sameAs":["https:\/\/www.facebook.com\/mutxamelturismo","https:\/\/www.instagram.com\/mutxamelturismo\/","https:\/\/www.youtube.com\/aytomutxamel"]}]}},"_links":{"self":[{"href":"https:\/\/turisme.mutxamel.org\/ca\/wp-json\/wp\/v2\/pages\/1108","targetHints":{"allow":["GET"]}}],"collection":[{"href":"https:\/\/turisme.mutxamel.org\/ca\/wp-json\/wp\/v2\/pages"}],"about":[{"href":"https:\/\/turisme.mutxamel.org\/ca\/wp-json\/wp\/v2\/types\/page"}],"author":[{"embeddable":true,"href":"https:\/\/turisme.mutxamel.org\/ca\/wp-json\/wp\/v2\/users\/1"}],"replies":[{"embeddable":true,"href":"https:\/\/turisme.mutxamel.org\/ca\/wp-json\/wp\/v2\/comments?post=1108"}],"version-history":[{"count":54,"href":"https:\/\/turisme.mutxamel.org\/ca\/wp-json\/wp\/v2\/pages\/1108\/revisions"}],"predecessor-version":[{"id":17244,"href":"https:\/\/turisme.mutxamel.org\/ca\/wp-json\/wp\/v2\/pages\/1108\/revisions\/17244"}],"wp:attachment":[{"href":"https:\/\/turisme.mutxamel.org\/ca\/wp-json\/wp\/v2\/media?parent=1108"}],"wp:term":[{"taxonomy":"clasificacion","embeddable":true,"href":"https:\/\/turisme.mutxamel.org\/ca\/wp-json\/wp\/v2\/clasificacion?post=1108"}],"curies":[{"name":"wp","href":"https:\/\/api.w.org\/{rel}","templated":true}]}}