{"id":1157,"date":"2023-11-10T10:22:27","date_gmt":"2023-11-10T09:22:27","guid":{"rendered":"https:\/\/turisme.mutxamel.org\/patrimoni\/ermita-de-sant-antoni\/"},"modified":"2026-03-25T16:14:24","modified_gmt":"2026-03-25T15:14:24","slug":"ermita-de-sant-antoni","status":"publish","type":"page","link":"https:\/\/turisme.mutxamel.org\/ca\/patrimoni\/ermita-de-sant-antoni\/","title":{"rendered":"ERMITA I JARD\u00cd DE SANT ANTONI ABAT"},"content":{"rendered":"<section class=\"l-section wpb_row height_auto width_full\"><div class=\"l-section-h i-cf\"><div class=\"g-cols vc_row via_grid cols_1 laptops-cols_inherit tablets-cols_inherit mobiles-cols_1 valign_top type_default stacking_default\"><div class=\"wpb_column vc_column_container\"><div class=\"vc_column-inner\"><section class=\"l-section wpb_row us_custom_d4a759fd height_auto width_full with_slider\"><div class=\"l-section-slider\"><div class=\"w-slider style_none fit_cover nav_none count_6\"><div class=\"w-slider-h\" aria-hidden=\"true\"><div class=\"royalSlider\"><div class=\"rsContent\"><a class=\"rsImg\" data-rsw=\"960\" data-rsh=\"640\" href=\"https:\/\/turisme.mutxamel.org\/wp-content\/uploads\/2023\/11\/ravalet_acastillo_2.jpg\"><span data-alt=\"Fiestas Ravalet\"><\/span><\/a><\/div><div class=\"rsContent\"><a class=\"rsImg\" data-rsw=\"1200\" data-rsh=\"800\" href=\"https:\/\/turisme.mutxamel.org\/wp-content\/uploads\/2023\/11\/encuentro-viernes-5.jpg\"><span data-alt=\"Semana Santa\"><\/span><\/a><\/div><div class=\"rsContent\"><a class=\"rsImg\" data-rsw=\"500\" data-rsh=\"333\" href=\"https:\/\/turisme.mutxamel.org\/wp-content\/uploads\/2023\/11\/JardinesP1.jpg\"><span data-alt=\"Jardines de Penacerrada\"><\/span><\/a><\/div><div class=\"rsContent\"><a class=\"rsImg\" data-rsw=\"1200\" data-rsh=\"800\" href=\"https:\/\/turisme.mutxamel.org\/wp-content\/uploads\/2023\/11\/festes2018-9530.jpg\"><span data-alt=\"Moros y Cristianos\"><\/span><\/a><\/div><div class=\"rsContent\"><a class=\"rsImg\" data-rsw=\"500\" data-rsh=\"333\" href=\"https:\/\/turisme.mutxamel.org\/wp-content\/uploads\/2023\/11\/placa1.jpg\"><span data-alt=\"Plaza Nova\"><\/span><\/a><\/div><div class=\"rsContent\"><a class=\"rsImg\" data-rsw=\"2048\" data-rsh=\"1367\" href=\"https:\/\/turisme.mutxamel.org\/wp-content\/uploads\/2023\/11\/83274901_599353250640284_6588852257268170752_o_599353243973618.jpg\"><span data-alt=\"Cabalgata de Reyes\"><\/span><\/a><\/div><\/div><img decoding=\"async\" src=\"https:\/\/turisme.mutxamel.org\/wp-content\/uploads\/2023\/11\/ravalet_acastillo_2.jpg\" width=\"960\" height=\"640\" alt=\"Fiestas Ravalet\" loading=\"lazy\"><\/div><div class=\"w-slider-json\" onclick='return {&quot;autoScaleSlider&quot;:true,&quot;addActiveClass&quot;:true,&quot;loop&quot;:true,&quot;fadeInLoadedSlide&quot;:false,&quot;slidesSpacing&quot;:0,&quot;imageScalePadding&quot;:0,&quot;numImagesToPreload&quot;:2,&quot;arrowsNav&quot;:false,&quot;arrowsNavAutoHide&quot;:false,&quot;transitionType&quot;:&quot;fade&quot;,&quot;transitionSpeed&quot;:1000,&quot;block&quot;:{&quot;moveEffect&quot;:&quot;none&quot;,&quot;speed&quot;:300},&quot;thumbs&quot;:{&quot;fitInViewport&quot;:false,&quot;firstMargin&quot;:false,&quot;spacing&quot;:4},&quot;controlNavigation&quot;:&quot;none&quot;,&quot;autoplay&quot;:{&quot;enabled&quot;:true,&quot;pauseOnHover&quot;:false,&quot;delay&quot;:3000},&quot;autoScaleSliderWidth&quot;:960,&quot;autoScaleSliderHeight&quot;:640}'><\/div><\/div><\/div><div class=\"l-section-overlay\" style=\"background:rgba(13,131,62,0.80)\"><\/div><div class=\"l-section-h i-cf\"><div class=\"g-cols vc_row via_grid cols_1 laptops-cols_inherit tablets-cols_inherit mobiles-cols_1 valign_top type_default stacking_default\"><div class=\"wpb_column vc_column_container us_custom_eb849559\"><div class=\"vc_column-inner\"><div class=\"wpb_text_column us_custom_3e734877 has_text_color\"><div class=\"wpb_wrapper\"><p>QU\u00c8 VEURE<\/p>\n<\/div><\/div><\/div><\/div><\/div><\/div><\/section><section class=\"l-section wpb_row height_auto width_full color_primary\"><div class=\"l-section-overlay\" style=\"background:#000000\"><\/div><div class=\"l-section-h i-cf\"><div class=\"g-cols vc_row via_grid cols_1 laptops-cols_inherit tablets-cols_inherit mobiles-cols_1 valign_top type_default stacking_default\"><div class=\"wpb_column vc_column_container\"><div class=\"vc_column-inner\"><section class=\"l-section wpb_row height_auto\"><div class=\"l-section-overlay\" style=\"background:#000000\"><\/div><div class=\"l-section-h i-cf\"><div class=\"g-cols vc_row via_grid cols_1 laptops-cols_inherit tablets-cols_inherit mobiles-cols_1 valign_top type_default stacking_default\"><div class=\"wpb_column vc_column_container\"><div class=\"vc_column-inner\"><div class=\"w-separator size_small\"><\/div><div class=\"w-separator size_small\"><\/div><\/div><\/div><\/div><\/div><\/section>\n<\/div><\/div><\/div><\/div><\/section><section class=\"l-section wpb_row height_auto width_full\"><div class=\"l-section-h i-cf\"><div class=\"g-cols vc_row via_grid cols_1 laptops-cols_inherit tablets-cols_inherit mobiles-cols_1 valign_top type_default stacking_default\"><div class=\"wpb_column vc_column_container\"><div class=\"vc_column-inner\"><section class=\"l-section wpb_row us_custom_e4988f48 has_text_color height_auto\"><div class=\"l-section-overlay\" style=\"background:#E3E4E4\"><\/div><div class=\"l-section-h i-cf\"><div class=\"g-cols vc_row via_grid cols_1 laptops-cols_inherit tablets-cols_inherit mobiles-cols_1 valign_top type_default stacking_default\"><div class=\"wpb_column vc_column_container\"><div class=\"vc_column-inner\"><nav class=\"g-breadcrumbs us_custom_492179a4 separator_icon align_left\" itemscope itemtype=\"http:\/\/schema.org\/BreadcrumbList\"><div class=\"g-breadcrumbs-item\" itemscope itemprop=\"itemListElement\" itemtype=\"http:\/\/schema.org\/ListItem\"><a itemprop=\"item\" href=\"https:\/\/turisme.mutxamel.org\/ca\/\"><span itemprop=\"name\">Inici<\/span><\/a><meta itemprop=\"position\" content=\"1\"\/><\/div><div class=\"g-breadcrumbs-separator\"><i class=\"far fa-angle-right\"><\/i><\/div><div class=\"g-breadcrumbs-item\">P\u00e0gines<\/div><\/nav><\/div><\/div><\/div><\/div><\/section><section class=\"l-section wpb_row height_auto\"><div class=\"l-section-h i-cf\"><div class=\"g-cols vc_row via_grid cols_1 laptops-cols_inherit tablets-cols_inherit mobiles-cols_1 valign_top type_default stacking_default\"><div class=\"wpb_column vc_column_container\"><div class=\"vc_column-inner\"><div class=\"w-separator size_small\"><\/div><\/div><\/div><\/div><\/div><\/section>\n<\/div><\/div><\/div><\/div><\/section>\n<\/div><\/div><\/div><\/div><\/section><section class=\"l-section wpb_row height_small\"><div class=\"l-section-h i-cf\"><div class=\"g-cols vc_row via_grid cols_1 laptops-cols_inherit tablets-cols_inherit mobiles-cols_1 valign_top type_default stacking_default\"><div class=\"wpb_column vc_column_container\"><div class=\"vc_column-inner\"><div id=\"ultimate-heading-410069f0be0d0c12b\" class=\"uvc-heading ult-adjust-bottom-margin ultimate-heading-410069f0be0d0c12b uvc-8544 \" data-hspacer=\"no_spacer\"  data-halign=\"left\" style=\"text-align:left\"><div class=\"uvc-heading-spacer no_spacer\" style=\"top\"><\/div><div class=\"uvc-main-heading ult-responsive\"  data-ultimate-target='.uvc-heading.ultimate-heading-410069f0be0d0c12b h1'  data-responsive-json-new='{\"font-size\":\"\",\"line-height\":\"\"}' ><h1 style=\"font-weight:normal;\">ERMITA I JARD\u00cd DE SANT ANTONI ABAT<\/h1><\/div><\/div><div class=\"w-separator size_small\"><\/div><\/div><\/div><\/div><\/div><\/section><section class=\"l-section wpb_row height_auto\"><div class=\"l-section-h i-cf\"><div class=\"g-cols vc_row via_grid cols_1 laptops-cols_inherit tablets-cols_inherit mobiles-cols_1 valign_top type_default stacking_default\"><div class=\"wpb_column vc_column_container\"><div class=\"vc_column-inner\"><div class=\"wpb_text_column\"><div class=\"wpb_wrapper\"><p style=\"font-weight: 400;\">ERMITA I JARD\u00cd DE SANT ANTONI ABAT<\/p>\n<p style=\"font-weight: 400;\">En el cor de Mutxamel, l&#8217;Ermita de sant Antoni Abat i els seus jardins s&#8217;erigixen com un lloc ple d&#8217;hist\u00f2ria, tradici\u00f3 i vida.<\/p>\n<p style=\"font-weight: 400;\">L&#8217;ermita de Sant Antoni va ser constru\u00efda aproximadament en 1722 i reconstru\u00efda en 1956. Consta de planta quadrada amb un gran arc de mig punt que dona acc\u00e9s a l&#8217;interior. Va ser l&#8217;antic cementeri municipal.<\/p>\n<p style=\"font-weight: 400;\">Este rac\u00f3 amb encant no sols convida al passeig i a la calma, sin\u00f3 que tamb\u00e9 cust\u00f2dia una de les celebracions m\u00e9s estimades del municipi: les festes en honor a sant Antoni Abat que se celebren el d\u00e8sset de gener.<\/p>\n<p style=\"font-weight: 400;\">Celebrades al carrer El Salvador i documentades des del segle XVIII, estes festes han sabut conservar, generaci\u00f3 rere generaci\u00f3, la seua ess\u00e8ncia m\u00e9s aut\u00e8ntica. Les fogueres il\u00b7luminen la nit, els cavalls recorren els carrers amb empenta, l&#8217;ermita acull l&#8217;emotiva missa de campanya i la process\u00f3, mentres que la benedicci\u00f3 del tradicional *bollito, la rifa del porc i del corder, la m\u00fasica i el ball omplin l&#8217;ambient d&#8217;alegria i conviv\u00e8ncia.<\/p>\n<p style=\"font-weight: 400;\">Al llarg del temps, esta tradici\u00f3 ha demostrat una admirable capacitat de ren\u00e0ixer. Despr\u00e9s d&#8217;un per\u00edode d&#8217;abs\u00e8ncia, van ser els propis ve\u00efns del carrer El Salvador, juntament amb la parr\u00f2quia, els qui en la d\u00e8cada de 1950 van retornar la vida a estes festes amb esfor\u00e7 i il\u00b7lusi\u00f3, mantenint viu un llegat que hui continua emocionant.<\/p>\n<p style=\"font-weight: 400;\">L&#8217;ermita, envoltada d&#8217;un acollidor jard\u00ed, \u00e9s molt m\u00e9s que un espai de trobada: \u00e9s un lloc de mem\u00f2ria i respecte cap a les generacions de *mutxameleros i *mutxameleras que ens van precedir. Hui, este enclavament convida a ve\u00efns i visitants a visitar-lo.<\/p>\n<p style=\"font-weight: 400;\">Visitar l&#8217;Ermita i els jardins de sant Antoni Abat \u00e9s endinsar-se en l&#8217;\u00e0nima de Mutxamel, on hist\u00f2ria, cultura i comunitat es troben per a oferir una experi\u00e8ncia aut\u00e8ntica i inoblidable.<\/p>\n<p style=\"font-weight: 400;\">VISITA JARD\u00cd DE SANT ANTONI ABAT- Recurs Tur\u00edstic Visitable<\/p>\n<p style=\"font-weight: 400;\">HORARI OBERTURA JARD\u00cd<\/p>\n<p style=\"font-weight: 400;\">D&#8217;OCTUBRE A MAIG<\/p>\n<p style=\"font-weight: 400;\">De dimecres a diumenge de 9.00 a 14.00<\/p>\n<p style=\"font-weight: 400;\">DE JUNY A SETEMBRE<\/p>\n<p style=\"font-weight: 400;\">De dimarts a dissabte de 8.00 a 13.00<\/p>\n<p style=\"font-weight: 400;\">Festius locals i nacionals TANCAT<\/p>\n<\/div><\/div><div class=\"w-separator size_medium\"><\/div><div class=\"w-gallery fit_cover type_mosaic_hor action_popup_image ratio_1x1 count_3\" style=\"--columns:4;--items-gap:10px;--items-height:30cqw;\"><div class=\"w-gallery-list\"><div class=\"w-gallery-item\"><div class=\"w-gallery-item-img\"><img loading=\"lazy\" decoding=\"async\" width=\"1024\" height=\"768\" src=\"https:\/\/turisme.mutxamel.org\/wp-content\/uploads\/2026\/03\/ermita3-1024x768.jpeg\" class=\"attachment-large size-large\" alt=\"\" srcset=\"https:\/\/turisme.mutxamel.org\/wp-content\/uploads\/2026\/03\/ermita3-1024x768.jpeg 1024w, https:\/\/turisme.mutxamel.org\/wp-content\/uploads\/2026\/03\/ermita3-300x225.jpeg 300w, https:\/\/turisme.mutxamel.org\/wp-content\/uploads\/2026\/03\/ermita3.jpeg 1600w\" sizes=\"auto, (max-width: 1024px) 100vw, 1024px\" \/><\/div><a class=\"w-gallery-item-link\" aria-label=\"ermita3\" href=\"https:\/\/turisme.mutxamel.org\/wp-content\/uploads\/2026\/03\/ermita3.jpeg\"><\/a><\/div><div class=\"w-gallery-item\"><div class=\"w-gallery-item-img\"><img loading=\"lazy\" decoding=\"async\" width=\"1024\" height=\"768\" src=\"https:\/\/turisme.mutxamel.org\/wp-content\/uploads\/2026\/03\/ermita1-1024x768.jpeg\" class=\"attachment-large size-large\" alt=\"\" srcset=\"https:\/\/turisme.mutxamel.org\/wp-content\/uploads\/2026\/03\/ermita1-1024x768.jpeg 1024w, https:\/\/turisme.mutxamel.org\/wp-content\/uploads\/2026\/03\/ermita1-300x225.jpeg 300w, https:\/\/turisme.mutxamel.org\/wp-content\/uploads\/2026\/03\/ermita1.jpeg 1600w\" sizes=\"auto, (max-width: 1024px) 100vw, 1024px\" \/><\/div><a class=\"w-gallery-item-link\" aria-label=\"ermita1\" href=\"https:\/\/turisme.mutxamel.org\/wp-content\/uploads\/2026\/03\/ermita1.jpeg\"><\/a><\/div><div class=\"w-gallery-item\"><div class=\"w-gallery-item-img\"><img loading=\"lazy\" decoding=\"async\" width=\"1024\" height=\"768\" src=\"https:\/\/turisme.mutxamel.org\/wp-content\/uploads\/2026\/03\/ermita2-1024x768.jpeg\" class=\"attachment-large size-large\" alt=\"\" srcset=\"https:\/\/turisme.mutxamel.org\/wp-content\/uploads\/2026\/03\/ermita2-1024x768.jpeg 1024w, https:\/\/turisme.mutxamel.org\/wp-content\/uploads\/2026\/03\/ermita2-300x225.jpeg 300w, https:\/\/turisme.mutxamel.org\/wp-content\/uploads\/2026\/03\/ermita2.jpeg 1600w\" sizes=\"auto, (max-width: 1024px) 100vw, 1024px\" \/><\/div><a class=\"w-gallery-item-link\" aria-label=\"ermita2\" href=\"https:\/\/turisme.mutxamel.org\/wp-content\/uploads\/2026\/03\/ermita2.jpeg\"><\/a><\/div><\/div><\/div><\/div><\/div><\/div><\/div><\/section><section class=\"l-section wpb_row height_auto\"><div class=\"l-section-h i-cf\"><div class=\"g-cols vc_row via_grid cols_1 laptops-cols_inherit tablets-cols_inherit mobiles-cols_1 valign_top type_default stacking_default\"><div class=\"wpb_column vc_column_container\"><div class=\"vc_column-inner\"><div class=\"w-separator size_large\"><\/div><\/div><\/div><\/div><\/div><\/section><section class=\"l-section wpb_row height_medium\"><div class=\"l-section-overlay\" style=\"background:#E3E4E4\"><\/div><div class=\"l-section-h i-cf\"><div class=\"g-cols vc_row via_grid cols_1 laptops-cols_inherit tablets-cols_inherit mobiles-cols_1 valign_top type_default stacking_default\"><div class=\"wpb_column vc_column_container\"><div class=\"vc_column-inner\"><div class=\"w-iconbox iconpos_left style_default color_custom align_left no_title\"><div class=\"w-iconbox-icon\" style=\"font-size:1.5rem;--icon-color:#0D803E;\"><i class=\"fas fa-map-marker-alt\"><\/i><\/div><div class=\"w-iconbox-meta\"><div class=\"w-iconbox-text\"><p><a href=\"https:\/\/maps.app.goo.gl\/2fR7vTynDgtN885z6\">C\/ El Salvador, 03110 Mutxamel, Alicante<\/a><\/p>\n<\/div><\/div><\/div><\/div><\/div><\/div><\/div><\/section><section class=\"l-section wpb_row height_large\"><div class=\"l-section-h i-cf\"><div class=\"g-cols vc_row via_grid cols_1 laptops-cols_inherit tablets-cols_inherit mobiles-cols_1 valign_top type_default stacking_default\"><div class=\"wpb_column vc_column_container\"><div class=\"vc_column-inner\"><div class=\"w-actionbox us_custom_74a0e6c7 color_secondary controls_right\"><div class=\"w-actionbox-text\"><p class=\"w-actionbox-title\">Realitzar el Tour Virtual 360\u00ba<\/p><\/div><div class=\"w-actionbox-controls\"><a class=\"w-btn us-btn-style_5 icon_atleft\" style=\"font-size:1.1rem\" target=\"_blank\" href=\"https:\/\/api.lookishtg.com\/360\/alicante-provincia\/mutxamel\/ermitasanantoni\/index.htm\"><i class=\"fas fa-vr-cardboard\"><\/i><span class=\"w-btn-label\">Clic ac\u00ed<\/span><\/a><\/div><\/div><div class=\"w-separator size_medium\"><\/div><div class=\"w-gallery fit_cover type_grid action_popup_image ratio_1x1 count_2\" style=\"--columns:2;--items-gap:10px;\"><div class=\"w-gallery-list\"><div class=\"w-gallery-item\"><div class=\"w-gallery-item-img\"><img loading=\"lazy\" decoding=\"async\" width=\"375\" height=\"500\" src=\"https:\/\/turisme.mutxamel.org\/wp-content\/uploads\/2023\/11\/sant_antoni1.jpg\" class=\"attachment-full size-full\" alt=\"Ermita de San Antonio\" srcset=\"https:\/\/turisme.mutxamel.org\/wp-content\/uploads\/2023\/11\/sant_antoni1.jpg 375w, https:\/\/turisme.mutxamel.org\/wp-content\/uploads\/2023\/11\/sant_antoni1-225x300.jpg 225w\" sizes=\"auto, (max-width: 375px) 100vw, 375px\" \/><\/div><a class=\"w-gallery-item-link\" aria-label=\"Ermita de San Antonio\" href=\"https:\/\/turisme.mutxamel.org\/wp-content\/uploads\/2023\/11\/sant_antoni1.jpg\"><\/a><\/div><div class=\"w-gallery-item\"><div class=\"w-gallery-item-img\"><img loading=\"lazy\" decoding=\"async\" width=\"500\" height=\"375\" src=\"https:\/\/turisme.mutxamel.org\/wp-content\/uploads\/2023\/11\/sant_antoni2.jpg\" class=\"attachment-full size-full\" alt=\"Ermita de San Antonio\" srcset=\"https:\/\/turisme.mutxamel.org\/wp-content\/uploads\/2023\/11\/sant_antoni2.jpg 500w, https:\/\/turisme.mutxamel.org\/wp-content\/uploads\/2023\/11\/sant_antoni2-300x225.jpg 300w\" sizes=\"auto, (max-width: 500px) 100vw, 500px\" \/><\/div><a class=\"w-gallery-item-link\" aria-label=\"OLYMPUS DIGITAL CAMERA\" href=\"https:\/\/turisme.mutxamel.org\/wp-content\/uploads\/2023\/11\/sant_antoni2.jpg\"><\/a><\/div><\/div><\/div><\/div><\/div><\/div><\/div><\/section><section class=\"l-section wpb_row height_auto\"><div class=\"l-section-overlay\" style=\"background:#E3E4E4\"><\/div><div class=\"l-section-h i-cf\"><div class=\"g-cols vc_row via_grid cols_1 laptops-cols_inherit tablets-cols_inherit mobiles-cols_1 valign_top type_default stacking_default\" style=\"--columns-gap:0rem;\"><div class=\"wpb_column vc_column_container\"><div class=\"vc_column-inner\"><section class=\"l-section wpb_row us_custom_8591a7b2 height_medium\" id=\"fila-otros-elementos\"><div class=\"l-section-overlay\" style=\"background:#E3E4E4\"><\/div><div class=\"l-section-h i-cf\"><div class=\"g-cols vc_row via_grid cols_1 laptops-cols_inherit tablets-cols_inherit mobiles-cols_1 valign_top type_default stacking_default\" style=\"--columns-gap:0rem;\"><div class=\"wpb_column vc_column_container us_custom_8591a7b2\"><div class=\"vc_column-inner\"><\/div><\/div><\/div><\/div><\/section>\n<\/div><\/div><\/div><\/div><\/section>\n","protected":false},"excerpt":{"rendered":"QU\u00c8 VEURE IniciP\u00e0gines ERMITA I JARD\u00cd DE SANT ANTONI ABATERMITA I JARD\u00cd DE SANT ANTONI ABAT En el cor de Mutxamel, l&#8217;Ermita de sant Antoni Abat i els seus jardins s&#8217;erigixen com un lloc ple d&#8217;hist\u00f2ria, tradici\u00f3 i vida. L&#8217;ermita de Sant Antoni va ser constru\u00efda aproximadament en 1722 i reconstru\u00efda en 1956. Consta de...","protected":false},"author":1,"featured_media":315,"parent":1132,"menu_order":91,"comment_status":"closed","ping_status":"closed","template":"","meta":{"footnotes":""},"clasificacion":[14],"class_list":["post-1157","page","type-page","status-publish","has-post-thumbnail","hentry","clasificacion-patrimonio"],"yoast_head":"<!-- This site is optimized with the Yoast SEO plugin v27.4 - https:\/\/yoast.com\/product\/yoast-seo-wordpress\/ -->\n<title>ERMITA I JARD\u00cd DE SANT ANTONI ABAT - Turismo Mutxamel<\/title>\n<meta name=\"robots\" content=\"index, follow, max-snippet:-1, max-image-preview:large, max-video-preview:-1\" \/>\n<link rel=\"canonical\" href=\"https:\/\/turisme.mutxamel.org\/ca\/patrimoni\/ermita-de-sant-antoni\/\" \/>\n<meta property=\"og:locale\" content=\"ca_ES\" \/>\n<meta property=\"og:type\" content=\"article\" \/>\n<meta property=\"og:title\" content=\"ERMITA I JARD\u00cd DE SANT ANTONI ABAT - Turismo Mutxamel\" \/>\n<meta property=\"og:url\" content=\"https:\/\/turisme.mutxamel.org\/ca\/patrimoni\/ermita-de-sant-antoni\/\" \/>\n<meta property=\"og:site_name\" content=\"Turismo Mutxamel\" \/>\n<meta property=\"article:publisher\" content=\"https:\/\/www.facebook.com\/mutxamelturismo\" \/>\n<meta property=\"article:modified_time\" content=\"2026-03-25T15:14:24+00:00\" \/>\n<meta property=\"og:image\" content=\"https:\/\/turisme.mutxamel.org\/wp-content\/uploads\/2023\/11\/sant_antoni1.jpg\" \/>\n\t<meta property=\"og:image:width\" content=\"375\" \/>\n\t<meta property=\"og:image:height\" content=\"500\" \/>\n\t<meta property=\"og:image:type\" content=\"image\/jpeg\" \/>\n<meta name=\"twitter:card\" content=\"summary_large_image\" \/>\n<meta name=\"twitter:label1\" content=\"Temps estimat de lectura\" \/>\n\t<meta name=\"twitter:data1\" content=\"3 minuts\" \/>\n<script type=\"application\/ld+json\" class=\"yoast-schema-graph\">{\"@context\":\"https:\\\/\\\/schema.org\",\"@graph\":[{\"@type\":\"WebPage\",\"@id\":\"https:\\\/\\\/turisme.mutxamel.org\\\/ca\\\/patrimoni\\\/ermita-de-sant-antoni\\\/\",\"url\":\"https:\\\/\\\/turisme.mutxamel.org\\\/ca\\\/patrimoni\\\/ermita-de-sant-antoni\\\/\",\"name\":\"ERMITA I JARD\u00cd DE SANT ANTONI ABAT - Turismo Mutxamel\",\"isPartOf\":{\"@id\":\"https:\\\/\\\/turisme.mutxamel.org\\\/ca\\\/#website\"},\"primaryImageOfPage\":{\"@id\":\"https:\\\/\\\/turisme.mutxamel.org\\\/ca\\\/patrimoni\\\/ermita-de-sant-antoni\\\/#primaryimage\"},\"image\":{\"@id\":\"https:\\\/\\\/turisme.mutxamel.org\\\/ca\\\/patrimoni\\\/ermita-de-sant-antoni\\\/#primaryimage\"},\"thumbnailUrl\":\"https:\\\/\\\/turisme.mutxamel.org\\\/wp-content\\\/uploads\\\/2023\\\/11\\\/sant_antoni1.jpg\",\"datePublished\":\"2023-11-10T09:22:27+00:00\",\"dateModified\":\"2026-03-25T15:14:24+00:00\",\"breadcrumb\":{\"@id\":\"https:\\\/\\\/turisme.mutxamel.org\\\/ca\\\/patrimoni\\\/ermita-de-sant-antoni\\\/#breadcrumb\"},\"inLanguage\":\"ca\",\"potentialAction\":[{\"@type\":\"ReadAction\",\"target\":[\"https:\\\/\\\/turisme.mutxamel.org\\\/ca\\\/patrimoni\\\/ermita-de-sant-antoni\\\/\"]}]},{\"@type\":\"ImageObject\",\"inLanguage\":\"ca\",\"@id\":\"https:\\\/\\\/turisme.mutxamel.org\\\/ca\\\/patrimoni\\\/ermita-de-sant-antoni\\\/#primaryimage\",\"url\":\"https:\\\/\\\/turisme.mutxamel.org\\\/wp-content\\\/uploads\\\/2023\\\/11\\\/sant_antoni1.jpg\",\"contentUrl\":\"https:\\\/\\\/turisme.mutxamel.org\\\/wp-content\\\/uploads\\\/2023\\\/11\\\/sant_antoni1.jpg\",\"width\":375,\"height\":500,\"caption\":\"Ermita de San Antonio\"},{\"@type\":\"BreadcrumbList\",\"@id\":\"https:\\\/\\\/turisme.mutxamel.org\\\/ca\\\/patrimoni\\\/ermita-de-sant-antoni\\\/#breadcrumb\",\"itemListElement\":[{\"@type\":\"ListItem\",\"position\":1,\"name\":\"Portada\",\"item\":\"https:\\\/\\\/turisme.mutxamel.org\\\/ca\\\/inicio\\\/\"},{\"@type\":\"ListItem\",\"position\":2,\"name\":\"Patrimoni\",\"item\":\"https:\\\/\\\/turisme.mutxamel.org\\\/ca\\\/patrimoni\\\/\"},{\"@type\":\"ListItem\",\"position\":3,\"name\":\"ERMITA I JARD\u00cd DE SANT ANTONI ABAT\"}]},{\"@type\":\"WebSite\",\"@id\":\"https:\\\/\\\/turisme.mutxamel.org\\\/ca\\\/#website\",\"url\":\"https:\\\/\\\/turisme.mutxamel.org\\\/ca\\\/\",\"name\":\"Turismo Mutxamel\",\"description\":\"\",\"publisher\":{\"@id\":\"https:\\\/\\\/turisme.mutxamel.org\\\/ca\\\/#organization\"},\"potentialAction\":[{\"@type\":\"SearchAction\",\"target\":{\"@type\":\"EntryPoint\",\"urlTemplate\":\"https:\\\/\\\/turisme.mutxamel.org\\\/ca\\\/?s={search_term_string}\"},\"query-input\":{\"@type\":\"PropertyValueSpecification\",\"valueRequired\":true,\"valueName\":\"search_term_string\"}}],\"inLanguage\":\"ca\"},{\"@type\":\"Organization\",\"@id\":\"https:\\\/\\\/turisme.mutxamel.org\\\/ca\\\/#organization\",\"name\":\"Turismo Mutxamel\",\"url\":\"https:\\\/\\\/turisme.mutxamel.org\\\/ca\\\/\",\"logo\":{\"@type\":\"ImageObject\",\"inLanguage\":\"ca\",\"@id\":\"https:\\\/\\\/turisme.mutxamel.org\\\/ca\\\/#\\\/schema\\\/logo\\\/image\\\/\",\"url\":\"https:\\\/\\\/turisme.mutxamel.org\\\/wp-content\\\/uploads\\\/2024\\\/01\\\/logo-turismo-mutxamel.jpg\",\"contentUrl\":\"https:\\\/\\\/turisme.mutxamel.org\\\/wp-content\\\/uploads\\\/2024\\\/01\\\/logo-turismo-mutxamel.jpg\",\"width\":195,\"height\":81,\"caption\":\"Turismo Mutxamel\"},\"image\":{\"@id\":\"https:\\\/\\\/turisme.mutxamel.org\\\/ca\\\/#\\\/schema\\\/logo\\\/image\\\/\"},\"sameAs\":[\"https:\\\/\\\/www.facebook.com\\\/mutxamelturismo\",\"https:\\\/\\\/www.instagram.com\\\/mutxamelturismo\\\/\",\"https:\\\/\\\/www.youtube.com\\\/aytomutxamel\"]}]}<\/script>\n<!-- \/ Yoast SEO plugin. -->","yoast_head_json":{"title":"ERMITA I JARD\u00cd DE SANT ANTONI ABAT - Turismo Mutxamel","robots":{"index":"index","follow":"follow","max-snippet":"max-snippet:-1","max-image-preview":"max-image-preview:large","max-video-preview":"max-video-preview:-1"},"canonical":"https:\/\/turisme.mutxamel.org\/ca\/patrimoni\/ermita-de-sant-antoni\/","og_locale":"ca_ES","og_type":"article","og_title":"ERMITA I JARD\u00cd DE SANT ANTONI ABAT - Turismo Mutxamel","og_url":"https:\/\/turisme.mutxamel.org\/ca\/patrimoni\/ermita-de-sant-antoni\/","og_site_name":"Turismo Mutxamel","article_publisher":"https:\/\/www.facebook.com\/mutxamelturismo","article_modified_time":"2026-03-25T15:14:24+00:00","og_image":[{"width":375,"height":500,"url":"https:\/\/turisme.mutxamel.org\/wp-content\/uploads\/2023\/11\/sant_antoni1.jpg","type":"image\/jpeg"}],"twitter_card":"summary_large_image","twitter_misc":{"Temps estimat de lectura":"3 minuts"},"schema":{"@context":"https:\/\/schema.org","@graph":[{"@type":"WebPage","@id":"https:\/\/turisme.mutxamel.org\/ca\/patrimoni\/ermita-de-sant-antoni\/","url":"https:\/\/turisme.mutxamel.org\/ca\/patrimoni\/ermita-de-sant-antoni\/","name":"ERMITA I JARD\u00cd DE SANT ANTONI ABAT - Turismo Mutxamel","isPartOf":{"@id":"https:\/\/turisme.mutxamel.org\/ca\/#website"},"primaryImageOfPage":{"@id":"https:\/\/turisme.mutxamel.org\/ca\/patrimoni\/ermita-de-sant-antoni\/#primaryimage"},"image":{"@id":"https:\/\/turisme.mutxamel.org\/ca\/patrimoni\/ermita-de-sant-antoni\/#primaryimage"},"thumbnailUrl":"https:\/\/turisme.mutxamel.org\/wp-content\/uploads\/2023\/11\/sant_antoni1.jpg","datePublished":"2023-11-10T09:22:27+00:00","dateModified":"2026-03-25T15:14:24+00:00","breadcrumb":{"@id":"https:\/\/turisme.mutxamel.org\/ca\/patrimoni\/ermita-de-sant-antoni\/#breadcrumb"},"inLanguage":"ca","potentialAction":[{"@type":"ReadAction","target":["https:\/\/turisme.mutxamel.org\/ca\/patrimoni\/ermita-de-sant-antoni\/"]}]},{"@type":"ImageObject","inLanguage":"ca","@id":"https:\/\/turisme.mutxamel.org\/ca\/patrimoni\/ermita-de-sant-antoni\/#primaryimage","url":"https:\/\/turisme.mutxamel.org\/wp-content\/uploads\/2023\/11\/sant_antoni1.jpg","contentUrl":"https:\/\/turisme.mutxamel.org\/wp-content\/uploads\/2023\/11\/sant_antoni1.jpg","width":375,"height":500,"caption":"Ermita de San Antonio"},{"@type":"BreadcrumbList","@id":"https:\/\/turisme.mutxamel.org\/ca\/patrimoni\/ermita-de-sant-antoni\/#breadcrumb","itemListElement":[{"@type":"ListItem","position":1,"name":"Portada","item":"https:\/\/turisme.mutxamel.org\/ca\/inicio\/"},{"@type":"ListItem","position":2,"name":"Patrimoni","item":"https:\/\/turisme.mutxamel.org\/ca\/patrimoni\/"},{"@type":"ListItem","position":3,"name":"ERMITA I JARD\u00cd DE SANT ANTONI ABAT"}]},{"@type":"WebSite","@id":"https:\/\/turisme.mutxamel.org\/ca\/#website","url":"https:\/\/turisme.mutxamel.org\/ca\/","name":"Turismo Mutxamel","description":"","publisher":{"@id":"https:\/\/turisme.mutxamel.org\/ca\/#organization"},"potentialAction":[{"@type":"SearchAction","target":{"@type":"EntryPoint","urlTemplate":"https:\/\/turisme.mutxamel.org\/ca\/?s={search_term_string}"},"query-input":{"@type":"PropertyValueSpecification","valueRequired":true,"valueName":"search_term_string"}}],"inLanguage":"ca"},{"@type":"Organization","@id":"https:\/\/turisme.mutxamel.org\/ca\/#organization","name":"Turismo Mutxamel","url":"https:\/\/turisme.mutxamel.org\/ca\/","logo":{"@type":"ImageObject","inLanguage":"ca","@id":"https:\/\/turisme.mutxamel.org\/ca\/#\/schema\/logo\/image\/","url":"https:\/\/turisme.mutxamel.org\/wp-content\/uploads\/2024\/01\/logo-turismo-mutxamel.jpg","contentUrl":"https:\/\/turisme.mutxamel.org\/wp-content\/uploads\/2024\/01\/logo-turismo-mutxamel.jpg","width":195,"height":81,"caption":"Turismo Mutxamel"},"image":{"@id":"https:\/\/turisme.mutxamel.org\/ca\/#\/schema\/logo\/image\/"},"sameAs":["https:\/\/www.facebook.com\/mutxamelturismo","https:\/\/www.instagram.com\/mutxamelturismo\/","https:\/\/www.youtube.com\/aytomutxamel"]}]}},"_links":{"self":[{"href":"https:\/\/turisme.mutxamel.org\/ca\/wp-json\/wp\/v2\/pages\/1157","targetHints":{"allow":["GET"]}}],"collection":[{"href":"https:\/\/turisme.mutxamel.org\/ca\/wp-json\/wp\/v2\/pages"}],"about":[{"href":"https:\/\/turisme.mutxamel.org\/ca\/wp-json\/wp\/v2\/types\/page"}],"author":[{"embeddable":true,"href":"https:\/\/turisme.mutxamel.org\/ca\/wp-json\/wp\/v2\/users\/1"}],"replies":[{"embeddable":true,"href":"https:\/\/turisme.mutxamel.org\/ca\/wp-json\/wp\/v2\/comments?post=1157"}],"version-history":[{"count":9,"href":"https:\/\/turisme.mutxamel.org\/ca\/wp-json\/wp\/v2\/pages\/1157\/revisions"}],"predecessor-version":[{"id":17216,"href":"https:\/\/turisme.mutxamel.org\/ca\/wp-json\/wp\/v2\/pages\/1157\/revisions\/17216"}],"up":[{"embeddable":true,"href":"https:\/\/turisme.mutxamel.org\/ca\/wp-json\/wp\/v2\/pages\/1132"}],"wp:featuredmedia":[{"embeddable":true,"href":"https:\/\/turisme.mutxamel.org\/ca\/wp-json\/wp\/v2\/media\/315"}],"wp:attachment":[{"href":"https:\/\/turisme.mutxamel.org\/ca\/wp-json\/wp\/v2\/media?parent=1157"}],"wp:term":[{"taxonomy":"clasificacion","embeddable":true,"href":"https:\/\/turisme.mutxamel.org\/ca\/wp-json\/wp\/v2\/clasificacion?post=1157"}],"curies":[{"name":"wp","href":"https:\/\/api.w.org\/{rel}","templated":true}]}}