{"id":1165,"date":"2023-11-10T11:11:22","date_gmt":"2023-11-10T10:11:22","guid":{"rendered":"https:\/\/turisme.mutxamel.org\/patrimoni\/jardines-de-penacerrada\/"},"modified":"2025-09-23T18:05:19","modified_gmt":"2025-09-23T16:05:19","slug":"jardins-de-penya-serrada","status":"publish","type":"page","link":"https:\/\/turisme.mutxamel.org\/ca\/patrimoni\/jardins-de-penya-serrada\/","title":{"rendered":"Jardins de Penya-serrada"},"content":{"rendered":"<section class=\"l-section wpb_row height_auto width_full\"><div class=\"l-section-h i-cf\"><div class=\"g-cols vc_row via_grid cols_1 laptops-cols_inherit tablets-cols_inherit mobiles-cols_1 valign_top type_default stacking_default\"><div class=\"wpb_column vc_column_container\"><div class=\"vc_column-inner\"><section class=\"l-section wpb_row us_custom_d4a759fd height_auto width_full with_slider\"><div class=\"l-section-slider\"><div class=\"w-slider style_none fit_cover nav_none count_6\"><div class=\"w-slider-h\" aria-hidden=\"true\"><div class=\"royalSlider\"><div class=\"rsContent\"><a class=\"rsImg\" data-rsw=\"960\" data-rsh=\"640\" href=\"https:\/\/turisme.mutxamel.org\/wp-content\/uploads\/2023\/11\/ravalet_acastillo_2.jpg\"><span data-alt=\"Fiestas Ravalet\"><\/span><\/a><\/div><div class=\"rsContent\"><a class=\"rsImg\" data-rsw=\"1200\" data-rsh=\"800\" href=\"https:\/\/turisme.mutxamel.org\/wp-content\/uploads\/2023\/11\/encuentro-viernes-5.jpg\"><span data-alt=\"Semana Santa\"><\/span><\/a><\/div><div class=\"rsContent\"><a class=\"rsImg\" data-rsw=\"500\" data-rsh=\"333\" href=\"https:\/\/turisme.mutxamel.org\/wp-content\/uploads\/2023\/11\/JardinesP1.jpg\"><span data-alt=\"Jardines de Penacerrada\"><\/span><\/a><\/div><div class=\"rsContent\"><a class=\"rsImg\" data-rsw=\"1200\" data-rsh=\"800\" href=\"https:\/\/turisme.mutxamel.org\/wp-content\/uploads\/2023\/11\/festes2018-9530.jpg\"><span data-alt=\"Moros y Cristianos\"><\/span><\/a><\/div><div class=\"rsContent\"><a class=\"rsImg\" data-rsw=\"500\" data-rsh=\"333\" href=\"https:\/\/turisme.mutxamel.org\/wp-content\/uploads\/2023\/11\/placa1.jpg\"><span data-alt=\"Plaza Nova\"><\/span><\/a><\/div><div class=\"rsContent\"><a class=\"rsImg\" data-rsw=\"2048\" data-rsh=\"1367\" href=\"https:\/\/turisme.mutxamel.org\/wp-content\/uploads\/2023\/11\/83274901_599353250640284_6588852257268170752_o_599353243973618.jpg\"><span data-alt=\"Cabalgata de Reyes\"><\/span><\/a><\/div><\/div><img decoding=\"async\" src=\"https:\/\/turisme.mutxamel.org\/wp-content\/uploads\/2023\/11\/ravalet_acastillo_2.jpg\" width=\"960\" height=\"640\" alt=\"Fiestas Ravalet\" loading=\"lazy\"><\/div><div class=\"w-slider-json\" onclick='return {&quot;autoScaleSlider&quot;:true,&quot;addActiveClass&quot;:true,&quot;loop&quot;:true,&quot;fadeInLoadedSlide&quot;:false,&quot;slidesSpacing&quot;:0,&quot;imageScalePadding&quot;:0,&quot;numImagesToPreload&quot;:2,&quot;arrowsNav&quot;:false,&quot;arrowsNavAutoHide&quot;:false,&quot;transitionType&quot;:&quot;fade&quot;,&quot;transitionSpeed&quot;:1000,&quot;block&quot;:{&quot;moveEffect&quot;:&quot;none&quot;,&quot;speed&quot;:300},&quot;thumbs&quot;:{&quot;fitInViewport&quot;:false,&quot;firstMargin&quot;:false,&quot;spacing&quot;:4},&quot;controlNavigation&quot;:&quot;none&quot;,&quot;autoplay&quot;:{&quot;enabled&quot;:true,&quot;pauseOnHover&quot;:false,&quot;delay&quot;:3000},&quot;autoScaleSliderWidth&quot;:960,&quot;autoScaleSliderHeight&quot;:640}'><\/div><\/div><\/div><div class=\"l-section-overlay\" style=\"background:rgba(13,131,62,0.80)\"><\/div><div class=\"l-section-h i-cf\"><div class=\"g-cols vc_row via_grid cols_1 laptops-cols_inherit tablets-cols_inherit mobiles-cols_1 valign_top type_default stacking_default\"><div class=\"wpb_column vc_column_container us_custom_eb849559\"><div class=\"vc_column-inner\"><div class=\"wpb_text_column us_custom_3e734877 has_text_color\"><div class=\"wpb_wrapper\"><p>QU\u00c8 VEURE<\/p>\n<\/div><\/div><\/div><\/div><\/div><\/div><\/section><section class=\"l-section wpb_row height_auto width_full color_primary\"><div class=\"l-section-overlay\" style=\"background:#000000\"><\/div><div class=\"l-section-h i-cf\"><div class=\"g-cols vc_row via_grid cols_1 laptops-cols_inherit tablets-cols_inherit mobiles-cols_1 valign_top type_default stacking_default\"><div class=\"wpb_column vc_column_container\"><div class=\"vc_column-inner\"><section class=\"l-section wpb_row height_auto\"><div class=\"l-section-overlay\" style=\"background:#000000\"><\/div><div class=\"l-section-h i-cf\"><div class=\"g-cols vc_row via_grid cols_1 laptops-cols_inherit tablets-cols_inherit mobiles-cols_1 valign_top type_default stacking_default\"><div class=\"wpb_column vc_column_container\"><div class=\"vc_column-inner\"><div class=\"w-separator size_small\"><\/div><div class=\"w-separator size_small\"><\/div><\/div><\/div><\/div><\/div><\/section>\n<\/div><\/div><\/div><\/div><\/section><section class=\"l-section wpb_row height_auto width_full\"><div class=\"l-section-h i-cf\"><div class=\"g-cols vc_row via_grid cols_1 laptops-cols_inherit tablets-cols_inherit mobiles-cols_1 valign_top type_default stacking_default\"><div class=\"wpb_column vc_column_container\"><div class=\"vc_column-inner\"><section class=\"l-section wpb_row us_custom_e4988f48 has_text_color height_auto\"><div class=\"l-section-overlay\" style=\"background:#E3E4E4\"><\/div><div class=\"l-section-h i-cf\"><div class=\"g-cols vc_row via_grid cols_1 laptops-cols_inherit tablets-cols_inherit mobiles-cols_1 valign_top type_default stacking_default\"><div class=\"wpb_column vc_column_container\"><div class=\"vc_column-inner\"><nav class=\"g-breadcrumbs us_custom_492179a4 separator_icon align_left\" itemscope itemtype=\"http:\/\/schema.org\/BreadcrumbList\"><div class=\"g-breadcrumbs-item\" itemscope itemprop=\"itemListElement\" itemtype=\"http:\/\/schema.org\/ListItem\"><a itemprop=\"item\" href=\"https:\/\/turisme.mutxamel.org\/ca\/\"><span itemprop=\"name\">Inici<\/span><\/a><meta itemprop=\"position\" content=\"1\"\/><\/div><div class=\"g-breadcrumbs-separator\"><i class=\"far fa-angle-right\"><\/i><\/div><div class=\"g-breadcrumbs-item\">P\u00e0gines<\/div><\/nav><\/div><\/div><\/div><\/div><\/section><section class=\"l-section wpb_row height_auto\"><div class=\"l-section-h i-cf\"><div class=\"g-cols vc_row via_grid cols_1 laptops-cols_inherit tablets-cols_inherit mobiles-cols_1 valign_top type_default stacking_default\"><div class=\"wpb_column vc_column_container\"><div class=\"vc_column-inner\"><div class=\"w-separator size_small\"><\/div><\/div><\/div><\/div><\/div><\/section>\n<\/div><\/div><\/div><\/div><\/section>\n<\/div><\/div><\/div><\/div><\/section><section class=\"l-section wpb_row height_small\"><div class=\"l-section-h i-cf\"><div class=\"g-cols vc_row via_grid cols_1 laptops-cols_inherit tablets-cols_inherit mobiles-cols_1 valign_top type_default stacking_default\"><div class=\"wpb_column vc_column_container\"><div class=\"vc_column-inner\"><div id=\"ultimate-heading-266569f0bdb0c8a40\" class=\"uvc-heading ult-adjust-bottom-margin ultimate-heading-266569f0bdb0c8a40 uvc-5935 \" data-hspacer=\"no_spacer\"  data-halign=\"left\" style=\"text-align:left\"><div class=\"uvc-heading-spacer no_spacer\" style=\"top\"><\/div><div class=\"uvc-main-heading ult-responsive\"  data-ultimate-target='.uvc-heading.ultimate-heading-266569f0bdb0c8a40 h1'  data-responsive-json-new='{\"font-size\":\"\",\"line-height\":\"\"}' ><h1 style=\"font-weight:normal;\">Jardins de Penya-serrada<\/h1><\/div><\/div><div class=\"w-separator size_small\"><\/div><\/div><\/div><\/div><\/div><\/section><section class=\"l-section wpb_row height_auto\"><div class=\"l-section-h i-cf\"><div class=\"g-cols vc_row via_grid cols_2 laptops-cols_inherit tablets-cols_inherit mobiles-cols_1 valign_top type_default stacking_default\"><div class=\"wpb_column vc_column_container\"><div class=\"vc_column-inner\"><div class=\"wpb_text_column\"><div class=\"wpb_wrapper\"><p>Els Jardins de Penya-serrada \u00e9s un dels conjunts hist\u00f2rics m\u00e9s representatius de l\u00b4arquitectura residencial de l\u00b4Horta de l\u00b4Alacant\u00ed.<\/p>\n<p>Els terrenys destinats als jardins ocupen una superf\u00edcie aproximada de 2\u00b47 hect\u00e0rees, sent 10.000 metres de jard\u00ed i 17.250 metres d\u00b4hort. Els estils europeus que imperen s\u00f3n el franc\u00e9s, angl\u00e9s i itali\u00e0.<\/p>\n<p>En el jard\u00ed franc\u00e9s destaquen els parterres baixos i retallats de forma sim\u00e8trica delimitats per murta. Enfront de la fatxada del palau podem observar una pir\u00e0mide d\u00b4esta mateixa esp\u00e8cie i uns xiprers retallats en forma d\u00b4arc.<\/p>\n<p>El jard\u00ed angl\u00e9s, d\u00b4estil rom\u00e0ntic, est\u00e0 compost per un bosc petit, dos tossals artificials units per un pont i coberts per opuntias (paleres), una torreta, una gruta i la Casa de la Vella.<\/p>\n<p>En el jard\u00ed itali\u00e0, es pot apreciar un conjunt format per huit columnes de pedra i un safareig xicotet. Enfront de tot aix\u00f2, s\u00b4ubica un laberint de xiprers, recentment recuperat.<\/p>\n<\/div><\/div><\/div><\/div><div class=\"wpb_column vc_column_container\"><div class=\"vc_column-inner\"><div class=\"wpb_text_column\"><div class=\"wpb_wrapper\"><p>Un quart estil \u00e9s el que predomina en tot el jard\u00ed. Es tracta de l\u00b4hispanomahomet\u00e0, la caracter\u00edstica principal del qual \u00e9s un sistema tradicional de s\u00e9quies que regava tot el jard\u00ed des d\u00b4una bassa m\u00e9s gran situada en la part m\u00e9s alta de la zona de l\u00b4hort. Esta bassa, rodejada d\u00b4enormes xiprers i bancades, tenia tres funcions: regar, abastir al palau i com a zona d\u00b4esplai.<\/p>\n<p>A m\u00e9s, el jard\u00ed compta amb una Casa de jocs, un planter i d\u00b4altres espais d\u00b4inter\u00e9s.<\/p>\n<p>El 24 de gener del 2008, el palau i els jardins de Penya-serrada s\u00b4inscriuen en la Secci\u00f3 Primera de l\u00b4Inventari General del Patrimoni Cultural Valenci\u00e0, B\u00e9 d\u00b4Inter\u00e9s Cultural amb la categoria de Jard\u00ed Hist\u00f2ric.<\/p>\n<p>Els jardins han sigut recuperats a trav\u00e9s de dos Tallers d\u00b4Ocupaci\u00f3 (2010-2011, 2011-2012), en les especialitats de Jardineria i Ma\u00e7oneria. Ambd\u00f3s programes formatius han sigut promoguts i gestionats per l\u00b4Ag\u00e8ncia de Desenvolupament Local de l\u00b4Ajuntament de Mutxamel i subvencionats per la Conselleria de Formaci\u00f3 i Ocupaci\u00f3 de la Generalitat Valenciana, a trav\u00e9s del SERVEF.<\/p>\n<\/div><\/div><\/div><\/div><\/div><\/div><\/section><section class=\"l-section wpb_row height_auto\"><div class=\"l-section-h i-cf\"><div class=\"g-cols vc_row via_grid cols_1 laptops-cols_inherit tablets-cols_inherit mobiles-cols_1 valign_top type_default stacking_default\"><div class=\"wpb_column vc_column_container\"><div class=\"vc_column-inner\"><div class=\"w-separator size_large\"><\/div><\/div><\/div><\/div><\/div><\/section><section class=\"l-section wpb_row height_auto\"><div class=\"l-section-overlay\" style=\"background:#E3E4E4\"><\/div><div class=\"l-section-h i-cf\"><div class=\"g-cols vc_row via_grid cols_1 laptops-cols_inherit tablets-cols_inherit mobiles-cols_1 valign_top type_default stacking_default\"><div class=\"wpb_column vc_column_container\"><div class=\"vc_column-inner\"><div class=\"w-separator size_medium\"><\/div><div class=\"wpb_text_column\"><div class=\"wpb_wrapper\"><p>Recurs tur\u00edstic visitable. Horari dels jardins (per regla general excepte festius):<\/p>\n<\/div><\/div><\/div><\/div><\/div><\/div><\/section><section class=\"l-section wpb_row height_medium\"><div class=\"l-section-overlay\" style=\"background:#E3E4E4\"><\/div><div class=\"l-section-h i-cf\"><div class=\"g-cols vc_row via_grid cols_1 laptops-cols_inherit tablets-cols_inherit mobiles-cols_1 valign_top type_default stacking_default\"><div class=\"wpb_column vc_column_container\"><div class=\"vc_column-inner\"><div class=\"w-iconbox iconpos_left style_default color_custom align_left\"><div class=\"w-iconbox-icon\" style=\"font-size:1.5rem;--icon-color:#0D803E;\"><i class=\"fas fa-clock\"><\/i><\/div><div class=\"w-iconbox-meta\"><h6 class=\"w-iconbox-title\">HORARI<\/h6><div class=\"w-iconbox-text\"><p data-start=\"84\" data-end=\"133\"><strong data-start=\"113\" data-end=\"133\">OBERTS AL P\u00daBLIC<\/strong><\/p>\n<p data-start=\"135\" data-end=\"238\"><strong data-start=\"135\" data-end=\"155\">D\u2019OCTUBRE A\u00a0 MAIG<\/strong><br data-start=\"155\" data-end=\"158\" \/>De dilluns a divendres de 9.00 a 14.00<br data-start=\"180\" data-end=\"183\" \/>Diumenge\u00a0de 9.00 a 14.00<\/p>\n<p data-start=\"135\" data-end=\"238\"><br data-start=\"209\" data-end=\"212\" \/><strong data-start=\"240\" data-end=\"262\">DE JUNY A SETEMBRE<\/strong><br data-start=\"262\" data-end=\"265\" \/>De dilluns a divendres\u00a0de 8.00 a 13.00<\/p>\n<p data-start=\"307\" data-end=\"385\">Dissabtes, festius locals (1 de mar\u00e7 i 9 de setembre) i nacionals<span>\u00a0<\/span><strong data-start=\"375\" data-end=\"385\">TANCAT<\/strong><\/p>\n<p data-start=\"387\" data-end=\"478\"><strong data-start=\"387\" data-end=\"406\">VISITES GUIADES (<\/strong>Excepte juliol, agost i setembre) 1r diumenge de mes de 11.00<\/p>\n<\/div><\/div><\/div><div class=\"w-separator size_medium\"><\/div><div class=\"w-iconbox iconpos_left style_default color_custom align_left no_title\"><div class=\"w-iconbox-icon\" style=\"font-size:1.5rem;--icon-color:#0D803E;\"><i class=\"fas fa-map-marker-alt\"><\/i><\/div><div class=\"w-iconbox-meta\"><div class=\"w-iconbox-text\"><p><a href=\"https:\/\/maps.app.goo.gl\/RvgXQzq5WEgCfMMi9\">Pl. del Poble Nou,03110 Mutxamel, Alicante<\/a><\/p>\n<\/div><\/div><\/div><\/div><\/div><\/div><\/div><\/section><section class=\"l-section wpb_row height_large\"><div class=\"l-section-h i-cf\"><div class=\"g-cols vc_row via_grid cols_1 laptops-cols_inherit tablets-cols_inherit mobiles-cols_1 valign_top type_default stacking_default\"><div class=\"wpb_column vc_column_container\"><div class=\"vc_column-inner\"><div class=\"w-actionbox us_custom_74a0e6c7 color_secondary controls_right\"><div class=\"w-actionbox-text\"><p class=\"w-actionbox-title\">Realitzar el Tour Virtual 360\u00ba<\/p><\/div><div class=\"w-actionbox-controls\"><a class=\"w-btn us-btn-style_5 icon_atleft\" style=\"font-size:1.1rem\" target=\"_blank\" href=\"https:\/\/api.lookishtg.com\/360\/alicante-provincia\/mutxamel\/jardinespenacerrada\/index.htm\"><i class=\"fas fa-vr-cardboard\"><\/i><span class=\"w-btn-label\">Clic ac\u00ed<\/span><\/a><\/div><\/div><div class=\"w-separator size_medium\"><\/div><div class=\"w-gallery fit_cover type_metro_1 action_popup_image ratio_1x1 count_4\" style=\"--columns:4;--items-gap:10px;\"><div class=\"w-gallery-list\"><div class=\"w-gallery-item\"><div class=\"w-gallery-item-img\"><img loading=\"lazy\" decoding=\"async\" width=\"500\" height=\"333\" src=\"https:\/\/turisme.mutxamel.org\/wp-content\/uploads\/2023\/11\/JardinesP4.jpg\" class=\"attachment-full size-full\" alt=\"Jardines de Penacerrada\" srcset=\"https:\/\/turisme.mutxamel.org\/wp-content\/uploads\/2023\/11\/JardinesP4.jpg 500w, https:\/\/turisme.mutxamel.org\/wp-content\/uploads\/2023\/11\/JardinesP4-300x200.jpg 300w\" sizes=\"auto, (max-width: 500px) 100vw, 500px\" \/><\/div><a class=\"w-gallery-item-link\" aria-label=\"Jardines de Penacerrada\" href=\"https:\/\/turisme.mutxamel.org\/wp-content\/uploads\/2023\/11\/JardinesP4.jpg\"><\/a><\/div><div class=\"w-gallery-item\"><div class=\"w-gallery-item-img\"><img loading=\"lazy\" decoding=\"async\" width=\"333\" height=\"500\" src=\"https:\/\/turisme.mutxamel.org\/wp-content\/uploads\/2023\/11\/JardinesP3.jpg\" class=\"attachment-full size-full\" alt=\"Jardines de Penacerrada\" srcset=\"https:\/\/turisme.mutxamel.org\/wp-content\/uploads\/2023\/11\/JardinesP3.jpg 333w, https:\/\/turisme.mutxamel.org\/wp-content\/uploads\/2023\/11\/JardinesP3-200x300.jpg 200w\" sizes=\"auto, (max-width: 333px) 100vw, 333px\" \/><\/div><a class=\"w-gallery-item-link\" aria-label=\"Jardines de Penacerrada\" href=\"https:\/\/turisme.mutxamel.org\/wp-content\/uploads\/2023\/11\/JardinesP3.jpg\"><\/a><\/div><div class=\"w-gallery-item\"><div class=\"w-gallery-item-img\"><img loading=\"lazy\" decoding=\"async\" width=\"500\" height=\"333\" src=\"https:\/\/turisme.mutxamel.org\/wp-content\/uploads\/2023\/11\/JardinesP2.jpg\" class=\"attachment-full size-full\" alt=\"Jardines de Penacerrada\" srcset=\"https:\/\/turisme.mutxamel.org\/wp-content\/uploads\/2023\/11\/JardinesP2.jpg 500w, https:\/\/turisme.mutxamel.org\/wp-content\/uploads\/2023\/11\/JardinesP2-300x200.jpg 300w\" sizes=\"auto, (max-width: 500px) 100vw, 500px\" \/><\/div><a class=\"w-gallery-item-link\" aria-label=\"Jardines de Penacerrada\" href=\"https:\/\/turisme.mutxamel.org\/wp-content\/uploads\/2023\/11\/JardinesP2.jpg\"><\/a><\/div><div class=\"w-gallery-item\"><div class=\"w-gallery-item-img\"><img loading=\"lazy\" decoding=\"async\" width=\"500\" height=\"333\" src=\"https:\/\/turisme.mutxamel.org\/wp-content\/uploads\/2023\/11\/JardinesP1.jpg\" class=\"attachment-full size-full\" alt=\"Jardines de Penacerrada\" srcset=\"https:\/\/turisme.mutxamel.org\/wp-content\/uploads\/2023\/11\/JardinesP1.jpg 500w, https:\/\/turisme.mutxamel.org\/wp-content\/uploads\/2023\/11\/JardinesP1-300x200.jpg 300w\" sizes=\"auto, (max-width: 500px) 100vw, 500px\" \/><\/div><a class=\"w-gallery-item-link\" aria-label=\"Jardines de Penacerrada\" href=\"https:\/\/turisme.mutxamel.org\/wp-content\/uploads\/2023\/11\/JardinesP1.jpg\"><\/a><\/div><\/div><\/div><\/div><\/div><\/div><\/div><\/section><section class=\"l-section wpb_row height_auto\"><div class=\"l-section-overlay\" style=\"background:#E3E4E4\"><\/div><div class=\"l-section-h i-cf\"><div class=\"g-cols vc_row via_grid cols_1 laptops-cols_inherit tablets-cols_inherit mobiles-cols_1 valign_top type_default stacking_default\" style=\"--columns-gap:0rem;\"><div class=\"wpb_column vc_column_container\"><div class=\"vc_column-inner\"><section class=\"l-section wpb_row us_custom_8591a7b2 height_medium\" id=\"fila-otros-elementos\"><div class=\"l-section-overlay\" style=\"background:#E3E4E4\"><\/div><div class=\"l-section-h i-cf\"><div class=\"g-cols vc_row via_grid cols_1 laptops-cols_inherit tablets-cols_inherit mobiles-cols_1 valign_top type_default stacking_default\" style=\"--columns-gap:0rem;\"><div class=\"wpb_column vc_column_container us_custom_8591a7b2\"><div class=\"vc_column-inner\"><\/div><\/div><\/div><\/div><\/section>\n<\/div><\/div><\/div><\/div><\/section>\n","protected":false},"excerpt":{"rendered":"QU\u00c8 VEURE IniciP\u00e0gines Jardins de Penya-serradaEls Jardins de Penya-serrada \u00e9s un dels conjunts hist\u00f2rics m\u00e9s representatius de l\u00b4arquitectura residencial de l\u00b4Horta de l\u00b4Alacant\u00ed. Els terrenys destinats als jardins ocupen una superf\u00edcie aproximada de 2\u00b47 hect\u00e0rees, sent 10.000 metres de jard\u00ed i 17.250 metres d\u00b4hort. Els estils europeus que imperen s\u00f3n el franc\u00e9s, angl\u00e9s i itali\u00e0....","protected":false},"author":1,"featured_media":341,"parent":1132,"menu_order":98,"comment_status":"closed","ping_status":"closed","template":"","meta":{"footnotes":""},"clasificacion":[14],"class_list":["post-1165","page","type-page","status-publish","has-post-thumbnail","hentry","clasificacion-patrimonio"],"yoast_head":"<!-- This site is optimized with the Yoast SEO plugin v27.4 - https:\/\/yoast.com\/product\/yoast-seo-wordpress\/ -->\n<title>Jardins de Penya-serrada - Turismo Mutxamel<\/title>\n<meta name=\"robots\" content=\"index, follow, max-snippet:-1, max-image-preview:large, max-video-preview:-1\" \/>\n<link rel=\"canonical\" href=\"https:\/\/turisme.mutxamel.org\/ca\/patrimoni\/jardins-de-penya-serrada\/\" \/>\n<meta property=\"og:locale\" content=\"ca_ES\" \/>\n<meta property=\"og:type\" content=\"article\" \/>\n<meta property=\"og:title\" content=\"Jardins de Penya-serrada - Turismo Mutxamel\" \/>\n<meta property=\"og:url\" content=\"https:\/\/turisme.mutxamel.org\/ca\/patrimoni\/jardins-de-penya-serrada\/\" \/>\n<meta property=\"og:site_name\" content=\"Turismo Mutxamel\" \/>\n<meta property=\"article:publisher\" content=\"https:\/\/www.facebook.com\/mutxamelturismo\" \/>\n<meta property=\"article:modified_time\" content=\"2025-09-23T16:05:19+00:00\" \/>\n<meta property=\"og:image\" content=\"https:\/\/turisme.mutxamel.org\/wp-content\/uploads\/2023\/11\/JardinesP3.jpg\" \/>\n\t<meta property=\"og:image:width\" content=\"333\" \/>\n\t<meta property=\"og:image:height\" content=\"500\" \/>\n\t<meta property=\"og:image:type\" content=\"image\/jpeg\" \/>\n<meta name=\"twitter:card\" content=\"summary_large_image\" \/>\n<meta name=\"twitter:label1\" content=\"Temps estimat de lectura\" \/>\n\t<meta name=\"twitter:data1\" content=\"3 minuts\" \/>\n<script type=\"application\/ld+json\" class=\"yoast-schema-graph\">{\"@context\":\"https:\\\/\\\/schema.org\",\"@graph\":[{\"@type\":\"WebPage\",\"@id\":\"https:\\\/\\\/turisme.mutxamel.org\\\/ca\\\/patrimoni\\\/jardins-de-penya-serrada\\\/\",\"url\":\"https:\\\/\\\/turisme.mutxamel.org\\\/ca\\\/patrimoni\\\/jardins-de-penya-serrada\\\/\",\"name\":\"Jardins de Penya-serrada - Turismo Mutxamel\",\"isPartOf\":{\"@id\":\"https:\\\/\\\/turisme.mutxamel.org\\\/ca\\\/#website\"},\"primaryImageOfPage\":{\"@id\":\"https:\\\/\\\/turisme.mutxamel.org\\\/ca\\\/patrimoni\\\/jardins-de-penya-serrada\\\/#primaryimage\"},\"image\":{\"@id\":\"https:\\\/\\\/turisme.mutxamel.org\\\/ca\\\/patrimoni\\\/jardins-de-penya-serrada\\\/#primaryimage\"},\"thumbnailUrl\":\"https:\\\/\\\/turisme.mutxamel.org\\\/wp-content\\\/uploads\\\/2023\\\/11\\\/JardinesP3.jpg\",\"datePublished\":\"2023-11-10T10:11:22+00:00\",\"dateModified\":\"2025-09-23T16:05:19+00:00\",\"breadcrumb\":{\"@id\":\"https:\\\/\\\/turisme.mutxamel.org\\\/ca\\\/patrimoni\\\/jardins-de-penya-serrada\\\/#breadcrumb\"},\"inLanguage\":\"ca\",\"potentialAction\":[{\"@type\":\"ReadAction\",\"target\":[\"https:\\\/\\\/turisme.mutxamel.org\\\/ca\\\/patrimoni\\\/jardins-de-penya-serrada\\\/\"]}]},{\"@type\":\"ImageObject\",\"inLanguage\":\"ca\",\"@id\":\"https:\\\/\\\/turisme.mutxamel.org\\\/ca\\\/patrimoni\\\/jardins-de-penya-serrada\\\/#primaryimage\",\"url\":\"https:\\\/\\\/turisme.mutxamel.org\\\/wp-content\\\/uploads\\\/2023\\\/11\\\/JardinesP3.jpg\",\"contentUrl\":\"https:\\\/\\\/turisme.mutxamel.org\\\/wp-content\\\/uploads\\\/2023\\\/11\\\/JardinesP3.jpg\",\"width\":333,\"height\":500,\"caption\":\"Jardines de Penacerrada\"},{\"@type\":\"BreadcrumbList\",\"@id\":\"https:\\\/\\\/turisme.mutxamel.org\\\/ca\\\/patrimoni\\\/jardins-de-penya-serrada\\\/#breadcrumb\",\"itemListElement\":[{\"@type\":\"ListItem\",\"position\":1,\"name\":\"Portada\",\"item\":\"https:\\\/\\\/turisme.mutxamel.org\\\/ca\\\/inicio\\\/\"},{\"@type\":\"ListItem\",\"position\":2,\"name\":\"Patrimoni\",\"item\":\"https:\\\/\\\/turisme.mutxamel.org\\\/ca\\\/patrimoni\\\/\"},{\"@type\":\"ListItem\",\"position\":3,\"name\":\"Jardins de Penya-serrada\"}]},{\"@type\":\"WebSite\",\"@id\":\"https:\\\/\\\/turisme.mutxamel.org\\\/ca\\\/#website\",\"url\":\"https:\\\/\\\/turisme.mutxamel.org\\\/ca\\\/\",\"name\":\"Turismo Mutxamel\",\"description\":\"\",\"publisher\":{\"@id\":\"https:\\\/\\\/turisme.mutxamel.org\\\/ca\\\/#organization\"},\"potentialAction\":[{\"@type\":\"SearchAction\",\"target\":{\"@type\":\"EntryPoint\",\"urlTemplate\":\"https:\\\/\\\/turisme.mutxamel.org\\\/ca\\\/?s={search_term_string}\"},\"query-input\":{\"@type\":\"PropertyValueSpecification\",\"valueRequired\":true,\"valueName\":\"search_term_string\"}}],\"inLanguage\":\"ca\"},{\"@type\":\"Organization\",\"@id\":\"https:\\\/\\\/turisme.mutxamel.org\\\/ca\\\/#organization\",\"name\":\"Turismo Mutxamel\",\"url\":\"https:\\\/\\\/turisme.mutxamel.org\\\/ca\\\/\",\"logo\":{\"@type\":\"ImageObject\",\"inLanguage\":\"ca\",\"@id\":\"https:\\\/\\\/turisme.mutxamel.org\\\/ca\\\/#\\\/schema\\\/logo\\\/image\\\/\",\"url\":\"https:\\\/\\\/turisme.mutxamel.org\\\/wp-content\\\/uploads\\\/2024\\\/01\\\/logo-turismo-mutxamel.jpg\",\"contentUrl\":\"https:\\\/\\\/turisme.mutxamel.org\\\/wp-content\\\/uploads\\\/2024\\\/01\\\/logo-turismo-mutxamel.jpg\",\"width\":195,\"height\":81,\"caption\":\"Turismo Mutxamel\"},\"image\":{\"@id\":\"https:\\\/\\\/turisme.mutxamel.org\\\/ca\\\/#\\\/schema\\\/logo\\\/image\\\/\"},\"sameAs\":[\"https:\\\/\\\/www.facebook.com\\\/mutxamelturismo\",\"https:\\\/\\\/www.instagram.com\\\/mutxamelturismo\\\/\",\"https:\\\/\\\/www.youtube.com\\\/aytomutxamel\"]}]}<\/script>\n<!-- \/ Yoast SEO plugin. -->","yoast_head_json":{"title":"Jardins de Penya-serrada - Turismo Mutxamel","robots":{"index":"index","follow":"follow","max-snippet":"max-snippet:-1","max-image-preview":"max-image-preview:large","max-video-preview":"max-video-preview:-1"},"canonical":"https:\/\/turisme.mutxamel.org\/ca\/patrimoni\/jardins-de-penya-serrada\/","og_locale":"ca_ES","og_type":"article","og_title":"Jardins de Penya-serrada - Turismo Mutxamel","og_url":"https:\/\/turisme.mutxamel.org\/ca\/patrimoni\/jardins-de-penya-serrada\/","og_site_name":"Turismo Mutxamel","article_publisher":"https:\/\/www.facebook.com\/mutxamelturismo","article_modified_time":"2025-09-23T16:05:19+00:00","og_image":[{"width":333,"height":500,"url":"https:\/\/turisme.mutxamel.org\/wp-content\/uploads\/2023\/11\/JardinesP3.jpg","type":"image\/jpeg"}],"twitter_card":"summary_large_image","twitter_misc":{"Temps estimat de lectura":"3 minuts"},"schema":{"@context":"https:\/\/schema.org","@graph":[{"@type":"WebPage","@id":"https:\/\/turisme.mutxamel.org\/ca\/patrimoni\/jardins-de-penya-serrada\/","url":"https:\/\/turisme.mutxamel.org\/ca\/patrimoni\/jardins-de-penya-serrada\/","name":"Jardins de Penya-serrada - Turismo Mutxamel","isPartOf":{"@id":"https:\/\/turisme.mutxamel.org\/ca\/#website"},"primaryImageOfPage":{"@id":"https:\/\/turisme.mutxamel.org\/ca\/patrimoni\/jardins-de-penya-serrada\/#primaryimage"},"image":{"@id":"https:\/\/turisme.mutxamel.org\/ca\/patrimoni\/jardins-de-penya-serrada\/#primaryimage"},"thumbnailUrl":"https:\/\/turisme.mutxamel.org\/wp-content\/uploads\/2023\/11\/JardinesP3.jpg","datePublished":"2023-11-10T10:11:22+00:00","dateModified":"2025-09-23T16:05:19+00:00","breadcrumb":{"@id":"https:\/\/turisme.mutxamel.org\/ca\/patrimoni\/jardins-de-penya-serrada\/#breadcrumb"},"inLanguage":"ca","potentialAction":[{"@type":"ReadAction","target":["https:\/\/turisme.mutxamel.org\/ca\/patrimoni\/jardins-de-penya-serrada\/"]}]},{"@type":"ImageObject","inLanguage":"ca","@id":"https:\/\/turisme.mutxamel.org\/ca\/patrimoni\/jardins-de-penya-serrada\/#primaryimage","url":"https:\/\/turisme.mutxamel.org\/wp-content\/uploads\/2023\/11\/JardinesP3.jpg","contentUrl":"https:\/\/turisme.mutxamel.org\/wp-content\/uploads\/2023\/11\/JardinesP3.jpg","width":333,"height":500,"caption":"Jardines de Penacerrada"},{"@type":"BreadcrumbList","@id":"https:\/\/turisme.mutxamel.org\/ca\/patrimoni\/jardins-de-penya-serrada\/#breadcrumb","itemListElement":[{"@type":"ListItem","position":1,"name":"Portada","item":"https:\/\/turisme.mutxamel.org\/ca\/inicio\/"},{"@type":"ListItem","position":2,"name":"Patrimoni","item":"https:\/\/turisme.mutxamel.org\/ca\/patrimoni\/"},{"@type":"ListItem","position":3,"name":"Jardins de Penya-serrada"}]},{"@type":"WebSite","@id":"https:\/\/turisme.mutxamel.org\/ca\/#website","url":"https:\/\/turisme.mutxamel.org\/ca\/","name":"Turismo Mutxamel","description":"","publisher":{"@id":"https:\/\/turisme.mutxamel.org\/ca\/#organization"},"potentialAction":[{"@type":"SearchAction","target":{"@type":"EntryPoint","urlTemplate":"https:\/\/turisme.mutxamel.org\/ca\/?s={search_term_string}"},"query-input":{"@type":"PropertyValueSpecification","valueRequired":true,"valueName":"search_term_string"}}],"inLanguage":"ca"},{"@type":"Organization","@id":"https:\/\/turisme.mutxamel.org\/ca\/#organization","name":"Turismo Mutxamel","url":"https:\/\/turisme.mutxamel.org\/ca\/","logo":{"@type":"ImageObject","inLanguage":"ca","@id":"https:\/\/turisme.mutxamel.org\/ca\/#\/schema\/logo\/image\/","url":"https:\/\/turisme.mutxamel.org\/wp-content\/uploads\/2024\/01\/logo-turismo-mutxamel.jpg","contentUrl":"https:\/\/turisme.mutxamel.org\/wp-content\/uploads\/2024\/01\/logo-turismo-mutxamel.jpg","width":195,"height":81,"caption":"Turismo Mutxamel"},"image":{"@id":"https:\/\/turisme.mutxamel.org\/ca\/#\/schema\/logo\/image\/"},"sameAs":["https:\/\/www.facebook.com\/mutxamelturismo","https:\/\/www.instagram.com\/mutxamelturismo\/","https:\/\/www.youtube.com\/aytomutxamel"]}]}},"_links":{"self":[{"href":"https:\/\/turisme.mutxamel.org\/ca\/wp-json\/wp\/v2\/pages\/1165","targetHints":{"allow":["GET"]}}],"collection":[{"href":"https:\/\/turisme.mutxamel.org\/ca\/wp-json\/wp\/v2\/pages"}],"about":[{"href":"https:\/\/turisme.mutxamel.org\/ca\/wp-json\/wp\/v2\/types\/page"}],"author":[{"embeddable":true,"href":"https:\/\/turisme.mutxamel.org\/ca\/wp-json\/wp\/v2\/users\/1"}],"replies":[{"embeddable":true,"href":"https:\/\/turisme.mutxamel.org\/ca\/wp-json\/wp\/v2\/comments?post=1165"}],"version-history":[{"count":14,"href":"https:\/\/turisme.mutxamel.org\/ca\/wp-json\/wp\/v2\/pages\/1165\/revisions"}],"predecessor-version":[{"id":16112,"href":"https:\/\/turisme.mutxamel.org\/ca\/wp-json\/wp\/v2\/pages\/1165\/revisions\/16112"}],"up":[{"embeddable":true,"href":"https:\/\/turisme.mutxamel.org\/ca\/wp-json\/wp\/v2\/pages\/1132"}],"wp:featuredmedia":[{"embeddable":true,"href":"https:\/\/turisme.mutxamel.org\/ca\/wp-json\/wp\/v2\/media\/341"}],"wp:attachment":[{"href":"https:\/\/turisme.mutxamel.org\/ca\/wp-json\/wp\/v2\/media?parent=1165"}],"wp:term":[{"taxonomy":"clasificacion","embeddable":true,"href":"https:\/\/turisme.mutxamel.org\/ca\/wp-json\/wp\/v2\/clasificacion?post=1165"}],"curies":[{"name":"wp","href":"https:\/\/api.w.org\/{rel}","templated":true}]}}