{"id":1171,"date":"2023-11-10T11:34:06","date_gmt":"2023-11-10T10:34:06","guid":{"rendered":"https:\/\/turisme.mutxamel.org\/patrimoni\/parque-municipal-el-canyar-de-les-portelles\/"},"modified":"2026-02-23T13:00:27","modified_gmt":"2026-02-23T12:00:27","slug":"parc-municipal-el-canyar-de-les-portelles","status":"publish","type":"page","link":"https:\/\/turisme.mutxamel.org\/ca\/patrimoni\/parc-municipal-el-canyar-de-les-portelles\/","title":{"rendered":"Parc Municipal El Canyar de les Portelles"},"content":{"rendered":"<section class=\"l-section wpb_row height_auto width_full\"><div class=\"l-section-h i-cf\"><div class=\"g-cols vc_row via_grid cols_1 laptops-cols_inherit tablets-cols_inherit mobiles-cols_1 valign_top type_default stacking_default\"><div class=\"wpb_column vc_column_container\"><div class=\"vc_column-inner\"><section class=\"l-section wpb_row us_custom_d4a759fd height_auto width_full with_slider\"><div class=\"l-section-slider\"><div class=\"w-slider style_none fit_cover nav_none count_6\"><div class=\"w-slider-h\" aria-hidden=\"true\"><div class=\"royalSlider\"><div class=\"rsContent\"><a class=\"rsImg\" data-rsw=\"960\" data-rsh=\"640\" href=\"https:\/\/turisme.mutxamel.org\/wp-content\/uploads\/2023\/11\/ravalet_acastillo_2.jpg\"><span data-alt=\"Fiestas Ravalet\"><\/span><\/a><\/div><div class=\"rsContent\"><a class=\"rsImg\" data-rsw=\"1200\" data-rsh=\"800\" href=\"https:\/\/turisme.mutxamel.org\/wp-content\/uploads\/2023\/11\/encuentro-viernes-5.jpg\"><span data-alt=\"Semana Santa\"><\/span><\/a><\/div><div class=\"rsContent\"><a class=\"rsImg\" data-rsw=\"500\" data-rsh=\"333\" href=\"https:\/\/turisme.mutxamel.org\/wp-content\/uploads\/2023\/11\/JardinesP1.jpg\"><span data-alt=\"Jardines de Penacerrada\"><\/span><\/a><\/div><div class=\"rsContent\"><a class=\"rsImg\" data-rsw=\"1200\" data-rsh=\"800\" href=\"https:\/\/turisme.mutxamel.org\/wp-content\/uploads\/2023\/11\/festes2018-9530.jpg\"><span data-alt=\"Moros y Cristianos\"><\/span><\/a><\/div><div class=\"rsContent\"><a class=\"rsImg\" data-rsw=\"500\" data-rsh=\"333\" href=\"https:\/\/turisme.mutxamel.org\/wp-content\/uploads\/2023\/11\/placa1.jpg\"><span data-alt=\"Plaza Nova\"><\/span><\/a><\/div><div class=\"rsContent\"><a class=\"rsImg\" data-rsw=\"2048\" data-rsh=\"1367\" href=\"https:\/\/turisme.mutxamel.org\/wp-content\/uploads\/2023\/11\/83274901_599353250640284_6588852257268170752_o_599353243973618.jpg\"><span data-alt=\"Cabalgata de Reyes\"><\/span><\/a><\/div><\/div><img decoding=\"async\" src=\"https:\/\/turisme.mutxamel.org\/wp-content\/uploads\/2023\/11\/ravalet_acastillo_2.jpg\" width=\"960\" height=\"640\" alt=\"Fiestas Ravalet\" loading=\"lazy\"><\/div><div class=\"w-slider-json\" onclick='return {&quot;autoScaleSlider&quot;:true,&quot;addActiveClass&quot;:true,&quot;loop&quot;:true,&quot;fadeInLoadedSlide&quot;:false,&quot;slidesSpacing&quot;:0,&quot;imageScalePadding&quot;:0,&quot;numImagesToPreload&quot;:2,&quot;arrowsNav&quot;:false,&quot;arrowsNavAutoHide&quot;:false,&quot;transitionType&quot;:&quot;fade&quot;,&quot;transitionSpeed&quot;:1000,&quot;block&quot;:{&quot;moveEffect&quot;:&quot;none&quot;,&quot;speed&quot;:300},&quot;thumbs&quot;:{&quot;fitInViewport&quot;:false,&quot;firstMargin&quot;:false,&quot;spacing&quot;:4},&quot;controlNavigation&quot;:&quot;none&quot;,&quot;autoplay&quot;:{&quot;enabled&quot;:true,&quot;pauseOnHover&quot;:false,&quot;delay&quot;:3000},&quot;autoScaleSliderWidth&quot;:960,&quot;autoScaleSliderHeight&quot;:640}'><\/div><\/div><\/div><div class=\"l-section-overlay\" style=\"background:rgba(13,131,62,0.80)\"><\/div><div class=\"l-section-h i-cf\"><div class=\"g-cols vc_row via_grid cols_1 laptops-cols_inherit tablets-cols_inherit mobiles-cols_1 valign_top type_default stacking_default\"><div class=\"wpb_column vc_column_container us_custom_eb849559\"><div class=\"vc_column-inner\"><div class=\"wpb_text_column us_custom_3e734877 has_text_color\"><div class=\"wpb_wrapper\"><p>QU\u00c8 VEURE<\/p>\n<\/div><\/div><\/div><\/div><\/div><\/div><\/section><section class=\"l-section wpb_row height_auto width_full color_primary\"><div class=\"l-section-overlay\" style=\"background:#000000\"><\/div><div class=\"l-section-h i-cf\"><div class=\"g-cols vc_row via_grid cols_1 laptops-cols_inherit tablets-cols_inherit mobiles-cols_1 valign_top type_default stacking_default\"><div class=\"wpb_column vc_column_container\"><div class=\"vc_column-inner\"><section class=\"l-section wpb_row height_auto\"><div class=\"l-section-overlay\" style=\"background:#000000\"><\/div><div class=\"l-section-h i-cf\"><div class=\"g-cols vc_row via_grid cols_1 laptops-cols_inherit tablets-cols_inherit mobiles-cols_1 valign_top type_default stacking_default\"><div class=\"wpb_column vc_column_container\"><div class=\"vc_column-inner\"><div class=\"w-separator size_small\"><\/div><div class=\"w-separator size_small\"><\/div><\/div><\/div><\/div><\/div><\/section>\n<\/div><\/div><\/div><\/div><\/section><section class=\"l-section wpb_row height_auto width_full\"><div class=\"l-section-h i-cf\"><div class=\"g-cols vc_row via_grid cols_1 laptops-cols_inherit tablets-cols_inherit mobiles-cols_1 valign_top type_default stacking_default\"><div class=\"wpb_column vc_column_container\"><div class=\"vc_column-inner\"><section class=\"l-section wpb_row us_custom_e4988f48 has_text_color height_auto\"><div class=\"l-section-overlay\" style=\"background:#E3E4E4\"><\/div><div class=\"l-section-h i-cf\"><div class=\"g-cols vc_row via_grid cols_1 laptops-cols_inherit tablets-cols_inherit mobiles-cols_1 valign_top type_default stacking_default\"><div class=\"wpb_column vc_column_container\"><div class=\"vc_column-inner\"><nav class=\"g-breadcrumbs us_custom_492179a4 separator_icon align_left\" itemscope itemtype=\"http:\/\/schema.org\/BreadcrumbList\"><div class=\"g-breadcrumbs-item\" itemscope itemprop=\"itemListElement\" itemtype=\"http:\/\/schema.org\/ListItem\"><a itemprop=\"item\" href=\"https:\/\/turisme.mutxamel.org\/ca\/\"><span itemprop=\"name\">Inici<\/span><\/a><meta itemprop=\"position\" content=\"1\"\/><\/div><div class=\"g-breadcrumbs-separator\"><i class=\"far fa-angle-right\"><\/i><\/div><div class=\"g-breadcrumbs-item\">P\u00e0gines<\/div><\/nav><\/div><\/div><\/div><\/div><\/section><section class=\"l-section wpb_row height_auto\"><div class=\"l-section-h i-cf\"><div class=\"g-cols vc_row via_grid cols_1 laptops-cols_inherit tablets-cols_inherit mobiles-cols_1 valign_top type_default stacking_default\"><div class=\"wpb_column vc_column_container\"><div class=\"vc_column-inner\"><div class=\"w-separator size_small\"><\/div><\/div><\/div><\/div><\/div><\/section>\n<\/div><\/div><\/div><\/div><\/section>\n<\/div><\/div><\/div><\/div><\/section><section class=\"l-section wpb_row height_small\"><div class=\"l-section-h i-cf\"><div class=\"g-cols vc_row via_grid cols_1 laptops-cols_inherit tablets-cols_inherit mobiles-cols_1 valign_top type_default stacking_default\"><div class=\"wpb_column vc_column_container\"><div class=\"vc_column-inner\"><div id=\"ultimate-heading-711369f0d03bd8b0a\" class=\"uvc-heading ult-adjust-bottom-margin ultimate-heading-711369f0d03bd8b0a uvc-5260 \" data-hspacer=\"no_spacer\"  data-halign=\"left\" style=\"text-align:left\"><div class=\"uvc-heading-spacer no_spacer\" style=\"top\"><\/div><div class=\"uvc-main-heading ult-responsive\"  data-ultimate-target='.uvc-heading.ultimate-heading-711369f0d03bd8b0a h1'  data-responsive-json-new='{\"font-size\":\"\",\"line-height\":\"\"}' ><h1 style=\"font-weight:normal;\">Parc Municipal El Canyar de les Portelles<\/h1><\/div><\/div><div class=\"w-separator size_small\"><\/div><\/div><\/div><\/div><\/div><\/section><section class=\"l-section wpb_row height_auto\"><div class=\"l-section-h i-cf\"><div class=\"g-cols vc_row via_grid cols_2 laptops-cols_inherit tablets-cols_inherit mobiles-cols_1 valign_top type_default stacking_default\"><div class=\"wpb_column vc_column_container\"><div class=\"vc_column-inner\"><div class=\"wpb_text_column\"><div class=\"wpb_wrapper\"><p>El nucli urb\u00e0 disposa a m\u00e9s d\u00b4un pulm\u00f3 verd com \u00e9s el Parc Municipal \u201cEl Canyar de les Portelles\u201d. Ubicat enfront de la Casa de Cultura \u00e9s l\u00b4espai natural m\u00e9s important de l\u00b4interior del municipi.<\/p>\n<\/div><\/div><\/div><\/div><div class=\"wpb_column vc_column_container\"><div class=\"vc_column-inner\"><div class=\"wpb_text_column\"><div class=\"wpb_wrapper\"><p>S\u2019hi pot disfrutar d\u00b4un entorn harm\u00f2nic i relaxat on passejar i gaudir dels m\u00faltiples actes a l\u00b4aire lliure que s\u00b4hi organitzen.<\/p>\n<\/div><\/div><\/div><\/div><\/div><\/div><\/section><section class=\"l-section wpb_row height_auto\"><div class=\"l-section-h i-cf\"><div class=\"g-cols vc_row via_grid cols_1 laptops-cols_inherit tablets-cols_inherit mobiles-cols_1 valign_top type_default stacking_default\"><div class=\"wpb_column vc_column_container\"><div class=\"vc_column-inner\"><div class=\"w-separator size_large\"><\/div><\/div><\/div><\/div><\/div><\/section><section class=\"l-section wpb_row height_medium\"><div class=\"l-section-overlay\" style=\"background:#E3E4E4\"><\/div><div class=\"l-section-h i-cf\"><div class=\"g-cols vc_row via_grid cols_1 laptops-cols_inherit tablets-cols_inherit mobiles-cols_1 valign_top type_default stacking_default\"><div class=\"wpb_column vc_column_container\"><div class=\"vc_column-inner\"><div class=\"w-iconbox iconpos_left style_default color_custom align_left no_title\"><div class=\"w-iconbox-icon\" style=\"font-size:1.5rem;--icon-color:#0D803E;\"><i class=\"fas fa-map-marker-alt\"><\/i><\/div><div class=\"w-iconbox-meta\"><div class=\"w-iconbox-text\"><p><a href=\"https:\/\/maps.app.goo.gl\/PS8mWMQNDWnAAQPA8\">C\/Joan XXIII, 48, 03110 Mutxamel, Alicante<\/a><\/p>\n<\/div><\/div><\/div><\/div><\/div><\/div><\/div><\/section><section class=\"l-section wpb_row height_medium\"><div class=\"l-section-overlay\" style=\"background:#E3E4E4\"><\/div><div class=\"l-section-h i-cf\"><div class=\"g-cols vc_row via_grid cols_1 laptops-cols_inherit tablets-cols_inherit mobiles-cols_1 valign_top type_default stacking_default\"><div class=\"wpb_column vc_column_container\"><div class=\"vc_column-inner\"><div class=\"w-iconbox iconpos_left style_default color_custom align_left\"><div class=\"w-iconbox-icon\" style=\"font-size:1.5rem;--icon-color:#0D803E;\"><i class=\"fas fa-clock\"><\/i><\/div><div class=\"w-iconbox-meta\"><h6 class=\"w-iconbox-title\">HORARIO<\/h6><div class=\"w-iconbox-text\"><p><strong>ESTIU:<\/strong><\/p>\n<p>Del 15 de juny a 15 de setembre de 10.00 a 23.00<\/p>\n<p><strong>HIVERN:<\/strong><\/p>\n<p>Del 16 de setembre al 31 de mar\u00e7 de 10.00 a 20.00<\/p>\n<p>De l&#8217;1 d&#8217;abril al 14 de juny de 10.00 a 21.00<\/p>\n<p><strong>TANCAT<\/strong> del 8 al 13 de setembre<\/p>\n<p>*No est\u00e0 permesa l&#8217;entrada d&#8217;animals<\/p>\n<\/div><\/div><\/div><\/div><\/div><\/div><\/div><\/section><section class=\"l-section wpb_row height_large\"><div class=\"l-section-h i-cf\"><div class=\"g-cols vc_row via_grid cols_1 laptops-cols_inherit tablets-cols_inherit mobiles-cols_1 valign_top type_default stacking_default\"><div class=\"wpb_column vc_column_container\"><div class=\"vc_column-inner\"><div class=\"w-actionbox us_custom_74a0e6c7 color_secondary controls_right\"><div class=\"w-actionbox-text\"><p class=\"w-actionbox-title\">Realitzar el Tour Virtual 360\u00ba<\/p><\/div><div class=\"w-actionbox-controls\"><a class=\"w-btn us-btn-style_5 icon_atleft\" style=\"font-size:1.1rem\" target=\"_blank\" href=\"https:\/\/api.lookishtg.com\/360\/alicante-provincia\/mutxamel\/parquecanyar\/index.htm\"><i class=\"fas fa-vr-cardboard\"><\/i><span class=\"w-btn-label\">Clic ac\u00ed<\/span><\/a><\/div><\/div><div class=\"w-separator size_medium\"><\/div><div class=\"w-gallery fit_cover type_metro_1 action_popup_image ratio_1x1 count_7\" style=\"--columns:4;--items-gap:10px;\"><div class=\"w-gallery-list\"><div class=\"w-gallery-item\"><div class=\"w-gallery-item-img\"><img loading=\"lazy\" decoding=\"async\" width=\"500\" height=\"333\" src=\"https:\/\/turisme.mutxamel.org\/wp-content\/uploads\/2023\/11\/parc8.jpg\" class=\"attachment-full size-full\" alt=\"Parque Municipal El Canyar\" srcset=\"https:\/\/turisme.mutxamel.org\/wp-content\/uploads\/2023\/11\/parc8.jpg 500w, https:\/\/turisme.mutxamel.org\/wp-content\/uploads\/2023\/11\/parc8-300x200.jpg 300w\" sizes=\"auto, (max-width: 500px) 100vw, 500px\" \/><\/div><a class=\"w-gallery-item-link\" aria-label=\"Parque Municipal El Canyar\" href=\"https:\/\/turisme.mutxamel.org\/wp-content\/uploads\/2023\/11\/parc8.jpg\"><\/a><\/div><div class=\"w-gallery-item\"><div class=\"w-gallery-item-img\"><img loading=\"lazy\" decoding=\"async\" width=\"500\" height=\"375\" src=\"https:\/\/turisme.mutxamel.org\/wp-content\/uploads\/2023\/11\/parc6.jpg\" class=\"attachment-full size-full\" alt=\"Parque Municipal El Canyar\" srcset=\"https:\/\/turisme.mutxamel.org\/wp-content\/uploads\/2023\/11\/parc6.jpg 500w, https:\/\/turisme.mutxamel.org\/wp-content\/uploads\/2023\/11\/parc6-300x225.jpg 300w\" sizes=\"auto, (max-width: 500px) 100vw, 500px\" \/><\/div><a class=\"w-gallery-item-link\" aria-label=\"OLYMPUS DIGITAL CAMERA\" href=\"https:\/\/turisme.mutxamel.org\/wp-content\/uploads\/2023\/11\/parc6.jpg\"><\/a><\/div><div class=\"w-gallery-item\"><div class=\"w-gallery-item-img\"><img loading=\"lazy\" decoding=\"async\" width=\"500\" height=\"375\" src=\"https:\/\/turisme.mutxamel.org\/wp-content\/uploads\/2023\/11\/parc5.jpg\" class=\"attachment-full size-full\" alt=\"Parque Municipal El Canyar\" srcset=\"https:\/\/turisme.mutxamel.org\/wp-content\/uploads\/2023\/11\/parc5.jpg 500w, https:\/\/turisme.mutxamel.org\/wp-content\/uploads\/2023\/11\/parc5-300x225.jpg 300w\" sizes=\"auto, (max-width: 500px) 100vw, 500px\" \/><\/div><a class=\"w-gallery-item-link\" aria-label=\"OLYMPUS DIGITAL CAMERA\" href=\"https:\/\/turisme.mutxamel.org\/wp-content\/uploads\/2023\/11\/parc5.jpg\"><\/a><\/div><div class=\"w-gallery-item\"><div class=\"w-gallery-item-img\"><img loading=\"lazy\" decoding=\"async\" width=\"375\" height=\"500\" src=\"https:\/\/turisme.mutxamel.org\/wp-content\/uploads\/2023\/11\/parc4.jpg\" class=\"attachment-full size-full\" alt=\"Parque Municipal El Canyar\" srcset=\"https:\/\/turisme.mutxamel.org\/wp-content\/uploads\/2023\/11\/parc4.jpg 375w, https:\/\/turisme.mutxamel.org\/wp-content\/uploads\/2023\/11\/parc4-225x300.jpg 225w\" sizes=\"auto, (max-width: 375px) 100vw, 375px\" \/><\/div><a class=\"w-gallery-item-link\" aria-label=\"Parque Municipal El Canyar\" href=\"https:\/\/turisme.mutxamel.org\/wp-content\/uploads\/2023\/11\/parc4.jpg\"><\/a><\/div><div class=\"w-gallery-item\"><div class=\"w-gallery-item-img\"><img loading=\"lazy\" decoding=\"async\" width=\"375\" height=\"500\" src=\"https:\/\/turisme.mutxamel.org\/wp-content\/uploads\/2023\/11\/parc3.jpg\" class=\"attachment-full size-full\" alt=\"Parque Municipal El Canyar\" srcset=\"https:\/\/turisme.mutxamel.org\/wp-content\/uploads\/2023\/11\/parc3.jpg 375w, https:\/\/turisme.mutxamel.org\/wp-content\/uploads\/2023\/11\/parc3-225x300.jpg 225w\" sizes=\"auto, (max-width: 375px) 100vw, 375px\" \/><\/div><a class=\"w-gallery-item-link\" aria-label=\"Parque Municipal El Canyar\" href=\"https:\/\/turisme.mutxamel.org\/wp-content\/uploads\/2023\/11\/parc3.jpg\"><\/a><\/div><div class=\"w-gallery-item\"><div class=\"w-gallery-item-img\"><img loading=\"lazy\" decoding=\"async\" width=\"500\" height=\"375\" src=\"https:\/\/turisme.mutxamel.org\/wp-content\/uploads\/2023\/11\/parc2.jpg\" class=\"attachment-full size-full\" alt=\"Parque Municipal El Canyar\" srcset=\"https:\/\/turisme.mutxamel.org\/wp-content\/uploads\/2023\/11\/parc2.jpg 500w, https:\/\/turisme.mutxamel.org\/wp-content\/uploads\/2023\/11\/parc2-300x225.jpg 300w\" sizes=\"auto, (max-width: 500px) 100vw, 500px\" \/><\/div><a class=\"w-gallery-item-link\" aria-label=\"OLYMPUS DIGITAL CAMERA\" href=\"https:\/\/turisme.mutxamel.org\/wp-content\/uploads\/2023\/11\/parc2.jpg\"><\/a><\/div><div class=\"w-gallery-item\"><div class=\"w-gallery-item-img\"><img loading=\"lazy\" decoding=\"async\" width=\"500\" height=\"375\" src=\"https:\/\/turisme.mutxamel.org\/wp-content\/uploads\/2023\/11\/parc1.jpg\" class=\"attachment-full size-full\" alt=\"Parque Municipal El Canyar\" srcset=\"https:\/\/turisme.mutxamel.org\/wp-content\/uploads\/2023\/11\/parc1.jpg 500w, https:\/\/turisme.mutxamel.org\/wp-content\/uploads\/2023\/11\/parc1-300x225.jpg 300w\" sizes=\"auto, (max-width: 500px) 100vw, 500px\" \/><\/div><a class=\"w-gallery-item-link\" aria-label=\"OLYMPUS DIGITAL CAMERA\" href=\"https:\/\/turisme.mutxamel.org\/wp-content\/uploads\/2023\/11\/parc1.jpg\"><\/a><\/div><\/div><\/div><\/div><\/div><\/div><\/div><\/section><section class=\"l-section wpb_row height_auto\"><div class=\"l-section-overlay\" style=\"background:#E3E4E4\"><\/div><div class=\"l-section-h i-cf\"><div class=\"g-cols vc_row via_grid cols_1 laptops-cols_inherit tablets-cols_inherit mobiles-cols_1 valign_top type_default stacking_default\" style=\"--columns-gap:0rem;\"><div class=\"wpb_column vc_column_container\"><div class=\"vc_column-inner\"><section class=\"l-section wpb_row us_custom_8591a7b2 height_medium\" id=\"fila-otros-elementos\"><div class=\"l-section-overlay\" style=\"background:#E3E4E4\"><\/div><div class=\"l-section-h i-cf\"><div class=\"g-cols vc_row via_grid cols_1 laptops-cols_inherit tablets-cols_inherit mobiles-cols_1 valign_top type_default stacking_default\" style=\"--columns-gap:0rem;\"><div class=\"wpb_column vc_column_container us_custom_8591a7b2\"><div class=\"vc_column-inner\"><\/div><\/div><\/div><\/div><\/section>\n<\/div><\/div><\/div><\/div><\/section>\n","protected":false},"excerpt":{"rendered":"QU\u00c8 VEURE IniciP\u00e0gines Parc Municipal El Canyar de les PortellesEl nucli urb\u00e0 disposa a m\u00e9s d\u00b4un pulm\u00f3 verd com \u00e9s el Parc Municipal \u201cEl Canyar de les Portelles\u201d. Ubicat enfront de la Casa de Cultura \u00e9s l\u00b4espai natural m\u00e9s important de l\u00b4interior del municipi. S\u2019hi pot disfrutar d\u00b4un entorn harm\u00f2nic i relaxat on passejar i...","protected":false},"author":1,"featured_media":349,"parent":1132,"menu_order":102,"comment_status":"closed","ping_status":"closed","template":"","meta":{"footnotes":""},"clasificacion":[14],"class_list":["post-1171","page","type-page","status-publish","has-post-thumbnail","hentry","clasificacion-patrimonio"],"yoast_head":"<!-- This site is optimized with the Yoast SEO plugin v27.4 - https:\/\/yoast.com\/product\/yoast-seo-wordpress\/ -->\n<title>Parc Municipal El Canyar de les Portelles - Turismo Mutxamel<\/title>\n<meta name=\"robots\" content=\"index, follow, max-snippet:-1, max-image-preview:large, max-video-preview:-1\" \/>\n<link rel=\"canonical\" href=\"https:\/\/turisme.mutxamel.org\/ca\/patrimoni\/parc-municipal-el-canyar-de-les-portelles\/\" \/>\n<meta property=\"og:locale\" content=\"ca_ES\" \/>\n<meta property=\"og:type\" content=\"article\" \/>\n<meta property=\"og:title\" content=\"Parc Municipal El Canyar de les Portelles - Turismo Mutxamel\" \/>\n<meta property=\"og:url\" content=\"https:\/\/turisme.mutxamel.org\/ca\/patrimoni\/parc-municipal-el-canyar-de-les-portelles\/\" \/>\n<meta property=\"og:site_name\" content=\"Turismo Mutxamel\" \/>\n<meta property=\"article:publisher\" content=\"https:\/\/www.facebook.com\/mutxamelturismo\" \/>\n<meta property=\"article:modified_time\" content=\"2026-02-23T12:00:27+00:00\" \/>\n<meta property=\"og:image\" content=\"https:\/\/turisme.mutxamel.org\/wp-content\/uploads\/2023\/11\/parc1.jpg\" \/>\n\t<meta property=\"og:image:width\" content=\"500\" \/>\n\t<meta property=\"og:image:height\" content=\"375\" \/>\n\t<meta property=\"og:image:type\" content=\"image\/jpeg\" \/>\n<meta name=\"twitter:card\" content=\"summary_large_image\" \/>\n<meta name=\"twitter:label1\" content=\"Temps estimat de lectura\" \/>\n\t<meta name=\"twitter:data1\" content=\"2 minuts\" \/>\n<script type=\"application\/ld+json\" class=\"yoast-schema-graph\">{\"@context\":\"https:\\\/\\\/schema.org\",\"@graph\":[{\"@type\":\"WebPage\",\"@id\":\"https:\\\/\\\/turisme.mutxamel.org\\\/ca\\\/patrimoni\\\/parc-municipal-el-canyar-de-les-portelles\\\/\",\"url\":\"https:\\\/\\\/turisme.mutxamel.org\\\/ca\\\/patrimoni\\\/parc-municipal-el-canyar-de-les-portelles\\\/\",\"name\":\"Parc Municipal El Canyar de les Portelles - Turismo Mutxamel\",\"isPartOf\":{\"@id\":\"https:\\\/\\\/turisme.mutxamel.org\\\/ca\\\/#website\"},\"primaryImageOfPage\":{\"@id\":\"https:\\\/\\\/turisme.mutxamel.org\\\/ca\\\/patrimoni\\\/parc-municipal-el-canyar-de-les-portelles\\\/#primaryimage\"},\"image\":{\"@id\":\"https:\\\/\\\/turisme.mutxamel.org\\\/ca\\\/patrimoni\\\/parc-municipal-el-canyar-de-les-portelles\\\/#primaryimage\"},\"thumbnailUrl\":\"https:\\\/\\\/turisme.mutxamel.org\\\/wp-content\\\/uploads\\\/2023\\\/11\\\/parc1.jpg\",\"datePublished\":\"2023-11-10T10:34:06+00:00\",\"dateModified\":\"2026-02-23T12:00:27+00:00\",\"breadcrumb\":{\"@id\":\"https:\\\/\\\/turisme.mutxamel.org\\\/ca\\\/patrimoni\\\/parc-municipal-el-canyar-de-les-portelles\\\/#breadcrumb\"},\"inLanguage\":\"ca\",\"potentialAction\":[{\"@type\":\"ReadAction\",\"target\":[\"https:\\\/\\\/turisme.mutxamel.org\\\/ca\\\/patrimoni\\\/parc-municipal-el-canyar-de-les-portelles\\\/\"]}]},{\"@type\":\"ImageObject\",\"inLanguage\":\"ca\",\"@id\":\"https:\\\/\\\/turisme.mutxamel.org\\\/ca\\\/patrimoni\\\/parc-municipal-el-canyar-de-les-portelles\\\/#primaryimage\",\"url\":\"https:\\\/\\\/turisme.mutxamel.org\\\/wp-content\\\/uploads\\\/2023\\\/11\\\/parc1.jpg\",\"contentUrl\":\"https:\\\/\\\/turisme.mutxamel.org\\\/wp-content\\\/uploads\\\/2023\\\/11\\\/parc1.jpg\",\"width\":500,\"height\":375,\"caption\":\"OLYMPUS DIGITAL CAMERA\"},{\"@type\":\"BreadcrumbList\",\"@id\":\"https:\\\/\\\/turisme.mutxamel.org\\\/ca\\\/patrimoni\\\/parc-municipal-el-canyar-de-les-portelles\\\/#breadcrumb\",\"itemListElement\":[{\"@type\":\"ListItem\",\"position\":1,\"name\":\"Portada\",\"item\":\"https:\\\/\\\/turisme.mutxamel.org\\\/ca\\\/inicio\\\/\"},{\"@type\":\"ListItem\",\"position\":2,\"name\":\"Patrimoni\",\"item\":\"https:\\\/\\\/turisme.mutxamel.org\\\/ca\\\/patrimoni\\\/\"},{\"@type\":\"ListItem\",\"position\":3,\"name\":\"Parc Municipal El Canyar de les Portelles\"}]},{\"@type\":\"WebSite\",\"@id\":\"https:\\\/\\\/turisme.mutxamel.org\\\/ca\\\/#website\",\"url\":\"https:\\\/\\\/turisme.mutxamel.org\\\/ca\\\/\",\"name\":\"Turismo Mutxamel\",\"description\":\"\",\"publisher\":{\"@id\":\"https:\\\/\\\/turisme.mutxamel.org\\\/ca\\\/#organization\"},\"potentialAction\":[{\"@type\":\"SearchAction\",\"target\":{\"@type\":\"EntryPoint\",\"urlTemplate\":\"https:\\\/\\\/turisme.mutxamel.org\\\/ca\\\/?s={search_term_string}\"},\"query-input\":{\"@type\":\"PropertyValueSpecification\",\"valueRequired\":true,\"valueName\":\"search_term_string\"}}],\"inLanguage\":\"ca\"},{\"@type\":\"Organization\",\"@id\":\"https:\\\/\\\/turisme.mutxamel.org\\\/ca\\\/#organization\",\"name\":\"Turismo Mutxamel\",\"url\":\"https:\\\/\\\/turisme.mutxamel.org\\\/ca\\\/\",\"logo\":{\"@type\":\"ImageObject\",\"inLanguage\":\"ca\",\"@id\":\"https:\\\/\\\/turisme.mutxamel.org\\\/ca\\\/#\\\/schema\\\/logo\\\/image\\\/\",\"url\":\"https:\\\/\\\/turisme.mutxamel.org\\\/wp-content\\\/uploads\\\/2024\\\/01\\\/logo-turismo-mutxamel.jpg\",\"contentUrl\":\"https:\\\/\\\/turisme.mutxamel.org\\\/wp-content\\\/uploads\\\/2024\\\/01\\\/logo-turismo-mutxamel.jpg\",\"width\":195,\"height\":81,\"caption\":\"Turismo Mutxamel\"},\"image\":{\"@id\":\"https:\\\/\\\/turisme.mutxamel.org\\\/ca\\\/#\\\/schema\\\/logo\\\/image\\\/\"},\"sameAs\":[\"https:\\\/\\\/www.facebook.com\\\/mutxamelturismo\",\"https:\\\/\\\/www.instagram.com\\\/mutxamelturismo\\\/\",\"https:\\\/\\\/www.youtube.com\\\/aytomutxamel\"]}]}<\/script>\n<!-- \/ Yoast SEO plugin. -->","yoast_head_json":{"title":"Parc Municipal El Canyar de les Portelles - Turismo Mutxamel","robots":{"index":"index","follow":"follow","max-snippet":"max-snippet:-1","max-image-preview":"max-image-preview:large","max-video-preview":"max-video-preview:-1"},"canonical":"https:\/\/turisme.mutxamel.org\/ca\/patrimoni\/parc-municipal-el-canyar-de-les-portelles\/","og_locale":"ca_ES","og_type":"article","og_title":"Parc Municipal El Canyar de les Portelles - Turismo Mutxamel","og_url":"https:\/\/turisme.mutxamel.org\/ca\/patrimoni\/parc-municipal-el-canyar-de-les-portelles\/","og_site_name":"Turismo Mutxamel","article_publisher":"https:\/\/www.facebook.com\/mutxamelturismo","article_modified_time":"2026-02-23T12:00:27+00:00","og_image":[{"width":500,"height":375,"url":"https:\/\/turisme.mutxamel.org\/wp-content\/uploads\/2023\/11\/parc1.jpg","type":"image\/jpeg"}],"twitter_card":"summary_large_image","twitter_misc":{"Temps estimat de lectura":"2 minuts"},"schema":{"@context":"https:\/\/schema.org","@graph":[{"@type":"WebPage","@id":"https:\/\/turisme.mutxamel.org\/ca\/patrimoni\/parc-municipal-el-canyar-de-les-portelles\/","url":"https:\/\/turisme.mutxamel.org\/ca\/patrimoni\/parc-municipal-el-canyar-de-les-portelles\/","name":"Parc Municipal El Canyar de les Portelles - Turismo Mutxamel","isPartOf":{"@id":"https:\/\/turisme.mutxamel.org\/ca\/#website"},"primaryImageOfPage":{"@id":"https:\/\/turisme.mutxamel.org\/ca\/patrimoni\/parc-municipal-el-canyar-de-les-portelles\/#primaryimage"},"image":{"@id":"https:\/\/turisme.mutxamel.org\/ca\/patrimoni\/parc-municipal-el-canyar-de-les-portelles\/#primaryimage"},"thumbnailUrl":"https:\/\/turisme.mutxamel.org\/wp-content\/uploads\/2023\/11\/parc1.jpg","datePublished":"2023-11-10T10:34:06+00:00","dateModified":"2026-02-23T12:00:27+00:00","breadcrumb":{"@id":"https:\/\/turisme.mutxamel.org\/ca\/patrimoni\/parc-municipal-el-canyar-de-les-portelles\/#breadcrumb"},"inLanguage":"ca","potentialAction":[{"@type":"ReadAction","target":["https:\/\/turisme.mutxamel.org\/ca\/patrimoni\/parc-municipal-el-canyar-de-les-portelles\/"]}]},{"@type":"ImageObject","inLanguage":"ca","@id":"https:\/\/turisme.mutxamel.org\/ca\/patrimoni\/parc-municipal-el-canyar-de-les-portelles\/#primaryimage","url":"https:\/\/turisme.mutxamel.org\/wp-content\/uploads\/2023\/11\/parc1.jpg","contentUrl":"https:\/\/turisme.mutxamel.org\/wp-content\/uploads\/2023\/11\/parc1.jpg","width":500,"height":375,"caption":"OLYMPUS DIGITAL CAMERA"},{"@type":"BreadcrumbList","@id":"https:\/\/turisme.mutxamel.org\/ca\/patrimoni\/parc-municipal-el-canyar-de-les-portelles\/#breadcrumb","itemListElement":[{"@type":"ListItem","position":1,"name":"Portada","item":"https:\/\/turisme.mutxamel.org\/ca\/inicio\/"},{"@type":"ListItem","position":2,"name":"Patrimoni","item":"https:\/\/turisme.mutxamel.org\/ca\/patrimoni\/"},{"@type":"ListItem","position":3,"name":"Parc Municipal El Canyar de les Portelles"}]},{"@type":"WebSite","@id":"https:\/\/turisme.mutxamel.org\/ca\/#website","url":"https:\/\/turisme.mutxamel.org\/ca\/","name":"Turismo Mutxamel","description":"","publisher":{"@id":"https:\/\/turisme.mutxamel.org\/ca\/#organization"},"potentialAction":[{"@type":"SearchAction","target":{"@type":"EntryPoint","urlTemplate":"https:\/\/turisme.mutxamel.org\/ca\/?s={search_term_string}"},"query-input":{"@type":"PropertyValueSpecification","valueRequired":true,"valueName":"search_term_string"}}],"inLanguage":"ca"},{"@type":"Organization","@id":"https:\/\/turisme.mutxamel.org\/ca\/#organization","name":"Turismo Mutxamel","url":"https:\/\/turisme.mutxamel.org\/ca\/","logo":{"@type":"ImageObject","inLanguage":"ca","@id":"https:\/\/turisme.mutxamel.org\/ca\/#\/schema\/logo\/image\/","url":"https:\/\/turisme.mutxamel.org\/wp-content\/uploads\/2024\/01\/logo-turismo-mutxamel.jpg","contentUrl":"https:\/\/turisme.mutxamel.org\/wp-content\/uploads\/2024\/01\/logo-turismo-mutxamel.jpg","width":195,"height":81,"caption":"Turismo Mutxamel"},"image":{"@id":"https:\/\/turisme.mutxamel.org\/ca\/#\/schema\/logo\/image\/"},"sameAs":["https:\/\/www.facebook.com\/mutxamelturismo","https:\/\/www.instagram.com\/mutxamelturismo\/","https:\/\/www.youtube.com\/aytomutxamel"]}]}},"_links":{"self":[{"href":"https:\/\/turisme.mutxamel.org\/ca\/wp-json\/wp\/v2\/pages\/1171","targetHints":{"allow":["GET"]}}],"collection":[{"href":"https:\/\/turisme.mutxamel.org\/ca\/wp-json\/wp\/v2\/pages"}],"about":[{"href":"https:\/\/turisme.mutxamel.org\/ca\/wp-json\/wp\/v2\/types\/page"}],"author":[{"embeddable":true,"href":"https:\/\/turisme.mutxamel.org\/ca\/wp-json\/wp\/v2\/users\/1"}],"replies":[{"embeddable":true,"href":"https:\/\/turisme.mutxamel.org\/ca\/wp-json\/wp\/v2\/comments?post=1171"}],"version-history":[{"count":7,"href":"https:\/\/turisme.mutxamel.org\/ca\/wp-json\/wp\/v2\/pages\/1171\/revisions"}],"predecessor-version":[{"id":17085,"href":"https:\/\/turisme.mutxamel.org\/ca\/wp-json\/wp\/v2\/pages\/1171\/revisions\/17085"}],"up":[{"embeddable":true,"href":"https:\/\/turisme.mutxamel.org\/ca\/wp-json\/wp\/v2\/pages\/1132"}],"wp:featuredmedia":[{"embeddable":true,"href":"https:\/\/turisme.mutxamel.org\/ca\/wp-json\/wp\/v2\/media\/349"}],"wp:attachment":[{"href":"https:\/\/turisme.mutxamel.org\/ca\/wp-json\/wp\/v2\/media?parent=1171"}],"wp:term":[{"taxonomy":"clasificacion","embeddable":true,"href":"https:\/\/turisme.mutxamel.org\/ca\/wp-json\/wp\/v2\/clasificacion?post=1171"}],"curies":[{"name":"wp","href":"https:\/\/api.w.org\/{rel}","templated":true}]}}