{"id":14390,"date":"2024-08-28T10:04:02","date_gmt":"2024-08-28T08:04:02","guid":{"rendered":"https:\/\/turisme.mutxamel.org\/?page_id=14390"},"modified":"2025-11-12T14:17:10","modified_gmt":"2025-11-12T13:17:10","slug":"ruta-dels-esmorzars","status":"publish","type":"page","link":"https:\/\/turisme.mutxamel.org\/ca\/turisme-gastronomic\/ruta-dels-esmorzars\/","title":{"rendered":"Ruta dels Esmorzars"},"content":{"rendered":"<section class=\"l-section wpb_row height_auto width_full\"><div class=\"l-section-h i-cf\"><div class=\"g-cols vc_row via_grid cols_1 laptops-cols_inherit tablets-cols_inherit mobiles-cols_1 valign_top type_default stacking_default\"><div class=\"wpb_column vc_column_container\"><div class=\"vc_column-inner\"><section class=\"l-section wpb_row us_custom_d4a759fd height_auto width_full with_slider\"><div class=\"l-section-slider\"><div class=\"w-slider style_none fit_cover nav_none count_5\"><div class=\"w-slider-h\" aria-hidden=\"true\"><div class=\"royalSlider\"><div class=\"rsContent\"><a class=\"rsImg\" data-rsw=\"1340\" data-rsh=\"400\" href=\"https:\/\/turisme.mutxamel.org\/wp-content\/uploads\/2023\/11\/assuts.jpg\"><span data-alt=\"Ruta Assut Mutxamel - Assut Sant Joan\"><\/span><\/a><\/div><div class=\"rsContent\"><a class=\"rsImg\" data-rsw=\"1123\" data-rsh=\"566\" href=\"https:\/\/turisme.mutxamel.org\/wp-content\/uploads\/2023\/11\/Mutxamel_Gastronomia_Pagina_02_Imagen_0002.jpg\"><span data-alt=\"Mutxamel Gastronomia\"><\/span><\/a><\/div><div class=\"rsContent\"><a class=\"rsImg\" data-rsw=\"1340\" data-rsh=\"400\" href=\"https:\/\/turisme.mutxamel.org\/wp-content\/uploads\/2023\/11\/cocons.jpg\"><span data-alt=\"Ruta Barranc del Cocons - Minas de Ocre\"><\/span><\/a><\/div><div class=\"rsContent\"><a class=\"rsImg\" data-rsw=\"2560\" data-rsh=\"1440\" href=\"https:\/\/turisme.mutxamel.org\/wp-content\/uploads\/2023\/11\/20180727_190720.jpg\"><span data-alt=\"Ruta de verano El Farolet\"><\/span><\/a><\/div><div class=\"rsContent\"><a class=\"rsImg\" data-rsw=\"1004\" data-rsh=\"388\" href=\"https:\/\/turisme.mutxamel.org\/wp-content\/uploads\/2023\/11\/rollos-de-anis.jpg\"><span data-alt=\"rollos de anis\"><\/span><\/a><\/div><\/div><img decoding=\"async\" src=\"https:\/\/turisme.mutxamel.org\/wp-content\/uploads\/2023\/11\/assuts.jpg\" width=\"1340\" height=\"400\" alt=\"Ruta Assut Mutxamel - Assut Sant Joan\" loading=\"lazy\"><\/div><div class=\"w-slider-json\" onclick='return {&quot;autoScaleSlider&quot;:true,&quot;addActiveClass&quot;:true,&quot;loop&quot;:true,&quot;fadeInLoadedSlide&quot;:false,&quot;slidesSpacing&quot;:0,&quot;imageScalePadding&quot;:0,&quot;numImagesToPreload&quot;:2,&quot;arrowsNav&quot;:false,&quot;arrowsNavAutoHide&quot;:false,&quot;transitionType&quot;:&quot;fade&quot;,&quot;transitionSpeed&quot;:1000,&quot;block&quot;:{&quot;moveEffect&quot;:&quot;none&quot;,&quot;speed&quot;:300},&quot;thumbs&quot;:{&quot;fitInViewport&quot;:false,&quot;firstMargin&quot;:false,&quot;spacing&quot;:4},&quot;controlNavigation&quot;:&quot;none&quot;,&quot;autoplay&quot;:{&quot;enabled&quot;:true,&quot;pauseOnHover&quot;:false,&quot;delay&quot;:3000},&quot;autoScaleSliderWidth&quot;:1340,&quot;autoScaleSliderHeight&quot;:400}'><\/div><\/div><\/div><div class=\"l-section-overlay\" style=\"background:rgba(13,131,62,0.80)\"><\/div><div class=\"l-section-h i-cf\"><div class=\"g-cols vc_row via_grid cols_1 laptops-cols_inherit tablets-cols_inherit mobiles-cols_1 valign_top type_default stacking_default\"><div class=\"wpb_column vc_column_container us_custom_eb849559\"><div class=\"vc_column-inner\"><div class=\"wpb_text_column us_custom_3e734877 has_text_color\"><div class=\"wpb_wrapper\"><p>QU\u00c8 FER<\/p>\n<\/div><\/div><\/div><\/div><\/div><\/div><\/section><section class=\"l-section wpb_row height_auto width_full color_primary\"><div class=\"l-section-overlay\" style=\"background:#000000\"><\/div><div class=\"l-section-h i-cf\"><div class=\"g-cols vc_row via_grid cols_1 laptops-cols_inherit tablets-cols_inherit mobiles-cols_1 valign_top type_default stacking_default\"><div class=\"wpb_column vc_column_container\"><div class=\"vc_column-inner\"><section class=\"l-section wpb_row height_auto\"><div class=\"l-section-overlay\" style=\"background:#000000\"><\/div><div class=\"l-section-h i-cf\"><div class=\"g-cols vc_row via_grid cols_1 laptops-cols_inherit tablets-cols_inherit mobiles-cols_1 valign_top type_default stacking_default\"><div class=\"wpb_column vc_column_container\"><div class=\"vc_column-inner\"><div class=\"w-separator size_small\"><\/div><div class=\"w-separator size_small\"><\/div><\/div><\/div><\/div><\/div><\/section>\n<\/div><\/div><\/div><\/div><\/section><section class=\"l-section wpb_row height_auto width_full\"><div class=\"l-section-h i-cf\"><div class=\"g-cols vc_row via_grid cols_1 laptops-cols_inherit tablets-cols_inherit mobiles-cols_1 valign_top type_default stacking_default\"><div class=\"wpb_column vc_column_container\"><div class=\"vc_column-inner\"><section class=\"l-section wpb_row us_custom_e4988f48 has_text_color height_auto\"><div class=\"l-section-overlay\" style=\"background:#E3E4E4\"><\/div><div class=\"l-section-h i-cf\"><div class=\"g-cols vc_row via_grid cols_1 laptops-cols_inherit tablets-cols_inherit mobiles-cols_1 valign_top type_default stacking_default\"><div class=\"wpb_column vc_column_container\"><div class=\"vc_column-inner\"><nav class=\"g-breadcrumbs us_custom_492179a4 separator_icon align_left\" itemscope itemtype=\"http:\/\/schema.org\/BreadcrumbList\"><div class=\"g-breadcrumbs-item\" itemscope itemprop=\"itemListElement\" itemtype=\"http:\/\/schema.org\/ListItem\"><a itemprop=\"item\" href=\"https:\/\/turisme.mutxamel.org\/ca\/\"><span itemprop=\"name\">Inici<\/span><\/a><meta itemprop=\"position\" content=\"1\"\/><\/div><div class=\"g-breadcrumbs-separator\"><i class=\"far fa-angle-right\"><\/i><\/div><div class=\"g-breadcrumbs-item\">P\u00e0gines<\/div><\/nav><\/div><\/div><\/div><\/div><\/section><section class=\"l-section wpb_row height_auto\"><div class=\"l-section-h i-cf\"><div class=\"g-cols vc_row via_grid cols_1 laptops-cols_inherit tablets-cols_inherit mobiles-cols_1 valign_top type_default stacking_default\"><div class=\"wpb_column vc_column_container\"><div class=\"vc_column-inner\"><div class=\"w-separator size_small\"><\/div><\/div><\/div><\/div><\/div><\/section>\n<\/div><\/div><\/div><\/div><\/section>\n<\/div><\/div><\/div><\/div><\/section><section class=\"l-section wpb_row height_small\"><div class=\"l-section-h i-cf\"><div class=\"g-cols vc_row via_grid cols_2-1 laptops-cols_inherit tablets-cols_inherit mobiles-cols_1 valign_top type_default stacking_default\"><div class=\"wpb_column vc_column_container\"><div class=\"vc_column-inner\"><div id=\"ultimate-heading-220869edf6ba8b18a\" class=\"uvc-heading ult-adjust-bottom-margin ultimate-heading-220869edf6ba8b18a uvc-9470 \" data-hspacer=\"no_spacer\"  data-halign=\"left\" style=\"text-align:left\"><div class=\"uvc-heading-spacer no_spacer\" style=\"top\"><\/div><div class=\"uvc-main-heading ult-responsive\"  data-ultimate-target='.uvc-heading.ultimate-heading-220869edf6ba8b18a h1'  data-responsive-json-new='{\"font-size\":\"\",\"line-height\":\"\"}' ><h1 style=\"font-weight:normal;\">Ruta dels Esmorzars<\/h1><\/div><\/div><div class=\"w-separator size_small\"><\/div><div class=\"wpb_text_column\"><div class=\"wpb_wrapper\"><p data-start=\"43\" data-end=\"127\"><strong data-start=\"43\" data-end=\"90\">II Ruta dels Esmorzars \u2013 Esmorza a Mutxamel<\/strong><\/p>\n<p data-start=\"43\" data-end=\"127\">Del 3 al 19 d\u2019octubre de 2025<\/p>\n<p data-start=\"129\" data-end=\"308\">Mutxamel celebra la segona edici\u00f3 de la seua\u00a0<strong data-start=\"174\" data-end=\"197\">Ruta dels Esmorzars<\/strong>, una cita gastron\u00f2mica que posa en valor aquesta tradici\u00f3 valenciana com a experi\u00e8ncia cultural i tur\u00edstica.<\/p>\n<p data-start=\"310\" data-end=\"493\">Durant 17 dies,\u00a0<strong data-start=\"326\" data-end=\"351\">17 bars i restaurants<\/strong>\u00a0del municipi oferiran men\u00fas d\u2019esmorzar complets \u2014amb olives o ensopegalls, entrep\u00e0, beguda i caf\u00e9 o cremaet\u2014 a un preu d\u2019entre\u00a0<strong data-start=\"479\" data-end=\"490\">7 i 9 \u20ac<\/strong>.<\/p>\n<p data-start=\"495\" data-end=\"653\">Una oportunitat per a gaudir de la gastronomia local i de l\u2019ambient acollidor de Mutxamel, on l\u2019esmorzar \u00e9s molt m\u00e9s que un menjar: \u00e9s un moment de trobada.<\/p>\n<p data-start=\"495\" data-end=\"653\">Participen els seg\u00fcents establiments:<\/p>\n<p data-start=\"495\" data-end=\"653\"><strong>Casc urb\u00e0:<\/strong>\u00a0Bar El Jetilla, Bar Sim\u00f3n, Bar Rosa, Cervecer\u00eda Ca Pinto, El Barecito, El Forn de la Mestra, Molimar I, Molimar II, Olmo Bar, Restaurante El Canyar de les Portelles, Ruta 40 Restaurante &amp; Bar,<strong>\u00a0Cervecer\u00eda Bon Profit,\u00a0Cervecer\u00eda Rafa\u2019s,\u00a0<\/strong>Cafeter\u00eda La Iglesia i Mes\u00f3n El Sotanillo.<\/p>\n<p data-start=\"495\" data-end=\"653\"><strong data-start=\"985\" data-end=\"1004\">Urbanitzacions:<\/strong>\u00a0La Almajada Coffee and Bread (La Almajada) i Bar-Rte Aeroclub Mutxamel (R\u00edo Park).<\/p>\n<\/div><\/div><\/div><\/div><div class=\"wpb_column vc_column_container\"><div class=\"vc_column-inner\"><div class=\"w-image us_custom_04c40667 align_none\"><a ref=\"magnificPopup\" href=\"https:\/\/turisme.mutxamel.org\/wp-content\/uploads\/2025\/11\/cartetlV-ALMUERZOS-VALENCIANO.png\" aria-label=\"cartetlV ALMUERZOS VALENCIANO\" class=\"w-image-h\"><img decoding=\"async\" width=\"724\" height=\"1024\" src=\"https:\/\/turisme.mutxamel.org\/wp-content\/uploads\/2025\/11\/cartetlV-ALMUERZOS-VALENCIANO-724x1024.png\" class=\"attachment-large size-large\" alt=\"\" loading=\"lazy\" srcset=\"https:\/\/turisme.mutxamel.org\/wp-content\/uploads\/2025\/11\/cartetlV-ALMUERZOS-VALENCIANO-724x1024.png 724w, https:\/\/turisme.mutxamel.org\/wp-content\/uploads\/2025\/11\/cartetlV-ALMUERZOS-VALENCIANO-212x300.png 212w, https:\/\/turisme.mutxamel.org\/wp-content\/uploads\/2025\/11\/cartetlV-ALMUERZOS-VALENCIANO.png 1414w\" sizes=\"auto, (max-width: 724px) 100vw, 724px\" \/><\/a><\/div><div class=\"w-separator size_medium\"><\/div><div class=\"w-iconbox iconpos_left style_default color_custom align_left no_text\"><a target=\"_blank\" href=\"https:\/\/turisme.mutxamel.org\/wp-content\/uploads\/2024\/09\/Folleto-Ruta-de-los-Almuerzos-val.pdf\" class=\"w-iconbox-link\" aria-label=\"Fullet Ruta dels Esmorzars\"><div class=\"w-iconbox-icon\" style=\"font-size:2rem;--icon-color:#0D803E;\"><i class=\"fas fa-file-pdf\"><\/i><\/div><\/a><div class=\"w-iconbox-meta\"><h6 class=\"w-iconbox-title\"><a target=\"_blank\" href=\"https:\/\/turisme.mutxamel.org\/wp-content\/uploads\/2024\/09\/Folleto-Ruta-de-los-Almuerzos-val.pdf\" class=\"w-iconbox-link\" aria-label=\"Fullet Ruta dels Esmorzars\">Fullet Ruta dels Esmorzars<\/a><\/h6><\/div><\/div><\/div><\/div><\/div><\/div><\/section><section class=\"l-section wpb_row height_small\"><div class=\"l-section-h i-cf\"><div class=\"g-cols vc_row via_grid cols_3 laptops-cols_inherit tablets-cols_inherit mobiles-cols_1 valign_top type_default stacking_default\"><div class=\"wpb_column vc_column_container hidden\"><div class=\"vc_column-inner\"><div class=\"wpb_text_column\"><div class=\"wpb_wrapper\"><ul>\n<li style=\"font-weight: 400;\">Bar El Jetilla<\/li>\n<li style=\"font-weight: 400;\">Bar Simon<\/li>\n<li style=\"font-weight: 400;\">Bar Rosa<\/li>\n<li style=\"font-weight: 400;\">Cafeter\u00eda Helader\u00eda La Llagrima<\/li>\n<li style=\"font-weight: 400;\">Cerv Mutxamel<\/li>\n<li style=\"font-weight: 400;\">Cerv Ca Pinto<\/li>\n<li style=\"font-weight: 400;\">Chimenera Gastrobar<\/li>\n<li style=\"font-weight: 400;\">El Barecito<\/li>\n<\/ul>\n<\/div><\/div><div class=\"w-separator size_medium\"><\/div><\/div><\/div><div class=\"wpb_column vc_column_container hidden\"><div class=\"vc_column-inner\"><div class=\"wpb_text_column\"><div class=\"wpb_wrapper\"><ul>\n<li style=\"font-weight: 400;\">El Forn de la Mestra<\/li>\n<li style=\"font-weight: 400;\">El Pernil<\/li>\n<li style=\"font-weight: 400;\">Molimar I<\/li>\n<li style=\"font-weight: 400;\">Molimar II<\/li>\n<li style=\"font-weight: 400;\">Molimar Plaza<\/li>\n<li style=\"font-weight: 400;\">Restaurant el Canyar de les Portelles<\/li>\n<li style=\"font-weight: 400;\">Ruta 40 Restaurante &amp; Bar<\/li>\n<li style=\"font-weight: 400;\">Sabor a Caf\u00e9<\/li>\n<\/ul>\n<\/div><\/div><\/div><\/div><div class=\"wpb_column vc_column_container hidden\"><div class=\"vc_column-inner\"><div class=\"wpb_text_column\"><div class=\"wpb_wrapper\"><p style=\"font-weight: 400;\">Y enl es URBANITZACIONS:<\/p>\n<ul>\n<li style=\"font-weight: 400;\">Restaurant Golf Bonalba (Bonalba)<\/li>\n<li style=\"font-weight: 400;\">La Almajada Coffe and bread (La Almajada)<\/li>\n<li style=\"font-weight: 400;\">Bar-Rte Aeroclub Mutxamel (R\u00edo Park)<\/li>\n<\/ul>\n<\/div><\/div><\/div><\/div><\/div><\/div><\/section><section class=\"l-section wpb_row height_auto\"><div class=\"l-section-h i-cf\"><div class=\"g-cols vc_row via_grid cols_1 laptops-cols_inherit tablets-cols_inherit mobiles-cols_1 valign_top type_default stacking_default\"><div class=\"wpb_column vc_column_container\"><div class=\"vc_column-inner\"><div class=\"w-separator size_medium\"><\/div><\/div><\/div><\/div><\/div><\/section><section class=\"l-section wpb_row height_auto\"><div class=\"l-section-overlay\" style=\"background:#E3E4E4\"><\/div><div class=\"l-section-h i-cf\"><div class=\"g-cols vc_row via_grid cols_1 laptops-cols_inherit tablets-cols_inherit mobiles-cols_1 valign_top type_default stacking_default\" style=\"--columns-gap:0rem;\"><div class=\"wpb_column vc_column_container\"><div class=\"vc_column-inner\"><section class=\"l-section wpb_row us_custom_8591a7b2 height_medium\" id=\"fila-otros-elementos\"><div class=\"l-section-overlay\" style=\"background:#E3E4E4\"><\/div><div class=\"l-section-h i-cf\"><div class=\"g-cols vc_row via_grid cols_1 laptops-cols_inherit tablets-cols_inherit mobiles-cols_1 valign_top type_default stacking_default\" style=\"--columns-gap:0rem;\"><div class=\"wpb_column vc_column_container us_custom_8591a7b2\"><div class=\"vc_column-inner\"><\/div><\/div><\/div><\/div><\/section>\n<\/div><\/div><\/div><\/div><\/section>\n","protected":false},"excerpt":{"rendered":"QU\u00c8 FER IniciP\u00e0gines Ruta dels EsmorzarsII Ruta dels Esmorzars \u2013 Esmorza a Mutxamel Del 3 al 19 d\u2019octubre de 2025 Mutxamel celebra la segona edici\u00f3 de la seua\u00a0Ruta dels Esmorzars, una cita gastron\u00f2mica que posa en valor aquesta tradici\u00f3 valenciana com a experi\u00e8ncia cultural i tur\u00edstica. Durant 17 dies,\u00a017 bars i restaurants\u00a0del municipi oferiran men\u00fas...","protected":false},"author":6,"featured_media":14456,"parent":1453,"menu_order":11,"comment_status":"closed","ping_status":"closed","template":"","meta":{"footnotes":""},"clasificacion":[20],"class_list":["post-14390","page","type-page","status-publish","has-post-thumbnail","hentry","clasificacion-turismo-gastronomico"],"yoast_head":"<!-- This site is optimized with the Yoast SEO plugin v27.2 - https:\/\/yoast.com\/product\/yoast-seo-wordpress\/ -->\n<title>Ruta dels Esmorzars - Turismo Mutxamel<\/title>\n<meta name=\"robots\" content=\"index, follow, max-snippet:-1, max-image-preview:large, max-video-preview:-1\" \/>\n<link rel=\"canonical\" href=\"https:\/\/turisme.mutxamel.org\/ca\/turisme-gastronomic\/ruta-dels-esmorzars\/\" \/>\n<meta property=\"og:locale\" content=\"ca_ES\" \/>\n<meta property=\"og:type\" content=\"article\" \/>\n<meta property=\"og:title\" content=\"Ruta dels Esmorzars - Turismo Mutxamel\" \/>\n<meta property=\"og:url\" content=\"https:\/\/turisme.mutxamel.org\/ca\/turisme-gastronomic\/ruta-dels-esmorzars\/\" \/>\n<meta property=\"og:site_name\" content=\"Turismo Mutxamel\" \/>\n<meta property=\"article:publisher\" content=\"https:\/\/www.facebook.com\/mutxamelturismo\" \/>\n<meta property=\"article:modified_time\" content=\"2025-11-12T13:17:10+00:00\" \/>\n<meta property=\"og:image\" content=\"https:\/\/turisme.mutxamel.org\/wp-content\/uploads\/2024\/09\/ALMUERZOS-VALENCIANO.jpg\" \/>\n\t<meta property=\"og:image:width\" content=\"1414\" \/>\n\t<meta property=\"og:image:height\" content=\"2000\" \/>\n\t<meta property=\"og:image:type\" content=\"image\/jpeg\" \/>\n<meta name=\"twitter:card\" content=\"summary_large_image\" \/>\n<meta name=\"twitter:label1\" content=\"Temps estimat de lectura\" \/>\n\t<meta name=\"twitter:data1\" content=\"2 minuts\" \/>\n<script type=\"application\/ld+json\" class=\"yoast-schema-graph\">{\"@context\":\"https:\/\/schema.org\",\"@graph\":[{\"@type\":\"WebPage\",\"@id\":\"https:\/\/turisme.mutxamel.org\/ca\/turisme-gastronomic\/ruta-dels-esmorzars\/\",\"url\":\"https:\/\/turisme.mutxamel.org\/ca\/turisme-gastronomic\/ruta-dels-esmorzars\/\",\"name\":\"Ruta dels Esmorzars - Turismo Mutxamel\",\"isPartOf\":{\"@id\":\"https:\/\/turisme.mutxamel.org\/ca\/#website\"},\"primaryImageOfPage\":{\"@id\":\"https:\/\/turisme.mutxamel.org\/ca\/turisme-gastronomic\/ruta-dels-esmorzars\/#primaryimage\"},\"image\":{\"@id\":\"https:\/\/turisme.mutxamel.org\/ca\/turisme-gastronomic\/ruta-dels-esmorzars\/#primaryimage\"},\"thumbnailUrl\":\"https:\/\/turisme.mutxamel.org\/wp-content\/uploads\/2024\/09\/ALMUERZOS-VALENCIANO.jpg\",\"datePublished\":\"2024-08-28T08:04:02+00:00\",\"dateModified\":\"2025-11-12T13:17:10+00:00\",\"breadcrumb\":{\"@id\":\"https:\/\/turisme.mutxamel.org\/ca\/turisme-gastronomic\/ruta-dels-esmorzars\/#breadcrumb\"},\"inLanguage\":\"ca\",\"potentialAction\":[{\"@type\":\"ReadAction\",\"target\":[\"https:\/\/turisme.mutxamel.org\/ca\/turisme-gastronomic\/ruta-dels-esmorzars\/\"]}]},{\"@type\":\"ImageObject\",\"inLanguage\":\"ca\",\"@id\":\"https:\/\/turisme.mutxamel.org\/ca\/turisme-gastronomic\/ruta-dels-esmorzars\/#primaryimage\",\"url\":\"https:\/\/turisme.mutxamel.org\/wp-content\/uploads\/2024\/09\/ALMUERZOS-VALENCIANO.jpg\",\"contentUrl\":\"https:\/\/turisme.mutxamel.org\/wp-content\/uploads\/2024\/09\/ALMUERZOS-VALENCIANO.jpg\",\"width\":1414,\"height\":2000,\"caption\":\"ruta de los almuerzos\"},{\"@type\":\"BreadcrumbList\",\"@id\":\"https:\/\/turisme.mutxamel.org\/ca\/turisme-gastronomic\/ruta-dels-esmorzars\/#breadcrumb\",\"itemListElement\":[{\"@type\":\"ListItem\",\"position\":1,\"name\":\"Portada\",\"item\":\"https:\/\/turisme.mutxamel.org\/ca\/inicio\/\"},{\"@type\":\"ListItem\",\"position\":2,\"name\":\"Turisme gastron\u00f2mic\",\"item\":\"https:\/\/turisme.mutxamel.org\/ca\/turisme-gastronomic\/\"},{\"@type\":\"ListItem\",\"position\":3,\"name\":\"Ruta dels Esmorzars\"}]},{\"@type\":\"WebSite\",\"@id\":\"https:\/\/turisme.mutxamel.org\/ca\/#website\",\"url\":\"https:\/\/turisme.mutxamel.org\/ca\/\",\"name\":\"Turismo Mutxamel\",\"description\":\"\",\"publisher\":{\"@id\":\"https:\/\/turisme.mutxamel.org\/ca\/#organization\"},\"potentialAction\":[{\"@type\":\"SearchAction\",\"target\":{\"@type\":\"EntryPoint\",\"urlTemplate\":\"https:\/\/turisme.mutxamel.org\/ca\/?s={search_term_string}\"},\"query-input\":{\"@type\":\"PropertyValueSpecification\",\"valueRequired\":true,\"valueName\":\"search_term_string\"}}],\"inLanguage\":\"ca\"},{\"@type\":\"Organization\",\"@id\":\"https:\/\/turisme.mutxamel.org\/ca\/#organization\",\"name\":\"Turismo Mutxamel\",\"url\":\"https:\/\/turisme.mutxamel.org\/ca\/\",\"logo\":{\"@type\":\"ImageObject\",\"inLanguage\":\"ca\",\"@id\":\"https:\/\/turisme.mutxamel.org\/ca\/#\/schema\/logo\/image\/\",\"url\":\"https:\/\/turisme.mutxamel.org\/wp-content\/uploads\/2024\/01\/logo-turismo-mutxamel.jpg\",\"contentUrl\":\"https:\/\/turisme.mutxamel.org\/wp-content\/uploads\/2024\/01\/logo-turismo-mutxamel.jpg\",\"width\":195,\"height\":81,\"caption\":\"Turismo Mutxamel\"},\"image\":{\"@id\":\"https:\/\/turisme.mutxamel.org\/ca\/#\/schema\/logo\/image\/\"},\"sameAs\":[\"https:\/\/www.facebook.com\/mutxamelturismo\",\"https:\/\/www.instagram.com\/mutxamelturismo\/\",\"https:\/\/www.youtube.com\/aytomutxamel\"]}]}<\/script>\n<!-- \/ Yoast SEO plugin. -->","yoast_head_json":{"title":"Ruta dels Esmorzars - Turismo Mutxamel","robots":{"index":"index","follow":"follow","max-snippet":"max-snippet:-1","max-image-preview":"max-image-preview:large","max-video-preview":"max-video-preview:-1"},"canonical":"https:\/\/turisme.mutxamel.org\/ca\/turisme-gastronomic\/ruta-dels-esmorzars\/","og_locale":"ca_ES","og_type":"article","og_title":"Ruta dels Esmorzars - Turismo Mutxamel","og_url":"https:\/\/turisme.mutxamel.org\/ca\/turisme-gastronomic\/ruta-dels-esmorzars\/","og_site_name":"Turismo Mutxamel","article_publisher":"https:\/\/www.facebook.com\/mutxamelturismo","article_modified_time":"2025-11-12T13:17:10+00:00","og_image":[{"width":1414,"height":2000,"url":"https:\/\/turisme.mutxamel.org\/wp-content\/uploads\/2024\/09\/ALMUERZOS-VALENCIANO.jpg","type":"image\/jpeg"}],"twitter_card":"summary_large_image","twitter_misc":{"Temps estimat de lectura":"2 minuts"},"schema":{"@context":"https:\/\/schema.org","@graph":[{"@type":"WebPage","@id":"https:\/\/turisme.mutxamel.org\/ca\/turisme-gastronomic\/ruta-dels-esmorzars\/","url":"https:\/\/turisme.mutxamel.org\/ca\/turisme-gastronomic\/ruta-dels-esmorzars\/","name":"Ruta dels Esmorzars - Turismo Mutxamel","isPartOf":{"@id":"https:\/\/turisme.mutxamel.org\/ca\/#website"},"primaryImageOfPage":{"@id":"https:\/\/turisme.mutxamel.org\/ca\/turisme-gastronomic\/ruta-dels-esmorzars\/#primaryimage"},"image":{"@id":"https:\/\/turisme.mutxamel.org\/ca\/turisme-gastronomic\/ruta-dels-esmorzars\/#primaryimage"},"thumbnailUrl":"https:\/\/turisme.mutxamel.org\/wp-content\/uploads\/2024\/09\/ALMUERZOS-VALENCIANO.jpg","datePublished":"2024-08-28T08:04:02+00:00","dateModified":"2025-11-12T13:17:10+00:00","breadcrumb":{"@id":"https:\/\/turisme.mutxamel.org\/ca\/turisme-gastronomic\/ruta-dels-esmorzars\/#breadcrumb"},"inLanguage":"ca","potentialAction":[{"@type":"ReadAction","target":["https:\/\/turisme.mutxamel.org\/ca\/turisme-gastronomic\/ruta-dels-esmorzars\/"]}]},{"@type":"ImageObject","inLanguage":"ca","@id":"https:\/\/turisme.mutxamel.org\/ca\/turisme-gastronomic\/ruta-dels-esmorzars\/#primaryimage","url":"https:\/\/turisme.mutxamel.org\/wp-content\/uploads\/2024\/09\/ALMUERZOS-VALENCIANO.jpg","contentUrl":"https:\/\/turisme.mutxamel.org\/wp-content\/uploads\/2024\/09\/ALMUERZOS-VALENCIANO.jpg","width":1414,"height":2000,"caption":"ruta de los almuerzos"},{"@type":"BreadcrumbList","@id":"https:\/\/turisme.mutxamel.org\/ca\/turisme-gastronomic\/ruta-dels-esmorzars\/#breadcrumb","itemListElement":[{"@type":"ListItem","position":1,"name":"Portada","item":"https:\/\/turisme.mutxamel.org\/ca\/inicio\/"},{"@type":"ListItem","position":2,"name":"Turisme gastron\u00f2mic","item":"https:\/\/turisme.mutxamel.org\/ca\/turisme-gastronomic\/"},{"@type":"ListItem","position":3,"name":"Ruta dels Esmorzars"}]},{"@type":"WebSite","@id":"https:\/\/turisme.mutxamel.org\/ca\/#website","url":"https:\/\/turisme.mutxamel.org\/ca\/","name":"Turismo Mutxamel","description":"","publisher":{"@id":"https:\/\/turisme.mutxamel.org\/ca\/#organization"},"potentialAction":[{"@type":"SearchAction","target":{"@type":"EntryPoint","urlTemplate":"https:\/\/turisme.mutxamel.org\/ca\/?s={search_term_string}"},"query-input":{"@type":"PropertyValueSpecification","valueRequired":true,"valueName":"search_term_string"}}],"inLanguage":"ca"},{"@type":"Organization","@id":"https:\/\/turisme.mutxamel.org\/ca\/#organization","name":"Turismo Mutxamel","url":"https:\/\/turisme.mutxamel.org\/ca\/","logo":{"@type":"ImageObject","inLanguage":"ca","@id":"https:\/\/turisme.mutxamel.org\/ca\/#\/schema\/logo\/image\/","url":"https:\/\/turisme.mutxamel.org\/wp-content\/uploads\/2024\/01\/logo-turismo-mutxamel.jpg","contentUrl":"https:\/\/turisme.mutxamel.org\/wp-content\/uploads\/2024\/01\/logo-turismo-mutxamel.jpg","width":195,"height":81,"caption":"Turismo Mutxamel"},"image":{"@id":"https:\/\/turisme.mutxamel.org\/ca\/#\/schema\/logo\/image\/"},"sameAs":["https:\/\/www.facebook.com\/mutxamelturismo","https:\/\/www.instagram.com\/mutxamelturismo\/","https:\/\/www.youtube.com\/aytomutxamel"]}]}},"_links":{"self":[{"href":"https:\/\/turisme.mutxamel.org\/ca\/wp-json\/wp\/v2\/pages\/14390","targetHints":{"allow":["GET"]}}],"collection":[{"href":"https:\/\/turisme.mutxamel.org\/ca\/wp-json\/wp\/v2\/pages"}],"about":[{"href":"https:\/\/turisme.mutxamel.org\/ca\/wp-json\/wp\/v2\/types\/page"}],"author":[{"embeddable":true,"href":"https:\/\/turisme.mutxamel.org\/ca\/wp-json\/wp\/v2\/users\/6"}],"replies":[{"embeddable":true,"href":"https:\/\/turisme.mutxamel.org\/ca\/wp-json\/wp\/v2\/comments?post=14390"}],"version-history":[{"count":12,"href":"https:\/\/turisme.mutxamel.org\/ca\/wp-json\/wp\/v2\/pages\/14390\/revisions"}],"predecessor-version":[{"id":16757,"href":"https:\/\/turisme.mutxamel.org\/ca\/wp-json\/wp\/v2\/pages\/14390\/revisions\/16757"}],"up":[{"embeddable":true,"href":"https:\/\/turisme.mutxamel.org\/ca\/wp-json\/wp\/v2\/pages\/1453"}],"wp:featuredmedia":[{"embeddable":true,"href":"https:\/\/turisme.mutxamel.org\/ca\/wp-json\/wp\/v2\/media\/14456"}],"wp:attachment":[{"href":"https:\/\/turisme.mutxamel.org\/ca\/wp-json\/wp\/v2\/media?parent=14390"}],"wp:term":[{"taxonomy":"clasificacion","embeddable":true,"href":"https:\/\/turisme.mutxamel.org\/ca\/wp-json\/wp\/v2\/clasificacion?post=14390"}],"curies":[{"name":"wp","href":"https:\/\/api.w.org\/{rel}","templated":true}]}}