{"id":1468,"date":"2023-11-14T11:51:43","date_gmt":"2023-11-14T10:51:43","guid":{"rendered":"https:\/\/turisme.mutxamel.org\/turisme-gastronomic\/jornadas-gastronomicas\/"},"modified":"2025-11-12T13:26:11","modified_gmt":"2025-11-12T12:26:11","slug":"jornades-gastronomiques","status":"publish","type":"page","link":"https:\/\/turisme.mutxamel.org\/ca\/turisme-gastronomic\/jornades-gastronomiques\/","title":{"rendered":"XVII Jornades Gastron\u00f2miques"},"content":{"rendered":"<section class=\"l-section wpb_row height_auto width_full\"><div class=\"l-section-h i-cf\"><div class=\"g-cols vc_row via_grid cols_1 laptops-cols_inherit tablets-cols_inherit mobiles-cols_1 valign_top type_default stacking_default\"><div class=\"wpb_column vc_column_container\"><div class=\"vc_column-inner\"><section class=\"l-section wpb_row us_custom_d4a759fd height_auto width_full with_slider\"><div class=\"l-section-slider\"><div class=\"w-slider style_none fit_cover nav_none count_5\"><div class=\"w-slider-h\" aria-hidden=\"true\"><div class=\"royalSlider\"><div class=\"rsContent\"><a class=\"rsImg\" data-rsw=\"1340\" data-rsh=\"400\" href=\"https:\/\/turisme.mutxamel.org\/wp-content\/uploads\/2023\/11\/assuts.jpg\"><span data-alt=\"Ruta Assut Mutxamel - Assut Sant Joan\"><\/span><\/a><\/div><div class=\"rsContent\"><a class=\"rsImg\" data-rsw=\"1123\" data-rsh=\"566\" href=\"https:\/\/turisme.mutxamel.org\/wp-content\/uploads\/2023\/11\/Mutxamel_Gastronomia_Pagina_02_Imagen_0002.jpg\"><span data-alt=\"Mutxamel Gastronomia\"><\/span><\/a><\/div><div class=\"rsContent\"><a class=\"rsImg\" data-rsw=\"1340\" data-rsh=\"400\" href=\"https:\/\/turisme.mutxamel.org\/wp-content\/uploads\/2023\/11\/cocons.jpg\"><span data-alt=\"Ruta Barranc del Cocons - Minas de Ocre\"><\/span><\/a><\/div><div class=\"rsContent\"><a class=\"rsImg\" data-rsw=\"2560\" data-rsh=\"1440\" href=\"https:\/\/turisme.mutxamel.org\/wp-content\/uploads\/2023\/11\/20180727_190720.jpg\"><span data-alt=\"Ruta de verano El Farolet\"><\/span><\/a><\/div><div class=\"rsContent\"><a class=\"rsImg\" data-rsw=\"1004\" data-rsh=\"388\" href=\"https:\/\/turisme.mutxamel.org\/wp-content\/uploads\/2023\/11\/rollos-de-anis.jpg\"><span data-alt=\"rollos de anis\"><\/span><\/a><\/div><\/div><img decoding=\"async\" src=\"https:\/\/turisme.mutxamel.org\/wp-content\/uploads\/2023\/11\/assuts.jpg\" width=\"1340\" height=\"400\" alt=\"Ruta Assut Mutxamel - Assut Sant Joan\" loading=\"lazy\"><\/div><div class=\"w-slider-json\" onclick='return {&quot;autoScaleSlider&quot;:true,&quot;addActiveClass&quot;:true,&quot;loop&quot;:true,&quot;fadeInLoadedSlide&quot;:false,&quot;slidesSpacing&quot;:0,&quot;imageScalePadding&quot;:0,&quot;numImagesToPreload&quot;:2,&quot;arrowsNav&quot;:false,&quot;arrowsNavAutoHide&quot;:false,&quot;transitionType&quot;:&quot;fade&quot;,&quot;transitionSpeed&quot;:1000,&quot;block&quot;:{&quot;moveEffect&quot;:&quot;none&quot;,&quot;speed&quot;:300},&quot;thumbs&quot;:{&quot;fitInViewport&quot;:false,&quot;firstMargin&quot;:false,&quot;spacing&quot;:4},&quot;controlNavigation&quot;:&quot;none&quot;,&quot;autoplay&quot;:{&quot;enabled&quot;:true,&quot;pauseOnHover&quot;:false,&quot;delay&quot;:3000},&quot;autoScaleSliderWidth&quot;:1340,&quot;autoScaleSliderHeight&quot;:400}'><\/div><\/div><\/div><div class=\"l-section-overlay\" style=\"background:rgba(13,131,62,0.80)\"><\/div><div class=\"l-section-h i-cf\"><div class=\"g-cols vc_row via_grid cols_1 laptops-cols_inherit tablets-cols_inherit mobiles-cols_1 valign_top type_default stacking_default\"><div class=\"wpb_column vc_column_container us_custom_eb849559\"><div class=\"vc_column-inner\"><div class=\"wpb_text_column us_custom_3e734877 has_text_color\"><div class=\"wpb_wrapper\"><p>QU\u00c8 FER<\/p>\n<\/div><\/div><\/div><\/div><\/div><\/div><\/section><section class=\"l-section wpb_row height_auto width_full color_primary\"><div class=\"l-section-overlay\" style=\"background:#000000\"><\/div><div class=\"l-section-h i-cf\"><div class=\"g-cols vc_row via_grid cols_1 laptops-cols_inherit tablets-cols_inherit mobiles-cols_1 valign_top type_default stacking_default\"><div class=\"wpb_column vc_column_container\"><div class=\"vc_column-inner\"><section class=\"l-section wpb_row height_auto\"><div class=\"l-section-overlay\" style=\"background:#000000\"><\/div><div class=\"l-section-h i-cf\"><div class=\"g-cols vc_row via_grid cols_1 laptops-cols_inherit tablets-cols_inherit mobiles-cols_1 valign_top type_default stacking_default\"><div class=\"wpb_column vc_column_container\"><div class=\"vc_column-inner\"><div class=\"w-separator size_small\"><\/div><div class=\"w-separator size_small\"><\/div><\/div><\/div><\/div><\/div><\/section>\n<\/div><\/div><\/div><\/div><\/section><section class=\"l-section wpb_row height_auto width_full\"><div class=\"l-section-h i-cf\"><div class=\"g-cols vc_row via_grid cols_1 laptops-cols_inherit tablets-cols_inherit mobiles-cols_1 valign_top type_default stacking_default\"><div class=\"wpb_column vc_column_container\"><div class=\"vc_column-inner\"><section class=\"l-section wpb_row us_custom_e4988f48 has_text_color height_auto\"><div class=\"l-section-overlay\" style=\"background:#E3E4E4\"><\/div><div class=\"l-section-h i-cf\"><div class=\"g-cols vc_row via_grid cols_1 laptops-cols_inherit tablets-cols_inherit mobiles-cols_1 valign_top type_default stacking_default\"><div class=\"wpb_column vc_column_container\"><div class=\"vc_column-inner\"><nav class=\"g-breadcrumbs us_custom_492179a4 separator_icon align_left\" itemscope itemtype=\"http:\/\/schema.org\/BreadcrumbList\"><div class=\"g-breadcrumbs-item\" itemscope itemprop=\"itemListElement\" itemtype=\"http:\/\/schema.org\/ListItem\"><a itemprop=\"item\" href=\"https:\/\/turisme.mutxamel.org\/ca\/\"><span itemprop=\"name\">Inici<\/span><\/a><meta itemprop=\"position\" content=\"1\"\/><\/div><div class=\"g-breadcrumbs-separator\"><i class=\"far fa-angle-right\"><\/i><\/div><div class=\"g-breadcrumbs-item\">P\u00e0gines<\/div><\/nav><\/div><\/div><\/div><\/div><\/section><section class=\"l-section wpb_row height_auto\"><div class=\"l-section-h i-cf\"><div class=\"g-cols vc_row via_grid cols_1 laptops-cols_inherit tablets-cols_inherit mobiles-cols_1 valign_top type_default stacking_default\"><div class=\"wpb_column vc_column_container\"><div class=\"vc_column-inner\"><div class=\"w-separator size_small\"><\/div><\/div><\/div><\/div><\/div><\/section>\n<\/div><\/div><\/div><\/div><\/section>\n<\/div><\/div><\/div><\/div><\/section><section class=\"l-section wpb_row height_small\"><div class=\"l-section-h i-cf\"><div class=\"g-cols vc_row via_grid cols_2-1 laptops-cols_inherit tablets-cols_inherit mobiles-cols_1 valign_top type_default stacking_default\"><div class=\"wpb_column vc_column_container\"><div class=\"vc_column-inner\"><div id=\"ultimate-heading-359969ede1517b949\" class=\"uvc-heading ult-adjust-bottom-margin ultimate-heading-359969ede1517b949 uvc-6208 \" data-hspacer=\"no_spacer\"  data-halign=\"left\" style=\"text-align:left\"><div class=\"uvc-heading-spacer no_spacer\" style=\"top\"><\/div><div class=\"uvc-main-heading ult-responsive\"  data-ultimate-target='.uvc-heading.ultimate-heading-359969ede1517b949 h1'  data-responsive-json-new='{\"font-size\":\"\",\"line-height\":\"\"}' ><h1 style=\"font-weight:normal;\">XVII Jornades Gastron\u00f2miques<\/h1><\/div><\/div><div class=\"w-separator size_small\"><\/div><div class=\"wpb_text_column\"><div class=\"wpb_wrapper\"><p style=\"font-weight: 400;\"><strong style=\"font-weight: 600;\">Mutxamel celebra la XVII edici\u00f3 de les seues Jornades Gastron\u00f2miques: sabor, tradici\u00f3 i turisme del 21 al 30 de novembre de 2025<\/strong><\/p>\n<p style=\"font-weight: 400;\">Del 21 al 30 de novembre, Mutxamel tornar\u00e0 a convertir-se en l&#8217;epicentre del sabor amb la celebraci\u00f3 de la 17a edici\u00f3 de les Jornades Gastron\u00f2miques, una cita ja consolidada dins del calendari tur\u00edstic i culinari de la prov\u00edncia d&#8217;Alacant. Durant deu dies \u2014incloent dos caps de setmana\u2014, els restaurants i bars del municipi oferiran men\u00fas especials elaborats amb productes locals i propostes que fusionen tradici\u00f3 i creativitat mediterr\u00e0nia.<\/p>\n<p style=\"font-weight: 400;\">Les Jornades Gastron\u00f2miques de Mutxamel s\u00f3n un dels principals productes del projecte \u201cMutxamel Gastron\u00f2mic\u201d, una iniciativa municipal que promou el turisme gastron\u00f2mic com a ferramenta de dinamitzaci\u00f3 i posada en valor del patrimoni culinari local.<\/p>\n<p style=\"font-weight: 400;\">En esta nova edici\u00f3, els establiments participants retran homenatge als productes de l&#8217;horta *mutxamelera, el pa tradicional del municipi, els embotits artesans, la rebosteria local i els vins amb Denominaci\u00f3 d&#8217;Origen Alacant, aut\u00e8ntics protagonistes d&#8217;una cuina amb identitat pr\u00f2pia.<\/p>\n<p style=\"font-weight: 400;\">Les Jornades Gastron\u00f2miques de Mutxamel 2025 prometen tornar a omplir d&#8217;aromes, sabors i experi\u00e8ncies este municipi alacant\u00ed, reafirmant la seua posici\u00f3 com a dest\u00ed gastron\u00f2mic de refer\u00e8ncia a la prov\u00edncia.<\/p>\n<p style=\"font-weight: 400;\">PARTICIPANTS:<\/p>\n<p style=\"font-weight: 400;\"><em>Cervecer\u00eda Ca Pinto<\/em><\/p>\n<p style=\"font-weight: 400;\"><em>Cervecer\u00eda Mutxamel<\/em><\/p>\n<p style=\"font-weight: 400;\"><em>Bar-Cerv. El Rinconet<\/em><\/p>\n<p style=\"font-weight: 400;\"><em>Bar-Taper\u00eda El Dorado<\/em><\/p>\n<p style=\"font-weight: 400;\"><em>Bar Olmo<\/em><\/p>\n<p style=\"font-weight: 400;\"><em>Ripmar<\/em><\/p>\n<p style=\"font-weight: 400;\"><em>Rte. El Canyar de les Portelles<\/em><\/p>\n<p style=\"font-weight: 400;\"><em>Rte. Molimar II<\/em><\/p>\n<p style=\"font-weight: 400;\"><em>Rte. AMAPOLA \u2013 Hotel Bonalba (Bonalba)<\/em><\/p>\n<p style=\"font-weight: 400;\"><em>Rte. Aeroclub (R\u00edo Park)<\/em><\/p>\n<p style=\"font-weight: 400;\"><em>Coctail: \u00a0Pub Essen<\/em><\/p>\n<\/div><\/div><div class=\"w-separator size_medium\"><\/div><\/div><\/div><div class=\"wpb_column vc_column_container\"><div class=\"vc_column-inner\"><div class=\"w-separator size_medium\"><\/div><div class=\"w-iconbox us_custom_04c40667 iconpos_top style_default color_primary align_left no_text icontype_img\"><a target=\"_blank\" href=\"https:\/\/turisme.mutxamel.org\/wp-content\/uploads\/2025\/11\/JornadasGastronomicas.pdf\" class=\"w-iconbox-link\" aria-label=\"Descarregar Fullet XVII Jornades Gastron\u00f2miques\"><div class=\"w-iconbox-icon\" style=\"font-size:calc( 15rem + 1vmax );\"><img loading=\"lazy\" decoding=\"async\" width=\"1045\" height=\"1045\" src=\"https:\/\/turisme.mutxamel.org\/wp-content\/uploads\/2023\/12\/marcador-de-posicion.jpg\" class=\"g-placeholder\" alt=\"\" srcset=\"https:\/\/turisme.mutxamel.org\/wp-content\/uploads\/2023\/12\/marcador-de-posicion.jpg 1045w, https:\/\/turisme.mutxamel.org\/wp-content\/uploads\/2023\/12\/marcador-de-posicion-300x300.jpg 300w, https:\/\/turisme.mutxamel.org\/wp-content\/uploads\/2023\/12\/marcador-de-posicion-1024x1024.jpg 1024w, https:\/\/turisme.mutxamel.org\/wp-content\/uploads\/2023\/12\/marcador-de-posicion-150x150.jpg 150w\" sizes=\"auto, (max-width: 1045px) 100vw, 1045px\" \/><\/div><\/a><div class=\"w-iconbox-meta\"><h6 class=\"w-iconbox-title\"><a target=\"_blank\" href=\"https:\/\/turisme.mutxamel.org\/wp-content\/uploads\/2025\/11\/JornadasGastronomicas.pdf\" class=\"w-iconbox-link\" aria-label=\"Descarregar Fullet XVII Jornades Gastron\u00f2miques\">Descarregar Fullet XVII Jornades Gastron\u00f2miques<\/a><\/h6><\/div><\/div>\n<div class=\"w-separator size_small\"><\/div><div class=\"w-image align_center\"><a ref=\"magnificPopup\" href=\"https:\/\/turisme.mutxamel.org\/wp-content\/uploads\/2025\/11\/cartelJornadasGastronomicas_digitalA3valenciano-1.jpg\" aria-label=\"cartelJornadasGastronomicas_digitalA3valenciano-1\" class=\"w-image-h\"><img decoding=\"async\" width=\"1753\" height=\"2480\" src=\"https:\/\/turisme.mutxamel.org\/wp-content\/uploads\/2025\/11\/cartelJornadasGastronomicas_digitalA3valenciano-1.jpg\" class=\"attachment-small size-small\" alt=\"\" loading=\"lazy\" srcset=\"https:\/\/turisme.mutxamel.org\/wp-content\/uploads\/2025\/11\/cartelJornadasGastronomicas_digitalA3valenciano-1.jpg 1753w, https:\/\/turisme.mutxamel.org\/wp-content\/uploads\/2025\/11\/cartelJornadasGastronomicas_digitalA3valenciano-1-212x300.jpg 212w, https:\/\/turisme.mutxamel.org\/wp-content\/uploads\/2025\/11\/cartelJornadasGastronomicas_digitalA3valenciano-1-724x1024.jpg 724w\" sizes=\"auto, (max-width: 1753px) 100vw, 1753px\" \/><\/a><\/div><\/div><\/div><\/div><\/div><\/section><section class=\"l-section wpb_row height_small\"><div class=\"l-section-h i-cf\"><div class=\"g-cols vc_row via_grid cols_2 laptops-cols_inherit tablets-cols_inherit mobiles-cols_1 valign_top type_default stacking_default\"><div class=\"wpb_column vc_column_container\"><div class=\"vc_column-inner\"><\/div><\/div><div class=\"wpb_column vc_column_container\"><div class=\"vc_column-inner\"><div class=\"w-separator size_medium\"><\/div><\/div><\/div><\/div><\/div><\/section><section class=\"l-section wpb_row height_auto\"><div class=\"l-section-h i-cf\"><div class=\"g-cols vc_row via_grid cols_1 laptops-cols_inherit tablets-cols_inherit mobiles-cols_1 valign_top type_default stacking_default\"><div class=\"wpb_column vc_column_container\"><div class=\"vc_column-inner\"><div class=\"w-separator size_medium\"><\/div><\/div><\/div><\/div><\/div><\/section><section class=\"l-section wpb_row height_auto\"><div class=\"l-section-overlay\" style=\"background:#E3E4E4\"><\/div><div class=\"l-section-h i-cf\"><div class=\"g-cols vc_row via_grid cols_1 laptops-cols_inherit tablets-cols_inherit mobiles-cols_1 valign_top type_default stacking_default\" style=\"--columns-gap:0rem;\"><div class=\"wpb_column vc_column_container\"><div class=\"vc_column-inner\"><section class=\"l-section wpb_row us_custom_8591a7b2 height_medium\" id=\"fila-otros-elementos\"><div class=\"l-section-overlay\" style=\"background:#E3E4E4\"><\/div><div class=\"l-section-h i-cf\"><div class=\"g-cols vc_row via_grid cols_1 laptops-cols_inherit tablets-cols_inherit mobiles-cols_1 valign_top type_default stacking_default\" style=\"--columns-gap:0rem;\"><div class=\"wpb_column vc_column_container us_custom_8591a7b2\"><div class=\"vc_column-inner\"><\/div><\/div><\/div><\/div><\/section>\n<\/div><\/div><\/div><\/div><\/section>\n[\/vc_column][\/vc_row]<section class=\"l-section wpb_row height_small\"><div class=\"l-section-h i-cf\"><div class=\"g-cols vc_row via_grid cols_2 laptops-cols_inherit tablets-cols_inherit mobiles-cols_1 valign_top type_default stacking_default\"><div class=\"wpb_column vc_column_container\"><div class=\"vc_column-inner\"><div class=\"wpb_text_column\"><div class=\"wpb_wrapper\"><p>&nbsp;<\/p>\n<\/div><\/div><\/div><\/div><\/div><\/div><\/section><section class=\"l-section wpb_row height_auto\"><div class=\"l-section-h i-cf\"><div class=\"g-cols vc_row via_grid cols_1 laptops-cols_inherit tablets-cols_inherit mobiles-cols_1 valign_top type_default stacking_default\"><div class=\"wpb_column vc_column_container\"><div class=\"vc_column-inner\"><div class=\"w-separator size_medium\"><\/div><\/div><\/div><\/div><\/div><\/section><section class=\"l-section wpb_row height_auto\"><div class=\"l-section-overlay\" style=\"background:#E3E4E4\"><\/div><div class=\"l-section-h i-cf\"><div class=\"g-cols vc_row via_grid cols_1 laptops-cols_inherit tablets-cols_inherit mobiles-cols_1 valign_top type_default stacking_default\" style=\"--columns-gap:0rem;\"><div class=\"wpb_column vc_column_container\"><div class=\"vc_column-inner\"><section class=\"l-section wpb_row us_custom_8591a7b2 height_medium\" id=\"fila-otros-elementos\"><div class=\"l-section-overlay\" style=\"background:#E3E4E4\"><\/div><div class=\"l-section-h i-cf\"><div class=\"g-cols vc_row via_grid cols_1 laptops-cols_inherit tablets-cols_inherit mobiles-cols_1 valign_top type_default stacking_default\" style=\"--columns-gap:0rem;\"><div class=\"wpb_column vc_column_container us_custom_8591a7b2\"><div class=\"vc_column-inner\"><\/div><\/div><\/div><\/div><\/section>\n<\/div><\/div><\/div><\/div><\/section>\n","protected":false},"excerpt":{"rendered":"<p>[\/vc_column][\/vc_row]<\/p>\n","protected":false},"author":1,"featured_media":0,"parent":1453,"menu_order":150,"comment_status":"closed","ping_status":"closed","template":"","meta":{"footnotes":""},"clasificacion":[31,20],"class_list":["post-1468","page","type-page","status-publish","hentry","clasificacion-portada-turismo-gastronomico","clasificacion-turismo-gastronomico"],"yoast_head":"<!-- This site is optimized with the Yoast SEO plugin v27.2 - https:\/\/yoast.com\/product\/yoast-seo-wordpress\/ -->\n<title>XVII Jornades Gastron\u00f2miques - Turismo Mutxamel<\/title>\n<meta name=\"robots\" content=\"index, follow, max-snippet:-1, max-image-preview:large, max-video-preview:-1\" \/>\n<link rel=\"canonical\" href=\"https:\/\/turisme.mutxamel.org\/ca\/turisme-gastronomic\/jornades-gastronomiques\/\" \/>\n<meta property=\"og:locale\" content=\"ca_ES\" \/>\n<meta property=\"og:type\" content=\"article\" \/>\n<meta property=\"og:title\" content=\"XVII Jornades Gastron\u00f2miques - Turismo Mutxamel\" \/>\n<meta property=\"og:description\" content=\"[\/vc_column][\/vc_row]\" \/>\n<meta property=\"og:url\" content=\"https:\/\/turisme.mutxamel.org\/ca\/turisme-gastronomic\/jornades-gastronomiques\/\" \/>\n<meta property=\"og:site_name\" content=\"Turismo Mutxamel\" \/>\n<meta property=\"article:publisher\" content=\"https:\/\/www.facebook.com\/mutxamelturismo\" \/>\n<meta property=\"article:modified_time\" content=\"2025-11-12T12:26:11+00:00\" \/>\n<meta name=\"twitter:card\" content=\"summary_large_image\" \/>\n<meta name=\"twitter:label1\" content=\"Temps estimat de lectura\" \/>\n\t<meta name=\"twitter:data1\" content=\"2 minuts\" \/>\n<script type=\"application\/ld+json\" class=\"yoast-schema-graph\">{\"@context\":\"https:\/\/schema.org\",\"@graph\":[{\"@type\":\"WebPage\",\"@id\":\"https:\/\/turisme.mutxamel.org\/ca\/turisme-gastronomic\/jornades-gastronomiques\/\",\"url\":\"https:\/\/turisme.mutxamel.org\/ca\/turisme-gastronomic\/jornades-gastronomiques\/\",\"name\":\"XVII Jornades Gastron\u00f2miques - Turismo Mutxamel\",\"isPartOf\":{\"@id\":\"https:\/\/turisme.mutxamel.org\/ca\/#website\"},\"datePublished\":\"2023-11-14T10:51:43+00:00\",\"dateModified\":\"2025-11-12T12:26:11+00:00\",\"breadcrumb\":{\"@id\":\"https:\/\/turisme.mutxamel.org\/ca\/turisme-gastronomic\/jornades-gastronomiques\/#breadcrumb\"},\"inLanguage\":\"ca\",\"potentialAction\":[{\"@type\":\"ReadAction\",\"target\":[\"https:\/\/turisme.mutxamel.org\/ca\/turisme-gastronomic\/jornades-gastronomiques\/\"]}]},{\"@type\":\"BreadcrumbList\",\"@id\":\"https:\/\/turisme.mutxamel.org\/ca\/turisme-gastronomic\/jornades-gastronomiques\/#breadcrumb\",\"itemListElement\":[{\"@type\":\"ListItem\",\"position\":1,\"name\":\"Portada\",\"item\":\"https:\/\/turisme.mutxamel.org\/ca\/inicio\/\"},{\"@type\":\"ListItem\",\"position\":2,\"name\":\"Turisme gastron\u00f2mic\",\"item\":\"https:\/\/turisme.mutxamel.org\/ca\/turisme-gastronomic\/\"},{\"@type\":\"ListItem\",\"position\":3,\"name\":\"XVII Jornades Gastron\u00f2miques\"}]},{\"@type\":\"WebSite\",\"@id\":\"https:\/\/turisme.mutxamel.org\/ca\/#website\",\"url\":\"https:\/\/turisme.mutxamel.org\/ca\/\",\"name\":\"Turismo Mutxamel\",\"description\":\"\",\"publisher\":{\"@id\":\"https:\/\/turisme.mutxamel.org\/ca\/#organization\"},\"potentialAction\":[{\"@type\":\"SearchAction\",\"target\":{\"@type\":\"EntryPoint\",\"urlTemplate\":\"https:\/\/turisme.mutxamel.org\/ca\/?s={search_term_string}\"},\"query-input\":{\"@type\":\"PropertyValueSpecification\",\"valueRequired\":true,\"valueName\":\"search_term_string\"}}],\"inLanguage\":\"ca\"},{\"@type\":\"Organization\",\"@id\":\"https:\/\/turisme.mutxamel.org\/ca\/#organization\",\"name\":\"Turismo Mutxamel\",\"url\":\"https:\/\/turisme.mutxamel.org\/ca\/\",\"logo\":{\"@type\":\"ImageObject\",\"inLanguage\":\"ca\",\"@id\":\"https:\/\/turisme.mutxamel.org\/ca\/#\/schema\/logo\/image\/\",\"url\":\"https:\/\/turisme.mutxamel.org\/wp-content\/uploads\/2024\/01\/logo-turismo-mutxamel.jpg\",\"contentUrl\":\"https:\/\/turisme.mutxamel.org\/wp-content\/uploads\/2024\/01\/logo-turismo-mutxamel.jpg\",\"width\":195,\"height\":81,\"caption\":\"Turismo Mutxamel\"},\"image\":{\"@id\":\"https:\/\/turisme.mutxamel.org\/ca\/#\/schema\/logo\/image\/\"},\"sameAs\":[\"https:\/\/www.facebook.com\/mutxamelturismo\",\"https:\/\/www.instagram.com\/mutxamelturismo\/\",\"https:\/\/www.youtube.com\/aytomutxamel\"]}]}<\/script>\n<!-- \/ Yoast SEO plugin. -->","yoast_head_json":{"title":"XVII Jornades Gastron\u00f2miques - Turismo Mutxamel","robots":{"index":"index","follow":"follow","max-snippet":"max-snippet:-1","max-image-preview":"max-image-preview:large","max-video-preview":"max-video-preview:-1"},"canonical":"https:\/\/turisme.mutxamel.org\/ca\/turisme-gastronomic\/jornades-gastronomiques\/","og_locale":"ca_ES","og_type":"article","og_title":"XVII Jornades Gastron\u00f2miques - Turismo Mutxamel","og_description":"[\/vc_column][\/vc_row]","og_url":"https:\/\/turisme.mutxamel.org\/ca\/turisme-gastronomic\/jornades-gastronomiques\/","og_site_name":"Turismo Mutxamel","article_publisher":"https:\/\/www.facebook.com\/mutxamelturismo","article_modified_time":"2025-11-12T12:26:11+00:00","twitter_card":"summary_large_image","twitter_misc":{"Temps estimat de lectura":"2 minuts"},"schema":{"@context":"https:\/\/schema.org","@graph":[{"@type":"WebPage","@id":"https:\/\/turisme.mutxamel.org\/ca\/turisme-gastronomic\/jornades-gastronomiques\/","url":"https:\/\/turisme.mutxamel.org\/ca\/turisme-gastronomic\/jornades-gastronomiques\/","name":"XVII Jornades Gastron\u00f2miques - Turismo Mutxamel","isPartOf":{"@id":"https:\/\/turisme.mutxamel.org\/ca\/#website"},"datePublished":"2023-11-14T10:51:43+00:00","dateModified":"2025-11-12T12:26:11+00:00","breadcrumb":{"@id":"https:\/\/turisme.mutxamel.org\/ca\/turisme-gastronomic\/jornades-gastronomiques\/#breadcrumb"},"inLanguage":"ca","potentialAction":[{"@type":"ReadAction","target":["https:\/\/turisme.mutxamel.org\/ca\/turisme-gastronomic\/jornades-gastronomiques\/"]}]},{"@type":"BreadcrumbList","@id":"https:\/\/turisme.mutxamel.org\/ca\/turisme-gastronomic\/jornades-gastronomiques\/#breadcrumb","itemListElement":[{"@type":"ListItem","position":1,"name":"Portada","item":"https:\/\/turisme.mutxamel.org\/ca\/inicio\/"},{"@type":"ListItem","position":2,"name":"Turisme gastron\u00f2mic","item":"https:\/\/turisme.mutxamel.org\/ca\/turisme-gastronomic\/"},{"@type":"ListItem","position":3,"name":"XVII Jornades Gastron\u00f2miques"}]},{"@type":"WebSite","@id":"https:\/\/turisme.mutxamel.org\/ca\/#website","url":"https:\/\/turisme.mutxamel.org\/ca\/","name":"Turismo Mutxamel","description":"","publisher":{"@id":"https:\/\/turisme.mutxamel.org\/ca\/#organization"},"potentialAction":[{"@type":"SearchAction","target":{"@type":"EntryPoint","urlTemplate":"https:\/\/turisme.mutxamel.org\/ca\/?s={search_term_string}"},"query-input":{"@type":"PropertyValueSpecification","valueRequired":true,"valueName":"search_term_string"}}],"inLanguage":"ca"},{"@type":"Organization","@id":"https:\/\/turisme.mutxamel.org\/ca\/#organization","name":"Turismo Mutxamel","url":"https:\/\/turisme.mutxamel.org\/ca\/","logo":{"@type":"ImageObject","inLanguage":"ca","@id":"https:\/\/turisme.mutxamel.org\/ca\/#\/schema\/logo\/image\/","url":"https:\/\/turisme.mutxamel.org\/wp-content\/uploads\/2024\/01\/logo-turismo-mutxamel.jpg","contentUrl":"https:\/\/turisme.mutxamel.org\/wp-content\/uploads\/2024\/01\/logo-turismo-mutxamel.jpg","width":195,"height":81,"caption":"Turismo Mutxamel"},"image":{"@id":"https:\/\/turisme.mutxamel.org\/ca\/#\/schema\/logo\/image\/"},"sameAs":["https:\/\/www.facebook.com\/mutxamelturismo","https:\/\/www.instagram.com\/mutxamelturismo\/","https:\/\/www.youtube.com\/aytomutxamel"]}]}},"_links":{"self":[{"href":"https:\/\/turisme.mutxamel.org\/ca\/wp-json\/wp\/v2\/pages\/1468","targetHints":{"allow":["GET"]}}],"collection":[{"href":"https:\/\/turisme.mutxamel.org\/ca\/wp-json\/wp\/v2\/pages"}],"about":[{"href":"https:\/\/turisme.mutxamel.org\/ca\/wp-json\/wp\/v2\/types\/page"}],"author":[{"embeddable":true,"href":"https:\/\/turisme.mutxamel.org\/ca\/wp-json\/wp\/v2\/users\/1"}],"replies":[{"embeddable":true,"href":"https:\/\/turisme.mutxamel.org\/ca\/wp-json\/wp\/v2\/comments?post=1468"}],"version-history":[{"count":25,"href":"https:\/\/turisme.mutxamel.org\/ca\/wp-json\/wp\/v2\/pages\/1468\/revisions"}],"predecessor-version":[{"id":16741,"href":"https:\/\/turisme.mutxamel.org\/ca\/wp-json\/wp\/v2\/pages\/1468\/revisions\/16741"}],"up":[{"embeddable":true,"href":"https:\/\/turisme.mutxamel.org\/ca\/wp-json\/wp\/v2\/pages\/1453"}],"wp:attachment":[{"href":"https:\/\/turisme.mutxamel.org\/ca\/wp-json\/wp\/v2\/media?parent=1468"}],"wp:term":[{"taxonomy":"clasificacion","embeddable":true,"href":"https:\/\/turisme.mutxamel.org\/ca\/wp-json\/wp\/v2\/clasificacion?post=1468"}],"curies":[{"name":"wp","href":"https:\/\/api.w.org\/{rel}","templated":true}]}}