{"id":1475,"date":"2023-11-14T12:54:50","date_gmt":"2023-11-14T11:54:50","guid":{"rendered":"https:\/\/turisme.mutxamel.org\/turisme-urba\/ruta-turistica-arcadi-blasco\/"},"modified":"2025-03-24T09:20:54","modified_gmt":"2025-03-24T08:20:54","slug":"ruta-turistica-arcadi-blasco","status":"publish","type":"page","link":"https:\/\/turisme.mutxamel.org\/ca\/turisme-urba\/ruta-turistica-arcadi-blasco\/","title":{"rendered":"Ruta tur\u00edstica Arcadi Blasco"},"content":{"rendered":"<section class=\"l-section wpb_row height_auto width_full\"><div class=\"l-section-h i-cf\"><div class=\"g-cols vc_row via_grid cols_1 laptops-cols_inherit tablets-cols_inherit mobiles-cols_1 valign_top type_default stacking_default\"><div class=\"wpb_column vc_column_container\"><div class=\"vc_column-inner\"><section class=\"l-section wpb_row us_custom_d4a759fd height_auto width_full with_slider\"><div class=\"l-section-slider\"><div class=\"w-slider style_none fit_cover nav_none count_5\"><div class=\"w-slider-h\" aria-hidden=\"true\"><div class=\"royalSlider\"><div class=\"rsContent\"><a class=\"rsImg\" data-rsw=\"1340\" data-rsh=\"400\" href=\"https:\/\/turisme.mutxamel.org\/wp-content\/uploads\/2023\/11\/assuts.jpg\"><span data-alt=\"Ruta Assut Mutxamel - Assut Sant Joan\"><\/span><\/a><\/div><div class=\"rsContent\"><a class=\"rsImg\" data-rsw=\"1123\" data-rsh=\"566\" href=\"https:\/\/turisme.mutxamel.org\/wp-content\/uploads\/2023\/11\/Mutxamel_Gastronomia_Pagina_02_Imagen_0002.jpg\"><span data-alt=\"Mutxamel Gastronomia\"><\/span><\/a><\/div><div class=\"rsContent\"><a class=\"rsImg\" data-rsw=\"1340\" data-rsh=\"400\" href=\"https:\/\/turisme.mutxamel.org\/wp-content\/uploads\/2023\/11\/cocons.jpg\"><span data-alt=\"Ruta Barranc del Cocons - Minas de Ocre\"><\/span><\/a><\/div><div class=\"rsContent\"><a class=\"rsImg\" data-rsw=\"2560\" data-rsh=\"1440\" href=\"https:\/\/turisme.mutxamel.org\/wp-content\/uploads\/2023\/11\/20180727_190720.jpg\"><span data-alt=\"Ruta de verano El Farolet\"><\/span><\/a><\/div><div class=\"rsContent\"><a class=\"rsImg\" data-rsw=\"1004\" data-rsh=\"388\" href=\"https:\/\/turisme.mutxamel.org\/wp-content\/uploads\/2023\/11\/rollos-de-anis.jpg\"><span data-alt=\"rollos de anis\"><\/span><\/a><\/div><\/div><img decoding=\"async\" src=\"https:\/\/turisme.mutxamel.org\/wp-content\/uploads\/2023\/11\/assuts.jpg\" width=\"1340\" height=\"400\" alt=\"Ruta Assut Mutxamel - Assut Sant Joan\" loading=\"lazy\"><\/div><div class=\"w-slider-json\" onclick='return {&quot;autoScaleSlider&quot;:true,&quot;addActiveClass&quot;:true,&quot;loop&quot;:true,&quot;fadeInLoadedSlide&quot;:false,&quot;slidesSpacing&quot;:0,&quot;imageScalePadding&quot;:0,&quot;numImagesToPreload&quot;:2,&quot;arrowsNav&quot;:false,&quot;arrowsNavAutoHide&quot;:false,&quot;transitionType&quot;:&quot;fade&quot;,&quot;transitionSpeed&quot;:1000,&quot;block&quot;:{&quot;moveEffect&quot;:&quot;none&quot;,&quot;speed&quot;:300},&quot;thumbs&quot;:{&quot;fitInViewport&quot;:false,&quot;firstMargin&quot;:false,&quot;spacing&quot;:4},&quot;controlNavigation&quot;:&quot;none&quot;,&quot;autoplay&quot;:{&quot;enabled&quot;:true,&quot;pauseOnHover&quot;:false,&quot;delay&quot;:3000},&quot;autoScaleSliderWidth&quot;:1340,&quot;autoScaleSliderHeight&quot;:400}'><\/div><\/div><\/div><div class=\"l-section-overlay\" style=\"background:rgba(13,131,62,0.80)\"><\/div><div class=\"l-section-h i-cf\"><div class=\"g-cols vc_row via_grid cols_1 laptops-cols_inherit tablets-cols_inherit mobiles-cols_1 valign_top type_default stacking_default\"><div class=\"wpb_column vc_column_container us_custom_eb849559\"><div class=\"vc_column-inner\"><div class=\"wpb_text_column us_custom_3e734877 has_text_color\"><div class=\"wpb_wrapper\"><p>QU\u00c8 FER<\/p>\n<\/div><\/div><\/div><\/div><\/div><\/div><\/section><section class=\"l-section wpb_row height_auto width_full color_primary\"><div class=\"l-section-overlay\" style=\"background:#000000\"><\/div><div class=\"l-section-h i-cf\"><div class=\"g-cols vc_row via_grid cols_1 laptops-cols_inherit tablets-cols_inherit mobiles-cols_1 valign_top type_default stacking_default\"><div class=\"wpb_column vc_column_container\"><div class=\"vc_column-inner\"><section class=\"l-section wpb_row height_auto\"><div class=\"l-section-overlay\" style=\"background:#000000\"><\/div><div class=\"l-section-h i-cf\"><div class=\"g-cols vc_row via_grid cols_1 laptops-cols_inherit tablets-cols_inherit mobiles-cols_1 valign_top type_default stacking_default\"><div class=\"wpb_column vc_column_container\"><div class=\"vc_column-inner\"><div class=\"w-separator size_small\"><\/div><div class=\"w-separator size_small\"><\/div><\/div><\/div><\/div><\/div><\/section>\n<\/div><\/div><\/div><\/div><\/section><section class=\"l-section wpb_row height_auto width_full\"><div class=\"l-section-h i-cf\"><div class=\"g-cols vc_row via_grid cols_1 laptops-cols_inherit tablets-cols_inherit mobiles-cols_1 valign_top type_default stacking_default\"><div class=\"wpb_column vc_column_container\"><div class=\"vc_column-inner\"><section class=\"l-section wpb_row us_custom_e4988f48 has_text_color height_auto\"><div class=\"l-section-overlay\" style=\"background:#E3E4E4\"><\/div><div class=\"l-section-h i-cf\"><div class=\"g-cols vc_row via_grid cols_1 laptops-cols_inherit tablets-cols_inherit mobiles-cols_1 valign_top type_default stacking_default\"><div class=\"wpb_column vc_column_container\"><div class=\"vc_column-inner\"><nav class=\"g-breadcrumbs us_custom_492179a4 separator_icon align_left\" itemscope itemtype=\"http:\/\/schema.org\/BreadcrumbList\"><div class=\"g-breadcrumbs-item\" itemscope itemprop=\"itemListElement\" itemtype=\"http:\/\/schema.org\/ListItem\"><a itemprop=\"item\" href=\"https:\/\/turisme.mutxamel.org\/ca\/\"><span itemprop=\"name\">Inici<\/span><\/a><meta itemprop=\"position\" content=\"1\"\/><\/div><div class=\"g-breadcrumbs-separator\"><i class=\"far fa-angle-right\"><\/i><\/div><div class=\"g-breadcrumbs-item\">P\u00e0gines<\/div><\/nav><\/div><\/div><\/div><\/div><\/section><section class=\"l-section wpb_row height_auto\"><div class=\"l-section-h i-cf\"><div class=\"g-cols vc_row via_grid cols_1 laptops-cols_inherit tablets-cols_inherit mobiles-cols_1 valign_top type_default stacking_default\"><div class=\"wpb_column vc_column_container\"><div class=\"vc_column-inner\"><div class=\"w-separator size_small\"><\/div><\/div><\/div><\/div><\/div><\/section>\n<\/div><\/div><\/div><\/div><\/section>\n<\/div><\/div><\/div><\/div><\/section><section class=\"l-section wpb_row height_small\"><div class=\"l-section-h i-cf\"><div class=\"g-cols vc_row via_grid cols_2-1 laptops-cols_inherit tablets-cols_inherit mobiles-cols_1 valign_top type_default stacking_default\"><div class=\"wpb_column vc_column_container\"><div class=\"vc_column-inner\"><div id=\"ultimate-heading-340569edf69a7dd89\" class=\"uvc-heading ult-adjust-bottom-margin ultimate-heading-340569edf69a7dd89 uvc-6851 \" data-hspacer=\"no_spacer\"  data-halign=\"left\" style=\"text-align:left\"><div class=\"uvc-heading-spacer no_spacer\" style=\"top\"><\/div><div class=\"uvc-main-heading ult-responsive\"  data-ultimate-target='.uvc-heading.ultimate-heading-340569edf69a7dd89 h1'  data-responsive-json-new='{\"font-size\":\"\",\"line-height\":\"\"}' ><h1 style=\"font-weight:normal;\">Ruta tur\u00edstica Arcadi Blasco<\/h1><\/div><\/div><div class=\"w-separator size_small\"><\/div><div class=\"wpb_text_column\"><div class=\"wpb_wrapper\"><p>Arcadi Blasco Pastor (1928-2013), nascut a Mutxamel, l\u2019Alacant\u00ed, va ser una de les figures m\u00e9s destacades en el panorama art\u00edstic tant del seu municipi com de la prov\u00edncia. La seua obra, carregada de simbolisme i una profunda connexi\u00f3 amb la cultura alacantina i mutxamelera, va reflectir la seua evoluci\u00f3 des dels seus inicis en les belles arts fins a la seua maduresa com a ceramista i artista multidisciplinari. Al llarg de la seua carrera, Blasco va ser present en importants exposicions nacionals i internacionals i va desenvolupar una estreta relaci\u00f3 amb diverses ciutats com Madrid, on va ser docent i va treballar creant obres per a tota la pen\u00ednsula i fins i tot l&#8217;estranger. Aquest apartat repassa la seua traject\u00f2ria, les seues principals obres i la ruta art\u00edstica que va connectar aquests llocs clau de la seua vida i el seu art.<\/p>\n<\/div><\/div><\/div><\/div><div class=\"wpb_column vc_column_container\"><div class=\"vc_column-inner\"><div class=\"w-image hide_on_default hide_on_laptops hide_on_tablets hide_on_mobiles align_center\"><div class=\"w-image-h\"><img decoding=\"async\" width=\"195\" height=\"81\" src=\"https:\/\/turisme.mutxamel.org\/wp-content\/uploads\/2023\/11\/logo-turismo.jpg\" class=\"attachment-full size-full\" alt=\"logo-turismo\" loading=\"lazy\" \/><\/div><\/div><div class=\"w-separator size_small\"><\/div><div class=\"w-image align_center\"><div class=\"w-image-h\"><img decoding=\"async\" width=\"255\" height=\"289\" src=\"https:\/\/turisme.mutxamel.org\/wp-content\/uploads\/2025\/02\/Arcadi-Blasco-1.jpg\" class=\"attachment-full size-full\" alt=\"arcadi blasco\" loading=\"lazy\" \/><\/div><\/div><\/div><\/div><\/div><\/div><\/section><section class=\"l-section wpb_row height_small\"><div class=\"l-section-h i-cf\"><div class=\"g-cols vc_row via_grid cols_1 laptops-cols_inherit tablets-cols_inherit mobiles-cols_1 valign_top type_default stacking_default\"><div class=\"wpb_column vc_column_container\"><div class=\"vc_column-inner\"><div id=\"ultimate-heading-662469edf69a80f30\" class=\"uvc-heading ult-adjust-bottom-margin ultimate-heading-662469edf69a80f30 uvc-7984 \" data-hspacer=\"no_spacer\"  data-halign=\"left\" style=\"text-align:left\"><div class=\"uvc-heading-spacer no_spacer\" style=\"top\"><\/div><div class=\"uvc-main-heading ult-responsive\"  data-ultimate-target='.uvc-heading.ultimate-heading-662469edf69a80f30 h3'  data-responsive-json-new='{\"font-size\":\"\",\"line-height\":\"\"}' ><h3 style=\"font-weight:normal;\">Arcadi, una vida dedicada a l'art<\/h3><\/div><\/div><div class=\"w-separator size_small\"><\/div><div class=\"wpb_text_column\"><div class=\"wpb_wrapper\"><p>Arcadi Blasco Pastor (Mutxamel, 1928 &#8211; Majadahonda, 2013), un dels principals artistes del nostre municipi i de la prov\u00edncia d&#8217;Alacant, va fer una labor encomiable en transmetre la cultura alacantina a trav\u00e9s de la seua obra.<\/p>\n<p>Arcadi estudia entre els anys 1942 i 1945 al Seminari d&#8217;Oriola, on apr\u00e9n a tocar alguns instruments com el piano o l&#8217;\u00f2rgan, encara que m\u00e9s tard trobaria la seua veritable vocaci\u00f3 en la pintura. Els seus pares, Jos\u00e9 i Mar\u00eda, sastre i brodadora, van comprendre que Arcadi no continuaria amb les professions familiars, i li van permetre anar a Madrid despr\u00e9s de deixar el Seminari.<\/p>\n<p>A Madrid \u00e9s on coneix el pintor Luis Mosquera, qui li aconsella ingressar a l&#8217;Escola de Belles Arts de Madrid, a la qual entra en 1947. El servei militar el porta a Val\u00e8ncia, on acaba els seus estudis en l&#8217;Escola de Belles Arts de Sant Carles en 1953. En finalitzar els seus estudis s&#8217;instal\u00b7la a Roma, en l&#8217;Acad\u00e8mia d&#8217;Espanya, on coneix altres artistes i descobreix les obres de cer\u00e0mica de Nino Caruso i Carlo Zauli, les que el marquen i desperten en ell un profund inter\u00e9s.<\/p>\n<p>De tornada a Espanya, comen\u00e7a a treballar i experimentar amb cer\u00e0miques i t\u00e8cniques artesanals. Cal destacar que, durant les d\u00e8cades 40 i 50, Arcadi s&#8217;interessa tamb\u00e9 per la pedagogia i l&#8217;ensenyament d&#8217;arts pl\u00e0stiques, la qual cosa el porta a impartir cursos i aconseguir un ofici com a professor en el col\u00b7legi de Santa Mar\u00eda de los Rosales de Madrid.<\/p>\n<p>L\u2019any 1967 impulsa l&#8217;Associaci\u00f3 Sindical d&#8217;Artistes Pl\u00e0stics (hui coneguda com a Artistes Visuals Associats de Madrid, o AVAM), de la qual va ser president. Tamb\u00e9 durant els anys 60, despr\u00e9s de diverses exposicions i treballs a Espanya i altres pa\u00efsos com Fran\u00e7a o It\u00e0lia, aconsegueix un reconeixement especial dins de les arts pl\u00e0stiques i la cer\u00e0mica. Tant \u00e9s aix\u00ed que en 1970 \u00e9s triat, al costat de Manolo Raba i Dar\u00edo Villalba, com a representant d&#8217;Espanya en la XXXV Biennal de Ven\u00e8cia.<\/p>\n<p>Aix\u00ed, durant aquests anys alterna les seues investigacions i experimentacions amb nombrosos enc\u00e0rrecs de murals cer\u00e0mics i vidrieres per a ser integrats en diferents edificis religiosos i civils en tota Espanya, i el Marroc (en la Catedral de Nuestra Se\u00f1ora de la Asunci\u00f3n, a T\u00e0nger). Entre molts altres, destaquen els seus treballs al costat de Luis Cubillo, en els quals s\u00f3n m\u00e9s que col\u00b7laboracions o enc\u00e0rrecs, ja que Blasco t\u00e9 total llibertat per a experimentar amb formes, colors, t\u00e8cniques i materials.<\/p>\n<p>En els anys posteriors guanyaria encara m\u00e9s repercussi\u00f3 a nivell nacional, recorrent el territori espanyol amb els seus treballs, enc\u00e0rrecs i exposicions. L\u2019any 1985 torna a Mutxamel, en plena maduresa art\u00edstica, i elabora algunes de les seues obres m\u00e9s reconegudes. A m\u00e9s, duu a terme iniciatives did\u00e0ctiques amb l&#8217;alumnat dels col\u00b7legis, celebrant algunes exposicions.<\/p>\n<p>Arcadi Blasco forma part del grup d&#8217;artistes nacionals les obres dels quals inclouen tant reinterpretacions de l&#8217;art religi\u00f3s o abstracte, com a peces amb un marcat esperit filos\u00f2fic i reivindicatiu, consolidant-se, a m\u00e9s de com un dels principals artistes pl\u00e0stics, com una figura clau per a la preservaci\u00f3 i difusi\u00f3 de la cultura alacantina.<\/p>\n<\/div><\/div><\/div><\/div><\/div><\/div><\/section><section class=\"l-section wpb_row height_small\"><div class=\"l-section-h i-cf\"><div class=\"g-cols vc_row via_grid cols_4 laptops-cols_inherit tablets-cols_inherit mobiles-cols_1 valign_top type_default stacking_default\"><div class=\"wpb_column vc_column_container\"><div class=\"vc_column-inner\"><div class=\"w-image align_center\"><div class=\"w-image-h\"><img decoding=\"async\" width=\"142\" height=\"135\" src=\"https:\/\/turisme.mutxamel.org\/wp-content\/uploads\/2025\/02\/Arcadi-Blasco-2.jpg\" class=\"attachment-full size-full\" alt=\"arcadi blasco\" loading=\"lazy\" \/><\/div><\/div><div class=\"w-separator size_small\"><\/div><\/div><\/div><div class=\"wpb_column vc_column_container\"><div class=\"vc_column-inner\"><div class=\"w-image align_center\"><div class=\"w-image-h\"><img decoding=\"async\" width=\"143\" height=\"185\" src=\"https:\/\/turisme.mutxamel.org\/wp-content\/uploads\/2025\/02\/arcadio-anos-70.jpg\" class=\"attachment-full size-full\" alt=\"arcadi blasco\" loading=\"lazy\" \/><\/div><\/div><div class=\"w-separator size_small\"><\/div><\/div><\/div><div class=\"wpb_column vc_column_container\"><div class=\"vc_column-inner\"><div class=\"w-image align_center\"><div class=\"w-image-h\"><img decoding=\"async\" width=\"143\" height=\"202\" src=\"https:\/\/turisme.mutxamel.org\/wp-content\/uploads\/2025\/02\/Arcadi-Ciudad-universitaria-59.jpg\" class=\"attachment-full size-full\" alt=\"arcadi blasco\" loading=\"lazy\" \/><\/div><\/div><div class=\"w-separator size_small\"><\/div><\/div><\/div><div class=\"wpb_column vc_column_container\"><div class=\"vc_column-inner\"><div class=\"w-image align_center\"><div class=\"w-image-h\"><img decoding=\"async\" width=\"400\" height=\"289\" src=\"https:\/\/turisme.mutxamel.org\/wp-content\/uploads\/2025\/02\/Arcadi-iglesia-transito.jpg\" class=\"attachment-full size-full\" alt=\"arcadi blasco\" loading=\"lazy\" srcset=\"https:\/\/turisme.mutxamel.org\/wp-content\/uploads\/2025\/02\/Arcadi-iglesia-transito.jpg 400w, https:\/\/turisme.mutxamel.org\/wp-content\/uploads\/2025\/02\/Arcadi-iglesia-transito-300x217.jpg 300w\" sizes=\"auto, (max-width: 400px) 100vw, 400px\" \/><\/div><\/div><div class=\"w-separator size_small\"><\/div><\/div><\/div><\/div><\/div><\/section><section class=\"l-section wpb_row height_small\"><div class=\"l-section-h i-cf\"><div class=\"g-cols vc_row via_grid cols_1 laptops-cols_inherit tablets-cols_inherit mobiles-cols_1 valign_top type_default stacking_default\"><div class=\"wpb_column vc_column_container\"><div class=\"vc_column-inner\"><div id=\"ultimate-heading-260469edf69a852d0\" class=\"uvc-heading ult-adjust-bottom-margin ultimate-heading-260469edf69a852d0 uvc-6125 \" data-hspacer=\"no_spacer\"  data-halign=\"left\" style=\"text-align:left\"><div class=\"uvc-heading-spacer no_spacer\" style=\"top\"><\/div><div class=\"uvc-main-heading ult-responsive\"  data-ultimate-target='.uvc-heading.ultimate-heading-260469edf69a852d0 h3'  data-responsive-json-new='{\"font-size\":\"\",\"line-height\":\"\"}' ><h3 style=\"font-weight:normal;\">Descobrix a Arcadi a Mutxamel<\/h3><\/div><\/div><div class=\"w-separator size_small\"><\/div><div class=\"wpb_text_column\"><div class=\"wpb_wrapper\"><p>Descobreix la petjada que Arcadi Blasco va deixar a Mutxamel en un recorregut urb\u00e0 que et portar\u00e0 pels llocs m\u00e9s significatius de la seua obra i vida. L&#8217;artista mutxameler va dur a terme diversos projectes com els tallers en el col\u00b7legi Manuel Ant\u00f3n, des de 1999 fins a 2010, o la realitzaci\u00f3 d&#8217;obres com la Font de la Torre de Guaita.<\/p>\n<p>Arcadi Blasco Pastor sempre va ser una figura clau per a la presentaci\u00f3 i difusi\u00f3 de la cultura alacantina, i les obres que va deixar a Mutxamel s\u00f3n una prova de l&#8217;inter\u00e9s i de l&#8217;amor que l&#8217;artista tenia pel municipi i la seua cultura.<\/p>\n<\/div><\/div><div class=\"w-separator size_small\"><\/div><\/div><\/div><\/div><\/div><\/section><section class=\"l-section wpb_row height_small\"><div class=\"l-section-h i-cf\"><div class=\"g-cols vc_row via_grid cols_2 laptops-cols_inherit tablets-cols_inherit mobiles-cols_1 valign_top type_default stacking_default\"><div class=\"wpb_column vc_column_container\"><div class=\"vc_column-inner\"><div class=\"w-iconbox us_custom_558ec5ca iconpos_left style_default color_custom align_center no_text\"><a target=\"_blank\" href=\"https:\/\/turisme.mutxamel.org\/wp-content\/uploads\/2025\/03\/Ruta-Arcadi-Blasco-Mutxamel.pdf\" class=\"w-iconbox-link\" aria-label=\"Ruta Arcadi Blasco en Mutxamel\"><div class=\"w-iconbox-icon\" style=\"font-size:2rem;--icon-color:#0D803E;\"><i class=\"fas fa-file-pdf\"><\/i><\/div><\/a><div class=\"w-iconbox-meta\"><h6 class=\"w-iconbox-title\"><a target=\"_blank\" href=\"https:\/\/turisme.mutxamel.org\/wp-content\/uploads\/2025\/03\/Ruta-Arcadi-Blasco-Mutxamel.pdf\" class=\"w-iconbox-link\" aria-label=\"Ruta Arcadi Blasco en Mutxamel\">Ruta Arcadi Blasco en Mutxamel<\/a><\/h6><\/div><\/div><\/div><\/div><div class=\"wpb_column vc_column_container\"><div class=\"vc_column-inner\"><div class=\"w-btn-wrapper align_center\"><a class=\"w-btn us-btn-style_1\" href=\"https:\/\/maps.app.goo.gl\/Lra6iS4YfzMV9vNi7\"><span class=\"w-btn-label\">Realitza la ruta<\/span><\/a><\/div><\/div><\/div><\/div><\/div><\/section><section class=\"l-section wpb_row height_small\"><div class=\"l-section-h i-cf\"><div class=\"g-cols vc_row via_grid cols_1 laptops-cols_inherit tablets-cols_inherit mobiles-cols_1 valign_top type_default stacking_default\"><div class=\"wpb_column vc_column_container\"><div class=\"vc_column-inner\"><div class=\"w-separator size_small with_line width_default thick_1 style_solid color_border align_center\"><div class=\"w-separator-h\"><\/div><\/div><\/div><\/div><\/div><\/div><\/section><section class=\"l-section wpb_row height_small\"><div class=\"l-section-h i-cf\"><div class=\"g-cols vc_row via_grid cols_2-1 laptops-cols_inherit tablets-cols_inherit mobiles-cols_1 valign_top type_default stacking_default\"><div class=\"wpb_column vc_column_container\"><div class=\"vc_column-inner\"><div id=\"ultimate-heading-769edf69a86975\" class=\"uvc-heading ult-adjust-bottom-margin ultimate-heading-769edf69a86975 uvc-3899 \" data-hspacer=\"no_spacer\"  data-halign=\"left\" style=\"text-align:left\"><div class=\"uvc-heading-spacer no_spacer\" style=\"top\"><\/div><div class=\"uvc-main-heading ult-responsive\"  data-ultimate-target='.uvc-heading.ultimate-heading-769edf69a86975 h5'  data-responsive-json-new='{\"font-size\":\"\",\"line-height\":\"\"}' ><h5 style=\"font-weight:normal;\">Casa on nasqu\u00e9 i visqu\u00e9 Arcadi<\/h5><\/div><\/div><div class=\"w-separator size_small\"><\/div><div class=\"wpb_text_column\"><div class=\"wpb_wrapper\"><p>Arcadi Blasco va n\u00e0ixer i va cr\u00e9ixer en la llar del n\u00famero 6 del Carrer Francisco Sala Marco i, deixant const\u00e0ncia d&#8217;aix\u00f2, en la fa\u00e7ana d\u2019aquest hi ha un panell amb la seg\u00fcent inscripci\u00f3:<\/p>\n<p><em>\u201cEn esta casa va n\u00e0ixer i va viure l\u2019artista Arcadi Blasco (1928-2013), amb materials com el vidre, el fang i la pedra cre\u00e0 vitralls, relleus i escultures on conviuen la tradici\u00f3 i la innovaci\u00f3\u201d.<\/em><\/p>\n<\/div><\/div><\/div><\/div><div class=\"wpb_column vc_column_container\"><div class=\"vc_column-inner\"><div class=\"w-image hide_on_default hide_on_laptops hide_on_tablets hide_on_mobiles align_none\"><a ref=\"magnificPopup\" href=\"https:\/\/turisme.mutxamel.org\/wp-content\/uploads\/2025\/02\/Casa-Arcadi-scaled.jpg\" aria-label=\"Casa Arcadi\" class=\"w-image-h\"><img decoding=\"async\" width=\"1024\" height=\"683\" src=\"https:\/\/turisme.mutxamel.org\/wp-content\/uploads\/2025\/02\/Casa-Arcadi-1024x683.jpg\" class=\"attachment-large size-large\" alt=\"casa de Arcadi Blasco\" loading=\"lazy\" srcset=\"https:\/\/turisme.mutxamel.org\/wp-content\/uploads\/2025\/02\/Casa-Arcadi-1024x683.jpg 1024w, https:\/\/turisme.mutxamel.org\/wp-content\/uploads\/2025\/02\/Casa-Arcadi-300x200.jpg 300w, https:\/\/turisme.mutxamel.org\/wp-content\/uploads\/2025\/02\/Casa-Arcadi-391x260.jpg 391w\" sizes=\"auto, (max-width: 1024px) 100vw, 1024px\" \/><\/a><\/div><div class=\"w-separator size_small\"><\/div><div class=\"w-image align_none\"><a ref=\"magnificPopup\" href=\"https:\/\/turisme.mutxamel.org\/wp-content\/uploads\/2025\/02\/Casa-Arcadi-scaled.jpg\" aria-label=\"Casa Arcadi\" class=\"w-image-h\"><img decoding=\"async\" width=\"1024\" height=\"683\" src=\"https:\/\/turisme.mutxamel.org\/wp-content\/uploads\/2025\/02\/Casa-Arcadi-1024x683.jpg\" class=\"attachment-large size-large\" alt=\"casa de Arcadi Blasco\" loading=\"lazy\" srcset=\"https:\/\/turisme.mutxamel.org\/wp-content\/uploads\/2025\/02\/Casa-Arcadi-1024x683.jpg 1024w, https:\/\/turisme.mutxamel.org\/wp-content\/uploads\/2025\/02\/Casa-Arcadi-300x200.jpg 300w, https:\/\/turisme.mutxamel.org\/wp-content\/uploads\/2025\/02\/Casa-Arcadi-391x260.jpg 391w\" sizes=\"auto, (max-width: 1024px) 100vw, 1024px\" \/><\/a><\/div><\/div><\/div><\/div><\/div><\/section><section class=\"l-section wpb_row height_small\"><div class=\"l-section-h i-cf\"><div class=\"g-cols vc_row via_grid cols_1 laptops-cols_inherit tablets-cols_inherit mobiles-cols_1 valign_top type_default stacking_default\"><div class=\"wpb_column vc_column_container\"><div class=\"vc_column-inner\"><div class=\"w-separator size_small with_line width_default thick_1 style_solid color_border align_center\"><div class=\"w-separator-h\"><\/div><\/div><\/div><\/div><\/div><\/div><\/section><section class=\"l-section wpb_row height_small\"><div class=\"l-section-h i-cf\"><div class=\"g-cols vc_row via_grid cols_2-1 laptops-cols_inherit tablets-cols_inherit mobiles-cols_1 valign_top type_default stacking_default\"><div class=\"wpb_column vc_column_container\"><div class=\"vc_column-inner\"><div id=\"ultimate-heading-486969edf69a8a358\" class=\"uvc-heading ult-adjust-bottom-margin ultimate-heading-486969edf69a8a358 uvc-5028 \" data-hspacer=\"no_spacer\"  data-halign=\"left\" style=\"text-align:left\"><div class=\"uvc-heading-spacer no_spacer\" style=\"top\"><\/div><div class=\"uvc-main-heading ult-responsive\"  data-ultimate-target='.uvc-heading.ultimate-heading-486969edf69a8a358 h5'  data-responsive-json-new='{\"font-size\":\"\",\"line-height\":\"\"}' ><h5 style=\"font-weight:normal;\">Guernica<\/h5><\/div><\/div><div class=\"w-separator size_small\"><\/div><div class=\"wpb_text_column\"><div class=\"wpb_wrapper\"><p>Arcadi Blasco va estar impartint tallers art\u00edstics en el col\u00b7legi p\u00fablic Manuel Ant\u00f3n des de 1999 fins a 2010. Cap a l&#8217;any 2009 va decidir recrear un dels quadres m\u00e9s representatius de Pablo Picasso, \u201cGuernica\u201d, amb l&#8217;ajuda de l&#8217;alumnat del centre.<\/p>\n<p>Per a aix\u00f2, els xiquets i xiquetes van seguir les instruccions de l&#8217;artista, amb alguna ajuda per part de l&#8217;artista, per a elaborar les 364 peces de cer\u00e0mica que componen aquest mural. Es tracta d&#8217;una r\u00e8plica de l&#8217;obra de Picasso, respectant dimensions, encara que amb clares difer\u00e8ncies. A m\u00e9s, en diverses peces es pot llegir la paraula \u201cpau\u201d, en al\u00b7lusi\u00f3 i com a condemna al propi bombardeig que va patir la poblaci\u00f3 de Guernica (Biscaia) durant la Guerra Civil.<\/p>\n<\/div><\/div><\/div><\/div><div class=\"wpb_column vc_column_container\"><div class=\"vc_column-inner\"><div class=\"w-image hide_on_default hide_on_laptops hide_on_tablets hide_on_mobiles align_none\"><a ref=\"magnificPopup\" href=\"https:\/\/turisme.mutxamel.org\/wp-content\/uploads\/2025\/02\/Casa-Arcadi-scaled.jpg\" aria-label=\"Casa Arcadi\" class=\"w-image-h\"><img decoding=\"async\" width=\"1024\" height=\"683\" src=\"https:\/\/turisme.mutxamel.org\/wp-content\/uploads\/2025\/02\/Casa-Arcadi-1024x683.jpg\" class=\"attachment-large size-large\" alt=\"casa de Arcadi Blasco\" loading=\"lazy\" srcset=\"https:\/\/turisme.mutxamel.org\/wp-content\/uploads\/2025\/02\/Casa-Arcadi-1024x683.jpg 1024w, https:\/\/turisme.mutxamel.org\/wp-content\/uploads\/2025\/02\/Casa-Arcadi-300x200.jpg 300w, https:\/\/turisme.mutxamel.org\/wp-content\/uploads\/2025\/02\/Casa-Arcadi-391x260.jpg 391w\" sizes=\"auto, (max-width: 1024px) 100vw, 1024px\" \/><\/a><\/div><div class=\"w-separator size_small\"><\/div><div class=\"w-image align_none\"><a ref=\"magnificPopup\" href=\"https:\/\/turisme.mutxamel.org\/wp-content\/uploads\/2025\/02\/Guernica-scaled.jpg\" aria-label=\"Guernica\" class=\"w-image-h\"><img decoding=\"async\" width=\"1024\" height=\"683\" src=\"https:\/\/turisme.mutxamel.org\/wp-content\/uploads\/2025\/02\/Guernica-1024x683.jpg\" class=\"attachment-large size-large\" alt=\"Guernica\" loading=\"lazy\" srcset=\"https:\/\/turisme.mutxamel.org\/wp-content\/uploads\/2025\/02\/Guernica-1024x683.jpg 1024w, https:\/\/turisme.mutxamel.org\/wp-content\/uploads\/2025\/02\/Guernica-300x200.jpg 300w, https:\/\/turisme.mutxamel.org\/wp-content\/uploads\/2025\/02\/Guernica-391x260.jpg 391w\" sizes=\"auto, (max-width: 1024px) 100vw, 1024px\" \/><\/a><\/div><\/div><\/div><\/div><\/div><\/section><section class=\"l-section wpb_row height_small\"><div class=\"l-section-h i-cf\"><div class=\"g-cols vc_row via_grid cols_1 laptops-cols_inherit tablets-cols_inherit mobiles-cols_1 valign_top type_default stacking_default\"><div class=\"wpb_column vc_column_container\"><div class=\"vc_column-inner\"><div class=\"w-separator size_small with_line width_default thick_1 style_solid color_border align_center\"><div class=\"w-separator-h\"><\/div><\/div><\/div><\/div><\/div><\/div><\/section><section class=\"l-section wpb_row height_small\"><div class=\"l-section-h i-cf\"><div class=\"g-cols vc_row via_grid cols_2-1 laptops-cols_inherit tablets-cols_inherit mobiles-cols_1 valign_top type_default stacking_default\"><div class=\"wpb_column vc_column_container\"><div class=\"vc_column-inner\"><div id=\"ultimate-heading-632669edf69a8c153\" class=\"uvc-heading ult-adjust-bottom-margin ultimate-heading-632669edf69a8c153 uvc-657 \" data-hspacer=\"no_spacer\"  data-halign=\"left\" style=\"text-align:left\"><div class=\"uvc-heading-spacer no_spacer\" style=\"top\"><\/div><div class=\"uvc-main-heading ult-responsive\"  data-ultimate-target='.uvc-heading.ultimate-heading-632669edf69a8c153 h5'  data-responsive-json-new='{\"font-size\":\"\",\"line-height\":\"\"}' ><h5 style=\"font-weight:normal;\">Llapissera d\u00b4Arcadi<\/h5><\/div><\/div><div class=\"w-separator size_small\"><\/div><div class=\"wpb_text_column\"><div class=\"wpb_wrapper\"><p>Situada tamb\u00e9 en el col\u00b7legi Manuel Ant\u00f3n, aquesta obra es va realitzar per a commemorar el 25\u00e9 aniversari del centre l&#8217;any 2000.<\/p>\n<p>Aquesta obra d&#8217;Arcadi representa la Torre-Campanar de l&#8217;Esgl\u00e9sia d&#8217;El Salvador, i els llapis que l&#8217;envolten representen la import\u00e0ncia de l&#8217;educaci\u00f3 en la nostra societat. Aquesta obra tamb\u00e9 parla del profund inter\u00e9s pedag\u00f2gic que va tindre Arcadi Blasco durant tota la seua carrera art\u00edstica, i que va culminar amb els seus tallers i classes ac\u00ed a Mutxamel.<\/p>\n<\/div><\/div><\/div><\/div><div class=\"wpb_column vc_column_container\"><div class=\"vc_column-inner\"><div class=\"w-image hide_on_default hide_on_laptops hide_on_tablets hide_on_mobiles align_none\"><a ref=\"magnificPopup\" href=\"https:\/\/turisme.mutxamel.org\/wp-content\/uploads\/2025\/02\/Casa-Arcadi-scaled.jpg\" aria-label=\"Casa Arcadi\" class=\"w-image-h\"><img decoding=\"async\" width=\"1024\" height=\"683\" src=\"https:\/\/turisme.mutxamel.org\/wp-content\/uploads\/2025\/02\/Casa-Arcadi-1024x683.jpg\" class=\"attachment-large size-large\" alt=\"casa de Arcadi Blasco\" loading=\"lazy\" srcset=\"https:\/\/turisme.mutxamel.org\/wp-content\/uploads\/2025\/02\/Casa-Arcadi-1024x683.jpg 1024w, https:\/\/turisme.mutxamel.org\/wp-content\/uploads\/2025\/02\/Casa-Arcadi-300x200.jpg 300w, https:\/\/turisme.mutxamel.org\/wp-content\/uploads\/2025\/02\/Casa-Arcadi-391x260.jpg 391w\" sizes=\"auto, (max-width: 1024px) 100vw, 1024px\" \/><\/a><\/div><div class=\"w-separator size_small\"><\/div><div class=\"w-image align_none\"><a ref=\"magnificPopup\" href=\"https:\/\/turisme.mutxamel.org\/wp-content\/uploads\/2025\/02\/Lapicero-scaled.jpg\" aria-label=\"Lapicero\" class=\"w-image-h\"><img decoding=\"async\" width=\"1024\" height=\"683\" src=\"https:\/\/turisme.mutxamel.org\/wp-content\/uploads\/2025\/02\/Lapicero-1024x683.jpg\" class=\"attachment-large size-large\" alt=\"lapiceros arcadi blasco\" loading=\"lazy\" srcset=\"https:\/\/turisme.mutxamel.org\/wp-content\/uploads\/2025\/02\/Lapicero-1024x683.jpg 1024w, https:\/\/turisme.mutxamel.org\/wp-content\/uploads\/2025\/02\/Lapicero-300x200.jpg 300w, https:\/\/turisme.mutxamel.org\/wp-content\/uploads\/2025\/02\/Lapicero-391x260.jpg 391w\" sizes=\"auto, (max-width: 1024px) 100vw, 1024px\" \/><\/a><\/div><\/div><\/div><\/div><\/div><\/section><section class=\"l-section wpb_row height_small\"><div class=\"l-section-h i-cf\"><div class=\"g-cols vc_row via_grid cols_1 laptops-cols_inherit tablets-cols_inherit mobiles-cols_1 valign_top type_default stacking_default\"><div class=\"wpb_column vc_column_container\"><div class=\"vc_column-inner\"><div class=\"w-separator size_small with_line width_default thick_1 style_solid color_border align_center\"><div class=\"w-separator-h\"><\/div><\/div><\/div><\/div><\/div><\/div><\/section><section class=\"l-section wpb_row height_small\"><div class=\"l-section-h i-cf\"><div class=\"g-cols vc_row via_grid cols_2-1 laptops-cols_inherit tablets-cols_inherit mobiles-cols_1 valign_top type_default stacking_default\"><div class=\"wpb_column vc_column_container\"><div class=\"vc_column-inner\"><div id=\"ultimate-heading-142369edf69a8dddf\" class=\"uvc-heading ult-adjust-bottom-margin ultimate-heading-142369edf69a8dddf uvc-8898 \" data-hspacer=\"no_spacer\"  data-halign=\"left\" style=\"text-align:left\"><div class=\"uvc-heading-spacer no_spacer\" style=\"top\"><\/div><div class=\"uvc-main-heading ult-responsive\"  data-ultimate-target='.uvc-heading.ultimate-heading-142369edf69a8dddf h5'  data-responsive-json-new='{\"font-size\":\"\",\"line-height\":\"\"}' ><h5 style=\"font-weight:normal;\">Mural ``L\u00b4Alm\u00e0ssera``<\/h5><\/div><\/div><div class=\"w-separator size_small\"><\/div><div class=\"wpb_text_column\"><div class=\"wpb_wrapper\"><p>L\u2019alm\u00e0ssera era el lloc on es premsaven les olives per a obtindre oli. Aquesta alm\u00e0ssera comptava amb un mol\u00ed especial per a triturar i moldre olives i, en alguns casos, llavors o fruits. Una vegada triturades les olives es premsava la massa que quedava despr\u00e9s de passar pel mol\u00ed i, finalment, es filtrava.<\/p>\n<p>Aquest era un proc\u00e9s molt labori\u00f3s i Arcadi Blasco el coneixia de primera m\u00e0, ja que aquesta alm\u00e0ssera pertanyia al seu avi. Situada al Carrer del Fossar, el mural que va realitzar l&#8217;artista multidisciplinari en 1998 corona la seua fa\u00e7ana. I, encara que hui dia es tracta d&#8217;un habitatge privat, \u00e9s un dels enclavaments amb m\u00e9s inter\u00e9s de Mutxamel gr\u00e0cies, en part, al mural d&#8217;Arcadi.<\/p>\n<p>A m\u00e9s, en aquest mural destaca l&#8217;espiral, molt utilitzada per Arcadi en les seues diferents obres, que en aquest cas representa el mol\u00ed que s&#8217;utilitzava per a esclafar les olives. Es pot llegir en ell: \u201cPepe Pastor Ramos, almasserer\u201d i \u201cArcadi Blasco Pastor ho va fer\u201d, a m\u00e9s dels anys en qu\u00e8 va estar activa, de 1852 a 1998.<\/p>\n<\/div><\/div><\/div><\/div><div class=\"wpb_column vc_column_container\"><div class=\"vc_column-inner\"><div class=\"w-image hide_on_default hide_on_laptops hide_on_tablets hide_on_mobiles align_none\"><a ref=\"magnificPopup\" href=\"https:\/\/turisme.mutxamel.org\/wp-content\/uploads\/2025\/02\/Casa-Arcadi-scaled.jpg\" aria-label=\"Casa Arcadi\" class=\"w-image-h\"><img decoding=\"async\" width=\"1024\" height=\"683\" src=\"https:\/\/turisme.mutxamel.org\/wp-content\/uploads\/2025\/02\/Casa-Arcadi-1024x683.jpg\" class=\"attachment-large size-large\" alt=\"casa de Arcadi Blasco\" loading=\"lazy\" srcset=\"https:\/\/turisme.mutxamel.org\/wp-content\/uploads\/2025\/02\/Casa-Arcadi-1024x683.jpg 1024w, https:\/\/turisme.mutxamel.org\/wp-content\/uploads\/2025\/02\/Casa-Arcadi-300x200.jpg 300w, https:\/\/turisme.mutxamel.org\/wp-content\/uploads\/2025\/02\/Casa-Arcadi-391x260.jpg 391w\" sizes=\"auto, (max-width: 1024px) 100vw, 1024px\" \/><\/a><\/div><div class=\"w-separator size_small\"><\/div><div class=\"w-image align_none\"><a ref=\"magnificPopup\" href=\"https:\/\/turisme.mutxamel.org\/wp-content\/uploads\/2025\/02\/Mural-Almassera-scaled.jpg\" aria-label=\"Mural Almassera\" class=\"w-image-h\"><img decoding=\"async\" width=\"1024\" height=\"683\" src=\"https:\/\/turisme.mutxamel.org\/wp-content\/uploads\/2025\/02\/Mural-Almassera-1024x683.jpg\" class=\"attachment-large size-large\" alt=\"mural almassera arcadi blasco\" loading=\"lazy\" srcset=\"https:\/\/turisme.mutxamel.org\/wp-content\/uploads\/2025\/02\/Mural-Almassera-1024x683.jpg 1024w, https:\/\/turisme.mutxamel.org\/wp-content\/uploads\/2025\/02\/Mural-Almassera-300x200.jpg 300w, https:\/\/turisme.mutxamel.org\/wp-content\/uploads\/2025\/02\/Mural-Almassera-391x260.jpg 391w\" sizes=\"auto, (max-width: 1024px) 100vw, 1024px\" \/><\/a><\/div><\/div><\/div><\/div><\/div><\/section><section class=\"l-section wpb_row height_small\"><div class=\"l-section-h i-cf\"><div class=\"g-cols vc_row via_grid cols_1 laptops-cols_inherit tablets-cols_inherit mobiles-cols_1 valign_top type_default stacking_default\"><div class=\"wpb_column vc_column_container\"><div class=\"vc_column-inner\"><div class=\"w-separator size_small with_line width_default thick_1 style_solid color_border align_center\"><div class=\"w-separator-h\"><\/div><\/div><\/div><\/div><\/div><\/div><\/section><section class=\"l-section wpb_row height_small\"><div class=\"l-section-h i-cf\"><div class=\"g-cols vc_row via_grid cols_2-1 laptops-cols_inherit tablets-cols_inherit mobiles-cols_1 valign_top type_default stacking_default\"><div class=\"wpb_column vc_column_container\"><div class=\"vc_column-inner\"><div id=\"ultimate-heading-44069edf69a8fa25\" class=\"uvc-heading ult-adjust-bottom-margin ultimate-heading-44069edf69a8fa25 uvc-7303 \" data-hspacer=\"no_spacer\"  data-halign=\"left\" style=\"text-align:left\"><div class=\"uvc-heading-spacer no_spacer\" style=\"top\"><\/div><div class=\"uvc-main-heading ult-responsive\"  data-ultimate-target='.uvc-heading.ultimate-heading-44069edf69a8fa25 h5'  data-responsive-json-new='{\"font-size\":\"\",\"line-height\":\"\"}' ><h5 style=\"font-weight:normal;\">Font de la Torre guaita<\/h5><\/div><\/div><div class=\"w-separator size_small\"><\/div><div class=\"wpb_text_column\"><div class=\"wpb_wrapper\"><p>Inaugurada el 16 de juny de 2001, aquest monument \u00e9s la primera aportaci\u00f3 d&#8217;Arcadi Blasco a l&#8217;arquitectura p\u00fablica a Mutxamel. Situada a l&#8217;entrada de l&#8217;Avinguda Carlos Soler, \u00e9s la perfecta al\u00b7legoria, com va explicar el mateix Arcadi, de com Mutxamel ha sigut hist\u00f2ricament un punt d&#8217;arribada i trobada de molts pobles i cultures. A m\u00e9s, destaca la import\u00e0ncia de totes les torres de guaita i de defensa que poblen l&#8217;horta i la costa alacantina.<\/p>\n<p>Les flames que la coronen simbolitzen el foc amb el qual avisaven i, just davall, t\u00e9 la mateixa ornamentaci\u00f3 que tenia la planta baixa de la torre del campanar, usada com a torre guaita temps enrere. A m\u00e9s, el disseny de les seues quatre canelles orientades als quatre punts cardinals simbolitza la conc\u00f2rdia entre els diferents credos religiosos.<\/p>\n<p>Aquesta font va haver de ser restaurada al maig de 2018 a causa de la quantitat de cal\u00e7 i brut\u00edcia que tenia. Els treballs de neteja van ser realitzats pel restaurador Jos\u00e9 Vicente Bonete, qui tamb\u00e9 va treballar en la restauraci\u00f3 de part de la imatgeria de l&#8217;esgl\u00e9sia d&#8217;El Salvador.<\/p>\n<\/div><\/div><\/div><\/div><div class=\"wpb_column vc_column_container\"><div class=\"vc_column-inner\"><div class=\"w-image hide_on_default hide_on_laptops hide_on_tablets hide_on_mobiles align_none\"><a ref=\"magnificPopup\" href=\"https:\/\/turisme.mutxamel.org\/wp-content\/uploads\/2025\/02\/Casa-Arcadi-scaled.jpg\" aria-label=\"Casa Arcadi\" class=\"w-image-h\"><img decoding=\"async\" width=\"1024\" height=\"683\" src=\"https:\/\/turisme.mutxamel.org\/wp-content\/uploads\/2025\/02\/Casa-Arcadi-1024x683.jpg\" class=\"attachment-large size-large\" alt=\"casa de Arcadi Blasco\" loading=\"lazy\" srcset=\"https:\/\/turisme.mutxamel.org\/wp-content\/uploads\/2025\/02\/Casa-Arcadi-1024x683.jpg 1024w, https:\/\/turisme.mutxamel.org\/wp-content\/uploads\/2025\/02\/Casa-Arcadi-300x200.jpg 300w, https:\/\/turisme.mutxamel.org\/wp-content\/uploads\/2025\/02\/Casa-Arcadi-391x260.jpg 391w\" sizes=\"auto, (max-width: 1024px) 100vw, 1024px\" \/><\/a><\/div><div class=\"w-separator size_small\"><\/div><div class=\"w-image align_none\"><a ref=\"magnificPopup\" href=\"https:\/\/turisme.mutxamel.org\/wp-content\/uploads\/2025\/02\/Torre-Vigia-scaled.jpg\" aria-label=\"Torre Vigia\" class=\"w-image-h\"><img decoding=\"async\" width=\"1024\" height=\"683\" src=\"https:\/\/turisme.mutxamel.org\/wp-content\/uploads\/2025\/02\/Torre-Vigia-1024x683.jpg\" class=\"attachment-large size-large\" alt=\"torre vig\u00eda arcadi\" loading=\"lazy\" srcset=\"https:\/\/turisme.mutxamel.org\/wp-content\/uploads\/2025\/02\/Torre-Vigia-1024x683.jpg 1024w, https:\/\/turisme.mutxamel.org\/wp-content\/uploads\/2025\/02\/Torre-Vigia-300x200.jpg 300w, https:\/\/turisme.mutxamel.org\/wp-content\/uploads\/2025\/02\/Torre-Vigia-391x260.jpg 391w\" sizes=\"auto, (max-width: 1024px) 100vw, 1024px\" \/><\/a><\/div><\/div><\/div><\/div><\/div><\/section><section class=\"l-section wpb_row height_auto\"><div class=\"l-section-h i-cf\"><div class=\"g-cols vc_row via_grid cols_1 laptops-cols_inherit tablets-cols_inherit mobiles-cols_1 valign_top type_default stacking_default\"><div class=\"wpb_column vc_column_container\"><div class=\"vc_column-inner\"><div class=\"w-separator size_medium\"><\/div><div class=\"w-actionbox us_custom_74a0e6c7 color_secondary controls_right\"><div class=\"w-actionbox-text\"><p class=\"w-actionbox-title\">Realitzar el Tour Virtual 360\u00ba<\/p><\/div><div class=\"w-actionbox-controls\"><a class=\"w-btn us-btn-style_5 icon_atleft\" style=\"font-size:1.1rem\" target=\"_blank\" href=\"https:\/\/api.lookishtg.com\/360\/alicante-provincia\/mutxamel\/obraarcadiblasco\/index.htm\"><i class=\"fas fa-vr-cardboard\"><\/i><span class=\"w-btn-label\">Click Me<\/span><\/a><\/div><\/div><div class=\"w-separator size_medium\"><\/div><\/div><\/div><\/div><\/div><\/section><section class=\"l-section wpb_row height_small\"><div class=\"l-section-h i-cf\"><div class=\"g-cols vc_row via_grid cols_1 laptops-cols_inherit tablets-cols_inherit mobiles-cols_1 valign_top type_default stacking_default\"><div class=\"wpb_column vc_column_container\"><div class=\"vc_column-inner\"><div class=\"w-separator size_small with_line width_default thick_1 style_solid color_border align_center\"><div class=\"w-separator-h\"><\/div><\/div><\/div><\/div><\/div><\/div><\/section><section class=\"l-section wpb_row height_small\"><div class=\"l-section-h i-cf\"><div class=\"g-cols vc_row via_grid cols_2-1 laptops-cols_inherit tablets-cols_inherit mobiles-cols_1 valign_top type_default stacking_default\"><div class=\"wpb_column vc_column_container\"><div class=\"vc_column-inner\"><div id=\"ultimate-heading-300269edf69a91f23\" class=\"uvc-heading ult-adjust-bottom-margin ultimate-heading-300269edf69a91f23 uvc-9288 \" data-hspacer=\"no_spacer\"  data-halign=\"left\" style=\"text-align:left\"><div class=\"uvc-heading-spacer no_spacer\" style=\"top\"><\/div><div class=\"uvc-main-heading ult-responsive\"  data-ultimate-target='.uvc-heading.ultimate-heading-300269edf69a91f23 h5'  data-responsive-json-new='{\"font-size\":\"\",\"line-height\":\"\"}' ><h5 style=\"font-weight:normal;\">Vidrieres en l\u00b4Esgl\u00e9sia El Salvador<\/h5><\/div><\/div><div class=\"w-separator size_small\"><\/div><div class=\"wpb_text_column\"><div class=\"wpb_wrapper\"><p>La construcci\u00f3 d&#8217;aquesta esgl\u00e9sia parroquial va suposar la fi de les visites religioses a Sant Joan. Es va comen\u00e7ar a construir en 1513, encara que no es va acabar fins a un segle m\u00e9s tard. El rector Juan Cub\u00ed Zambrana va encarregar a Arcadi Blasco les vidrieres, realitzades entre els anys 1958-59.<\/p>\n<p>En aquells anys Arcadi ja residia a Madrid i havia realitzat enc\u00e0rrecs per a dissenyar i elaborar vidrieres i murals cer\u00e0mics per a esgl\u00e9sies, com a l&#8217;esgl\u00e9sia de Santo Domingo de la Calzada (en 1956), o les projectades per l&#8217;Institut Nacional de Colonitzaci\u00f3 a Extremadura o Andalusia.<\/p>\n<p>En el cas d&#8217;aquesta esgl\u00e9sia, encara que els seus or\u00edgens es remunten al segle XVI, va patir un important proc\u00e9s de reconstrucci\u00f3 en el segle XVIII, d&#8217;ac\u00ed el seu estil neocl\u00e0ssic. Despr\u00e9s d&#8217;aquesta important reconstrucci\u00f3 va quedar configurada la volta, que corona la planta en creu llatina, i que consta d&#8217;una sola nau central amb tres capelles a cada costat, situades entre els contraforts. Sobre elles, i donant llum a la nau central, estan les obertures de mig punt decorats amb les vidrieres d&#8217;Arcadi.<\/p>\n<p>Les vidrieres s\u00f3n emplomades, \u00e9s a dir, s\u00f3n vitralls compostos per peces de vidre unides per varetes de plom, una t\u00e8cnica que s&#8217;ha anat perfeccionant des de l&#8217;Edat mitjana. Per a aquesta esgl\u00e9sia, Arcadi va realitzar quatre vidrieres amb imatges d&#8217;\u00e0ngels celestials portant filacteris amb les inscripcions \u201cAl\u00b7leluia\u201d, \u201cGratia plena\u201d i \u201cAve Maria\u201d, i dues amb motius d&#8217;espigues de blat representant una nova vida.<\/p>\n<p>Algunes seccions de les vidrieres s&#8217;han deteriorat amb el pas del temps (fractures de vidre, de la xarxa de plom o despreniment de la capa pict\u00f2rica, entre altres deterioraments), per la qual cosa en 2024 es va encarregar al taller Vitrarius, de Manuel Bernab\u00e9 G\u00f3mez, la restauraci\u00f3 d&#8217;aquestes sis vidrieres. A m\u00e9s, es van trobar alguns esbossos i dibuixos que va realitzar Arcadi en el seu moment, per la qual cosa es va poder con\u00e9ixer alguns detalls sobre aquestes.<\/p>\n<\/div><\/div><\/div><\/div><div class=\"wpb_column vc_column_container\"><div class=\"vc_column-inner\"><div class=\"w-image hide_on_default hide_on_laptops hide_on_tablets hide_on_mobiles align_none\"><a ref=\"magnificPopup\" href=\"https:\/\/turisme.mutxamel.org\/wp-content\/uploads\/2025\/02\/Casa-Arcadi-scaled.jpg\" aria-label=\"Casa Arcadi\" class=\"w-image-h\"><img decoding=\"async\" width=\"1024\" height=\"683\" src=\"https:\/\/turisme.mutxamel.org\/wp-content\/uploads\/2025\/02\/Casa-Arcadi-1024x683.jpg\" class=\"attachment-large size-large\" alt=\"casa de Arcadi Blasco\" loading=\"lazy\" srcset=\"https:\/\/turisme.mutxamel.org\/wp-content\/uploads\/2025\/02\/Casa-Arcadi-1024x683.jpg 1024w, https:\/\/turisme.mutxamel.org\/wp-content\/uploads\/2025\/02\/Casa-Arcadi-300x200.jpg 300w, https:\/\/turisme.mutxamel.org\/wp-content\/uploads\/2025\/02\/Casa-Arcadi-391x260.jpg 391w\" sizes=\"auto, (max-width: 1024px) 100vw, 1024px\" \/><\/a><\/div><div class=\"w-separator size_small\"><\/div><div class=\"w-image align_none\"><a ref=\"magnificPopup\" href=\"https:\/\/turisme.mutxamel.org\/wp-content\/uploads\/2025\/02\/Iglesia-El-salvador.jpg\" aria-label=\"Iglesia El salvador\" class=\"w-image-h\"><img decoding=\"async\" width=\"569\" height=\"274\" src=\"https:\/\/turisme.mutxamel.org\/wp-content\/uploads\/2025\/02\/Iglesia-El-salvador.jpg\" class=\"attachment-large size-large\" alt=\"vidriera arcadi\" loading=\"lazy\" srcset=\"https:\/\/turisme.mutxamel.org\/wp-content\/uploads\/2025\/02\/Iglesia-El-salvador.jpg 569w, https:\/\/turisme.mutxamel.org\/wp-content\/uploads\/2025\/02\/Iglesia-El-salvador-300x144.jpg 300w\" sizes=\"auto, (max-width: 569px) 100vw, 569px\" \/><\/a><\/div><\/div><\/div><\/div><\/div><\/section><section class=\"l-section wpb_row height_small\"><div class=\"l-section-h i-cf\"><div class=\"g-cols vc_row via_grid cols_1 laptops-cols_inherit tablets-cols_inherit mobiles-cols_1 valign_top type_default stacking_default\"><div class=\"wpb_column vc_column_container\"><div class=\"vc_column-inner\"><div class=\"w-separator size_small with_line width_default thick_1 style_dashed color_border align_center\"><div class=\"w-separator-h\"><\/div><\/div><\/div><\/div><\/div><\/div><\/section><section class=\"l-section wpb_row height_small\"><div class=\"l-section-h i-cf\"><div class=\"g-cols vc_row via_grid cols_2-1 laptops-cols_inherit tablets-cols_inherit mobiles-cols_1 valign_top type_default stacking_default\"><div class=\"wpb_column vc_column_container\"><div class=\"vc_column-inner\"><div id=\"ultimate-heading-920469edf69a93d78\" class=\"uvc-heading ult-adjust-bottom-margin ultimate-heading-920469edf69a93d78 uvc-2106 \" data-hspacer=\"no_spacer\"  data-halign=\"left\" style=\"text-align:left\"><div class=\"uvc-heading-spacer no_spacer\" style=\"top\"><\/div><div class=\"uvc-main-heading ult-responsive\"  data-ultimate-target='.uvc-heading.ultimate-heading-920469edf69a93d78 h5'  data-responsive-json-new='{\"font-size\":\"\",\"line-height\":\"\"}' ><h5 style=\"font-weight:normal;\">Homenatje a Adelina del Campo<\/h5><\/div><\/div><div class=\"w-separator size_small\"><\/div><div class=\"wpb_text_column\"><div class=\"wpb_wrapper\"><p>En el Col\u00b7legi Manuel Ant\u00f3n, a m\u00e9s del mural cer\u00e0mic \u201cGuernica\u201d i del \u201cLlapis\u201d, trobem el \u201cHomenatge a Adelita del Camp\u201d. Aquesta obra, realitzada en 1993, es troba sobre el mural que va confeccionar l&#8217;alumnat del centre amb l&#8217;ajuda de l&#8217;artista.<\/p>\n<p>Podem veure una esp\u00e8cie de medall\u00f3, tamb\u00e9 elaborat amb peces cer\u00e0miques, on en la part inferior llegim \u201cAdelita del Campo\u201d, en clara refer\u00e8ncia a l&#8217;actriu i ballarina catalana. A m\u00e9s, l&#8217;artista va deixar algunes paraules a mode d&#8217;homenatge que podem llegir en la part superior: \u201cLliurament\u201d, \u201cGenerositat\u201d i \u201cEsperan\u00e7a\u201d.<\/p>\n<p>Aquesta obra reuneix alguns elements caracter\u00edstics de la seua obra, com la col\u00b7locaci\u00f3 de peces cer\u00e0miques de diferents formes, un forat en el centre i una l\u00ednia corba de boles. Tots ells elements pl\u00e0stics que veiem en la gran majoria de la seua obra.<\/p>\n<\/div><\/div><\/div><\/div><div class=\"wpb_column vc_column_container\"><div class=\"vc_column-inner\"><div class=\"w-image hide_on_default hide_on_laptops hide_on_tablets hide_on_mobiles align_none\"><a ref=\"magnificPopup\" href=\"https:\/\/turisme.mutxamel.org\/wp-content\/uploads\/2025\/02\/Casa-Arcadi-scaled.jpg\" aria-label=\"Casa Arcadi\" class=\"w-image-h\"><img decoding=\"async\" width=\"1024\" height=\"683\" src=\"https:\/\/turisme.mutxamel.org\/wp-content\/uploads\/2025\/02\/Casa-Arcadi-1024x683.jpg\" class=\"attachment-large size-large\" alt=\"casa de Arcadi Blasco\" loading=\"lazy\" srcset=\"https:\/\/turisme.mutxamel.org\/wp-content\/uploads\/2025\/02\/Casa-Arcadi-1024x683.jpg 1024w, https:\/\/turisme.mutxamel.org\/wp-content\/uploads\/2025\/02\/Casa-Arcadi-300x200.jpg 300w, https:\/\/turisme.mutxamel.org\/wp-content\/uploads\/2025\/02\/Casa-Arcadi-391x260.jpg 391w\" sizes=\"auto, (max-width: 1024px) 100vw, 1024px\" \/><\/a><\/div><div class=\"w-separator size_small\"><\/div><div class=\"w-image align_none\"><a ref=\"magnificPopup\" href=\"https:\/\/turisme.mutxamel.org\/wp-content\/uploads\/2025\/03\/Homenaje-a-Adelita-scaled.jpg\" aria-label=\"Homenaje a Adelita\" class=\"w-image-h\"><img decoding=\"async\" width=\"1024\" height=\"683\" src=\"https:\/\/turisme.mutxamel.org\/wp-content\/uploads\/2025\/03\/Homenaje-a-Adelita-1024x683.jpg\" class=\"attachment-large size-large\" alt=\"homenaje a adelita\" loading=\"lazy\" srcset=\"https:\/\/turisme.mutxamel.org\/wp-content\/uploads\/2025\/03\/Homenaje-a-Adelita-1024x683.jpg 1024w, https:\/\/turisme.mutxamel.org\/wp-content\/uploads\/2025\/03\/Homenaje-a-Adelita-300x200.jpg 300w, https:\/\/turisme.mutxamel.org\/wp-content\/uploads\/2025\/03\/Homenaje-a-Adelita-391x260.jpg 391w\" sizes=\"auto, (max-width: 1024px) 100vw, 1024px\" \/><\/a><\/div><\/div><\/div><\/div><\/div><\/section><section class=\"l-section wpb_row height_small\"><div class=\"l-section-h i-cf\"><div class=\"g-cols vc_row via_grid cols_1 laptops-cols_inherit tablets-cols_inherit mobiles-cols_1 valign_top type_default stacking_default\"><div class=\"wpb_column vc_column_container\"><div class=\"vc_column-inner\"><div class=\"w-separator size_small with_line width_default thick_1 style_dashed color_border align_center\"><div class=\"w-separator-h\"><\/div><\/div><\/div><\/div><\/div><\/div><\/section><section class=\"l-section wpb_row height_small\"><div class=\"l-section-h i-cf\"><div class=\"g-cols vc_row via_grid cols_2-1 laptops-cols_inherit tablets-cols_inherit mobiles-cols_1 valign_top type_default stacking_default\"><div class=\"wpb_column vc_column_container\"><div class=\"vc_column-inner\"><div id=\"ultimate-heading-430369edf69a96612\" class=\"uvc-heading ult-adjust-bottom-margin ultimate-heading-430369edf69a96612 uvc-4114 \" data-hspacer=\"no_spacer\"  data-halign=\"left\" style=\"text-align:left\"><div class=\"uvc-heading-spacer no_spacer\" style=\"top\"><\/div><div class=\"uvc-main-heading ult-responsive\"  data-ultimate-target='.uvc-heading.ultimate-heading-430369edf69a96612 h5'  data-responsive-json-new='{\"font-size\":\"\",\"line-height\":\"\"}' ><h5 style=\"font-weight:normal;\">Homenatje a Miguel Hern\u00e1ndez<\/h5><\/div><\/div><div class=\"w-separator size_small\"><\/div><div class=\"wpb_text_column\"><div class=\"wpb_wrapper\"><p>Este \u201cHomenatge a Miguel Hern\u00e1ndez\u201d \u00e9s a l\u2019Ajuntament de Mutxamel, en la primera planta. Es tracta d&#8217;una de les obres m\u00e9s senzilles d&#8217;Arcadi Blasco en la seua forma, encara que mantenint la profunditat caracter\u00edstica que l&#8217;artista li donava a les seues obres.<\/p>\n<p>Es tracta d&#8217;un cor blanc, possiblement representant la puresa o la vulnerabilitat i la fragilitat, en el qual Blasco escriu dues estrofes dels poemes de Miguel Hern\u00e1ndez <em>Tus cartas son un vino\u00a0y\u00a0Como el toro he nacido para el luto<\/em>. En tots dos poemes, Hern\u00e1ndez esmenta la paraula cor, primer amb\u00a0<em>Tus cartas son un vino<\/em>: \u201cTus cartas apaciento \/ metido en un rinc\u00f3n \/ y por redil y hierba \/ les doy mi coraz\u00f3n\u201d, i acabant amb\u00a0<em>Como el toro he nacido para el luto<\/em>: \u201ccomo el toro me crezco en el castigo \/ la lengua en coraz\u00f3n tengo ba\u00f1ada \/ y llevo al cuello un vendaval sonoro\u201d.<\/p>\n<p>Miguel Hern\u00e1ndez va escriure aquestes obres a la pres\u00f3, despr\u00e9s de ser empresonat per les seues idees i pensaments ideol\u00f2gics. D&#8217;aquesta manera, Arcadi Blasco posa el focus tamb\u00e9 en el sentiment de llibertat, amb el poder\u00f3s concepte art\u00edstic del cor, en un homenatge a un dels millors poetes de la nostra prov\u00edncia.<\/p>\n<\/div><\/div><\/div><\/div><div class=\"wpb_column vc_column_container\"><div class=\"vc_column-inner\"><div class=\"w-image hide_on_default hide_on_laptops hide_on_tablets hide_on_mobiles align_none\"><a ref=\"magnificPopup\" href=\"https:\/\/turisme.mutxamel.org\/wp-content\/uploads\/2025\/02\/Casa-Arcadi-scaled.jpg\" aria-label=\"Casa Arcadi\" class=\"w-image-h\"><img decoding=\"async\" width=\"1024\" height=\"683\" src=\"https:\/\/turisme.mutxamel.org\/wp-content\/uploads\/2025\/02\/Casa-Arcadi-1024x683.jpg\" class=\"attachment-large size-large\" alt=\"casa de Arcadi Blasco\" loading=\"lazy\" srcset=\"https:\/\/turisme.mutxamel.org\/wp-content\/uploads\/2025\/02\/Casa-Arcadi-1024x683.jpg 1024w, https:\/\/turisme.mutxamel.org\/wp-content\/uploads\/2025\/02\/Casa-Arcadi-300x200.jpg 300w, https:\/\/turisme.mutxamel.org\/wp-content\/uploads\/2025\/02\/Casa-Arcadi-391x260.jpg 391w\" sizes=\"auto, (max-width: 1024px) 100vw, 1024px\" \/><\/a><\/div><div class=\"w-separator size_small\"><\/div><div class=\"w-image align_none\"><a ref=\"magnificPopup\" href=\"https:\/\/turisme.mutxamel.org\/wp-content\/uploads\/2025\/03\/Homenaje-Miguel-Hernandez.jpg\" aria-label=\"Homenaje Miguel Hernandez\" class=\"w-image-h\"><img decoding=\"async\" width=\"768\" height=\"1024\" src=\"https:\/\/turisme.mutxamel.org\/wp-content\/uploads\/2025\/03\/Homenaje-Miguel-Hernandez-768x1024.jpg\" class=\"attachment-large size-large\" alt=\"homenaje a miguel hernandez\" loading=\"lazy\" srcset=\"https:\/\/turisme.mutxamel.org\/wp-content\/uploads\/2025\/03\/Homenaje-Miguel-Hernandez-768x1024.jpg 768w, https:\/\/turisme.mutxamel.org\/wp-content\/uploads\/2025\/03\/Homenaje-Miguel-Hernandez-225x300.jpg 225w, https:\/\/turisme.mutxamel.org\/wp-content\/uploads\/2025\/03\/Homenaje-Miguel-Hernandez-300x400.jpg 300w, https:\/\/turisme.mutxamel.org\/wp-content\/uploads\/2025\/03\/Homenaje-Miguel-Hernandez.jpg 1200w\" sizes=\"auto, (max-width: 768px) 100vw, 768px\" \/><\/a><\/div><\/div><\/div><\/div><\/div><\/section><section class=\"l-section wpb_row height_small\"><div class=\"l-section-h i-cf\"><div class=\"g-cols vc_row via_grid cols_1 laptops-cols_inherit tablets-cols_inherit mobiles-cols_1 valign_top type_default stacking_default\"><div class=\"wpb_column vc_column_container\"><div class=\"vc_column-inner\"><div class=\"w-separator size_small with_line width_default thick_1 style_dashed color_border align_center\"><div class=\"w-separator-h\"><\/div><\/div><\/div><\/div><\/div><\/div><\/section><section class=\"l-section wpb_row height_small\"><div class=\"l-section-h i-cf\"><div class=\"g-cols vc_row via_grid cols_1 laptops-cols_inherit tablets-cols_inherit mobiles-cols_1 valign_top type_default stacking_default\"><div class=\"wpb_column vc_column_container\"><div class=\"vc_column-inner\"><div id=\"ultimate-heading-887869edf69a986d2\" class=\"uvc-heading ult-adjust-bottom-margin ultimate-heading-887869edf69a986d2 uvc-9587 \" data-hspacer=\"no_spacer\"  data-halign=\"left\" style=\"text-align:left\"><div class=\"uvc-heading-spacer no_spacer\" style=\"top\"><\/div><div class=\"uvc-main-heading ult-responsive\"  data-ultimate-target='.uvc-heading.ultimate-heading-887869edf69a986d2 h3'  data-responsive-json-new='{\"font-size\":\"\",\"line-height\":\"\"}' ><h3 style=\"font-weight:normal;\">Descobrix a Arcadi a la Prov\u00edncia d'Alacant<\/h3><\/div><\/div><div class=\"w-separator size_small\"><\/div><div class=\"wpb_text_column\"><div class=\"wpb_wrapper\"><p>Arcadi Blasco Pastor va deixar un important llegat del seu art a Alacant, amb algunes de les seues creacions m\u00e9s conegudes i caracter\u00edstiques del seu estil. En aquesta visita urbana, des d&#8217;Elx fins a El Campello, podreu admirar i gaudir de l&#8217;obra p\u00fablica que ha deixat Arcadi a la seua prov\u00edncia.<\/p>\n<p>Va ser un dels principals artistes pl\u00e0stics del pa\u00eds, i va treballar amb diferents materials i estils. Tot aix\u00f2, i m\u00e9s, es pot veure en aquesta ruta que recorre Alacant per a apreciar les obres d&#8217;un artista clau en la preservaci\u00f3 i difusi\u00f3 de la cultura alacantina a Espanya.<\/p>\n<\/div><\/div><div class=\"w-separator size_small\"><\/div><\/div><\/div><\/div><\/div><\/section><section class=\"l-section wpb_row height_small\"><div class=\"l-section-h i-cf\"><div class=\"g-cols vc_row via_grid cols_2 laptops-cols_inherit tablets-cols_inherit mobiles-cols_1 valign_top type_default stacking_default\"><div class=\"wpb_column vc_column_container\"><div class=\"vc_column-inner\"><div class=\"w-iconbox us_custom_558ec5ca iconpos_left style_default color_custom align_center no_text\"><a target=\"_blank\" href=\"https:\/\/turisme.mutxamel.org\/wp-content\/uploads\/2025\/03\/RUTA-ALICANTE.pdf\" class=\"w-iconbox-link\" aria-label=\"Ruta Arcadi Blasco en Alicante\"><div class=\"w-iconbox-icon\" style=\"font-size:2rem;--icon-color:#0D803E;\"><i class=\"fas fa-file-pdf\"><\/i><\/div><\/a><div class=\"w-iconbox-meta\"><h6 class=\"w-iconbox-title\"><a target=\"_blank\" href=\"https:\/\/turisme.mutxamel.org\/wp-content\/uploads\/2025\/03\/RUTA-ALICANTE.pdf\" class=\"w-iconbox-link\" aria-label=\"Ruta Arcadi Blasco en Alicante\">Ruta Arcadi Blasco en Alicante<\/a><\/h6><\/div><\/div><\/div><\/div><div class=\"wpb_column vc_column_container\"><div class=\"vc_column-inner\"><div class=\"w-btn-wrapper align_center\"><a class=\"w-btn us-btn-style_1\" href=\"https:\/\/maps.app.goo.gl\/oeHYMB7eoRXvMPhC6\"><span class=\"w-btn-label\">Realitza la ruta<\/span><\/a><\/div><\/div><\/div><\/div><\/div><\/section><section class=\"l-section wpb_row height_small\"><div class=\"l-section-h i-cf\"><div class=\"g-cols vc_row via_grid cols_1 laptops-cols_inherit tablets-cols_inherit mobiles-cols_1 valign_top type_default stacking_default\"><div class=\"wpb_column vc_column_container\"><div class=\"vc_column-inner\"><div class=\"w-separator size_small with_line width_default thick_1 style_solid color_border align_center\"><div class=\"w-separator-h\"><\/div><\/div><\/div><\/div><\/div><\/div><\/section><section class=\"l-section wpb_row height_small\"><div class=\"l-section-h i-cf\"><div class=\"g-cols vc_row via_grid cols_2-1 laptops-cols_inherit tablets-cols_inherit mobiles-cols_1 valign_top type_default stacking_default\"><div class=\"wpb_column vc_column_container\"><div class=\"vc_column-inner\"><div id=\"ultimate-heading-455769edf69a99b6c\" class=\"uvc-heading ult-adjust-bottom-margin ultimate-heading-455769edf69a99b6c uvc-2117 \" data-hspacer=\"no_spacer\"  data-halign=\"left\" style=\"text-align:left\"><div class=\"uvc-heading-spacer no_spacer\" style=\"top\"><\/div><div class=\"uvc-main-heading ult-responsive\"  data-ultimate-target='.uvc-heading.ultimate-heading-455769edf69a99b6c h5'  data-responsive-json-new='{\"font-size\":\"\",\"line-height\":\"\"}' ><h5 style=\"font-weight:normal;\">Monument de la Constituci\u00f3<\/h5><\/div><\/div><div class=\"w-separator size_small\"><\/div><div class=\"wpb_text_column\"><div class=\"wpb_wrapper\"><p>En la Rambla, Alacant. 1986.<\/p>\n<p>El 25 d&#8217;agost de 1986 es va aprovar en la Comissi\u00f3 Municipal de l&#8217;Ajuntament d&#8217;Alacant la instal\u00b7laci\u00f3 d&#8217;un conjunt monumental, segons la pr\u00f2pia moci\u00f3 presentada, \u201cque commemore l&#8217;homenatge del poble alacant\u00ed a la Constituci\u00f3 espanyola de 1978 amb enc\u00e0rrec d&#8217;aquesta obra a l&#8217;escultor don Arcadi Blasco\u201d per la seua condici\u00f3 d&#8217;alacant\u00ed, pel reconeixement de la seua obra i el nivell i destresa de l&#8217;artista.<\/p>\n<p>Situat en un espai c\u00e8ntric, envoltat d&#8217;edificis i al costat de la carretera, Arcadi Blasco va idear un monument d&#8217;escala humana, creant una s\u00e8rie de peces sobre el conjunt de cultures que han format la nostra hist\u00f2ria alacantina: els fenicis, els ibers, els romans, els musulmans, els catalans i els castellans. Crea aix\u00ed una complexa composici\u00f3 de les poblacions del mediterrani amb peces realitzades amb refractari, porcellanes, \u00f2xids i engalbes.<\/p>\n<p>En el centre es troba la pe\u00e7a en la qual podem llegir \u201cEL POBLE D&#8217;ALACANT A LA CONSTITUCI\u00d3\u201d i, pel costat contrari, en castell\u00e0. Aix\u00ed mateix, es troben els noms de totes aquelles persones que van participar en la seua instal\u00b7laci\u00f3 i conservaci\u00f3. En paraules d&#8217;Arcadi, va concebre aquest conjunt a escala humana com a la pr\u00f2pia Constituci\u00f3: \u201cno allunyada i distant, sin\u00f3 amb vocaci\u00f3 de formar part de la vida quotidiana del ciutad\u00e0 del carrer\u201d.<\/p>\n<\/div><\/div><\/div><\/div><div class=\"wpb_column vc_column_container\"><div class=\"vc_column-inner\"><div class=\"w-image hide_on_default hide_on_laptops hide_on_tablets hide_on_mobiles align_none\"><a ref=\"magnificPopup\" href=\"https:\/\/turisme.mutxamel.org\/wp-content\/uploads\/2025\/02\/Casa-Arcadi-scaled.jpg\" aria-label=\"Casa Arcadi\" class=\"w-image-h\"><img decoding=\"async\" width=\"1024\" height=\"683\" src=\"https:\/\/turisme.mutxamel.org\/wp-content\/uploads\/2025\/02\/Casa-Arcadi-1024x683.jpg\" class=\"attachment-large size-large\" alt=\"casa de Arcadi Blasco\" loading=\"lazy\" srcset=\"https:\/\/turisme.mutxamel.org\/wp-content\/uploads\/2025\/02\/Casa-Arcadi-1024x683.jpg 1024w, https:\/\/turisme.mutxamel.org\/wp-content\/uploads\/2025\/02\/Casa-Arcadi-300x200.jpg 300w, https:\/\/turisme.mutxamel.org\/wp-content\/uploads\/2025\/02\/Casa-Arcadi-391x260.jpg 391w\" sizes=\"auto, (max-width: 1024px) 100vw, 1024px\" \/><\/a><\/div><div class=\"w-separator size_small\"><\/div><div class=\"w-image align_none\"><a ref=\"magnificPopup\" href=\"https:\/\/turisme.mutxamel.org\/wp-content\/uploads\/2025\/02\/Monumento-Constitucion-Alicante-5.jpg\" aria-label=\"Monumento Constituci\u00f3n Alicante 5\" class=\"w-image-h\"><img decoding=\"async\" width=\"359\" height=\"238\" src=\"https:\/\/turisme.mutxamel.org\/wp-content\/uploads\/2025\/02\/Monumento-Constitucion-Alicante-5.jpg\" class=\"attachment-large size-large\" alt=\"constitucion arcadi\" loading=\"lazy\" srcset=\"https:\/\/turisme.mutxamel.org\/wp-content\/uploads\/2025\/02\/Monumento-Constitucion-Alicante-5.jpg 359w, https:\/\/turisme.mutxamel.org\/wp-content\/uploads\/2025\/02\/Monumento-Constitucion-Alicante-5-300x199.jpg 300w\" sizes=\"auto, (max-width: 359px) 100vw, 359px\" \/><\/a><\/div><\/div><\/div><\/div><\/div><\/section><section class=\"l-section wpb_row height_small\"><div class=\"l-section-h i-cf\"><div class=\"g-cols vc_row via_grid cols_1 laptops-cols_inherit tablets-cols_inherit mobiles-cols_1 valign_top type_default stacking_default\"><div class=\"wpb_column vc_column_container\"><div class=\"vc_column-inner\"><div class=\"w-separator size_small with_line width_default thick_1 style_solid color_border align_center\"><div class=\"w-separator-h\"><\/div><\/div><\/div><\/div><\/div><\/div><\/section><section class=\"l-section wpb_row height_small\"><div class=\"l-section-h i-cf\"><div class=\"g-cols vc_row via_grid cols_2-1 laptops-cols_inherit tablets-cols_inherit mobiles-cols_1 valign_top type_default stacking_default\"><div class=\"wpb_column vc_column_container\"><div class=\"vc_column-inner\"><div id=\"ultimate-heading-278169edf69a9b978\" class=\"uvc-heading ult-adjust-bottom-margin ultimate-heading-278169edf69a9b978 uvc-4434 \" data-hspacer=\"no_spacer\"  data-halign=\"left\" style=\"text-align:left\"><div class=\"uvc-heading-spacer no_spacer\" style=\"top\"><\/div><div class=\"uvc-main-heading ult-responsive\"  data-ultimate-target='.uvc-heading.ultimate-heading-278169edf69a9b978 h5'  data-responsive-json-new='{\"font-size\":\"\",\"line-height\":\"\"}' ><h5 style=\"font-weight:normal;\">Homenaje a la Dama de Elche<\/h5><\/div><\/div><div class=\"w-separator size_small\"><\/div><div class=\"wpb_text_column\"><div class=\"wpb_wrapper\"><p>En l\u2019Avinguda de l\u2019Alcalde Vicente Quiles, Elx. 1988-1990.<\/p>\n<p>Gr\u00e0cies a la influ\u00e8ncia art\u00edstica i pol\u00edtica del pintor i escultor Sixto Marco, encarreguen a Arcadi Blasco una obra per a convertir l&#8217;Avinguda de la Llibertat \u201cen un gran passeig d&#8217;escultura contempor\u00e0nia\u201d, segons el mateix Blasco.<\/p>\n<p>\u201cHomenatge a la Dama d&#8217;Elx\u201d pren com a punt de partida, evidentment, la Dama d&#8217;Elx, una de les escultures m\u00e9s reconegudes de la cultura ibera i de la prov\u00edncia. Arcadi va elaborar tres peces, simulant el que sembla un carro fenici, on les rodes recorden als rodetes ornamentals de la Dama d&#8217;Elx. Aix\u00f2 posa de manifest l&#8217;inter\u00e9s d&#8217;Arcadi a evidenciar i mostrar les m\u00faltiples influ\u00e8ncies culturals que componen la identitat mediterr\u00e0nia.<\/p>\n<p>Conegut per les seues reinterpretacions art\u00edstiques, crea aquestes tres peces a mode d&#8217;homenatge de la Dama d&#8217;Elx recobertes amb peces cer\u00e0miques amb grans detalls. D&#8217;aquesta manera, l&#8217;obra guanya un profund inter\u00e9s en veure els baix relleus, les textures o els dibuixos que crea Arcadi amb aquestes peces. Finalment es va reubicar en la rotonda que connecta l&#8217;Avinguda de l&#8217;Alcalde Vicente Quiles amb el Cam\u00ed del Pant\u00e0.<\/p>\n<\/div><\/div><\/div><\/div><div class=\"wpb_column vc_column_container\"><div class=\"vc_column-inner\"><div class=\"w-image hide_on_default hide_on_laptops hide_on_tablets hide_on_mobiles align_none\"><a ref=\"magnificPopup\" href=\"https:\/\/turisme.mutxamel.org\/wp-content\/uploads\/2025\/02\/Casa-Arcadi-scaled.jpg\" aria-label=\"Casa Arcadi\" class=\"w-image-h\"><img decoding=\"async\" width=\"1024\" height=\"683\" src=\"https:\/\/turisme.mutxamel.org\/wp-content\/uploads\/2025\/02\/Casa-Arcadi-1024x683.jpg\" class=\"attachment-large size-large\" alt=\"casa de Arcadi Blasco\" loading=\"lazy\" srcset=\"https:\/\/turisme.mutxamel.org\/wp-content\/uploads\/2025\/02\/Casa-Arcadi-1024x683.jpg 1024w, https:\/\/turisme.mutxamel.org\/wp-content\/uploads\/2025\/02\/Casa-Arcadi-300x200.jpg 300w, https:\/\/turisme.mutxamel.org\/wp-content\/uploads\/2025\/02\/Casa-Arcadi-391x260.jpg 391w\" sizes=\"auto, (max-width: 1024px) 100vw, 1024px\" \/><\/a><\/div><div class=\"w-separator size_small\"><\/div><div class=\"w-image align_none\"><a ref=\"magnificPopup\" href=\"https:\/\/turisme.mutxamel.org\/wp-content\/uploads\/2025\/02\/Dama-Elche-2.jpg\" aria-label=\"Dama Elche 2\" class=\"w-image-h\"><img decoding=\"async\" width=\"498\" height=\"327\" src=\"https:\/\/turisme.mutxamel.org\/wp-content\/uploads\/2025\/02\/Dama-Elche-2.jpg\" class=\"attachment-large size-large\" alt=\"dama de elche arcadi\" loading=\"lazy\" srcset=\"https:\/\/turisme.mutxamel.org\/wp-content\/uploads\/2025\/02\/Dama-Elche-2.jpg 498w, https:\/\/turisme.mutxamel.org\/wp-content\/uploads\/2025\/02\/Dama-Elche-2-300x197.jpg 300w\" sizes=\"auto, (max-width: 498px) 100vw, 498px\" \/><\/a><\/div><\/div><\/div><\/div><\/div><\/section><section class=\"l-section wpb_row height_small\"><div class=\"l-section-h i-cf\"><div class=\"g-cols vc_row via_grid cols_1 laptops-cols_inherit tablets-cols_inherit mobiles-cols_1 valign_top type_default stacking_default\"><div class=\"wpb_column vc_column_container\"><div class=\"vc_column-inner\"><div class=\"w-separator size_small with_line width_default thick_1 style_solid color_border align_center\"><div class=\"w-separator-h\"><\/div><\/div><\/div><\/div><\/div><\/div><\/section><section class=\"l-section wpb_row height_small\"><div class=\"l-section-h i-cf\"><div class=\"g-cols vc_row via_grid cols_2-1 laptops-cols_inherit tablets-cols_inherit mobiles-cols_1 valign_top type_default stacking_default\"><div class=\"wpb_column vc_column_container\"><div class=\"vc_column-inner\"><div id=\"ultimate-heading-781069edf69a9d816\" class=\"uvc-heading ult-adjust-bottom-margin ultimate-heading-781069edf69a9d816 uvc-4417 \" data-hspacer=\"no_spacer\"  data-halign=\"left\" style=\"text-align:left\"><div class=\"uvc-heading-spacer no_spacer\" style=\"top\"><\/div><div class=\"uvc-main-heading ult-responsive\"  data-ultimate-target='.uvc-heading.ultimate-heading-781069edf69a9d816 h5'  data-responsive-json-new='{\"font-size\":\"\",\"line-height\":\"\"}' ><h5 style=\"font-weight:normal;\">Monument a la Santa Fa\u00e7<\/h5><\/div><\/div><div class=\"w-separator size_small\"><\/div><div class=\"wpb_text_column\"><div class=\"wpb_wrapper\"><p>En l\u2019Avinguda de D\u00e9nia, Alacant. 1989.<\/p>\n<p>Per a commemorar el V Centenari dels Miracles de la Santa Fa\u00e7 (1489 \u2013 1989) se li va encarregar a Arcadi Blasco l&#8217;elaboraci\u00f3 d&#8217;un monument que se situaria pels voltants del Monestir de la Santa fa\u00e7.<\/p>\n<p>En col\u00b7laboraci\u00f3 amb els arquitectes Manuel Beltr\u00e1n i Jaume Giner, es va col\u00b7locar el mon\u00f2lit en el Barranc de Lloixa, pr\u00f2xim al sepulcre d&#8217;Eusebio Sempere. Aquest mon\u00f2lit t\u00e9 un semicercle obert en el qual es pot veure la imatge central, esmaltada en roig amb detalls verds i daurats, de la Santa Fa\u00e7.<\/p>\n<p>Aquesta obra de m\u00e9s de 8 metres d&#8217;altura, est\u00e0 constru\u00efda amb formig\u00f3 i revestida amb plaques cer\u00e0miques de refractari en mosaic. En la base hi ha una s\u00e8rie de composicions geom\u00e8triques que recorden a les d&#8217;Eusebio Sempere, a qui tamb\u00e9 va retre homenatge amb aquesta obra. En la mateixa base es pot llegir: \u201cFet per Arcadi Blasco. Homenatge a l\u2019amic Eusebi Sempere\u201d.<\/p>\n<p>Tamb\u00e9 a peu del monument, enfront de la font, trobem la inscripci\u00f3: \u201cV Centenari 1489 \u2013 1989, Alacant a la Santa Fa\u00e7\u201d, i es va situar entre els xiprers de la zona, creant aix\u00ed un di\u00e0leg entre la pr\u00f2pia obra, Santa Fa\u00e7, el sepulcre de Sempere i la pr\u00f2pia naturalesa de la zona. No obstant aix\u00f2, l&#8217;entorn ha patit modificacions amb el pas del temps fins a deixar al mon\u00f2lit a\u00efllat en la rotonda.<\/p>\n<\/div><\/div><\/div><\/div><div class=\"wpb_column vc_column_container\"><div class=\"vc_column-inner\"><div class=\"w-image hide_on_default hide_on_laptops hide_on_tablets hide_on_mobiles align_none\"><a ref=\"magnificPopup\" href=\"https:\/\/turisme.mutxamel.org\/wp-content\/uploads\/2025\/02\/Casa-Arcadi-scaled.jpg\" aria-label=\"Casa Arcadi\" class=\"w-image-h\"><img decoding=\"async\" width=\"1024\" height=\"683\" src=\"https:\/\/turisme.mutxamel.org\/wp-content\/uploads\/2025\/02\/Casa-Arcadi-1024x683.jpg\" class=\"attachment-large size-large\" alt=\"casa de Arcadi Blasco\" loading=\"lazy\" srcset=\"https:\/\/turisme.mutxamel.org\/wp-content\/uploads\/2025\/02\/Casa-Arcadi-1024x683.jpg 1024w, https:\/\/turisme.mutxamel.org\/wp-content\/uploads\/2025\/02\/Casa-Arcadi-300x200.jpg 300w, https:\/\/turisme.mutxamel.org\/wp-content\/uploads\/2025\/02\/Casa-Arcadi-391x260.jpg 391w\" sizes=\"auto, (max-width: 1024px) 100vw, 1024px\" \/><\/a><\/div><div class=\"w-separator size_small\"><\/div><div class=\"w-image align_none\"><a ref=\"magnificPopup\" href=\"https:\/\/turisme.mutxamel.org\/wp-content\/uploads\/2025\/02\/Santa-Faz-2.jpg\" aria-label=\"Santa Faz 2\" class=\"w-image-h\"><img decoding=\"async\" width=\"627\" height=\"312\" src=\"https:\/\/turisme.mutxamel.org\/wp-content\/uploads\/2025\/02\/Santa-Faz-2.jpg\" class=\"attachment-large size-large\" alt=\"santa faz arcadi\" loading=\"lazy\" srcset=\"https:\/\/turisme.mutxamel.org\/wp-content\/uploads\/2025\/02\/Santa-Faz-2.jpg 627w, https:\/\/turisme.mutxamel.org\/wp-content\/uploads\/2025\/02\/Santa-Faz-2-300x149.jpg 300w\" sizes=\"auto, (max-width: 627px) 100vw, 627px\" \/><\/a><\/div><\/div><\/div><\/div><\/div><\/section><section class=\"l-section wpb_row height_small\"><div class=\"l-section-h i-cf\"><div class=\"g-cols vc_row via_grid cols_1 laptops-cols_inherit tablets-cols_inherit mobiles-cols_1 valign_top type_default stacking_default\"><div class=\"wpb_column vc_column_container\"><div class=\"vc_column-inner\"><div class=\"w-separator size_small with_line width_default thick_1 style_solid color_border align_center\"><div class=\"w-separator-h\"><\/div><\/div><\/div><\/div><\/div><\/div><\/section><section class=\"l-section wpb_row height_small\"><div class=\"l-section-h i-cf\"><div class=\"g-cols vc_row via_grid cols_2-1 laptops-cols_inherit tablets-cols_inherit mobiles-cols_1 valign_top type_default stacking_default\"><div class=\"wpb_column vc_column_container\"><div class=\"vc_column-inner\"><div id=\"ultimate-heading-345369edf69a9f78b\" class=\"uvc-heading ult-adjust-bottom-margin ultimate-heading-345369edf69a9f78b uvc-3621 \" data-hspacer=\"no_spacer\"  data-halign=\"left\" style=\"text-align:left\"><div class=\"uvc-heading-spacer no_spacer\" style=\"top\"><\/div><div class=\"uvc-main-heading ult-responsive\"  data-ultimate-target='.uvc-heading.ultimate-heading-345369edf69a9f78b h5'  data-responsive-json-new='{\"font-size\":\"\",\"line-height\":\"\"}' ><h5 style=\"font-weight:normal;\">Monument al Pescador<\/h5><\/div><\/div><div class=\"w-separator size_small\"><\/div><div class=\"wpb_text_column\"><div class=\"wpb_wrapper\"><p>El Campello. 1989.<\/p>\n<p>Aquesta obra d&#8217;Arcadi Blasco va ser el resultat d&#8217;un concurs p\u00fablic on l&#8217;artista mutxameler va dissenyar dues escultures, una situada en terra ferma i una altra dins de la mar. Les unia un raig l\u00e0ser a les nits, destacant les seues ubicacions.<\/p>\n<p>Arcadi, com a homenatge als pescadors, va voler crear un conjunt amb pres\u00e8ncia en la mar, donant-li import\u00e0ncia com un element m\u00e9s de l&#8217;obra. No obstant aix\u00f2, amb el temps el l\u00e0ser va deixar de funcionar i, amb l&#8217;ampliaci\u00f3 i remodelaci\u00f3 de la platja, la part que es trobava en la mar es troba en l&#8217;arena.<\/p>\n<p>L&#8217;escultura que originalment estava en la mar es tracta d&#8217;un pal, o un mascar\u00f3 de proa, amb inscripcions i dibuixos de navilis fenicis i figures de navegants. En l&#8217;altra, trobem un tim\u00f3 situat sobre una l\u00e0mina d&#8217;aigua, en la qual es troben diverses pedres gran\u00edtiques amb grans assortidors d&#8217;aigua cap al centre. Arcadi va descriure els ritmes compositius d&#8217;aquesta obra com els reflexos del moviment de la mar.<\/p>\n<\/div><\/div><\/div><\/div><div class=\"wpb_column vc_column_container\"><div class=\"vc_column-inner\"><div class=\"w-image hide_on_default hide_on_laptops hide_on_tablets hide_on_mobiles align_none\"><a ref=\"magnificPopup\" href=\"https:\/\/turisme.mutxamel.org\/wp-content\/uploads\/2025\/02\/Casa-Arcadi-scaled.jpg\" aria-label=\"Casa Arcadi\" class=\"w-image-h\"><img decoding=\"async\" width=\"1024\" height=\"683\" src=\"https:\/\/turisme.mutxamel.org\/wp-content\/uploads\/2025\/02\/Casa-Arcadi-1024x683.jpg\" class=\"attachment-large size-large\" alt=\"casa de Arcadi Blasco\" loading=\"lazy\" srcset=\"https:\/\/turisme.mutxamel.org\/wp-content\/uploads\/2025\/02\/Casa-Arcadi-1024x683.jpg 1024w, https:\/\/turisme.mutxamel.org\/wp-content\/uploads\/2025\/02\/Casa-Arcadi-300x200.jpg 300w, https:\/\/turisme.mutxamel.org\/wp-content\/uploads\/2025\/02\/Casa-Arcadi-391x260.jpg 391w\" sizes=\"auto, (max-width: 1024px) 100vw, 1024px\" \/><\/a><\/div><div class=\"w-separator size_small\"><\/div><div class=\"w-image align_none\"><a ref=\"magnificPopup\" href=\"https:\/\/turisme.mutxamel.org\/wp-content\/uploads\/2025\/02\/Pescador-5.jpg\" aria-label=\"Pescador 5\" class=\"w-image-h\"><img decoding=\"async\" width=\"169\" height=\"238\" src=\"https:\/\/turisme.mutxamel.org\/wp-content\/uploads\/2025\/02\/Pescador-5.jpg\" class=\"attachment-large size-large\" alt=\"espigon arcadi\" loading=\"lazy\" \/><\/a><\/div><\/div><\/div><\/div><\/div><\/section><section class=\"l-section wpb_row height_small\"><div class=\"l-section-h i-cf\"><div class=\"g-cols vc_row via_grid cols_1 laptops-cols_inherit tablets-cols_inherit mobiles-cols_1 valign_top type_default stacking_default\"><div class=\"wpb_column vc_column_container\"><div class=\"vc_column-inner\"><div class=\"w-separator size_small with_line width_default thick_1 style_solid color_border align_center\"><div class=\"w-separator-h\"><\/div><\/div><\/div><\/div><\/div><\/div><\/section><section class=\"l-section wpb_row height_small\"><div class=\"l-section-h i-cf\"><div class=\"g-cols vc_row via_grid cols_2-1 laptops-cols_inherit tablets-cols_inherit mobiles-cols_1 valign_top type_default stacking_default\"><div class=\"wpb_column vc_column_container\"><div class=\"vc_column-inner\"><div id=\"ultimate-heading-675669edf69aa19a1\" class=\"uvc-heading ult-adjust-bottom-margin ultimate-heading-675669edf69aa19a1 uvc-1051 \" data-hspacer=\"no_spacer\"  data-halign=\"left\" style=\"text-align:left\"><div class=\"uvc-heading-spacer no_spacer\" style=\"top\"><\/div><div class=\"uvc-main-heading ult-responsive\"  data-ultimate-target='.uvc-heading.ultimate-heading-675669edf69aa19a1 h5'  data-responsive-json-new='{\"font-size\":\"\",\"line-height\":\"\"}' ><h5 style=\"font-weight:normal;\">Ales de Pardal<\/h5><\/div><\/div><div class=\"w-separator size_small\"><\/div><div class=\"wpb_text_column\"><div class=\"wpb_wrapper\"><p>En l&#8217;Avinguda Maestro Melchor Botella, Elx 1990.<\/p>\n<p>Aquesta escultura cer\u00e0mica de gran altura representa les ales d&#8217;un ocell en ple vol, quan es toquen per les puntes. \u00c9s un altre exemple caracter\u00edstic de l&#8217;obra d&#8217;Arcadi Blasco: en elles s&#8217;aprecien peces cer\u00e0miques amb el m\u00e8tode de treball de l&#8217;artista, que les enumerava abans de ficar-les en el forn.<\/p>\n<p>En aquesta obra va treballar de manera m\u00e9s individual, en un text del Museu d&#8217;Art Contemporani d&#8217;Alacant s&#8217;arrepleguen algunes de les seues declaracions: \u201cM&#8217;agrada treballar nom\u00e9s. Amb els anys vaig reduint la grand\u00e0ria i pes de les obres. La construcci\u00f3 d&#8217;una pe\u00e7a cer\u00e0mica de gran grand\u00e0ria ha de fragmentar-se per a la seua manipulaci\u00f3, assecat, enforne, etc. I aix\u00f2 comporta buscar una t\u00e8cnica que em puga facilitar el treball sense desvirtuar-lo\u201d.<\/p>\n<p>Aquesta obra es va col\u00b7locar en un primer moment al costat del pont de la Generalitat, per\u00f2 en 2007 es va traslladar a la rotonda entre l&#8217;avinguda Maestro Melchor Botella i el Carrer Victoria Kent.<\/p>\n<\/div><\/div><\/div><\/div><div class=\"wpb_column vc_column_container\"><div class=\"vc_column-inner\"><div class=\"w-image hide_on_default hide_on_laptops hide_on_tablets hide_on_mobiles align_none\"><a ref=\"magnificPopup\" href=\"https:\/\/turisme.mutxamel.org\/wp-content\/uploads\/2025\/02\/Casa-Arcadi-scaled.jpg\" aria-label=\"Casa Arcadi\" class=\"w-image-h\"><img decoding=\"async\" width=\"1024\" height=\"683\" src=\"https:\/\/turisme.mutxamel.org\/wp-content\/uploads\/2025\/02\/Casa-Arcadi-1024x683.jpg\" class=\"attachment-large size-large\" alt=\"casa de Arcadi Blasco\" loading=\"lazy\" srcset=\"https:\/\/turisme.mutxamel.org\/wp-content\/uploads\/2025\/02\/Casa-Arcadi-1024x683.jpg 1024w, https:\/\/turisme.mutxamel.org\/wp-content\/uploads\/2025\/02\/Casa-Arcadi-300x200.jpg 300w, https:\/\/turisme.mutxamel.org\/wp-content\/uploads\/2025\/02\/Casa-Arcadi-391x260.jpg 391w\" sizes=\"auto, (max-width: 1024px) 100vw, 1024px\" \/><\/a><\/div><div class=\"w-separator size_small\"><\/div><div class=\"w-image align_none\"><a ref=\"magnificPopup\" href=\"https:\/\/turisme.mutxamel.org\/wp-content\/uploads\/2025\/02\/Ales-de-pardal.jpg\" aria-label=\"Ales de pardal\" class=\"w-image-h\"><img decoding=\"async\" width=\"169\" height=\"364\" src=\"https:\/\/turisme.mutxamel.org\/wp-content\/uploads\/2025\/02\/Ales-de-pardal.jpg\" class=\"attachment-large size-large\" alt=\"ales de pardal arcadi\" loading=\"lazy\" srcset=\"https:\/\/turisme.mutxamel.org\/wp-content\/uploads\/2025\/02\/Ales-de-pardal.jpg 169w, https:\/\/turisme.mutxamel.org\/wp-content\/uploads\/2025\/02\/Ales-de-pardal-139x300.jpg 139w\" sizes=\"auto, (max-width: 169px) 100vw, 169px\" \/><\/a><\/div><\/div><\/div><\/div><\/div><\/section><section class=\"l-section wpb_row height_small\"><div class=\"l-section-h i-cf\"><div class=\"g-cols vc_row via_grid cols_1 laptops-cols_inherit tablets-cols_inherit mobiles-cols_1 valign_top type_default stacking_default\"><div class=\"wpb_column vc_column_container\"><div class=\"vc_column-inner\"><div class=\"w-separator size_small with_line width_default thick_1 style_solid color_border align_center\"><div class=\"w-separator-h\"><\/div><\/div><\/div><\/div><\/div><\/div><\/section><section class=\"l-section wpb_row height_small\"><div class=\"l-section-h i-cf\"><div class=\"g-cols vc_row via_grid cols_2-1 laptops-cols_inherit tablets-cols_inherit mobiles-cols_1 valign_top type_default stacking_default\"><div class=\"wpb_column vc_column_container\"><div class=\"vc_column-inner\"><div id=\"ultimate-heading-621869edf69aa37d4\" class=\"uvc-heading ult-adjust-bottom-margin ultimate-heading-621869edf69aa37d4 uvc-3788 \" data-hspacer=\"no_spacer\"  data-halign=\"left\" style=\"text-align:left\"><div class=\"uvc-heading-spacer no_spacer\" style=\"top\"><\/div><div class=\"uvc-main-heading ult-responsive\"  data-ultimate-target='.uvc-heading.ultimate-heading-621869edf69aa37d4 h5'  data-responsive-json-new='{\"font-size\":\"\",\"line-height\":\"\"}' ><h5 style=\"font-weight:normal;\">Di\u00e0legs<\/h5><\/div><\/div><div class=\"w-separator size_small\"><\/div><div class=\"wpb_text_column\"><div class=\"wpb_wrapper\"><p>Universitat d\u2019Alacant. 1992.<\/p>\n<p>Situada en una pineda del campus, enfront del Pavell\u00f3 de Biotecnologia de la Universitat d&#8217;Alacant, aquesta obra de l&#8217;artista multidisciplinari Arcadi Blasco serveix com a met\u00e0fora de reuni\u00f3, de trobada, de di\u00e0legs. Pr\u00f2xim a l&#8217;esperit universitari, fomenta i representa la bona comunicaci\u00f3, el respecte i la connexi\u00f3 amb els altres.<\/p>\n<\/div><\/div><\/div><\/div><div class=\"wpb_column vc_column_container\"><div class=\"vc_column-inner\"><div class=\"w-image hide_on_default hide_on_laptops hide_on_tablets hide_on_mobiles align_none\"><a ref=\"magnificPopup\" href=\"https:\/\/turisme.mutxamel.org\/wp-content\/uploads\/2025\/02\/Casa-Arcadi-scaled.jpg\" aria-label=\"Casa Arcadi\" class=\"w-image-h\"><img decoding=\"async\" width=\"1024\" height=\"683\" src=\"https:\/\/turisme.mutxamel.org\/wp-content\/uploads\/2025\/02\/Casa-Arcadi-1024x683.jpg\" class=\"attachment-large size-large\" alt=\"casa de Arcadi Blasco\" loading=\"lazy\" srcset=\"https:\/\/turisme.mutxamel.org\/wp-content\/uploads\/2025\/02\/Casa-Arcadi-1024x683.jpg 1024w, https:\/\/turisme.mutxamel.org\/wp-content\/uploads\/2025\/02\/Casa-Arcadi-300x200.jpg 300w, https:\/\/turisme.mutxamel.org\/wp-content\/uploads\/2025\/02\/Casa-Arcadi-391x260.jpg 391w\" sizes=\"auto, (max-width: 1024px) 100vw, 1024px\" \/><\/a><\/div><div class=\"w-separator size_small\"><\/div><div class=\"w-image align_none\"><a ref=\"magnificPopup\" href=\"https:\/\/turisme.mutxamel.org\/wp-content\/uploads\/2025\/02\/Dialogos-2.jpg\" aria-label=\"Dialogos-2\" class=\"w-image-h\"><img decoding=\"async\" width=\"150\" height=\"149\" src=\"https:\/\/turisme.mutxamel.org\/wp-content\/uploads\/2025\/02\/Dialogos-2.jpg\" class=\"attachment-large size-large\" alt=\"dialogos arcadi\" loading=\"lazy\" \/><\/a><\/div><\/div><\/div><\/div><\/div><\/section><section class=\"l-section wpb_row height_small\"><div class=\"l-section-h i-cf\"><div class=\"g-cols vc_row via_grid cols_1 laptops-cols_inherit tablets-cols_inherit mobiles-cols_1 valign_top type_default stacking_default\"><div class=\"wpb_column vc_column_container\"><div class=\"vc_column-inner\"><div class=\"w-separator size_small with_line width_default thick_1 style_solid color_border align_center\"><div class=\"w-separator-h\"><\/div><\/div><\/div><\/div><\/div><\/div><\/section><section class=\"l-section wpb_row height_small\"><div class=\"l-section-h i-cf\"><div class=\"g-cols vc_row via_grid cols_2-1 laptops-cols_inherit tablets-cols_inherit mobiles-cols_1 valign_top type_default stacking_default\"><div class=\"wpb_column vc_column_container\"><div class=\"vc_column-inner\"><div id=\"ultimate-heading-151469edf69aa52e6\" class=\"uvc-heading ult-adjust-bottom-margin ultimate-heading-151469edf69aa52e6 uvc-3003 \" data-hspacer=\"no_spacer\"  data-halign=\"left\" style=\"text-align:left\"><div class=\"uvc-heading-spacer no_spacer\" style=\"top\"><\/div><div class=\"uvc-main-heading ult-responsive\"  data-ultimate-target='.uvc-heading.ultimate-heading-151469edf69aa52e6 h5'  data-responsive-json-new='{\"font-size\":\"\",\"line-height\":\"\"}' ><h5 style=\"font-weight:normal;\">Homenatje a Sempere<\/h5><\/div><\/div><div class=\"w-separator size_small\"><\/div><div class=\"wpb_text_column\"><div class=\"wpb_wrapper\"><p>Pla\u00e7a de la Vinya. 1991.<\/p>\n<p>Aquesta obra, en homenatge a l&#8217;artista Eusebio Sempere, va ser un enc\u00e0rrec de l&#8217;Associaci\u00f3 de Ve\u00efns de la Florida a Arcadi Blasco. Eusebio Sempere, amic \u00edntim d&#8217;Arcadi, va ser un escultor, pintor i artista pioner de l&#8217;art cin\u00e8tic a Espanya.<\/p>\n<p>Arcadi Blasco va implementar en aquesta obra molts dels seus elements caracter\u00edstics, acostant-se al moviment que transmeten les obres de Sempere. Peces i elements adossats, forats, l\u00ednies, baix relleus, diferents corbes i dibuixos corbs en les peces s\u00f3n alguns exemples del que podem veure en aquesta obra.<\/p>\n<p>Arcadi Blasco va realitzar l&#8217;obra sense tindre en compte on l&#8217;anaven a col\u00b7locar, i finalment la van situar en la Pla\u00e7a de la Vinya, molt prop de la vegetaci\u00f3 de la pla\u00e7a i un poc apartada, la qual cosa es va traduir en un gradual aband\u00f3 fins que, a principis de 2025, es va realitzar una neteja per a eliminar pintades i altres danys menors, a m\u00e9s de netejar la zona.<\/p>\n<\/div><\/div><\/div><\/div><div class=\"wpb_column vc_column_container\"><div class=\"vc_column-inner\"><div class=\"w-image hide_on_default hide_on_laptops hide_on_tablets hide_on_mobiles align_none\"><a ref=\"magnificPopup\" href=\"https:\/\/turisme.mutxamel.org\/wp-content\/uploads\/2025\/02\/Casa-Arcadi-scaled.jpg\" aria-label=\"Casa Arcadi\" class=\"w-image-h\"><img decoding=\"async\" width=\"1024\" height=\"683\" src=\"https:\/\/turisme.mutxamel.org\/wp-content\/uploads\/2025\/02\/Casa-Arcadi-1024x683.jpg\" class=\"attachment-large size-large\" alt=\"casa de Arcadi Blasco\" loading=\"lazy\" srcset=\"https:\/\/turisme.mutxamel.org\/wp-content\/uploads\/2025\/02\/Casa-Arcadi-1024x683.jpg 1024w, https:\/\/turisme.mutxamel.org\/wp-content\/uploads\/2025\/02\/Casa-Arcadi-300x200.jpg 300w, https:\/\/turisme.mutxamel.org\/wp-content\/uploads\/2025\/02\/Casa-Arcadi-391x260.jpg 391w\" sizes=\"auto, (max-width: 1024px) 100vw, 1024px\" \/><\/a><\/div><div class=\"w-separator size_small\"><\/div><div class=\"w-image align_none\"><a ref=\"magnificPopup\" href=\"https:\/\/turisme.mutxamel.org\/wp-content\/uploads\/2025\/02\/Sempere-2.jpg\" aria-label=\"Sempere 2\" class=\"w-image-h\"><img decoding=\"async\" width=\"630\" height=\"340\" src=\"https:\/\/turisme.mutxamel.org\/wp-content\/uploads\/2025\/02\/Sempere-2.jpg\" class=\"attachment-large size-large\" alt=\"sempere arcadi\" loading=\"lazy\" srcset=\"https:\/\/turisme.mutxamel.org\/wp-content\/uploads\/2025\/02\/Sempere-2.jpg 630w, https:\/\/turisme.mutxamel.org\/wp-content\/uploads\/2025\/02\/Sempere-2-300x162.jpg 300w\" sizes=\"auto, (max-width: 630px) 100vw, 630px\" \/><\/a><\/div><\/div><\/div><\/div><\/div><\/section><section class=\"l-section wpb_row height_small\"><div class=\"l-section-h i-cf\"><div class=\"g-cols vc_row via_grid cols_1 laptops-cols_inherit tablets-cols_inherit mobiles-cols_1 valign_top type_default stacking_default\"><div class=\"wpb_column vc_column_container\"><div class=\"vc_column-inner\"><div class=\"w-separator size_small with_line width_default thick_1 style_dashed color_border align_center\"><div class=\"w-separator-h\"><\/div><\/div><\/div><\/div><\/div><\/div><\/section><section class=\"l-section wpb_row height_small\"><div class=\"l-section-h i-cf\"><div class=\"g-cols vc_row via_grid cols_2-1 laptops-cols_inherit tablets-cols_inherit mobiles-cols_1 valign_top type_default stacking_default\"><div class=\"wpb_column vc_column_container\"><div class=\"vc_column-inner\"><div id=\"ultimate-heading-532869edf69aa6f12\" class=\"uvc-heading ult-adjust-bottom-margin ultimate-heading-532869edf69aa6f12 uvc-3876 \" data-hspacer=\"no_spacer\"  data-halign=\"left\" style=\"text-align:left\"><div class=\"uvc-heading-spacer no_spacer\" style=\"top\"><\/div><div class=\"uvc-main-heading ult-responsive\"  data-ultimate-target='.uvc-heading.ultimate-heading-532869edf69aa6f12 h5'  data-responsive-json-new='{\"font-size\":\"\",\"line-height\":\"\"}' ><h5 style=\"font-weight:normal;\">Escultura cer\u00e0mica<\/h5><\/div><\/div><div class=\"w-separator size_small\"><\/div><div class=\"wpb_text_column\"><div class=\"wpb_wrapper\"><p>La Casa Municipal de Cultura \u201cJos\u00e9 Candela Lled\u00f3\u201d de Crevillent acull la col\u00b7lecci\u00f3 d&#8217;Art Contemporani composta per 86 obres d&#8217;art, entre les quals es troba aquesta d&#8217;Arcadi Blasco. Aquesta diversa exposici\u00f3 permanent compta amb escultures i quadres de Javier Lorenzo, Antoni Mir\u00f3, Manuel Solbes Arjona o Tom\u00e1s Almela.<\/p>\n<p>Aquesta obra d&#8217;Arcadi, realitzada cap a l&#8217;any 1985, es tracta d&#8217;un medall\u00f3, o roda, compost per nombroses peces cer\u00e0miques, de diferents tonalitats, colors i formes. Aquesta obra \u00e9s una m\u00e9s dels seus \u201cquadres cer\u00e0mics\u201d, en els quals Arcadi Blasco adapta el seu vocabulari pict\u00f2ric al treball de la cer\u00e0mica.<\/p>\n<p>A m\u00e9s, compta amb detalls caracter\u00edstics de l&#8217;artista, com les formes corbes i org\u00e0niques, la rugositat i fragmentaci\u00f3 del material, o la pres\u00e8ncia d&#8217;elements com a l\u00ednies i forats, donant un aspecte fluid i natural a un material tan dur i ferm com la cer\u00e0mica.<\/p>\n<\/div><\/div><\/div><\/div><div class=\"wpb_column vc_column_container\"><div class=\"vc_column-inner\"><div class=\"w-image hide_on_default hide_on_laptops hide_on_tablets hide_on_mobiles align_none\"><a ref=\"magnificPopup\" href=\"https:\/\/turisme.mutxamel.org\/wp-content\/uploads\/2025\/02\/Casa-Arcadi-scaled.jpg\" aria-label=\"Casa Arcadi\" class=\"w-image-h\"><img decoding=\"async\" width=\"1024\" height=\"683\" src=\"https:\/\/turisme.mutxamel.org\/wp-content\/uploads\/2025\/02\/Casa-Arcadi-1024x683.jpg\" class=\"attachment-large size-large\" alt=\"casa de Arcadi Blasco\" loading=\"lazy\" srcset=\"https:\/\/turisme.mutxamel.org\/wp-content\/uploads\/2025\/02\/Casa-Arcadi-1024x683.jpg 1024w, https:\/\/turisme.mutxamel.org\/wp-content\/uploads\/2025\/02\/Casa-Arcadi-300x200.jpg 300w, https:\/\/turisme.mutxamel.org\/wp-content\/uploads\/2025\/02\/Casa-Arcadi-391x260.jpg 391w\" sizes=\"auto, (max-width: 1024px) 100vw, 1024px\" \/><\/a><\/div><div class=\"w-separator size_small\"><\/div><div class=\"w-image align_none\"><a ref=\"magnificPopup\" href=\"https:\/\/turisme.mutxamel.org\/wp-content\/uploads\/2025\/03\/Escultura-Ceramica-Crevillente.jpg\" aria-label=\"Escultura Ceramica Crevillente\" class=\"w-image-h\"><img decoding=\"async\" width=\"768\" height=\"1024\" src=\"https:\/\/turisme.mutxamel.org\/wp-content\/uploads\/2025\/03\/Escultura-Ceramica-Crevillente-768x1024.jpg\" class=\"attachment-large size-large\" alt=\"escultura cer\u00e1mica\" loading=\"lazy\" srcset=\"https:\/\/turisme.mutxamel.org\/wp-content\/uploads\/2025\/03\/Escultura-Ceramica-Crevillente-768x1024.jpg 768w, https:\/\/turisme.mutxamel.org\/wp-content\/uploads\/2025\/03\/Escultura-Ceramica-Crevillente-225x300.jpg 225w, https:\/\/turisme.mutxamel.org\/wp-content\/uploads\/2025\/03\/Escultura-Ceramica-Crevillente-300x400.jpg 300w, https:\/\/turisme.mutxamel.org\/wp-content\/uploads\/2025\/03\/Escultura-Ceramica-Crevillente.jpg 1530w\" sizes=\"auto, (max-width: 768px) 100vw, 768px\" \/><\/a><\/div><\/div><\/div><\/div><\/div><\/section><section class=\"l-section wpb_row height_small\"><div class=\"l-section-h i-cf\"><div class=\"g-cols vc_row via_grid cols_1 laptops-cols_inherit tablets-cols_inherit mobiles-cols_1 valign_top type_default stacking_default\"><div class=\"wpb_column vc_column_container\"><div class=\"vc_column-inner\"><div class=\"w-separator size_small with_line width_default thick_1 style_dashed color_border align_center\"><div class=\"w-separator-h\"><\/div><\/div><\/div><\/div><\/div><\/div><\/section><section class=\"l-section wpb_row height_small\"><div class=\"l-section-h i-cf\"><div class=\"g-cols vc_row via_grid cols_2-1 laptops-cols_inherit tablets-cols_inherit mobiles-cols_1 valign_top type_default stacking_default\"><div class=\"wpb_column vc_column_container\"><div class=\"vc_column-inner\"><div id=\"ultimate-heading-758169edf69aa8ae7\" class=\"uvc-heading ult-adjust-bottom-margin ultimate-heading-758169edf69aa8ae7 uvc-3083 \" data-hspacer=\"no_spacer\"  data-halign=\"left\" style=\"text-align:left\"><div class=\"uvc-heading-spacer no_spacer\" style=\"top\"><\/div><div class=\"uvc-main-heading ult-responsive\"  data-ultimate-target='.uvc-heading.ultimate-heading-758169edf69aa8ae7 h5'  data-responsive-json-new='{\"font-size\":\"\",\"line-height\":\"\"}' ><h5 style=\"font-weight:normal;\">Mosaic de l\u2019altar de l\u2019Esgl\u00e9sia de la Immaculada Concepci\u00f3 d\u2019Elda<\/h5><\/div><\/div><div class=\"w-separator size_small\"><\/div><div class=\"wpb_text_column\"><div class=\"wpb_wrapper\"><p>L&#8217;Esgl\u00e9sia de la Immaculada Concepci\u00f3 d&#8217;Elda, projectada per Antonio Serrano Peral, va acabar de construir-se en 1954, encara que el mosaic de l&#8217;altar, dissenyat i elaborat per Arcadi Blasco, no va ser col\u00b7locat fins a 1959, ja que va ser un enc\u00e0rrec del nou rector Joaqu\u00edn Mart\u00ednez Valls.<\/p>\n<p>Aquest mosaic, que ocupa tot el fons de l&#8217;altar, est\u00e0 compost per huit figures i la figura escult\u00f2rica de la Verge. En la part superior d&#8217;aquest trobem dos \u00e0ngels a banda i banda i, en les imatges del centre, representacions de la Sagrada Fam\u00edlia: la Verge, San Jos\u00e9 i el xiquet Jes\u00fas. En la part inferior, l&#8217;escena de l&#8217;Anunciaci\u00f3 a l&#8217;esquerra i, en la dreta, l&#8217;escena de Santa Ana amb la Verge. En el centre, la figura de la Verge custodiada per dos \u00e0ngels m\u00fasics.<\/p>\n<p>Aquesta obra \u00e9s clau dins del proc\u00e9s art\u00edstic d&#8217;Arcadi Blasco, ja que podem observar com modernitza el llenguatge f\u00edsic i figuratiu amb un art m\u00e9s esquem\u00e0tic i angul\u00f3s, m\u00e9s pr\u00f2xim al neocubisme de l&#8217;\u00e8poca. D&#8217;igual manera, aquestes huit imatges, descansen sobre un fons format per peces geom\u00e8triques grises, molt similars a les que va realitzar per al mosaic de la Parr\u00f2quia del Sagrat Cor de Jes\u00fas de Usera, a Madrid.<\/p>\n<\/div><\/div><\/div><\/div><div class=\"wpb_column vc_column_container\"><div class=\"vc_column-inner\"><div class=\"w-image hide_on_default hide_on_laptops hide_on_tablets hide_on_mobiles align_none\"><a ref=\"magnificPopup\" href=\"https:\/\/turisme.mutxamel.org\/wp-content\/uploads\/2025\/02\/Casa-Arcadi-scaled.jpg\" aria-label=\"Casa Arcadi\" class=\"w-image-h\"><img decoding=\"async\" width=\"1024\" height=\"683\" src=\"https:\/\/turisme.mutxamel.org\/wp-content\/uploads\/2025\/02\/Casa-Arcadi-1024x683.jpg\" class=\"attachment-large size-large\" alt=\"casa de Arcadi Blasco\" loading=\"lazy\" srcset=\"https:\/\/turisme.mutxamel.org\/wp-content\/uploads\/2025\/02\/Casa-Arcadi-1024x683.jpg 1024w, https:\/\/turisme.mutxamel.org\/wp-content\/uploads\/2025\/02\/Casa-Arcadi-300x200.jpg 300w, https:\/\/turisme.mutxamel.org\/wp-content\/uploads\/2025\/02\/Casa-Arcadi-391x260.jpg 391w\" sizes=\"auto, (max-width: 1024px) 100vw, 1024px\" \/><\/a><\/div><div class=\"w-separator size_small\"><\/div><div class=\"w-image align_none\"><a ref=\"magnificPopup\" href=\"https:\/\/turisme.mutxamel.org\/wp-content\/uploads\/2025\/03\/Iglesia-Inmaculada-Concepcion-Elda.jpg\" aria-label=\"Iglesia Inmaculada Concepcion Elda\" class=\"w-image-h\"><img decoding=\"async\" width=\"409\" height=\"277\" src=\"https:\/\/turisme.mutxamel.org\/wp-content\/uploads\/2025\/03\/Iglesia-Inmaculada-Concepcion-Elda.jpg\" class=\"attachment-large size-large\" alt=\"inmaculada concepcion\" loading=\"lazy\" srcset=\"https:\/\/turisme.mutxamel.org\/wp-content\/uploads\/2025\/03\/Iglesia-Inmaculada-Concepcion-Elda.jpg 409w, https:\/\/turisme.mutxamel.org\/wp-content\/uploads\/2025\/03\/Iglesia-Inmaculada-Concepcion-Elda-300x203.jpg 300w\" sizes=\"auto, (max-width: 409px) 100vw, 409px\" \/><\/a><\/div><\/div><\/div><\/div><\/div><\/section><section class=\"l-section wpb_row height_small\"><div class=\"l-section-h i-cf\"><div class=\"g-cols vc_row via_grid cols_1 laptops-cols_inherit tablets-cols_inherit mobiles-cols_1 valign_top type_default stacking_default\"><div class=\"wpb_column vc_column_container\"><div class=\"vc_column-inner\"><div class=\"w-separator size_small with_line width_default thick_1 style_dashed color_border align_center\"><div class=\"w-separator-h\"><\/div><\/div><\/div><\/div><\/div><\/div><\/section><section class=\"l-section wpb_row height_small\"><div class=\"l-section-h i-cf\"><div class=\"g-cols vc_row via_grid cols_2-1 laptops-cols_inherit tablets-cols_inherit mobiles-cols_1 valign_top type_default stacking_default\"><div class=\"wpb_column vc_column_container\"><div class=\"vc_column-inner\"><div id=\"ultimate-heading-239669edf69aaa76a\" class=\"uvc-heading ult-adjust-bottom-margin ultimate-heading-239669edf69aaa76a uvc-4151 \" data-hspacer=\"no_spacer\"  data-halign=\"left\" style=\"text-align:left\"><div class=\"uvc-heading-spacer no_spacer\" style=\"top\"><\/div><div class=\"uvc-main-heading ult-responsive\"  data-ultimate-target='.uvc-heading.ultimate-heading-239669edf69aaa76a h5'  data-responsive-json-new='{\"font-size\":\"\",\"line-height\":\"\"}' ><h5 style=\"font-weight:normal;\">Arades<\/h5><\/div><\/div><div class=\"w-separator size_small\"><\/div><div class=\"wpb_text_column\"><div class=\"wpb_wrapper\"><p>Arcadi Blasco, abans de morir el 15 de mar\u00e7 de 2013, va exposar les seues \u00faltimes obres a Aig\u00fces, on va planejar el seu \u00faltim projecte. Va dissenyar un mural de cer\u00e0mica, i va prometre treballar al costat de l&#8217;alumnat de la localitat al costat de l&#8217;associaci\u00f3 d&#8217;artistes ArtAig\u00fces per a dur-lo a terme, com va fer amb el \u201cGuernica\u201d en el Col\u00b7legi Manuel Ant\u00f3n.<\/p>\n<p>Tristament, Arcadi Blasco no va poder dur a terme aquesta obra, encara que ArtAig\u00fces i moltes persones de la localitat van treballar per a realitzar-ho. Gr\u00e0cies a l&#8217;ajuda d&#8217;aquesta associaci\u00f3 i dels ve\u00efns i ve\u00efnes d&#8217;Aig\u00fces, tant monet\u00e0ria com f\u00edsica i art\u00edstica, podem presenciar l&#8217;\u00faltim projecte que va dissenyar l&#8217;artista mutxameler.<\/p>\n<p>Este mural \u00e9s una obra que demostra el talent d&#8217;Arcadi, la influ\u00e8ncia i l&#8217;amor i respecte que se li tenia com a artista i com a persona.<\/p>\n<\/div><\/div><\/div><\/div><div class=\"wpb_column vc_column_container\"><div class=\"vc_column-inner\"><div class=\"w-image hide_on_default hide_on_laptops hide_on_tablets hide_on_mobiles align_none\"><a ref=\"magnificPopup\" href=\"https:\/\/turisme.mutxamel.org\/wp-content\/uploads\/2025\/02\/Casa-Arcadi-scaled.jpg\" aria-label=\"Casa Arcadi\" class=\"w-image-h\"><img decoding=\"async\" width=\"1024\" height=\"683\" src=\"https:\/\/turisme.mutxamel.org\/wp-content\/uploads\/2025\/02\/Casa-Arcadi-1024x683.jpg\" class=\"attachment-large size-large\" alt=\"casa de Arcadi Blasco\" loading=\"lazy\" srcset=\"https:\/\/turisme.mutxamel.org\/wp-content\/uploads\/2025\/02\/Casa-Arcadi-1024x683.jpg 1024w, https:\/\/turisme.mutxamel.org\/wp-content\/uploads\/2025\/02\/Casa-Arcadi-300x200.jpg 300w, https:\/\/turisme.mutxamel.org\/wp-content\/uploads\/2025\/02\/Casa-Arcadi-391x260.jpg 391w\" sizes=\"auto, (max-width: 1024px) 100vw, 1024px\" \/><\/a><\/div><div class=\"w-separator size_small\"><\/div><div class=\"w-image align_none\"><a ref=\"magnificPopup\" href=\"https:\/\/turisme.mutxamel.org\/wp-content\/uploads\/2025\/03\/arados.jpg\" aria-label=\"arados\" class=\"w-image-h\"><img decoding=\"async\" width=\"500\" height=\"375\" src=\"https:\/\/turisme.mutxamel.org\/wp-content\/uploads\/2025\/03\/arados.jpg\" class=\"attachment-large size-large\" alt=\"arados\" loading=\"lazy\" srcset=\"https:\/\/turisme.mutxamel.org\/wp-content\/uploads\/2025\/03\/arados.jpg 500w, https:\/\/turisme.mutxamel.org\/wp-content\/uploads\/2025\/03\/arados-300x225.jpg 300w\" sizes=\"auto, (max-width: 500px) 100vw, 500px\" \/><\/a><\/div><\/div><\/div><\/div><\/div><\/section><section class=\"l-section wpb_row height_small\"><div class=\"l-section-h i-cf\"><div class=\"g-cols vc_row via_grid cols_1 laptops-cols_inherit tablets-cols_inherit mobiles-cols_1 valign_top type_default stacking_default\"><div class=\"wpb_column vc_column_container\"><div class=\"vc_column-inner\"><div class=\"w-separator size_small with_line width_default thick_1 style_dashed color_border align_center\"><div class=\"w-separator-h\"><\/div><\/div><\/div><\/div><\/div><\/div><\/section><section class=\"l-section wpb_row height_small\"><div class=\"l-section-h i-cf\"><div class=\"g-cols vc_row via_grid cols_1 laptops-cols_inherit tablets-cols_inherit mobiles-cols_1 valign_top type_default stacking_default\"><div class=\"wpb_column vc_column_container\"><div class=\"vc_column-inner\"><div id=\"ultimate-heading-646069edf69aac77a\" class=\"uvc-heading ult-adjust-bottom-margin ultimate-heading-646069edf69aac77a uvc-1185 \" data-hspacer=\"no_spacer\"  data-halign=\"left\" style=\"text-align:left\"><div class=\"uvc-heading-spacer no_spacer\" style=\"top\"><\/div><div class=\"uvc-main-heading ult-responsive\"  data-ultimate-target='.uvc-heading.ultimate-heading-646069edf69aac77a h5'  data-responsive-json-new='{\"font-size\":\"\",\"line-height\":\"\"}' ><h5 style=\"font-weight:normal;\">Exposicions permanents a Alacant<\/h5><\/div><\/div><div class=\"w-separator size_small\"><\/div><div class=\"wpb_text_column\"><div class=\"wpb_wrapper\"><p><strong>\u201cObjecte-idea\u201d, Museu d\u2019Art Contemporani d\u2019Alacant<\/strong><\/p>\n<p>Esta exposici\u00f3 en el MACA compta amb les obres d&#8217;Arcadi Blasco \u201cObjecte-idea\u201d de finals dels anys seixanta. Algunes de les obres hui exposades en aquest museu van ser part de l&#8217;exposici\u00f3 que va fer Blasco en el Pavell\u00f3 Espanyol de la XXXV Biennal de Ven\u00e8cia, al juny de 1970.<\/p>\n<p>Estes \u201cObjecte-idea\u201d s\u00f3n obres on predomina l&#8217;\u00fas de la cer\u00e0mica i la fusta, i amb les quals l&#8217;artista mutxameler proposa una interessant an\u00e0lisi sobre la forma, el material i el concepte de les seues pr\u00f2pies obres, treballades amb una minuciositat artesanal. Aix\u00ed mateix, aquestes obres van ser l&#8217;avantsala de les seues \u201cPropostes ornamentals per al di\u00e0leg\u201d i les \u201cPropostes per a torturar\u201d.<\/p>\n<p>&nbsp;<\/p>\n<p><strong>\u201cEspai Arcadi Blasco\u201d, Museu de la Universitat d\u2019Alacant<\/strong><\/p>\n<p>El Museu de la Universitat d&#8217;Alacant va obrir en 2021 aquest espai dedicat a l&#8217;obra d&#8217;Arcadi Blasco, que estar\u00e0 de manera permanent fins a l&#8217;1 de juliol de 2026. Les obres exposades en aquest museu van ser realitzades per Arcadi entre 1980 i 2001, dues d\u00e8cades de treball amb el qual es pot apreciar l&#8217;evoluci\u00f3 i maduraci\u00f3 de la seua obra, aix\u00ed com les seues principals caracter\u00edstiques constants al llarg del temps.<\/p>\n<p>Destaquen les seues \u201cRodes de mol\u00ed\u201d i \u201cArquitectures per a defensar-se de la por\u201d, on explora temes com la ironia, el desencantament o l&#8217;autoritat, a trav\u00e9s de la cer\u00e0mica i altres materials. A m\u00e9s, s&#8217;arrepleguen imatges i informacions d&#8217;algunes de les obres m\u00e9s importants de l&#8217;artista.<\/p>\n<\/div><\/div><\/div><\/div><\/div><\/div><\/section><section class=\"l-section wpb_row height_small\"><div class=\"l-section-h i-cf\"><div class=\"g-cols vc_row via_grid cols_5 laptops-cols_inherit tablets-cols_inherit mobiles-cols_1 valign_top type_default stacking_default\"><div class=\"wpb_column vc_column_container\"><div class=\"vc_column-inner\"><div class=\"w-image hide_on_default hide_on_laptops hide_on_tablets hide_on_mobiles align_none\"><a ref=\"magnificPopup\" href=\"https:\/\/turisme.mutxamel.org\/wp-content\/uploads\/2025\/03\/espai-arcadi-1.jpg-2.jpg\" aria-label=\"espai-arcadi-1.jpg-2\" class=\"w-image-h\"><img decoding=\"async\" width=\"600\" height=\"400\" src=\"https:\/\/turisme.mutxamel.org\/wp-content\/uploads\/2025\/03\/espai-arcadi-1.jpg-2.jpg\" class=\"attachment-large size-large\" alt=\"arcadi blasco\" loading=\"lazy\" srcset=\"https:\/\/turisme.mutxamel.org\/wp-content\/uploads\/2025\/03\/espai-arcadi-1.jpg-2.jpg 600w, https:\/\/turisme.mutxamel.org\/wp-content\/uploads\/2025\/03\/espai-arcadi-1.jpg-2-300x200.jpg 300w, https:\/\/turisme.mutxamel.org\/wp-content\/uploads\/2025\/03\/espai-arcadi-1.jpg-2-391x260.jpg 391w\" sizes=\"auto, (max-width: 600px) 100vw, 600px\" \/><\/a><\/div><\/div><\/div><div class=\"wpb_column vc_column_container\"><div class=\"vc_column-inner\"><div class=\"w-image hide_on_default hide_on_laptops hide_on_tablets hide_on_mobiles align_none\"><a ref=\"magnificPopup\" href=\"https:\/\/turisme.mutxamel.org\/wp-content\/uploads\/2025\/03\/espai-arcadi-2.jpg-2.jpg\" aria-label=\"espai-arcadi-2.jpg-2\" class=\"w-image-h\"><img decoding=\"async\" width=\"600\" height=\"400\" src=\"https:\/\/turisme.mutxamel.org\/wp-content\/uploads\/2025\/03\/espai-arcadi-2.jpg-2.jpg\" class=\"attachment-large size-large\" alt=\"arcadi blasco\" loading=\"lazy\" srcset=\"https:\/\/turisme.mutxamel.org\/wp-content\/uploads\/2025\/03\/espai-arcadi-2.jpg-2.jpg 600w, https:\/\/turisme.mutxamel.org\/wp-content\/uploads\/2025\/03\/espai-arcadi-2.jpg-2-300x200.jpg 300w, https:\/\/turisme.mutxamel.org\/wp-content\/uploads\/2025\/03\/espai-arcadi-2.jpg-2-391x260.jpg 391w\" sizes=\"auto, (max-width: 600px) 100vw, 600px\" \/><\/a><\/div><\/div><\/div><div class=\"wpb_column vc_column_container\"><div class=\"vc_column-inner\"><div class=\"w-image align_none\"><a ref=\"magnificPopup\" href=\"https:\/\/turisme.mutxamel.org\/wp-content\/uploads\/2025\/03\/espai-arcadi-3.jpg-2.jpg\" aria-label=\"espai-arcadi-3.jpg-2\" class=\"w-image-h\"><img decoding=\"async\" width=\"600\" height=\"400\" src=\"https:\/\/turisme.mutxamel.org\/wp-content\/uploads\/2025\/03\/espai-arcadi-3.jpg-2.jpg\" class=\"attachment-large size-large\" alt=\"arcadi blasco\" loading=\"lazy\" srcset=\"https:\/\/turisme.mutxamel.org\/wp-content\/uploads\/2025\/03\/espai-arcadi-3.jpg-2.jpg 600w, https:\/\/turisme.mutxamel.org\/wp-content\/uploads\/2025\/03\/espai-arcadi-3.jpg-2-300x200.jpg 300w, https:\/\/turisme.mutxamel.org\/wp-content\/uploads\/2025\/03\/espai-arcadi-3.jpg-2-391x260.jpg 391w\" sizes=\"auto, (max-width: 600px) 100vw, 600px\" \/><\/a><\/div><\/div><\/div><div class=\"wpb_column vc_column_container\"><div class=\"vc_column-inner\"><div class=\"w-image hide_on_default hide_on_laptops hide_on_tablets hide_on_mobiles align_none\"><a ref=\"magnificPopup\" href=\"https:\/\/turisme.mutxamel.org\/wp-content\/uploads\/2025\/03\/WhatsApp-Image-2023-06-14-at-12.18.58.jpg\" aria-label=\"WhatsApp-Image-2023-06-14-at-12.18.58\" class=\"w-image-h\"><img decoding=\"async\" width=\"1024\" height=\"768\" src=\"https:\/\/turisme.mutxamel.org\/wp-content\/uploads\/2025\/03\/WhatsApp-Image-2023-06-14-at-12.18.58-1024x768.jpg\" class=\"attachment-large size-large\" alt=\"arcadi blasco\" loading=\"lazy\" srcset=\"https:\/\/turisme.mutxamel.org\/wp-content\/uploads\/2025\/03\/WhatsApp-Image-2023-06-14-at-12.18.58-1024x768.jpg 1024w, https:\/\/turisme.mutxamel.org\/wp-content\/uploads\/2025\/03\/WhatsApp-Image-2023-06-14-at-12.18.58-300x225.jpg 300w, https:\/\/turisme.mutxamel.org\/wp-content\/uploads\/2025\/03\/WhatsApp-Image-2023-06-14-at-12.18.58.jpg 1600w\" sizes=\"auto, (max-width: 1024px) 100vw, 1024px\" \/><\/a><\/div><\/div><\/div><div class=\"wpb_column vc_column_container\"><div class=\"vc_column-inner\"><div class=\"w-image hide_on_default hide_on_laptops hide_on_tablets hide_on_mobiles align_none\"><a ref=\"magnificPopup\" href=\"https:\/\/turisme.mutxamel.org\/wp-content\/uploads\/2025\/03\/WhatsApp-Image-2023-06-14-at-12.19.02.jpg\" aria-label=\"WhatsApp-Image-2023-06-14-at-12.19.02\" class=\"w-image-h\"><img decoding=\"async\" width=\"1024\" height=\"768\" src=\"https:\/\/turisme.mutxamel.org\/wp-content\/uploads\/2025\/03\/WhatsApp-Image-2023-06-14-at-12.19.02-1024x768.jpg\" class=\"attachment-large size-large\" alt=\"arcadi blasco\" loading=\"lazy\" srcset=\"https:\/\/turisme.mutxamel.org\/wp-content\/uploads\/2025\/03\/WhatsApp-Image-2023-06-14-at-12.19.02-1024x768.jpg 1024w, https:\/\/turisme.mutxamel.org\/wp-content\/uploads\/2025\/03\/WhatsApp-Image-2023-06-14-at-12.19.02-300x225.jpg 300w, https:\/\/turisme.mutxamel.org\/wp-content\/uploads\/2025\/03\/WhatsApp-Image-2023-06-14-at-12.19.02.jpg 1600w\" sizes=\"auto, (max-width: 1024px) 100vw, 1024px\" \/><\/a><\/div><\/div><\/div><\/div><\/div><\/section><section class=\"l-section wpb_row height_small\"><div class=\"l-section-h i-cf\"><div class=\"g-cols vc_row via_grid cols_1 laptops-cols_inherit tablets-cols_inherit mobiles-cols_1 valign_top type_default stacking_default\"><div class=\"wpb_column vc_column_container\"><div class=\"vc_column-inner\"><div class=\"w-separator size_small with_line width_default thick_1 style_dashed color_border align_center\"><div class=\"w-separator-h\"><\/div><\/div><\/div><\/div><\/div><\/div><\/section><section class=\"l-section wpb_row height_small\"><div class=\"l-section-h i-cf\"><div class=\"g-cols vc_row via_grid cols_1 laptops-cols_inherit tablets-cols_inherit mobiles-cols_1 valign_top type_default stacking_default\"><div class=\"wpb_column vc_column_container\"><div class=\"vc_column-inner\"><div id=\"ultimate-heading-256569edf69ab1d23\" class=\"uvc-heading ult-adjust-bottom-margin ultimate-heading-256569edf69ab1d23 uvc-8908 \" data-hspacer=\"no_spacer\"  data-halign=\"left\" style=\"text-align:left\"><div class=\"uvc-heading-spacer no_spacer\" style=\"top\"><\/div><div class=\"uvc-main-heading ult-responsive\"  data-ultimate-target='.uvc-heading.ultimate-heading-256569edf69ab1d23 h3'  data-responsive-json-new='{\"font-size\":\"\",\"line-height\":\"\"}' ><h3 style=\"font-weight:normal;\">Descobrix a Arcadi a Madrid<\/h3><\/div><\/div><div class=\"w-separator size_small\"><\/div><div class=\"wpb_text_column\"><div class=\"wpb_wrapper\"><p>Gaudeix d&#8217;aquesta ruta a Madrid per a veure el llegat art\u00edstic que Arcadi Blasco va deixar en la capital en esgl\u00e9sies, parr\u00f2quies i la fa\u00e7ana d&#8217;un edifici. L&#8217;artista mutxamelero va dur a terme diversos projectes i treballs al costat de l&#8217;arquitecte i amic Luis Cubillo d&#8217;Arteaga.<\/p>\n<p>L&#8217;art d&#8217;Arcadi Blasco abasta diferents g\u00e8neres, t\u00e8cniques, materials i etapes. Tant \u00e9s aix\u00ed que les seues obres inclouen tant reinterpretacions de l&#8217;art religi\u00f3s o abstracte, com a peces amb un marcat esperit filos\u00f2fic i reivindicatiu, consolidant-se, a m\u00e9s de com un dels principals artistes pl\u00e0stics, com una figura clau per a la preservaci\u00f3 i tamb\u00e9 per a la difusi\u00f3 de la cultura alacantina.<\/p>\n<\/div><\/div><div class=\"w-separator size_small\"><\/div><\/div><\/div><\/div><\/div><\/section><section class=\"l-section wpb_row height_small\"><div class=\"l-section-h i-cf\"><div class=\"g-cols vc_row via_grid cols_2 laptops-cols_inherit tablets-cols_inherit mobiles-cols_1 valign_top type_default stacking_default\"><div class=\"wpb_column vc_column_container\"><div class=\"vc_column-inner\"><div class=\"w-iconbox us_custom_558ec5ca iconpos_left style_default color_custom align_center no_text\"><a target=\"_blank\" href=\"https:\/\/turisme.mutxamel.org\/wp-content\/uploads\/2025\/03\/RUTA-MADRID.pdf\" class=\"w-iconbox-link\" aria-label=\"Ruta Arcadi Blasco en Madrid\"><div class=\"w-iconbox-icon\" style=\"font-size:2rem;--icon-color:#0D803E;\"><i class=\"fas fa-file-pdf\"><\/i><\/div><\/a><div class=\"w-iconbox-meta\"><h6 class=\"w-iconbox-title\"><a target=\"_blank\" href=\"https:\/\/turisme.mutxamel.org\/wp-content\/uploads\/2025\/03\/RUTA-MADRID.pdf\" class=\"w-iconbox-link\" aria-label=\"Ruta Arcadi Blasco en Madrid\">Ruta Arcadi Blasco en Madrid<\/a><\/h6><\/div><\/div><\/div><\/div><div class=\"wpb_column vc_column_container\"><div class=\"vc_column-inner\"><div class=\"w-btn-wrapper align_center\"><a class=\"w-btn us-btn-style_1\" href=\"https:\/\/maps.app.goo.gl\/UEApffKEsDwSVsw8A\"><span class=\"w-btn-label\">Realitza la ruta<\/span><\/a><\/div><\/div><\/div><\/div><\/div><\/section><section class=\"l-section wpb_row height_small\"><div class=\"l-section-h i-cf\"><div class=\"g-cols vc_row via_grid cols_1 laptops-cols_inherit tablets-cols_inherit mobiles-cols_1 valign_top type_default stacking_default\"><div class=\"wpb_column vc_column_container\"><div class=\"vc_column-inner\"><div class=\"w-separator size_small with_line width_default thick_1 style_solid color_border align_center\"><div class=\"w-separator-h\"><\/div><\/div><\/div><\/div><\/div><\/div><\/section><section class=\"l-section wpb_row height_small\"><div class=\"l-section-h i-cf\"><div class=\"g-cols vc_row via_grid cols_2-1 laptops-cols_inherit tablets-cols_inherit mobiles-cols_1 valign_top type_default stacking_default\"><div class=\"wpb_column vc_column_container\"><div class=\"vc_column-inner\"><div id=\"ultimate-heading-909169edf69ab3223\" class=\"uvc-heading ult-adjust-bottom-margin ultimate-heading-909169edf69ab3223 uvc-9414 \" data-hspacer=\"no_spacer\"  data-halign=\"left\" style=\"text-align:left\"><div class=\"uvc-heading-spacer no_spacer\" style=\"top\"><\/div><div class=\"uvc-main-heading ult-responsive\"  data-ultimate-target='.uvc-heading.ultimate-heading-909169edf69ab3223 h5'  data-responsive-json-new='{\"font-size\":\"\",\"line-height\":\"\"}' ><h5 style=\"font-weight:normal;\">Mural cer\u00e0mic de l\u00b4Esgl\u00e9sia de Sant Diumenge de la Cal\u00e7ada<\/h5><\/div><\/div><div class=\"w-separator size_small\"><\/div><div class=\"wpb_text_column\"><div class=\"wpb_wrapper\"><ul>\n<li>Enderrocada en 2002.<\/li>\n<li>Arquitecte: Luis Cubillo de Arteaga (1955).<\/li>\n<li>Mural cer\u00e0mic: Arcadi Blasco Pastor (1956).<\/li>\n<\/ul>\n<p>Aquesta va ser la primera col\u00b7laboraci\u00f3 entre Arcadi Blasco i Luis Cubillo. Hui dia ja no existeix aquest esgl\u00e9sia, va ser demolida en 2002 per a realitzar un nus de carreteres. Aquesta esgl\u00e9sia, amb capacitat per a 810 fidels, es va construir en el quil\u00f2metre 14 de la carretera de Val\u00e8ncia, pr\u00f2xima a una zona que vivia un proc\u00e9s d&#8217;expansi\u00f3.<\/p>\n<p>Aquesta esgl\u00e9sia tamb\u00e9 va ser el primer projecte religi\u00f3s en el qual Cubillo va utilitzar en la seua fa\u00e7ana un llenguatge modern i un disseny equilibrat, aconseguit \u00fanicament a trav\u00e9s d&#8217;una cuidada composici\u00f3 de volums i buits. Per a aix\u00f2, tant en la fa\u00e7ana com en algunes parts de l&#8217;interior de l&#8217;esgl\u00e9sia es va emprar \u00fanicament rajola vista, seguint el criteri exposat en la mem\u00f2ria d&#8217;aquesta construcci\u00f3, que defensava \u201cl&#8217;estupenda bondat dels materials al descobert per pobres que siguen\u201d.<\/p>\n<p>Arcadi Blasco es va encarregar de decorar el baptisteri i l&#8217;escala d&#8217;acc\u00e9s al cor, situat sobre l&#8217;entrada. Arcadi va fer el mural amb taulells pintats i esmaltats al foc, els protagonistes del qual eren uns esquem\u00e0tics \u00e0ngels alats, similars als que realitzaria m\u00e9s tard a l&#8217;esgl\u00e9sia de la Immaculada Concepci\u00f3 d&#8217;Elda o en el mural cer\u00e0mic de Santa Quiter\u00eda, a Ciudad Real. Malgrat aquesta decoraci\u00f3, Cubillo va plantejar una gran austeritat a l&#8217;interior de l&#8217;esgl\u00e9sia, d&#8217;acord amb l&#8217;\u00fas de la rajola vista, per a dirigir l&#8217;atenci\u00f3 cap al presbiteri, on es trobava l&#8217;altar i la major part de la decoraci\u00f3 i imatgeria.<\/p>\n<\/div><\/div><\/div><\/div><div class=\"wpb_column vc_column_container\"><div class=\"vc_column-inner\"><div class=\"w-image hide_on_default hide_on_laptops hide_on_tablets hide_on_mobiles align_none\"><a ref=\"magnificPopup\" href=\"https:\/\/turisme.mutxamel.org\/wp-content\/uploads\/2025\/02\/Casa-Arcadi-scaled.jpg\" aria-label=\"Casa Arcadi\" class=\"w-image-h\"><img decoding=\"async\" width=\"1024\" height=\"683\" src=\"https:\/\/turisme.mutxamel.org\/wp-content\/uploads\/2025\/02\/Casa-Arcadi-1024x683.jpg\" class=\"attachment-large size-large\" alt=\"casa de Arcadi Blasco\" loading=\"lazy\" srcset=\"https:\/\/turisme.mutxamel.org\/wp-content\/uploads\/2025\/02\/Casa-Arcadi-1024x683.jpg 1024w, https:\/\/turisme.mutxamel.org\/wp-content\/uploads\/2025\/02\/Casa-Arcadi-300x200.jpg 300w, https:\/\/turisme.mutxamel.org\/wp-content\/uploads\/2025\/02\/Casa-Arcadi-391x260.jpg 391w\" sizes=\"auto, (max-width: 1024px) 100vw, 1024px\" \/><\/a><\/div><div class=\"w-separator size_small\"><\/div><div class=\"w-image align_none\"><a ref=\"magnificPopup\" href=\"https:\/\/turisme.mutxamel.org\/wp-content\/uploads\/2025\/02\/vidriera-iglesia-san-saturnino-1.jpg\" aria-label=\"vidriera iglesia san saturnino\" class=\"w-image-h\"><img decoding=\"async\" width=\"306\" height=\"161\" src=\"https:\/\/turisme.mutxamel.org\/wp-content\/uploads\/2025\/02\/vidriera-iglesia-san-saturnino-1.jpg\" class=\"attachment-large size-large\" alt=\"Vidrieras arcadi\" loading=\"lazy\" srcset=\"https:\/\/turisme.mutxamel.org\/wp-content\/uploads\/2025\/02\/vidriera-iglesia-san-saturnino-1.jpg 306w, https:\/\/turisme.mutxamel.org\/wp-content\/uploads\/2025\/02\/vidriera-iglesia-san-saturnino-1-300x158.jpg 300w\" sizes=\"auto, (max-width: 306px) 100vw, 306px\" \/><\/a><\/div><\/div><\/div><\/div><\/div><\/section><section class=\"l-section wpb_row height_small\"><div class=\"l-section-h i-cf\"><div class=\"g-cols vc_row via_grid cols_1 laptops-cols_inherit tablets-cols_inherit mobiles-cols_1 valign_top type_default stacking_default\"><div class=\"wpb_column vc_column_container\"><div class=\"vc_column-inner\"><div class=\"w-separator size_small with_line width_default thick_1 style_solid color_border align_center\"><div class=\"w-separator-h\"><\/div><\/div><\/div><\/div><\/div><\/div><\/section><section class=\"l-section wpb_row height_small\"><div class=\"l-section-h i-cf\"><div class=\"g-cols vc_row via_grid cols_2-1 laptops-cols_inherit tablets-cols_inherit mobiles-cols_1 valign_top type_default stacking_default\"><div class=\"wpb_column vc_column_container\"><div class=\"vc_column-inner\"><div id=\"ultimate-heading-323169edf69ab55c7\" class=\"uvc-heading ult-adjust-bottom-margin ultimate-heading-323169edf69ab55c7 uvc-5418 \" data-hspacer=\"no_spacer\"  data-halign=\"left\" style=\"text-align:left\"><div class=\"uvc-heading-spacer no_spacer\" style=\"top\"><\/div><div class=\"uvc-main-heading ult-responsive\"  data-ultimate-target='.uvc-heading.ultimate-heading-323169edf69ab55c7 h5'  data-responsive-json-new='{\"font-size\":\"\",\"line-height\":\"\"}' ><h5 style=\"font-weight:normal;\">Vidrieres i murals cer\u00e0mics de l\u00b4Esgl\u00e9sia de la Nostra Senyora del Tr\u00e0nsit<\/h5><\/div><\/div><div class=\"w-separator size_small\"><\/div><div class=\"wpb_text_column\"><div class=\"wpb_wrapper\"><ul>\n<li>Carretera de Canillas, 40, Hortaleza.<\/li>\n<li>De dilluns a divendres (9:30 &#8211; 13:00 y 18:00 &#8211; 20:00), dissabte (9:30 &#8211; 13:00 y 19:00 &#8211; 20:00) i diumenge (9:30 &#8211; 13:00 y 19:00 &#8211; 21:00).<\/li>\n<li>Arquitecte: Luis Cubillo de Arteaga (1958-61)<\/li>\n<li>Vidrieres i murals cer\u00e0mics: Arcadi Blasco Pastor (1961-62).<\/li>\n<\/ul>\n<p>Per a l&#8217;avantprojecte d&#8217;aquesta construcci\u00f3, l&#8217;arquitecte Cubillo va plantejar l&#8217;\u00fas d&#8217;alumini per a les cobertes del temple i de les depend\u00e8ncies auxiliars, una cosa ins\u00f2lita en aquesta mena de construccions. Finalment, van poder mantindre-ho \u00fanicament en la nau principal, justificant els grans pendents de les pr\u00f2pies cobertes. Aix\u00ed mateix, aquesta esgl\u00e9sia es diferencia de les altres construccions religioses de l&#8217;arquitecte. En altres projectes, Cubillo ja utilitzava materials com l&#8217;alumini, les xapes met\u00e0l\u00b7liques o la uralita combinant-los amb la rajola, no obstant aix\u00f2, en aquesta esgl\u00e9sia, va optar per no emprar-lo en l&#8217;edifici principal.<\/p>\n<p>En lloc de la rajola, va optar per pedra r\u00fastica, en el mur de contenci\u00f3 i despr\u00e9s de l&#8217;altar, i amb carreus de pedra per al gablet del presbiteri i el paviment. La resta de par\u00e0metres interiors es van tancar amb vidrieres en el gablet sud i en la fa\u00e7ana oest, aix\u00ed com amb xapats cer\u00e0mics amb pintures, tots ells realitzats per Arcadi Blasco.<\/p>\n<p>Blasco va elaborar en la vidriera de la fa\u00e7ana oest les set primeres estacions del Via crucis, ocupant cadascuna d&#8217;elles un m\u00f2dul estructural de l&#8217;altar. Aquestes set representacions d&#8217;Arcadi podrien haver sigut la ra\u00f3 per la qual es va passar de les sis crugies de l&#8217;avantprojecte a les set definitives. Per a la seua execuci\u00f3, Blasco va subdividir la vidriera de cada estaci\u00f3 del Via crucis en altres set parts. La repetici\u00f3 dels motius al llarg de tota la fa\u00e7ana oest va crear dues bandes crom\u00e0tiques en la part superior del conjunt, de colors blaus i grocs, que potencien la sensaci\u00f3 de fugida cap a l&#8217;altar.<\/p>\n<p>A m\u00e9s, Arcadi Blasco va realitzar tamb\u00e9 la gran vidriera sobre l&#8217;entrada. Des de fora, es pot percebre el dibuix, per\u00f2 des de dins, veiem com la llum acoloreix la gran imatge amb la qual Arcadi representa a Sant Ferran, sant titular de l&#8217;esgl\u00e9sia.<\/p>\n<p>Amb tot aix\u00f2, aquesta esgl\u00e9sia es presenta com una obra moderna i singular en la carrera d&#8217;Arcadi Blasco i Luis Cubillo, portant als l\u00edmits l&#8217;experimentaci\u00f3 i innovaci\u00f3, gr\u00e0cies a la llibertat creativa que van tindre, reinterpretant l&#8217;art i l&#8217;arquitectura religiosa.<\/p>\n<\/div><\/div><\/div><\/div><div class=\"wpb_column vc_column_container\"><div class=\"vc_column-inner\"><div class=\"w-image hide_on_default hide_on_laptops hide_on_tablets hide_on_mobiles align_none\"><a ref=\"magnificPopup\" href=\"https:\/\/turisme.mutxamel.org\/wp-content\/uploads\/2025\/02\/Casa-Arcadi-scaled.jpg\" aria-label=\"Casa Arcadi\" class=\"w-image-h\"><img decoding=\"async\" width=\"1024\" height=\"683\" src=\"https:\/\/turisme.mutxamel.org\/wp-content\/uploads\/2025\/02\/Casa-Arcadi-1024x683.jpg\" class=\"attachment-large size-large\" alt=\"casa de Arcadi Blasco\" loading=\"lazy\" srcset=\"https:\/\/turisme.mutxamel.org\/wp-content\/uploads\/2025\/02\/Casa-Arcadi-1024x683.jpg 1024w, https:\/\/turisme.mutxamel.org\/wp-content\/uploads\/2025\/02\/Casa-Arcadi-300x200.jpg 300w, https:\/\/turisme.mutxamel.org\/wp-content\/uploads\/2025\/02\/Casa-Arcadi-391x260.jpg 391w\" sizes=\"auto, (max-width: 1024px) 100vw, 1024px\" \/><\/a><\/div><div class=\"w-separator size_small\"><\/div><div class=\"w-image align_none\"><a ref=\"magnificPopup\" href=\"https:\/\/turisme.mutxamel.org\/wp-content\/uploads\/2025\/02\/iglesia-transito-3.jpg\" aria-label=\"iglesia transito 3\" class=\"w-image-h\"><img decoding=\"async\" width=\"266\" height=\"178\" src=\"https:\/\/turisme.mutxamel.org\/wp-content\/uploads\/2025\/02\/iglesia-transito-3.jpg\" class=\"attachment-large size-large\" alt=\"Vidrieras arcadi\" loading=\"lazy\" \/><\/a><\/div><\/div><\/div><\/div><\/div><\/section><section class=\"l-section wpb_row height_small\"><div class=\"l-section-h i-cf\"><div class=\"g-cols vc_row via_grid cols_1 laptops-cols_inherit tablets-cols_inherit mobiles-cols_1 valign_top type_default stacking_default\"><div class=\"wpb_column vc_column_container\"><div class=\"vc_column-inner\"><div class=\"w-separator size_small with_line width_default thick_1 style_solid color_border align_center\"><div class=\"w-separator-h\"><\/div><\/div><\/div><\/div><\/div><\/div><\/section><section class=\"l-section wpb_row height_small\"><div class=\"l-section-h i-cf\"><div class=\"g-cols vc_row via_grid cols_2-1 laptops-cols_inherit tablets-cols_inherit mobiles-cols_1 valign_top type_default stacking_default\"><div class=\"wpb_column vc_column_container\"><div class=\"vc_column-inner\"><div id=\"ultimate-heading-882769edf69ab7a9b\" class=\"uvc-heading ult-adjust-bottom-margin ultimate-heading-882769edf69ab7a9b uvc-7385 \" data-hspacer=\"no_spacer\"  data-halign=\"left\" style=\"text-align:left\"><div class=\"uvc-heading-spacer no_spacer\" style=\"top\"><\/div><div class=\"uvc-main-heading ult-responsive\"  data-ultimate-target='.uvc-heading.ultimate-heading-882769edf69ab7a9b h5'  data-responsive-json-new='{\"font-size\":\"\",\"line-height\":\"\"}' ><h5 style=\"font-weight:normal;\">Vidrieres i murals cer\u00e0mics en la parr\u00f2quia de la Purificaci\u00f3 de Nostra Senyora<\/h5><\/div><\/div><div class=\"w-separator size_small\"><\/div><div class=\"wpb_text_column\"><div class=\"wpb_wrapper\"><ul>\n<li>Carrer Coslada, 14, San Fernando de Henares.<\/li>\n<li>Dilluns (8:00 &#8211; 10:00), dimarts i dijous (8:00 &#8211; 14:00 y 18:00 &#8211; 21:00), dimecres (8:00 &#8211; 14:00 y 17:30 &#8211; 21:00), divendres (8:00 &#8211; 14:00 y 18:00 &#8211; 21:30), dissabte (17:30 &#8211; 20:30) i diumenge (9:00 &#8211; 14:00 y 18:00 &#8211; 20:00).<\/li>\n<li>Arquitecte: Lu\u00eds Cubillo de Arteaga (1959)<\/li>\n<li>Vidrieres i murals cer\u00e0mics: Arcadi Blasco Pastor (cap al 1960).<\/li>\n<\/ul>\n<p>Lu\u00eds Cubillo va plantejar una s\u00e8rie de projectes entre els anys 50 i 60, en els quals va anar depurant la relaci\u00f3 entre forma i construcci\u00f3, previs a l&#8217;esgl\u00e9sia de La nostra Senyora del Tr\u00e0nsit, la principal representaci\u00f3 d&#8217;aquesta idea de Cubillo. No obstant aix\u00f2, un dels projectes previs va ser aquesta parr\u00f2quia de la Purificaci\u00f3 de La nostra Senyora.<\/p>\n<p>Aquesta parr\u00f2quia es caracteritza, al costat de l&#8217;esgl\u00e9sia de Sant Pius X, per la seua coberta de dos vessants amb faldons de diferents extensions i altura, la qual cosa permet introduir il\u00b7luminaci\u00f3 zenital en el temple, donant m\u00e9s protagonisme a la vidriera. A m\u00e9s, en la part m\u00e9s alta es manifesta a mode de fa\u00e7ana el campanar.<\/p>\n<p>Arcadi Blasco va elaborar la vidriera acrom\u00e0tica de motius geom\u00e8trics situada als peus de la nau principal, contrarestant aquesta asimetria que presenta la fa\u00e7ana. Tamb\u00e9 va realitzar el mural cer\u00e0mic en la paret en la qual connectava la vidriera amb el gablet, i que havia sigut convertit en una espadanya.<\/p>\n<p>L&#8217;artista mutxameler va realitzar les figures del mural mitjan\u00e7ant engalbes marrons, sobre plaques de terracota, i acompanyades de text. Aquestes figures recorden a les realitzades per Arcadi en l&#8217;exterior de l&#8217;esgl\u00e9sia de Zurbar\u00e1n, a Badajoz.<\/p>\n<\/div><\/div><\/div><\/div><div class=\"wpb_column vc_column_container\"><div class=\"vc_column-inner\"><div class=\"w-image hide_on_default hide_on_laptops hide_on_tablets hide_on_mobiles align_none\"><a ref=\"magnificPopup\" href=\"https:\/\/turisme.mutxamel.org\/wp-content\/uploads\/2025\/02\/Casa-Arcadi-scaled.jpg\" aria-label=\"Casa Arcadi\" class=\"w-image-h\"><img decoding=\"async\" width=\"1024\" height=\"683\" src=\"https:\/\/turisme.mutxamel.org\/wp-content\/uploads\/2025\/02\/Casa-Arcadi-1024x683.jpg\" class=\"attachment-large size-large\" alt=\"casa de Arcadi Blasco\" loading=\"lazy\" srcset=\"https:\/\/turisme.mutxamel.org\/wp-content\/uploads\/2025\/02\/Casa-Arcadi-1024x683.jpg 1024w, https:\/\/turisme.mutxamel.org\/wp-content\/uploads\/2025\/02\/Casa-Arcadi-300x200.jpg 300w, https:\/\/turisme.mutxamel.org\/wp-content\/uploads\/2025\/02\/Casa-Arcadi-391x260.jpg 391w\" sizes=\"auto, (max-width: 1024px) 100vw, 1024px\" \/><\/a><\/div><div class=\"w-separator size_small\"><\/div><div class=\"w-image align_none\"><a ref=\"magnificPopup\" href=\"https:\/\/turisme.mutxamel.org\/wp-content\/uploads\/2025\/02\/Iglesia-puri-de-nuestra-sra.jpg\" aria-label=\"Iglesia puri de nuestra sra\" class=\"w-image-h\"><img decoding=\"async\" width=\"142\" height=\"95\" src=\"https:\/\/turisme.mutxamel.org\/wp-content\/uploads\/2025\/02\/Iglesia-puri-de-nuestra-sra.jpg\" class=\"attachment-large size-large\" alt=\"Vidrieras arcadi\" loading=\"lazy\" \/><\/a><\/div><\/div><\/div><\/div><\/div><\/section><section class=\"l-section wpb_row height_small\"><div class=\"l-section-h i-cf\"><div class=\"g-cols vc_row via_grid cols_1 laptops-cols_inherit tablets-cols_inherit mobiles-cols_1 valign_top type_default stacking_default\"><div class=\"wpb_column vc_column_container\"><div class=\"vc_column-inner\"><div class=\"w-separator size_small with_line width_default thick_1 style_solid color_border align_center\"><div class=\"w-separator-h\"><\/div><\/div><\/div><\/div><\/div><\/div><\/section><section class=\"l-section wpb_row height_small\"><div class=\"l-section-h i-cf\"><div class=\"g-cols vc_row via_grid cols_2-1 laptops-cols_inherit tablets-cols_inherit mobiles-cols_1 valign_top type_default stacking_default\"><div class=\"wpb_column vc_column_container\"><div class=\"vc_column-inner\"><div id=\"ultimate-heading-927869edf69ab9910\" class=\"uvc-heading ult-adjust-bottom-margin ultimate-heading-927869edf69ab9910 uvc-3701 \" data-hspacer=\"no_spacer\"  data-halign=\"left\" style=\"text-align:left\"><div class=\"uvc-heading-spacer no_spacer\" style=\"top\"><\/div><div class=\"uvc-main-heading ult-responsive\"  data-ultimate-target='.uvc-heading.ultimate-heading-927869edf69ab9910 h5'  data-responsive-json-new='{\"font-size\":\"\",\"line-height\":\"\"}' ><h5 style=\"font-weight:normal;\">Revestimients cer\u00e0mics de la fa\u00e7ada, carrer Edgar Neville, 20<\/h5><\/div><\/div><div class=\"w-separator size_small\"><\/div><div class=\"wpb_text_column\"><div class=\"wpb_wrapper\"><ul>\n<li>Carrer Edgar Neville, 20, Tetu\u00e1n.<\/li>\n<li>Arquitectes: Lu\u00eds Cubillo de Arteaga i Ram\u00f3n Besc\u00f3s (1965-66)<\/li>\n<li>Revestiments cer\u00e0mics: Arcadi Blasco Pastor (cap al 1967).<\/li>\n<\/ul>\n<p>En 1965 Cubillo va col\u00b7laborar amb Ram\u00f3n Besc\u00f3s per a dur a terme un projecte d&#8217;habitatges de la Cooperativa Salesas. Van projectar un edifici de 10 plantes per al carrer General Moscard\u00f3 (hui Edgar Neville), amb 4 habitatges en cadascuna. En la fa\u00e7ana, els arquitectes van emfatitzar l&#8217;horitzontalitat de l&#8217;edifici amb bandes alternes d&#8217;ampits opacs i terrasses o finestres.<\/p>\n<p>Els ampits es van revestir de peces cer\u00e0miques realitzades per Arcadi. En cadascuna de les peces, de 30 x 25 cent\u00edmetres, predominen figures geom\u00e8trica com els cercles, triangles o quadrats, i altres formes m\u00e9s org\u00e0niques, creant un mosaic que contrasta amb els espais de les terrasses i finestres, pel disseny de les peces i el color caracter\u00edstic de la terracota. Blasco tamb\u00e9 va realitzar el revestiment cer\u00e0mic del vest\u00edbul de l&#8217;edifici, amb un estil m\u00e9s sobri, encara que caracter\u00edstic de la seua obra.<\/p>\n<p>Cal destacar que, en el mural de cer\u00e0mic de la fa\u00e7ana, Arcadi va plasmar en algunes peces els noms d&#8217;aquelles persones que van participar en la construcci\u00f3 de l&#8217;edifici com Cubillo, Besc\u00f3s, el cap d&#8217;obra o ell mateix, entre altres.<\/p>\n<\/div><\/div><\/div><\/div><div class=\"wpb_column vc_column_container\"><div class=\"vc_column-inner\"><div class=\"w-image hide_on_default hide_on_laptops hide_on_tablets hide_on_mobiles align_none\"><a ref=\"magnificPopup\" href=\"https:\/\/turisme.mutxamel.org\/wp-content\/uploads\/2025\/02\/Casa-Arcadi-scaled.jpg\" aria-label=\"Casa Arcadi\" class=\"w-image-h\"><img decoding=\"async\" width=\"1024\" height=\"683\" src=\"https:\/\/turisme.mutxamel.org\/wp-content\/uploads\/2025\/02\/Casa-Arcadi-1024x683.jpg\" class=\"attachment-large size-large\" alt=\"casa de Arcadi Blasco\" loading=\"lazy\" srcset=\"https:\/\/turisme.mutxamel.org\/wp-content\/uploads\/2025\/02\/Casa-Arcadi-1024x683.jpg 1024w, https:\/\/turisme.mutxamel.org\/wp-content\/uploads\/2025\/02\/Casa-Arcadi-300x200.jpg 300w, https:\/\/turisme.mutxamel.org\/wp-content\/uploads\/2025\/02\/Casa-Arcadi-391x260.jpg 391w\" sizes=\"auto, (max-width: 1024px) 100vw, 1024px\" \/><\/a><\/div><div class=\"w-separator size_small\"><\/div><div class=\"w-image align_none\"><a ref=\"magnificPopup\" href=\"https:\/\/turisme.mutxamel.org\/wp-content\/uploads\/2025\/02\/revestimiento-fachada.jpg\" aria-label=\"revestimiento fachada\" class=\"w-image-h\"><img decoding=\"async\" width=\"142\" height=\"214\" src=\"https:\/\/turisme.mutxamel.org\/wp-content\/uploads\/2025\/02\/revestimiento-fachada.jpg\" class=\"attachment-large size-large\" alt=\"Vidrieras arcadi\" loading=\"lazy\" \/><\/a><\/div><\/div><\/div><\/div><\/div><\/section><section class=\"l-section wpb_row height_small\"><div class=\"l-section-h i-cf\"><div class=\"g-cols vc_row via_grid cols_1 laptops-cols_inherit tablets-cols_inherit mobiles-cols_1 valign_top type_default stacking_default\"><div class=\"wpb_column vc_column_container\"><div class=\"vc_column-inner\"><div class=\"w-separator size_small with_line width_default thick_1 style_solid color_border align_center\"><div class=\"w-separator-h\"><\/div><\/div><\/div><\/div><\/div><\/div><\/section><section class=\"l-section wpb_row height_small\"><div class=\"l-section-h i-cf\"><div class=\"g-cols vc_row via_grid cols_2-1 laptops-cols_inherit tablets-cols_inherit mobiles-cols_1 valign_top type_default stacking_default\"><div class=\"wpb_column vc_column_container\"><div class=\"vc_column-inner\"><div id=\"ultimate-heading-265469edf69abb619\" class=\"uvc-heading ult-adjust-bottom-margin ultimate-heading-265469edf69abb619 uvc-553 \" data-hspacer=\"no_spacer\"  data-halign=\"left\" style=\"text-align:left\"><div class=\"uvc-heading-spacer no_spacer\" style=\"top\"><\/div><div class=\"uvc-main-heading ult-responsive\"  data-ultimate-target='.uvc-heading.ultimate-heading-265469edf69abb619 h5'  data-responsive-json-new='{\"font-size\":\"\",\"line-height\":\"\"}' ><h5 style=\"font-weight:normal;\">Vidrieres de la parr\u00f2quia de San Federic<\/h5><\/div><\/div><div class=\"w-separator size_small\"><\/div><div class=\"wpb_text_column\"><div class=\"wpb_wrapper\"><ul>\n<li>Carrer de l\u2019Alcalde Mart\u00edn de Alzaga, 21, Moncloa \u2013 Aravaca.<\/li>\n<li>Dilluns a dissabtes (9:00 &#8211; 13:00 y 18:00 &#8211; 20:00) i diumenges (10:00 &#8211; 14:00 y 18:00 &#8211; 20:00).<\/li>\n<li>Arquitecte: Lu\u00eds Cubillo de Arteaga (1968)<\/li>\n<li>Vidrieres: Arcadi Blasco Pastor (cap al 1969).<\/li>\n<\/ul>\n<p>Per a Lu\u00eds Cubillo, malgrat haver realitzat projectes per a edificis religiosos en la capital, aquesta parr\u00f2quia va suposar la seua primera col\u00b7laboraci\u00f3 amb l&#8217;Oficina T\u00e8cnica de l&#8217;Arquebisbat de Madrid. A m\u00e9s, aquesta es tracta d&#8217;una variaci\u00f3 de l&#8217;Esgl\u00e9sia de la Purificaci\u00f3 de La nostra Senyora, encara que unificant la nau central amb el lateral en un mateix espai.<\/p>\n<p>Cubillo tamb\u00e9 es va inspirar en la parr\u00f2quia Verge Immaculada de Bolonya, realitzada en 1958 per Glauco Gresleri, projectant la mateixa forma de la planta i els seus dos accessos al temple. No obstant aix\u00f2, la major difer\u00e8ncia era l&#8217;\u00fas que feia Cubillo de la rajola, fent fins i tot els elements del presbiteri de rajola vista, alguna cosa que normalment delegava a altres artistes quant a la seua elaboraci\u00f3 i disseny.<\/p>\n<p>Arcadi Blasco va realitzar la vidriera situada sobre l&#8217;entrada principal, custodiada per la torre-campanar de rajola, i la capella sacramental, de nou inspirada a la qual va realitzar Glauco Gresleri en 1958. En aquesta obra, destaca l&#8217;abstracci\u00f3 org\u00e0nica amb ondulacions sim\u00e8triques que recorda als seus olis, dibuixos i gravats de la s\u00e8rie \u201cObjectes-idea\u201d de finals dels seixanta. Aquests \u201cObjectes-idea\u201d s\u00f3n una s\u00e8rie d&#8217;obres amb les quals Arcadi va desafiar els conceptes d&#8217;art i disseny, afegint conceptes filos\u00f2fics o intel\u00b7lectuals a cada \u201cobjecte\u201d, i que li van servir d&#8217;avantsala per a realitzar altres s\u00e8ries art\u00edstiques com a \u201cPropostes ornamentals per al di\u00e0leg\u201d i les \u201cPropostes per a torturar\u201d.<\/p>\n<p>La vidriera de l&#8217;entrada \u00e9s una vidriera de formig\u00f3, t\u00e8cnica en la qual els fragments de vidre s&#8217;incrusten en una matriu de formig\u00f3, i que Blasco va explorar i va dominar. Un exemple del seu mestratge \u00e9s tamb\u00e9 la vidriera del seminari Mater Dei de Castell\u00f3, constru\u00eft tamb\u00e9 per Luis Cubillo. Per a aquest seminari, Blasco va realitzar la vidriera de formig\u00f3 disposada en horitzontal sobretot el temple, de quasi 400 metres quadrats.<\/p>\n<\/div><\/div><\/div><\/div><div class=\"wpb_column vc_column_container\"><div class=\"vc_column-inner\"><div class=\"w-image hide_on_default hide_on_laptops hide_on_tablets hide_on_mobiles align_none\"><a ref=\"magnificPopup\" href=\"https:\/\/turisme.mutxamel.org\/wp-content\/uploads\/2025\/02\/Casa-Arcadi-scaled.jpg\" aria-label=\"Casa Arcadi\" class=\"w-image-h\"><img decoding=\"async\" width=\"1024\" height=\"683\" src=\"https:\/\/turisme.mutxamel.org\/wp-content\/uploads\/2025\/02\/Casa-Arcadi-1024x683.jpg\" class=\"attachment-large size-large\" alt=\"casa de Arcadi Blasco\" loading=\"lazy\" srcset=\"https:\/\/turisme.mutxamel.org\/wp-content\/uploads\/2025\/02\/Casa-Arcadi-1024x683.jpg 1024w, https:\/\/turisme.mutxamel.org\/wp-content\/uploads\/2025\/02\/Casa-Arcadi-300x200.jpg 300w, https:\/\/turisme.mutxamel.org\/wp-content\/uploads\/2025\/02\/Casa-Arcadi-391x260.jpg 391w\" sizes=\"auto, (max-width: 1024px) 100vw, 1024px\" \/><\/a><\/div><div class=\"w-separator size_small\"><\/div><div class=\"w-image align_none\"><a ref=\"magnificPopup\" href=\"https:\/\/turisme.mutxamel.org\/wp-content\/uploads\/2025\/02\/iglesia-san-federico.jpg\" aria-label=\"iglesia san federico\" class=\"w-image-h\"><img decoding=\"async\" width=\"290\" height=\"289\" src=\"https:\/\/turisme.mutxamel.org\/wp-content\/uploads\/2025\/02\/iglesia-san-federico.jpg\" class=\"attachment-large size-large\" alt=\"Vidrieras arcadi\" loading=\"lazy\" srcset=\"https:\/\/turisme.mutxamel.org\/wp-content\/uploads\/2025\/02\/iglesia-san-federico.jpg 290w, https:\/\/turisme.mutxamel.org\/wp-content\/uploads\/2025\/02\/iglesia-san-federico-150x150.jpg 150w\" sizes=\"auto, (max-width: 290px) 100vw, 290px\" \/><\/a><\/div><\/div><\/div><\/div><\/div><\/section><section class=\"l-section wpb_row height_small\"><div class=\"l-section-h i-cf\"><div class=\"g-cols vc_row via_grid cols_1 laptops-cols_inherit tablets-cols_inherit mobiles-cols_1 valign_top type_default stacking_default\"><div class=\"wpb_column vc_column_container\"><div class=\"vc_column-inner\"><div class=\"w-separator size_small with_line width_default thick_1 style_solid color_border align_center\"><div class=\"w-separator-h\"><\/div><\/div><\/div><\/div><\/div><\/div><\/section><section class=\"l-section wpb_row height_small\"><div class=\"l-section-h i-cf\"><div class=\"g-cols vc_row via_grid cols_2-1 laptops-cols_inherit tablets-cols_inherit mobiles-cols_1 valign_top type_default stacking_default\"><div class=\"wpb_column vc_column_container\"><div class=\"vc_column-inner\"><div id=\"ultimate-heading-97169edf69abd1fc\" class=\"uvc-heading ult-adjust-bottom-margin ultimate-heading-97169edf69abd1fc uvc-1379 \" data-hspacer=\"no_spacer\"  data-halign=\"left\" style=\"text-align:left\"><div class=\"uvc-heading-spacer no_spacer\" style=\"top\"><\/div><div class=\"uvc-main-heading ult-responsive\"  data-ultimate-target='.uvc-heading.ultimate-heading-97169edf69abd1fc h5'  data-responsive-json-new='{\"font-size\":\"\",\"line-height\":\"\"}' ><h5 style=\"font-weight:normal;\">Vidrieres de la parr\u00f2quia de San Ferran<\/h5><\/div><\/div><div class=\"w-separator size_small\"><\/div><div class=\"wpb_text_column\"><div class=\"wpb_wrapper\"><ul>\n<li>Avinguda d\u2019Alberto de Alcocer, 9, Chamart\u00edn.<\/li>\n<li>Dilluns a divendres (8:00 &#8211; 9:15, 11:00 a 13:15 y 17:30 &#8211; 20:00) dissabte (11:00 &#8211; 13:15 i 18:00 &#8211; 20:00) i diumenge (10:30 a 13:45 y 18:00 &#8211; 20:00).<\/li>\n<li>Arquitecte: Lu\u00eds Cubillo de Arteaga (1970)<\/li>\n<li>Vidrieres: Arcadi Blasco Pastor (1970-72).<\/li>\n<\/ul>\n<p>Per a dur a terme aquest complex parroquial, Lu\u00eds Cubillo va comptar amb un major pressupost que en altres projectes, i va comptar amb les col\u00b7laboracions d&#8217;Arcadi Blasco i de Jos\u00e9 Luis S\u00e1nchez. A m\u00e9s, es tracta del primer temple amb planta quadrada que va idear Cubillo, deixant el presbiteri en un v\u00e8rtex, alguna cosa que repetiria en altres complexos parroquials per a l&#8217;Arquebisbat de Madrid en els anys setanta. Encara que en aquesta parr\u00f2quia la coberta descendeix cap al presbiteri, creant un efecte de concentraci\u00f3 sobre l&#8217;altar, alguna cosa que nom\u00e9s repetiria en la parr\u00f2quia de San Saturn\u00ed.<\/p>\n<p>A m\u00e9s, aquesta parr\u00f2quia compta amb una claraboia sobre el presbiteri, que contrasta amb les altres fonts de llum. Aquesta entrada de llum, sumat a la baixa altura de la coberta en direcci\u00f3 cap a l&#8217;altar, crea un efecte de concentraci\u00f3 i rellev\u00e0ncia sobre el propi presbiteri i sobre la figura de Crist, realitzada per Jos\u00e9 Luis S\u00e1nchez.<\/p>\n<p>Arcadi Blasco va treballar amb Cubillo i S\u00e1nchez per a harmonitzar tots els elements de la parr\u00f2quia, ideant unes vidrieres per a la nau i el baptisteri en les quals s&#8217;alternen les t\u00e8cniques del formig\u00f3 amb la de l\u2019emplomat, i van ser realitzats per la Uni\u00f3 d&#8217;Artistes Vidriers en 1972. Aquestes singulars vidrieres remeten per la seua bellesa i disseny a les vidrieres que tamb\u00e9 va fer per a l&#8217;esgl\u00e9sia del Col\u00b7legi de Santa Teresa de Badajoz.<\/p>\n<p>Les vidrieres, orientades al sud-est i al sud-oest, garanteixen una qualitat lum\u00ednica similar, accentuant la llum del capvespre per la vidriera del sud-oest, i l&#8217;efecte de concentraci\u00f3 cap a l&#8217;altar. En canvi, el baptisteri, orientat al nord-est, compta amb colors daurats i blaus que, al costat dels cristalls ambre de les finestres de la capella de diari, creen un ambient arreplegat i tranquil. A m\u00e9s, en les altes vidrieres, Arcadi va elaborar un disseny m\u00e9s vertical, mentre que, en el baptisteri, va optar per un m\u00e9s horitzontal, amb un disseny quasi tridimensional.<\/p>\n<\/div><\/div><\/div><\/div><div class=\"wpb_column vc_column_container\"><div class=\"vc_column-inner\"><div class=\"w-image hide_on_default hide_on_laptops hide_on_tablets hide_on_mobiles align_none\"><a ref=\"magnificPopup\" href=\"https:\/\/turisme.mutxamel.org\/wp-content\/uploads\/2025\/02\/Casa-Arcadi-scaled.jpg\" aria-label=\"Casa Arcadi\" class=\"w-image-h\"><img decoding=\"async\" width=\"1024\" height=\"683\" src=\"https:\/\/turisme.mutxamel.org\/wp-content\/uploads\/2025\/02\/Casa-Arcadi-1024x683.jpg\" class=\"attachment-large size-large\" alt=\"casa de Arcadi Blasco\" loading=\"lazy\" srcset=\"https:\/\/turisme.mutxamel.org\/wp-content\/uploads\/2025\/02\/Casa-Arcadi-1024x683.jpg 1024w, https:\/\/turisme.mutxamel.org\/wp-content\/uploads\/2025\/02\/Casa-Arcadi-300x200.jpg 300w, https:\/\/turisme.mutxamel.org\/wp-content\/uploads\/2025\/02\/Casa-Arcadi-391x260.jpg 391w\" sizes=\"auto, (max-width: 1024px) 100vw, 1024px\" \/><\/a><\/div><div class=\"w-separator size_small\"><\/div><div class=\"w-image align_none\"><a ref=\"magnificPopup\" href=\"https:\/\/turisme.mutxamel.org\/wp-content\/uploads\/2025\/02\/iglesia-san-fernando-2.jpg\" aria-label=\"iglesia san fernando 2\" class=\"w-image-h\"><img decoding=\"async\" width=\"683\" height=\"598\" src=\"https:\/\/turisme.mutxamel.org\/wp-content\/uploads\/2025\/02\/iglesia-san-fernando-2.jpg\" class=\"attachment-large size-large\" alt=\"Vidrieras arcadi\" loading=\"lazy\" srcset=\"https:\/\/turisme.mutxamel.org\/wp-content\/uploads\/2025\/02\/iglesia-san-fernando-2.jpg 683w, https:\/\/turisme.mutxamel.org\/wp-content\/uploads\/2025\/02\/iglesia-san-fernando-2-300x263.jpg 300w\" sizes=\"auto, (max-width: 683px) 100vw, 683px\" \/><\/a><\/div><\/div><\/div><\/div><\/div><\/section><section class=\"l-section wpb_row height_small\"><div class=\"l-section-h i-cf\"><div class=\"g-cols vc_row via_grid cols_1 laptops-cols_inherit tablets-cols_inherit mobiles-cols_1 valign_top type_default stacking_default\"><div class=\"wpb_column vc_column_container\"><div class=\"vc_column-inner\"><div class=\"w-separator size_small with_line width_default thick_1 style_solid color_border align_center\"><div class=\"w-separator-h\"><\/div><\/div><\/div><\/div><\/div><\/div><\/section><section class=\"l-section wpb_row height_small\"><div class=\"l-section-h i-cf\"><div class=\"g-cols vc_row via_grid cols_2-1 laptops-cols_inherit tablets-cols_inherit mobiles-cols_1 valign_top type_default stacking_default\"><div class=\"wpb_column vc_column_container\"><div class=\"vc_column-inner\"><div id=\"ultimate-heading-637969edf69abedc4\" class=\"uvc-heading ult-adjust-bottom-margin ultimate-heading-637969edf69abedc4 uvc-1338 \" data-hspacer=\"no_spacer\"  data-halign=\"left\" style=\"text-align:left\"><div class=\"uvc-heading-spacer no_spacer\" style=\"top\"><\/div><div class=\"uvc-main-heading ult-responsive\"  data-ultimate-target='.uvc-heading.ultimate-heading-637969edf69abedc4 h5'  data-responsive-json-new='{\"font-size\":\"\",\"line-height\":\"\"}' ><h5 style=\"font-weight:normal;\">Vidrieres de la parr\u00f2quia de San Saturn\u00ed<\/h5><\/div><\/div><div class=\"w-separator size_small\"><\/div><div class=\"wpb_text_column\"><div class=\"wpb_wrapper\"><ul>\n<li>Pla\u00e7a Pr\u00edncipes de Espa\u00f1a, Alcorc\u00f3n.<\/li>\n<li>De dilluns a divendres (10:00 &#8211; 12:00 y 18:00 &#8211; 20:00), dissabte (10:00 &#8211; 12:00, 18:00 &#8211; 20:00 y 20:30 &#8211; 22:00) i diumenge (9:30 &#8211; 10:00, 11:00 &#8211; 11:45, 12:00 &#8211; 12:45, 13:00 &#8211; 13:45, 19:00 &#8211; 19:45).<\/li>\n<li>Arquitecte: Lu\u00eds Cubillo de Arteaga (1970) \/ Vidrieres: Arcadi Blasco Pastor (cap al 1971).<\/li>\n<\/ul>\n<p>Per a aquesta parr\u00f2quia Cubillo va plantejar per primera i \u00fanica vegada, realitzar-la amb planta pentagonal, inspirada a l&#8217;esgl\u00e9sia evang\u00e8lica que l&#8217;arquitecte alemany, Paul Baumgarten, va projectar anys arrere. No obstant aix\u00f2, Cubillo va reinterpretar els buits triangulars dels laterals fent-los m\u00e9s llargs cap al presbiteri.<\/p>\n<p>Aquesta parr\u00f2quia \u00e9s un gran exemple de com el treball d&#8217;Arcadi es complementa amb el de Cubillo. Arcadi va ocupar els dos laterals amb les vidrieres, m\u00e9s amples conforme avancen cap al presbiteri. Amb aix\u00f2, va aconseguir una visi\u00f3 m\u00e9s profunda cap al final de la parr\u00f2quia.<\/p>\n<p>Per a aquestes vidrieres, va rec\u00f3rrer a la idea, ja tractada en altres ocasions, d&#8217;una visi\u00f3 c\u00f2smica, com del deixant d&#8217;un cometa en espiral, ressaltant l&#8217;horitzontalitat i dirigint la nostra vista a l&#8217;altar. La composici\u00f3 d&#8217;aquestes vidrieres, sumades a la claraboia oberta en el fals sostre sobre el presbiteri, crea un efecte de concentraci\u00f3 sobre l&#8217;altar, similar al de la parr\u00f2quia de Sant Ferran.<\/p>\n<\/div><\/div><\/div><\/div><div class=\"wpb_column vc_column_container\"><div class=\"vc_column-inner\"><div class=\"w-image hide_on_default hide_on_laptops hide_on_tablets hide_on_mobiles align_none\"><a ref=\"magnificPopup\" href=\"https:\/\/turisme.mutxamel.org\/wp-content\/uploads\/2025\/02\/Casa-Arcadi-scaled.jpg\" aria-label=\"Casa Arcadi\" class=\"w-image-h\"><img decoding=\"async\" width=\"1024\" height=\"683\" src=\"https:\/\/turisme.mutxamel.org\/wp-content\/uploads\/2025\/02\/Casa-Arcadi-1024x683.jpg\" class=\"attachment-large size-large\" alt=\"casa de Arcadi Blasco\" loading=\"lazy\" srcset=\"https:\/\/turisme.mutxamel.org\/wp-content\/uploads\/2025\/02\/Casa-Arcadi-1024x683.jpg 1024w, https:\/\/turisme.mutxamel.org\/wp-content\/uploads\/2025\/02\/Casa-Arcadi-300x200.jpg 300w, https:\/\/turisme.mutxamel.org\/wp-content\/uploads\/2025\/02\/Casa-Arcadi-391x260.jpg 391w\" sizes=\"auto, (max-width: 1024px) 100vw, 1024px\" \/><\/a><\/div><div class=\"w-separator size_small\"><\/div><div class=\"w-image align_none\"><a ref=\"magnificPopup\" href=\"https:\/\/turisme.mutxamel.org\/wp-content\/uploads\/2025\/02\/vidriera-iglesia-san-saturnino-1.jpg\" aria-label=\"vidriera iglesia san saturnino\" class=\"w-image-h\"><img decoding=\"async\" width=\"306\" height=\"161\" src=\"https:\/\/turisme.mutxamel.org\/wp-content\/uploads\/2025\/02\/vidriera-iglesia-san-saturnino-1.jpg\" class=\"attachment-large size-large\" alt=\"Vidrieras arcadi\" loading=\"lazy\" srcset=\"https:\/\/turisme.mutxamel.org\/wp-content\/uploads\/2025\/02\/vidriera-iglesia-san-saturnino-1.jpg 306w, https:\/\/turisme.mutxamel.org\/wp-content\/uploads\/2025\/02\/vidriera-iglesia-san-saturnino-1-300x158.jpg 300w\" sizes=\"auto, (max-width: 306px) 100vw, 306px\" \/><\/a><\/div><\/div><\/div><\/div><\/div><\/section><section class=\"l-section wpb_row height_small\"><div class=\"l-section-h i-cf\"><div class=\"g-cols vc_row via_grid cols_1 laptops-cols_inherit tablets-cols_inherit mobiles-cols_1 valign_top type_default stacking_default\"><div class=\"wpb_column vc_column_container\"><div class=\"vc_column-inner\"><div class=\"w-separator size_small with_line width_default thick_1 style_solid color_border align_center\"><div class=\"w-separator-h\"><\/div><\/div><\/div><\/div><\/div><\/div><\/section><section class=\"l-section wpb_row height_small\"><div class=\"l-section-h i-cf\"><div class=\"g-cols vc_row via_grid cols_2-1 laptops-cols_inherit tablets-cols_inherit mobiles-cols_1 valign_top type_default stacking_default\"><div class=\"wpb_column vc_column_container\"><div class=\"vc_column-inner\"><div id=\"ultimate-heading-843069edf69abff97\" class=\"uvc-heading ult-adjust-bottom-margin ultimate-heading-843069edf69abff97 uvc-2956 \" data-hspacer=\"no_spacer\"  data-halign=\"left\" style=\"text-align:left\"><div class=\"uvc-heading-spacer no_spacer\" style=\"top\"><\/div><div class=\"uvc-main-heading ult-responsive\"  data-ultimate-target='.uvc-heading.ultimate-heading-843069edf69abff97 h5'  data-responsive-json-new='{\"font-size\":\"\",\"line-height\":\"\"}' ><h5 style=\"font-weight:normal;\">Vidrieres de la parr\u00f2quia de Jes\u00fas de Nazaret<\/h5><\/div><\/div><div class=\"w-separator size_small\"><\/div><div class=\"wpb_text_column\"><div class=\"wpb_wrapper\"><ul>\n<li>Carrer de las Cuevas de Almanzora, 18, Hortaleza.<\/li>\n<li>Dilluns a diumenge (8:30 &#8211; 13:30 y de 17:30 &#8211; 20:45).<\/li>\n<li>Arquitecte: Lu\u00eds Cubillo de Arteaga (1972)<\/li>\n<li>Vidrieres: Arcadi Blasco Pastor (cap al 1973-74)<\/li>\n<\/ul>\n<p>Lu\u00eds Cubillo va idear aquest complex parroquial amb planta quadrada, repetint la soluci\u00f3 de la parr\u00f2quia de Sant Ferran, on va col\u00b7locar el presbiteri en un dels v\u00e8rtexs de la planta. Encara que en aquesta, la introducci\u00f3 d&#8217;una s\u00e8rie de redents il\u00b7luminats per les vidrieres adjacents a l&#8217;entrada, i l&#8217;estructura espacial, creixent cap a l&#8217;altar, donen a l&#8217;interior de la parr\u00f2quia un car\u00e0cter molt especial.<\/p>\n<p>En aquesta parr\u00f2quia va tindre lloc l&#8217;\u00faltima col\u00b7laboraci\u00f3 entre Lu\u00eds Cubillo, Jos\u00e9 Luis S\u00e1nchez i Arcadi Blasco. S\u00e1nchez va realitzar la imatgeria i mobiliari, i Arcadi Blasco les vidrieres de la capella de diari i les del temple. Blasco va plantejar en elles una espiral en horitzontal en la qual s&#8217;aprecien la successi\u00f3 dels seus punts lluminosos en cadascun dels quatre plans de la vidriera, mentre que poguera ser reconstru\u00efda visualment en el seu conjunt.<\/p>\n<p>La vidriera, pel seu color i forma, t\u00e9 una gran pres\u00e8ncia i \u00e9s un focus d&#8217;atracci\u00f3 complementari del presbiteri. A m\u00e9s, crea una tensi\u00f3 visual horitzontal, contrastant amb la verticalitat del presbiteri i els murs de rajola vista.<\/p>\n<p>Aquesta \u00e9s un altre exemple de la tipologia de temples o edificis religiosos de Cubillo a principis dels anys 70. En aquests, la decoraci\u00f3 era m\u00ednima, i l&#8217;austeritat interior, aconseguida gr\u00e0cies a l&#8217;\u00fas de la rajola vista, contrastava amb el disseny i color de les vidrieres.<\/p>\n<\/div><\/div><\/div><\/div><div class=\"wpb_column vc_column_container\"><div class=\"vc_column-inner\"><div class=\"w-image hide_on_default hide_on_laptops hide_on_tablets hide_on_mobiles align_none\"><a ref=\"magnificPopup\" href=\"https:\/\/turisme.mutxamel.org\/wp-content\/uploads\/2025\/02\/Casa-Arcadi-scaled.jpg\" aria-label=\"Casa Arcadi\" class=\"w-image-h\"><img decoding=\"async\" width=\"1024\" height=\"683\" src=\"https:\/\/turisme.mutxamel.org\/wp-content\/uploads\/2025\/02\/Casa-Arcadi-1024x683.jpg\" class=\"attachment-large size-large\" alt=\"casa de Arcadi Blasco\" loading=\"lazy\" srcset=\"https:\/\/turisme.mutxamel.org\/wp-content\/uploads\/2025\/02\/Casa-Arcadi-1024x683.jpg 1024w, https:\/\/turisme.mutxamel.org\/wp-content\/uploads\/2025\/02\/Casa-Arcadi-300x200.jpg 300w, https:\/\/turisme.mutxamel.org\/wp-content\/uploads\/2025\/02\/Casa-Arcadi-391x260.jpg 391w\" sizes=\"auto, (max-width: 1024px) 100vw, 1024px\" \/><\/a><\/div><div class=\"w-separator size_small\"><\/div><div class=\"w-image align_none\"><a ref=\"magnificPopup\" href=\"https:\/\/turisme.mutxamel.org\/wp-content\/uploads\/2025\/02\/vidriera-igle-jesus-nazaret.jpg\" aria-label=\"vidriera igle jesus nazaret\" class=\"w-image-h\"><img decoding=\"async\" width=\"398\" height=\"265\" src=\"https:\/\/turisme.mutxamel.org\/wp-content\/uploads\/2025\/02\/vidriera-igle-jesus-nazaret.jpg\" class=\"attachment-large size-large\" alt=\"Vidrieras arcadi\" loading=\"lazy\" srcset=\"https:\/\/turisme.mutxamel.org\/wp-content\/uploads\/2025\/02\/vidriera-igle-jesus-nazaret.jpg 398w, https:\/\/turisme.mutxamel.org\/wp-content\/uploads\/2025\/02\/vidriera-igle-jesus-nazaret-300x200.jpg 300w, https:\/\/turisme.mutxamel.org\/wp-content\/uploads\/2025\/02\/vidriera-igle-jesus-nazaret-391x260.jpg 391w\" sizes=\"auto, (max-width: 398px) 100vw, 398px\" \/><\/a><\/div><\/div><\/div><\/div><\/div><\/section><section class=\"l-section wpb_row height_small\"><div class=\"l-section-h i-cf\"><div class=\"g-cols vc_row via_grid cols_1 laptops-cols_inherit tablets-cols_inherit mobiles-cols_1 valign_top type_default stacking_default\"><div class=\"wpb_column vc_column_container\"><div class=\"vc_column-inner\"><div class=\"w-separator size_small with_line width_default thick_1 style_solid color_border align_center\"><div class=\"w-separator-h\"><\/div><\/div><\/div><\/div><\/div><\/div><\/section><section class=\"l-section wpb_row height_small\"><div class=\"l-section-h i-cf\"><div class=\"g-cols vc_row via_grid cols_2-1 laptops-cols_inherit tablets-cols_inherit mobiles-cols_1 valign_top type_default stacking_default\"><div class=\"wpb_column vc_column_container\"><div class=\"vc_column-inner\"><div id=\"ultimate-heading-286769edf69ac1d8c\" class=\"uvc-heading ult-adjust-bottom-margin ultimate-heading-286769edf69ac1d8c uvc-6323 \" data-hspacer=\"no_spacer\"  data-halign=\"left\" style=\"text-align:left\"><div class=\"uvc-heading-spacer no_spacer\" style=\"top\"><\/div><div class=\"uvc-main-heading ult-responsive\"  data-ultimate-target='.uvc-heading.ultimate-heading-286769edf69ac1d8c h5'  data-responsive-json-new='{\"font-size\":\"\",\"line-height\":\"\"}' ><h5 style=\"font-weight:normal;\">Elogi a la ciutat<\/h5><\/div><\/div><div class=\"w-separator size_small\"><\/div><div class=\"wpb_text_column\"><div class=\"wpb_wrapper\"><ul>\n<li>Cardenal Cisneros, 45, Alcorc\u00f3n.<\/li>\n<li>Monument: Arcadi Blasco Pastor (1994).<\/li>\n<\/ul>\n<p>En els 90, Alcorc\u00f3n vivia una \u00e8poca d&#8217;expansi\u00f3, de desenvolupament urban\u00edstic, creixement demogr\u00e0fic i es van dur a terme millorar en les seues infraestructures p\u00fabliques. I els espais p\u00fablics no es van quedar arrere: van contractar diversos artistes per a crear escultures i monuments a la ciutat.<\/p>\n<p>Tant va ser aix\u00ed que, al maig de 1995, el peri\u00f2dic Alcorc\u00f3n (peri\u00f2dic gratu\u00eft de l&#8217;ajuntament que arreplegava les not\u00edcies locals) titulava \u201cUn museu al carrer\u201d al text en el qual arreplegava les obres \u201cElogi a la ciutat\u201d d&#8217;Arcadi Blasco, \u201cGuerrer\u201d d&#8217;Andr\u00e9s Fern\u00e1ndez Alc\u00e1ntara, \u201cConjunt escult\u00f2ric\u201d de Carlos Armi\u00f1o, \u201cHomenatge al Terrissaire\u201d de Manuel Alonso Reguil\u00f3n o \u201cMonument a la m\u00fasica\u201d de Manuel Mesa.<\/p>\n<p>L&#8217;obra d&#8217;Arcadi Blasco ens recorda a un disseny primitiu com el que veur\u00edem anys despr\u00e9s en obres com a \u201cHomenatge a la Dama d&#8217;Elx\u201d o \u201cMonument a la Santa Fa\u00e7\u201d. Formades i compostes per diferents peces, \u201cElogi a la ciutat\u201d s\u00f3n nou elements que, seguint una l\u00ednia en espiral, suggereixen formes arquitect\u00f2niques. Amb aix\u00f2, Arcadi busca separar la idea de \u201cciutat-dormitori\u201d, donant-li vida i dinamisme a l&#8217;urbs.<\/p>\n<\/div><\/div><\/div><\/div><div class=\"wpb_column vc_column_container\"><div class=\"vc_column-inner\"><div class=\"w-image hide_on_default hide_on_laptops hide_on_tablets hide_on_mobiles align_none\"><a ref=\"magnificPopup\" href=\"https:\/\/turisme.mutxamel.org\/wp-content\/uploads\/2025\/02\/Casa-Arcadi-scaled.jpg\" aria-label=\"Casa Arcadi\" class=\"w-image-h\"><img decoding=\"async\" width=\"1024\" height=\"683\" src=\"https:\/\/turisme.mutxamel.org\/wp-content\/uploads\/2025\/02\/Casa-Arcadi-1024x683.jpg\" class=\"attachment-large size-large\" alt=\"casa de Arcadi Blasco\" loading=\"lazy\" srcset=\"https:\/\/turisme.mutxamel.org\/wp-content\/uploads\/2025\/02\/Casa-Arcadi-1024x683.jpg 1024w, https:\/\/turisme.mutxamel.org\/wp-content\/uploads\/2025\/02\/Casa-Arcadi-300x200.jpg 300w, https:\/\/turisme.mutxamel.org\/wp-content\/uploads\/2025\/02\/Casa-Arcadi-391x260.jpg 391w\" sizes=\"auto, (max-width: 1024px) 100vw, 1024px\" \/><\/a><\/div><div class=\"w-separator size_small\"><\/div><div class=\"w-image align_none\"><a ref=\"magnificPopup\" href=\"https:\/\/turisme.mutxamel.org\/wp-content\/uploads\/2025\/02\/elogio-ciudad-2.jpg\" aria-label=\"elogio ciudad 2\" class=\"w-image-h\"><img decoding=\"async\" width=\"152\" height=\"221\" src=\"https:\/\/turisme.mutxamel.org\/wp-content\/uploads\/2025\/02\/elogio-ciudad-2.jpg\" class=\"attachment-large size-large\" alt=\"Vidrieras arcadi\" loading=\"lazy\" \/><\/a><\/div><\/div><\/div><\/div><\/div><\/section><section class=\"l-section wpb_row height_small\"><div class=\"l-section-h i-cf\"><div class=\"g-cols vc_row via_grid cols_1 laptops-cols_inherit tablets-cols_inherit mobiles-cols_1 valign_top type_default stacking_default\"><div class=\"wpb_column vc_column_container\"><div class=\"vc_column-inner\"><div class=\"w-separator size_small with_line width_default thick_1 style_solid color_border align_center\"><div class=\"w-separator-h\"><\/div><\/div><\/div><\/div><\/div><\/div><\/section><section class=\"l-section wpb_row height_small\"><div class=\"l-section-h i-cf\"><div class=\"g-cols vc_row via_grid cols_2-1 laptops-cols_inherit tablets-cols_inherit mobiles-cols_1 valign_top type_default stacking_default\"><div class=\"wpb_column vc_column_container\"><div class=\"vc_column-inner\"><div id=\"ultimate-heading-206169edf69ac386e\" class=\"uvc-heading ult-adjust-bottom-margin ultimate-heading-206169edf69ac386e uvc-5016 \" data-hspacer=\"no_spacer\"  data-halign=\"left\" style=\"text-align:left\"><div class=\"uvc-heading-spacer no_spacer\" style=\"top\"><\/div><div class=\"uvc-main-heading ult-responsive\"  data-ultimate-target='.uvc-heading.ultimate-heading-206169edf69ac386e h5'  data-responsive-json-new='{\"font-size\":\"\",\"line-height\":\"\"}' ><h5 style=\"font-weight:normal;\">Obres en la parr\u00f2quia Nostra Senyora de la Pau<\/h5><\/div><\/div><div class=\"w-separator size_small\"><\/div><div class=\"wpb_text_column\"><div class=\"wpb_wrapper\"><ul>\n<li>Carrer Valderribas, 37, Pac\u00edfico-Retiro.<\/li>\n<li>Dilluns a divendres (7:30 \u2013 20:00), dissabte (8:30 \u2013 14:00 y 17:00 \u2013 21:00) i diumenge (8:30 \u2013 14:00 y 17:00 \u2013 21:00).<\/li>\n<li>Arquitecte: Rodolfo Garc\u00eda-Pablos (1958) \/ Obres d\u2019Arcadi Blasco Pastor (1958-59).<\/li>\n<\/ul>\n<p>Projectada per l&#8217;arquitecte Rodolfo Garc\u00eda-Pablos, aquesta esgl\u00e9sia parroquial dedicada a La nostra Senyora de la Pau alberga diverses obres d&#8217;Arcadi Blasco realitzades cap a l&#8217;any 1959.<\/p>\n<p>En aquesta parr\u00f2quia l&#8217;artista mutxameler es va encarregar de realitzar els relleus incisos dels p\u00falpits. Representa Sant Joan Evangelista en la part de l&#8217;evangeli, amb la silueta de l&#8217;\u00e0guila, i en el costat de l&#8217;Ep\u00edstola, a Sant Pau Ap\u00f2stol, al costat del cavall i l&#8217;espasa. Destaquen aquests dibuixos per la fina l\u00ednia amb els quals va fer aquests relleus, amb gran detall i diferents als seus dibuixos i vidrieres amb unes l\u00ednies m\u00e9s gruixudes.<\/p>\n<p>Arcadi Blasco tamb\u00e9 va elaborar el fons del cambril on est\u00e0 exposada la imatge de la Verge. Aquest fons de cer\u00e0mica vidriada \u00e9s un senzill mural de taulells esmaltats en els quals representa el vol de coloms blancs sobre un fons blau, amb algunes estreles grogues completant la composici\u00f3. \u00c9s una obra que recorda a la que va realitzar en la parr\u00f2quia de Sant Fulgenci a Badajoz, o la de Santa Rita tamb\u00e9 a Madrid.<\/p>\n<p>Aix\u00ed mateix, sense al\u00e7ar la vista com per a les anteriors, podem veure quasi a l&#8217;altura del s\u00f2l els mosaics del combregatori. Arcadi va representar dotze motius i elements de l&#8217;eucaristia per a decorar aquesta separaci\u00f3 d&#8217;altures. Cada element est\u00e0 emmarcat en un casset\u00f3, i dividits en dos grups de sis a cada costat d&#8217;aquest espai.<\/p>\n<p>Tamb\u00e9 va elaborar algun revestiment amb mosaics multicolors m\u00e9s xicotets dins d&#8217;aquesta parr\u00f2quia. Sense cap dubte, \u00e9s un dels edificis religiosos que m\u00e9s obres distintes alberga d&#8217;Arcadi Blasco.<\/p>\n<\/div><\/div><\/div><\/div><div class=\"wpb_column vc_column_container\"><div class=\"vc_column-inner\"><div class=\"w-image hide_on_default hide_on_laptops hide_on_tablets hide_on_mobiles align_none\"><a ref=\"magnificPopup\" href=\"https:\/\/turisme.mutxamel.org\/wp-content\/uploads\/2025\/02\/Casa-Arcadi-scaled.jpg\" aria-label=\"Casa Arcadi\" class=\"w-image-h\"><img decoding=\"async\" width=\"1024\" height=\"683\" src=\"https:\/\/turisme.mutxamel.org\/wp-content\/uploads\/2025\/02\/Casa-Arcadi-1024x683.jpg\" class=\"attachment-large size-large\" alt=\"casa de Arcadi Blasco\" loading=\"lazy\" srcset=\"https:\/\/turisme.mutxamel.org\/wp-content\/uploads\/2025\/02\/Casa-Arcadi-1024x683.jpg 1024w, https:\/\/turisme.mutxamel.org\/wp-content\/uploads\/2025\/02\/Casa-Arcadi-300x200.jpg 300w, https:\/\/turisme.mutxamel.org\/wp-content\/uploads\/2025\/02\/Casa-Arcadi-391x260.jpg 391w\" sizes=\"auto, (max-width: 1024px) 100vw, 1024px\" \/><\/a><\/div><div class=\"w-separator size_small\"><\/div><div class=\"w-image align_none\"><a ref=\"magnificPopup\" href=\"https:\/\/turisme.mutxamel.org\/wp-content\/uploads\/2025\/03\/Parroquia-nuestra-senora-de-la-paz.jpg\" aria-label=\"Parroquia nuestra se\u00f1ora de la paz\" class=\"w-image-h\"><img decoding=\"async\" width=\"142\" height=\"215\" src=\"https:\/\/turisme.mutxamel.org\/wp-content\/uploads\/2025\/03\/Parroquia-nuestra-senora-de-la-paz.jpg\" class=\"attachment-large size-large\" alt=\"parroquia nuestra se\u00f1ora de la paz\" loading=\"lazy\" \/><\/a><\/div><\/div><\/div><\/div><\/div><\/section><section class=\"l-section wpb_row height_small\"><div class=\"l-section-h i-cf\"><div class=\"g-cols vc_row via_grid cols_1 laptops-cols_inherit tablets-cols_inherit mobiles-cols_1 valign_top type_default stacking_default\"><div class=\"wpb_column vc_column_container\"><div class=\"vc_column-inner\"><div class=\"w-separator size_small with_line width_default thick_1 style_solid color_border align_center\"><div class=\"w-separator-h\"><\/div><\/div><\/div><\/div><\/div><\/div><\/section><section class=\"l-section wpb_row height_small\"><div class=\"l-section-h i-cf\"><div class=\"g-cols vc_row via_grid cols_2-1 laptops-cols_inherit tablets-cols_inherit mobiles-cols_1 valign_top type_default stacking_default\"><div class=\"wpb_column vc_column_container\"><div class=\"vc_column-inner\"><div id=\"ultimate-heading-908669edf69ac53e7\" class=\"uvc-heading ult-adjust-bottom-margin ultimate-heading-908669edf69ac53e7 uvc-8024 \" data-hspacer=\"no_spacer\"  data-halign=\"left\" style=\"text-align:left\"><div class=\"uvc-heading-spacer no_spacer\" style=\"top\"><\/div><div class=\"uvc-main-heading ult-responsive\"  data-ultimate-target='.uvc-heading.ultimate-heading-908669edf69ac53e7 h5'  data-responsive-json-new='{\"font-size\":\"\",\"line-height\":\"\"}' ><h5 style=\"font-weight:normal;\">Murals i altar de la parr\u00f2quia de Santa Rita<\/h5><\/div><\/div><div class=\"w-separator size_small\"><\/div><div class=\"wpb_text_column\"><div class=\"wpb_wrapper\"><ul>\n<li>Carrer Gaztambide, 75, Chamber\u00ed.<\/li>\n<li>Dilluns a divendres (7:45 \u2013 13:00 y 19:30 \u2013 20:45), dissabte 8:45 \u2013 13:00 y 19:30 \u2013 20:45) i diumenge (8:45 \u2013 14:00 y 19:30 \u2013 21:30).<\/li>\n<li>Arquitectes: Antonio Vallejo \u00c1lvarez i Fernando Ram\u00edrez de Dampierre (1953-59) \/ Mural i altar: Arcadi Blasco Pastor (cap al 1965).<\/li>\n<\/ul>\n<p>Aquesta parr\u00f2quia va comen\u00e7ar a edificar-se en 1953, encara que no es va inaugurar el temple fins al 17 d&#8217;octubre de 1959. Anys m\u00e9s tard, en 1965, es va crear oficialment la parr\u00f2quia, atesa pels frares Agustins Recol\u00b7lectes, els qui la continuen atenent hui dia.<\/p>\n<p>Dissenyada pels arquitectes Antonio Vallejo \u00c1lvarez i Fernando Ram\u00edrez de Dampierre, aquesta parr\u00f2quia impressiona per la seua planta circular i la seua elevada altura. Amb aquesta estructura moderna trenca amb els esquemes tradicionals de l&#8217;\u00e8poca, arreplegant als fidels i ajudant-se en la seua elevada altura per a il\u00b7luminar el temple amb les diverses finestres a gran altura.<\/p>\n<p>Donada la gran devoci\u00f3 que els Agustins Recol\u00b7lectes sentien, i senten, per la Verge del Pilar, van pensar en dedicar-li l&#8217;esgl\u00e9sia i diferents icones i imatges en la parr\u00f2quia. Aix\u00ed, se li encarrega a Arcadi Blasco la realitzaci\u00f3 d&#8217;un mural i un altar en la capella dedicada a la Verge del Pilar, on es col\u00b7locar\u00e0 l&#8217;escultura de F\u00e9lix Burriel Mart\u00edn de la pr\u00f2pia verge. Blasco va elaborar un enrajolat de taulells pintats al foc, aix\u00ed com el revestiments de l&#8217;altar i la seua base. Tant en el mural com en l&#8217;altar, l&#8217;artista representa imatges carregades de simbologia, amb tons blancs, blaus i rojos, en harmonia amb la tonalitat de la capella, representant l&#8217;Arca de No\u00e9, la Torre de Babel, un ra\u00efm o espigues, entre altres elements.<\/p>\n<p>Aix\u00ed mateix, Arcadi Blasco representa escenes religioses en la capella dedicada a Sant Pius X, amb la pres\u00e8ncia de l&#8217;escut papal, realitzat per Juan Barba. A cada costat d&#8217;aquest eix central trobem tres \u00e0ngels portant diversos elements, com la maqueta d&#8217;aquest temple, un llibre en el qual es llig \u201cInstaurare omnia in Cristo\u201d o un calze. Davall d&#8217;aquests sis \u00e0ngels, representa als pares Agustins Recol\u00b7lectes rebent la seua aprovaci\u00f3 com a orde religi\u00f3s i, a l&#8217;esquerra, al papa donant comuni\u00f3 a quatre xiquets. Cal destacar que Arcadi utilitza una t\u00e8cnica diferent en aquest mural acolorit i amb lluentor del vidriat, buscant l&#8217;aparen\u00e7a d&#8217;una vidriera.<\/p>\n<p>L&#8217;estil que usa per a dibuixar les diferents persones i elements s&#8217;assembla a algunes vidrieres, encara que en els taulells de la capella de la Verge del Pilar podem apreciar els tra\u00e7os gruixuts i l&#8217;expressivitat que dona a les imatges, amb formes quasi geom\u00e8triques. Sens dubte, ens trobem davant una obra molt singular de l&#8217;artista mutxameler en una de les parr\u00f2quies m\u00e9s visitades de Madrid.<\/p>\n<\/div><\/div><\/div><\/div><div class=\"wpb_column vc_column_container\"><div class=\"vc_column-inner\"><div class=\"w-image hide_on_default hide_on_laptops hide_on_tablets hide_on_mobiles align_none\"><a ref=\"magnificPopup\" href=\"https:\/\/turisme.mutxamel.org\/wp-content\/uploads\/2025\/02\/Casa-Arcadi-scaled.jpg\" aria-label=\"Casa Arcadi\" class=\"w-image-h\"><img decoding=\"async\" width=\"1024\" height=\"683\" src=\"https:\/\/turisme.mutxamel.org\/wp-content\/uploads\/2025\/02\/Casa-Arcadi-1024x683.jpg\" class=\"attachment-large size-large\" alt=\"casa de Arcadi Blasco\" loading=\"lazy\" srcset=\"https:\/\/turisme.mutxamel.org\/wp-content\/uploads\/2025\/02\/Casa-Arcadi-1024x683.jpg 1024w, https:\/\/turisme.mutxamel.org\/wp-content\/uploads\/2025\/02\/Casa-Arcadi-300x200.jpg 300w, https:\/\/turisme.mutxamel.org\/wp-content\/uploads\/2025\/02\/Casa-Arcadi-391x260.jpg 391w\" sizes=\"auto, (max-width: 1024px) 100vw, 1024px\" \/><\/a><\/div><div class=\"w-separator size_small\"><\/div><div class=\"w-image align_none\"><a ref=\"magnificPopup\" href=\"https:\/\/turisme.mutxamel.org\/wp-content\/uploads\/2025\/03\/Santa-Rita-iglesia.jpg\" aria-label=\"Santa Rita iglesia\" class=\"w-image-h\"><img decoding=\"async\" width=\"319\" height=\"306\" src=\"https:\/\/turisme.mutxamel.org\/wp-content\/uploads\/2025\/03\/Santa-Rita-iglesia.jpg\" class=\"attachment-large size-large\" alt=\"santa rita iglesia\" loading=\"lazy\" srcset=\"https:\/\/turisme.mutxamel.org\/wp-content\/uploads\/2025\/03\/Santa-Rita-iglesia.jpg 319w, https:\/\/turisme.mutxamel.org\/wp-content\/uploads\/2025\/03\/Santa-Rita-iglesia-300x288.jpg 300w\" sizes=\"auto, (max-width: 319px) 100vw, 319px\" \/><\/a><\/div><\/div><\/div><\/div><\/div><\/section><section class=\"l-section wpb_row height_small\"><div class=\"l-section-h i-cf\"><div class=\"g-cols vc_row via_grid cols_1 laptops-cols_inherit tablets-cols_inherit mobiles-cols_1 valign_top type_default stacking_default\"><div class=\"wpb_column vc_column_container\"><div class=\"vc_column-inner\"><div class=\"w-separator size_small with_line width_default thick_1 style_solid color_border align_center\"><div class=\"w-separator-h\"><\/div><\/div><\/div><\/div><\/div><\/div><\/section><section class=\"l-section wpb_row height_small\"><div class=\"l-section-h i-cf\"><div class=\"g-cols vc_row via_grid cols_2-1 laptops-cols_inherit tablets-cols_inherit mobiles-cols_1 valign_top type_default stacking_default\"><div class=\"wpb_column vc_column_container\"><div class=\"vc_column-inner\"><div id=\"ultimate-heading-144469edf69ac6ffe\" class=\"uvc-heading ult-adjust-bottom-margin ultimate-heading-144469edf69ac6ffe uvc-4359 \" data-hspacer=\"no_spacer\"  data-halign=\"left\" style=\"text-align:left\"><div class=\"uvc-heading-spacer no_spacer\" style=\"top\"><\/div><div class=\"uvc-main-heading ult-responsive\"  data-ultimate-target='.uvc-heading.ultimate-heading-144469edf69ac6ffe h5'  data-responsive-json-new='{\"font-size\":\"\",\"line-height\":\"\"}' ><h5 style=\"font-weight:normal;\">Mosaic de l\u00b4altar de la parr\u00f2quia del Sagrat Cor de Jes\u00fas de Usera<\/h5><\/div><\/div><div class=\"w-separator size_small\"><\/div><div class=\"wpb_text_column\"><div class=\"wpb_wrapper\"><ul>\n<li>Carrer de Manuel de Noya, 2, Usera.<\/li>\n<li>De dilluns a diumenge (9:00 \u2013 13:00 y 18:00 \u2013 21:00).<\/li>\n<li>Arquitecte: Enrique Huidobro Pardo (1960) \/ Mural de l\u2019altar: Arcadi Blasco Pastor (cap a 1960).<\/li>\n<\/ul>\n<p>La parr\u00f2quia del Sagrat Cor de Jes\u00fas de Usera es va acabar de construir en 1960, just al costat del Passeig de Santa Mar\u00eda del Cap, a partir dels plans que l&#8217;arquitecte Enrique Huidobro va elaborar anys arrere.<\/p>\n<p>Arcadi Blasco es va encarregar del disseny i elaboraci\u00f3 del gran mosaic que es troba en la meitat superior de la corona circular, sobre l&#8217;altar major. Aprofitant la forma de l&#8217;arc, Blasco va dissenyar un mosaic sim\u00e8tric, encara que amb alguns elements a destacar. Trobem en el centre d&#8217;aquest eix sim\u00e8tric a Jes\u00fas, en posici\u00f3 de beneir amb la m\u00e0 dreta m\u00e9s al\u00e7ada, i amb la taula dels deu manaments en l&#8217;esquerra, i envoltat per quatre figures. Aquestes figures s\u00f3n la representaci\u00f3 simb\u00f2lica dels quatre evangelistes de la B\u00edblia, representaci\u00f3 coneguda com a Tetramorfs, on Mateo, Marcos, Lucas i Juan estan representats per un \u00e0ngel, un lle\u00f3, un bou i una \u00e0guila, respectivament.<\/p>\n<p>Seguint la composici\u00f3, trobem dos \u00e0ngels, un a cada costat, amb les seues guitarres, representant l&#8217;harmonia divina i donant color al conjunt. A tots dos extrems de l&#8217;arc, trobem una parella de frares caputxins a l&#8217;esquerra, i una parella de monges a la dreta. Aix\u00f2 es pot deure al costum de retratar a qui feia l&#8217;enc\u00e0rrec. D&#8217;igual mode, totes les figures es troben sobre un fons de peces rectangulars grises i nombrosos coloms blancs, donant m\u00e9s uniformitat a l&#8217;obra.<\/p>\n<p>Encara que semblen pocs elements, podem trobar en aquest mosaic una obra de grans dimensions coronant l&#8217;altar d&#8217;un dels edificis religiosos m\u00e9s grans de Madrid, replet de diferents icones i imatgeria dins d&#8217;aquest.<\/p>\n<\/div><\/div><\/div><\/div><div class=\"wpb_column vc_column_container\"><div class=\"vc_column-inner\"><div class=\"w-image hide_on_default hide_on_laptops hide_on_tablets hide_on_mobiles align_none\"><a ref=\"magnificPopup\" href=\"https:\/\/turisme.mutxamel.org\/wp-content\/uploads\/2025\/02\/Casa-Arcadi-scaled.jpg\" aria-label=\"Casa Arcadi\" class=\"w-image-h\"><img decoding=\"async\" width=\"1024\" height=\"683\" src=\"https:\/\/turisme.mutxamel.org\/wp-content\/uploads\/2025\/02\/Casa-Arcadi-1024x683.jpg\" class=\"attachment-large size-large\" alt=\"casa de Arcadi Blasco\" loading=\"lazy\" srcset=\"https:\/\/turisme.mutxamel.org\/wp-content\/uploads\/2025\/02\/Casa-Arcadi-1024x683.jpg 1024w, https:\/\/turisme.mutxamel.org\/wp-content\/uploads\/2025\/02\/Casa-Arcadi-300x200.jpg 300w, https:\/\/turisme.mutxamel.org\/wp-content\/uploads\/2025\/02\/Casa-Arcadi-391x260.jpg 391w\" sizes=\"auto, (max-width: 1024px) 100vw, 1024px\" \/><\/a><\/div><div class=\"w-separator size_small\"><\/div><div class=\"w-image align_none\"><a ref=\"magnificPopup\" href=\"https:\/\/turisme.mutxamel.org\/wp-content\/uploads\/2025\/03\/Mosaico-Jesus-de-Usera.jpg\" aria-label=\"Mosaico Jesus de Usera\" class=\"w-image-h\"><img decoding=\"async\" width=\"397\" height=\"253\" src=\"https:\/\/turisme.mutxamel.org\/wp-content\/uploads\/2025\/03\/Mosaico-Jesus-de-Usera.jpg\" class=\"attachment-large size-large\" alt=\"mosaico jesus de usera\" loading=\"lazy\" srcset=\"https:\/\/turisme.mutxamel.org\/wp-content\/uploads\/2025\/03\/Mosaico-Jesus-de-Usera.jpg 397w, https:\/\/turisme.mutxamel.org\/wp-content\/uploads\/2025\/03\/Mosaico-Jesus-de-Usera-300x191.jpg 300w\" sizes=\"auto, (max-width: 397px) 100vw, 397px\" \/><\/a><\/div><\/div><\/div><\/div><\/div><\/section><section class=\"l-section wpb_row height_small\"><div class=\"l-section-h i-cf\"><div class=\"g-cols vc_row via_grid cols_1 laptops-cols_inherit tablets-cols_inherit mobiles-cols_1 valign_top type_default stacking_default\"><div class=\"wpb_column vc_column_container\"><div class=\"vc_column-inner\"><div class=\"w-separator size_small with_line width_default thick_1 style_solid color_border align_center\"><div class=\"w-separator-h\"><\/div><\/div><\/div><\/div><\/div><\/div><\/section><section class=\"l-section wpb_row hide_on_default hide_on_laptops hide_on_tablets hide_on_mobiles height_auto\"><div class=\"l-section-h i-cf\"><div class=\"g-cols vc_row via_grid cols_2 laptops-cols_inherit tablets-cols_inherit mobiles-cols_1 valign_top type_default stacking_default\"><div class=\"wpb_column vc_column_container us_custom_558ec5ca\"><div class=\"vc_column-inner\"><div class=\"w-iconbox us_custom_558ec5ca iconpos_left style_default color_custom align_none no_text\"><a target=\"_blank\" href=\"https:\/\/turisme.mutxamel.org\/wp-content\/uploads\/2024\/01\/RUTA-ARCADI-BLASCO-VAL.pdf\" class=\"w-iconbox-link\" aria-label=\"Descarregar informaci\u00f3 en PDF\"><div class=\"w-iconbox-icon\" style=\"font-size:2rem;--icon-color:#0D803E;\"><i class=\"fas fa-file-pdf\"><\/i><\/div><\/a><div class=\"w-iconbox-meta\"><h6 class=\"w-iconbox-title\"><a target=\"_blank\" href=\"https:\/\/turisme.mutxamel.org\/wp-content\/uploads\/2024\/01\/RUTA-ARCADI-BLASCO-VAL.pdf\" class=\"w-iconbox-link\" aria-label=\"Descarregar informaci\u00f3 en PDF\">Descarregar informaci\u00f3 en PDF<\/a><\/h6><\/div><\/div><div class=\"w-separator hide_on_default hide_on_laptops size_custom\" style=\"height:\"><\/div><\/div><\/div><div class=\"wpb_column vc_column_container us_custom_04c40667\"><div class=\"vc_column-inner\"><div class=\"w-hwrapper valign_top default_align_right laptops_align_right tablets_align_center mobiles_align_center\"><div class=\"w-image align_center\"><div class=\"w-image-h\"><img decoding=\"async\" width=\"195\" height=\"81\" src=\"https:\/\/turisme.mutxamel.org\/wp-content\/uploads\/2023\/11\/logo-turismo.jpg\" class=\"attachment-full size-full\" alt=\"logo-turismo\" loading=\"lazy\" \/><\/div><\/div><div class=\"w-image us_custom_02652b28 has_height align_center\"><div class=\"w-image-h\"><img decoding=\"async\" width=\"200\" height=\"200\" src=\"https:\/\/turisme.mutxamel.org\/wp-content\/uploads\/2023\/11\/logo-tourist-info-cuadrado.png\" class=\"attachment-full size-full\" alt=\"Tourist info\" loading=\"lazy\" srcset=\"https:\/\/turisme.mutxamel.org\/wp-content\/uploads\/2023\/11\/logo-tourist-info-cuadrado.png 200w, https:\/\/turisme.mutxamel.org\/wp-content\/uploads\/2023\/11\/logo-tourist-info-cuadrado-150x150.png 150w\" sizes=\"auto, (max-width: 200px) 100vw, 200px\" \/><\/div><\/div><\/div><\/div><\/div><\/div><\/div><\/section><section class=\"l-section wpb_row height_auto\"><div class=\"l-section-overlay\" style=\"background:#E3E4E4\"><\/div><div class=\"l-section-h i-cf\"><div class=\"g-cols vc_row via_grid cols_1 laptops-cols_inherit tablets-cols_inherit mobiles-cols_1 valign_top type_default stacking_default\" style=\"--columns-gap:0rem;\"><div class=\"wpb_column vc_column_container\"><div class=\"vc_column-inner\"><section class=\"l-section wpb_row us_custom_8591a7b2 height_medium\" id=\"fila-otros-elementos\"><div class=\"l-section-overlay\" style=\"background:#E3E4E4\"><\/div><div class=\"l-section-h i-cf\"><div class=\"g-cols vc_row via_grid cols_1 laptops-cols_inherit tablets-cols_inherit mobiles-cols_1 valign_top type_default stacking_default\" style=\"--columns-gap:0rem;\"><div class=\"wpb_column vc_column_container us_custom_8591a7b2\"><div class=\"vc_column-inner\"><\/div><\/div><\/div><\/div><\/section>\n<\/div><\/div><\/div><\/div><\/section>\n","protected":false},"excerpt":{"rendered":"QU\u00c8 FER IniciP\u00e0gines Ruta tur\u00edstica Arcadi BlascoArcadi Blasco Pastor (1928-2013), nascut a Mutxamel, l\u2019Alacant\u00ed, va ser una de les figures m\u00e9s destacades en el panorama art\u00edstic tant del seu municipi com de la prov\u00edncia. La seua obra, carregada de simbolisme i una profunda connexi\u00f3 amb la cultura alacantina i mutxamelera, va reflectir la seua evoluci\u00f3...","protected":false},"author":1,"featured_media":1065,"parent":1336,"menu_order":158,"comment_status":"closed","ping_status":"closed","template":"","meta":{"footnotes":""},"clasificacion":[21],"class_list":["post-1475","page","type-page","status-publish","has-post-thumbnail","hentry","clasificacion-turismo-urbano"],"yoast_head":"<!-- This site is optimized with the Yoast SEO plugin v27.2 - https:\/\/yoast.com\/product\/yoast-seo-wordpress\/ -->\n<title>Ruta tur\u00edstica Arcadi Blasco - Turismo Mutxamel<\/title>\n<meta name=\"robots\" content=\"index, follow, max-snippet:-1, max-image-preview:large, max-video-preview:-1\" \/>\n<link rel=\"canonical\" href=\"https:\/\/turisme.mutxamel.org\/ca\/turisme-urba\/ruta-turistica-arcadi-blasco\/\" \/>\n<meta property=\"og:locale\" content=\"ca_ES\" \/>\n<meta property=\"og:type\" content=\"article\" \/>\n<meta property=\"og:title\" content=\"Ruta tur\u00edstica Arcadi Blasco - Turismo Mutxamel\" \/>\n<meta property=\"og:url\" content=\"https:\/\/turisme.mutxamel.org\/ca\/turisme-urba\/ruta-turistica-arcadi-blasco\/\" \/>\n<meta property=\"og:site_name\" content=\"Turismo Mutxamel\" \/>\n<meta property=\"article:publisher\" content=\"https:\/\/www.facebook.com\/mutxamelturismo\" \/>\n<meta property=\"article:modified_time\" content=\"2025-03-24T08:20:54+00:00\" \/>\n<meta property=\"og:image\" content=\"https:\/\/turisme.mutxamel.org\/wp-content\/uploads\/2023\/11\/Arcadi2.jpg\" \/>\n\t<meta property=\"og:image:width\" content=\"500\" \/>\n\t<meta property=\"og:image:height\" content=\"327\" \/>\n\t<meta property=\"og:image:type\" content=\"image\/jpeg\" \/>\n<meta name=\"twitter:card\" content=\"summary_large_image\" \/>\n<meta name=\"twitter:label1\" content=\"Temps estimat de lectura\" \/>\n\t<meta name=\"twitter:data1\" content=\"40 minuts\" \/>\n<script type=\"application\/ld+json\" class=\"yoast-schema-graph\">{\"@context\":\"https:\/\/schema.org\",\"@graph\":[{\"@type\":\"WebPage\",\"@id\":\"https:\/\/turisme.mutxamel.org\/ca\/turisme-urba\/ruta-turistica-arcadi-blasco\/\",\"url\":\"https:\/\/turisme.mutxamel.org\/ca\/turisme-urba\/ruta-turistica-arcadi-blasco\/\",\"name\":\"Ruta tur\u00edstica Arcadi Blasco - Turismo Mutxamel\",\"isPartOf\":{\"@id\":\"https:\/\/turisme.mutxamel.org\/ca\/#website\"},\"primaryImageOfPage\":{\"@id\":\"https:\/\/turisme.mutxamel.org\/ca\/turisme-urba\/ruta-turistica-arcadi-blasco\/#primaryimage\"},\"image\":{\"@id\":\"https:\/\/turisme.mutxamel.org\/ca\/turisme-urba\/ruta-turistica-arcadi-blasco\/#primaryimage\"},\"thumbnailUrl\":\"https:\/\/turisme.mutxamel.org\/wp-content\/uploads\/2023\/11\/Arcadi2.jpg\",\"datePublished\":\"2023-11-14T11:54:50+00:00\",\"dateModified\":\"2025-03-24T08:20:54+00:00\",\"breadcrumb\":{\"@id\":\"https:\/\/turisme.mutxamel.org\/ca\/turisme-urba\/ruta-turistica-arcadi-blasco\/#breadcrumb\"},\"inLanguage\":\"ca\",\"potentialAction\":[{\"@type\":\"ReadAction\",\"target\":[\"https:\/\/turisme.mutxamel.org\/ca\/turisme-urba\/ruta-turistica-arcadi-blasco\/\"]}]},{\"@type\":\"ImageObject\",\"inLanguage\":\"ca\",\"@id\":\"https:\/\/turisme.mutxamel.org\/ca\/turisme-urba\/ruta-turistica-arcadi-blasco\/#primaryimage\",\"url\":\"https:\/\/turisme.mutxamel.org\/wp-content\/uploads\/2023\/11\/Arcadi2.jpg\",\"contentUrl\":\"https:\/\/turisme.mutxamel.org\/wp-content\/uploads\/2023\/11\/Arcadi2.jpg\",\"width\":500,\"height\":327,\"caption\":\"Obra Arcadi Blasco\"},{\"@type\":\"BreadcrumbList\",\"@id\":\"https:\/\/turisme.mutxamel.org\/ca\/turisme-urba\/ruta-turistica-arcadi-blasco\/#breadcrumb\",\"itemListElement\":[{\"@type\":\"ListItem\",\"position\":1,\"name\":\"Portada\",\"item\":\"https:\/\/turisme.mutxamel.org\/ca\/inicio\/\"},{\"@type\":\"ListItem\",\"position\":2,\"name\":\"Turisme urb\u00e0\",\"item\":\"https:\/\/turisme.mutxamel.org\/ca\/turismo-urbano\/\"},{\"@type\":\"ListItem\",\"position\":3,\"name\":\"Ruta tur\u00edstica Arcadi Blasco\"}]},{\"@type\":\"WebSite\",\"@id\":\"https:\/\/turisme.mutxamel.org\/ca\/#website\",\"url\":\"https:\/\/turisme.mutxamel.org\/ca\/\",\"name\":\"Turismo Mutxamel\",\"description\":\"\",\"publisher\":{\"@id\":\"https:\/\/turisme.mutxamel.org\/ca\/#organization\"},\"potentialAction\":[{\"@type\":\"SearchAction\",\"target\":{\"@type\":\"EntryPoint\",\"urlTemplate\":\"https:\/\/turisme.mutxamel.org\/ca\/?s={search_term_string}\"},\"query-input\":{\"@type\":\"PropertyValueSpecification\",\"valueRequired\":true,\"valueName\":\"search_term_string\"}}],\"inLanguage\":\"ca\"},{\"@type\":\"Organization\",\"@id\":\"https:\/\/turisme.mutxamel.org\/ca\/#organization\",\"name\":\"Turismo Mutxamel\",\"url\":\"https:\/\/turisme.mutxamel.org\/ca\/\",\"logo\":{\"@type\":\"ImageObject\",\"inLanguage\":\"ca\",\"@id\":\"https:\/\/turisme.mutxamel.org\/ca\/#\/schema\/logo\/image\/\",\"url\":\"https:\/\/turisme.mutxamel.org\/wp-content\/uploads\/2024\/01\/logo-turismo-mutxamel.jpg\",\"contentUrl\":\"https:\/\/turisme.mutxamel.org\/wp-content\/uploads\/2024\/01\/logo-turismo-mutxamel.jpg\",\"width\":195,\"height\":81,\"caption\":\"Turismo Mutxamel\"},\"image\":{\"@id\":\"https:\/\/turisme.mutxamel.org\/ca\/#\/schema\/logo\/image\/\"},\"sameAs\":[\"https:\/\/www.facebook.com\/mutxamelturismo\",\"https:\/\/www.instagram.com\/mutxamelturismo\/\",\"https:\/\/www.youtube.com\/aytomutxamel\"]}]}<\/script>\n<!-- \/ Yoast SEO plugin. -->","yoast_head_json":{"title":"Ruta tur\u00edstica Arcadi Blasco - Turismo Mutxamel","robots":{"index":"index","follow":"follow","max-snippet":"max-snippet:-1","max-image-preview":"max-image-preview:large","max-video-preview":"max-video-preview:-1"},"canonical":"https:\/\/turisme.mutxamel.org\/ca\/turisme-urba\/ruta-turistica-arcadi-blasco\/","og_locale":"ca_ES","og_type":"article","og_title":"Ruta tur\u00edstica Arcadi Blasco - Turismo Mutxamel","og_url":"https:\/\/turisme.mutxamel.org\/ca\/turisme-urba\/ruta-turistica-arcadi-blasco\/","og_site_name":"Turismo Mutxamel","article_publisher":"https:\/\/www.facebook.com\/mutxamelturismo","article_modified_time":"2025-03-24T08:20:54+00:00","og_image":[{"width":500,"height":327,"url":"https:\/\/turisme.mutxamel.org\/wp-content\/uploads\/2023\/11\/Arcadi2.jpg","type":"image\/jpeg"}],"twitter_card":"summary_large_image","twitter_misc":{"Temps estimat de lectura":"40 minuts"},"schema":{"@context":"https:\/\/schema.org","@graph":[{"@type":"WebPage","@id":"https:\/\/turisme.mutxamel.org\/ca\/turisme-urba\/ruta-turistica-arcadi-blasco\/","url":"https:\/\/turisme.mutxamel.org\/ca\/turisme-urba\/ruta-turistica-arcadi-blasco\/","name":"Ruta tur\u00edstica Arcadi Blasco - Turismo Mutxamel","isPartOf":{"@id":"https:\/\/turisme.mutxamel.org\/ca\/#website"},"primaryImageOfPage":{"@id":"https:\/\/turisme.mutxamel.org\/ca\/turisme-urba\/ruta-turistica-arcadi-blasco\/#primaryimage"},"image":{"@id":"https:\/\/turisme.mutxamel.org\/ca\/turisme-urba\/ruta-turistica-arcadi-blasco\/#primaryimage"},"thumbnailUrl":"https:\/\/turisme.mutxamel.org\/wp-content\/uploads\/2023\/11\/Arcadi2.jpg","datePublished":"2023-11-14T11:54:50+00:00","dateModified":"2025-03-24T08:20:54+00:00","breadcrumb":{"@id":"https:\/\/turisme.mutxamel.org\/ca\/turisme-urba\/ruta-turistica-arcadi-blasco\/#breadcrumb"},"inLanguage":"ca","potentialAction":[{"@type":"ReadAction","target":["https:\/\/turisme.mutxamel.org\/ca\/turisme-urba\/ruta-turistica-arcadi-blasco\/"]}]},{"@type":"ImageObject","inLanguage":"ca","@id":"https:\/\/turisme.mutxamel.org\/ca\/turisme-urba\/ruta-turistica-arcadi-blasco\/#primaryimage","url":"https:\/\/turisme.mutxamel.org\/wp-content\/uploads\/2023\/11\/Arcadi2.jpg","contentUrl":"https:\/\/turisme.mutxamel.org\/wp-content\/uploads\/2023\/11\/Arcadi2.jpg","width":500,"height":327,"caption":"Obra Arcadi Blasco"},{"@type":"BreadcrumbList","@id":"https:\/\/turisme.mutxamel.org\/ca\/turisme-urba\/ruta-turistica-arcadi-blasco\/#breadcrumb","itemListElement":[{"@type":"ListItem","position":1,"name":"Portada","item":"https:\/\/turisme.mutxamel.org\/ca\/inicio\/"},{"@type":"ListItem","position":2,"name":"Turisme urb\u00e0","item":"https:\/\/turisme.mutxamel.org\/ca\/turismo-urbano\/"},{"@type":"ListItem","position":3,"name":"Ruta tur\u00edstica Arcadi Blasco"}]},{"@type":"WebSite","@id":"https:\/\/turisme.mutxamel.org\/ca\/#website","url":"https:\/\/turisme.mutxamel.org\/ca\/","name":"Turismo Mutxamel","description":"","publisher":{"@id":"https:\/\/turisme.mutxamel.org\/ca\/#organization"},"potentialAction":[{"@type":"SearchAction","target":{"@type":"EntryPoint","urlTemplate":"https:\/\/turisme.mutxamel.org\/ca\/?s={search_term_string}"},"query-input":{"@type":"PropertyValueSpecification","valueRequired":true,"valueName":"search_term_string"}}],"inLanguage":"ca"},{"@type":"Organization","@id":"https:\/\/turisme.mutxamel.org\/ca\/#organization","name":"Turismo Mutxamel","url":"https:\/\/turisme.mutxamel.org\/ca\/","logo":{"@type":"ImageObject","inLanguage":"ca","@id":"https:\/\/turisme.mutxamel.org\/ca\/#\/schema\/logo\/image\/","url":"https:\/\/turisme.mutxamel.org\/wp-content\/uploads\/2024\/01\/logo-turismo-mutxamel.jpg","contentUrl":"https:\/\/turisme.mutxamel.org\/wp-content\/uploads\/2024\/01\/logo-turismo-mutxamel.jpg","width":195,"height":81,"caption":"Turismo Mutxamel"},"image":{"@id":"https:\/\/turisme.mutxamel.org\/ca\/#\/schema\/logo\/image\/"},"sameAs":["https:\/\/www.facebook.com\/mutxamelturismo","https:\/\/www.instagram.com\/mutxamelturismo\/","https:\/\/www.youtube.com\/aytomutxamel"]}]}},"_links":{"self":[{"href":"https:\/\/turisme.mutxamel.org\/ca\/wp-json\/wp\/v2\/pages\/1475","targetHints":{"allow":["GET"]}}],"collection":[{"href":"https:\/\/turisme.mutxamel.org\/ca\/wp-json\/wp\/v2\/pages"}],"about":[{"href":"https:\/\/turisme.mutxamel.org\/ca\/wp-json\/wp\/v2\/types\/page"}],"author":[{"embeddable":true,"href":"https:\/\/turisme.mutxamel.org\/ca\/wp-json\/wp\/v2\/users\/1"}],"replies":[{"embeddable":true,"href":"https:\/\/turisme.mutxamel.org\/ca\/wp-json\/wp\/v2\/comments?post=1475"}],"version-history":[{"count":11,"href":"https:\/\/turisme.mutxamel.org\/ca\/wp-json\/wp\/v2\/pages\/1475\/revisions"}],"predecessor-version":[{"id":15777,"href":"https:\/\/turisme.mutxamel.org\/ca\/wp-json\/wp\/v2\/pages\/1475\/revisions\/15777"}],"up":[{"embeddable":true,"href":"https:\/\/turisme.mutxamel.org\/ca\/wp-json\/wp\/v2\/pages\/1336"}],"wp:featuredmedia":[{"embeddable":true,"href":"https:\/\/turisme.mutxamel.org\/ca\/wp-json\/wp\/v2\/media\/1065"}],"wp:attachment":[{"href":"https:\/\/turisme.mutxamel.org\/ca\/wp-json\/wp\/v2\/media?parent=1475"}],"wp:term":[{"taxonomy":"clasificacion","embeddable":true,"href":"https:\/\/turisme.mutxamel.org\/ca\/wp-json\/wp\/v2\/clasificacion?post=1475"}],"curies":[{"name":"wp","href":"https:\/\/api.w.org\/{rel}","templated":true}]}}