{"id":1495,"date":"2023-11-11T13:07:21","date_gmt":"2023-11-11T12:07:21","guid":{"rendered":"https:\/\/turisme.mutxamel.org\/turisme-actiu\/ruta-assut-de-mutxamel-lloma-de-ramos\/"},"modified":"2025-03-07T09:33:04","modified_gmt":"2025-03-07T08:33:04","slug":"ruta-assut-vell-lloma-de-ramos","status":"publish","type":"page","link":"https:\/\/turisme.mutxamel.org\/ca\/turisme-actiu\/ruta-assut-vell-lloma-de-ramos\/","title":{"rendered":"Ruta Assut Vell \u2013 Lloma de Ramos"},"content":{"rendered":"<section class=\"l-section wpb_row height_auto width_full\"><div class=\"l-section-h i-cf\"><div class=\"g-cols vc_row via_grid cols_1 laptops-cols_inherit tablets-cols_inherit mobiles-cols_1 valign_top type_default stacking_default\"><div class=\"wpb_column vc_column_container\"><div class=\"vc_column-inner\"><section class=\"l-section wpb_row us_custom_d4a759fd height_auto width_full with_slider\"><div class=\"l-section-slider\"><div class=\"w-slider style_none fit_cover nav_none count_5\"><div class=\"w-slider-h\" aria-hidden=\"true\"><div class=\"royalSlider\"><div class=\"rsContent\"><a class=\"rsImg\" data-rsw=\"1340\" data-rsh=\"400\" href=\"https:\/\/turisme.mutxamel.org\/wp-content\/uploads\/2023\/11\/assuts.jpg\"><span data-alt=\"Ruta Assut Mutxamel - Assut Sant Joan\"><\/span><\/a><\/div><div class=\"rsContent\"><a class=\"rsImg\" data-rsw=\"1123\" data-rsh=\"566\" href=\"https:\/\/turisme.mutxamel.org\/wp-content\/uploads\/2023\/11\/Mutxamel_Gastronomia_Pagina_02_Imagen_0002.jpg\"><span data-alt=\"Mutxamel Gastronomia\"><\/span><\/a><\/div><div class=\"rsContent\"><a class=\"rsImg\" data-rsw=\"1340\" data-rsh=\"400\" href=\"https:\/\/turisme.mutxamel.org\/wp-content\/uploads\/2023\/11\/cocons.jpg\"><span data-alt=\"Ruta Barranc del Cocons - Minas de Ocre\"><\/span><\/a><\/div><div class=\"rsContent\"><a class=\"rsImg\" data-rsw=\"2560\" data-rsh=\"1440\" href=\"https:\/\/turisme.mutxamel.org\/wp-content\/uploads\/2023\/11\/20180727_190720.jpg\"><span data-alt=\"Ruta de verano El Farolet\"><\/span><\/a><\/div><div class=\"rsContent\"><a class=\"rsImg\" data-rsw=\"1004\" data-rsh=\"388\" href=\"https:\/\/turisme.mutxamel.org\/wp-content\/uploads\/2023\/11\/rollos-de-anis.jpg\"><span data-alt=\"rollos de anis\"><\/span><\/a><\/div><\/div><img decoding=\"async\" src=\"https:\/\/turisme.mutxamel.org\/wp-content\/uploads\/2023\/11\/assuts.jpg\" width=\"1340\" height=\"400\" alt=\"Ruta Assut Mutxamel - Assut Sant Joan\" loading=\"lazy\"><\/div><div class=\"w-slider-json\" onclick='return {&quot;autoScaleSlider&quot;:true,&quot;addActiveClass&quot;:true,&quot;loop&quot;:true,&quot;fadeInLoadedSlide&quot;:false,&quot;slidesSpacing&quot;:0,&quot;imageScalePadding&quot;:0,&quot;numImagesToPreload&quot;:2,&quot;arrowsNav&quot;:false,&quot;arrowsNavAutoHide&quot;:false,&quot;transitionType&quot;:&quot;fade&quot;,&quot;transitionSpeed&quot;:1000,&quot;block&quot;:{&quot;moveEffect&quot;:&quot;none&quot;,&quot;speed&quot;:300},&quot;thumbs&quot;:{&quot;fitInViewport&quot;:false,&quot;firstMargin&quot;:false,&quot;spacing&quot;:4},&quot;controlNavigation&quot;:&quot;none&quot;,&quot;autoplay&quot;:{&quot;enabled&quot;:true,&quot;pauseOnHover&quot;:false,&quot;delay&quot;:3000},&quot;autoScaleSliderWidth&quot;:1340,&quot;autoScaleSliderHeight&quot;:400}'><\/div><\/div><\/div><div class=\"l-section-overlay\" style=\"background:rgba(13,131,62,0.80)\"><\/div><div class=\"l-section-h i-cf\"><div class=\"g-cols vc_row via_grid cols_1 laptops-cols_inherit tablets-cols_inherit mobiles-cols_1 valign_top type_default stacking_default\"><div class=\"wpb_column vc_column_container us_custom_eb849559\"><div class=\"vc_column-inner\"><div class=\"wpb_text_column us_custom_3e734877 has_text_color\"><div class=\"wpb_wrapper\"><p>QU\u00c8 FER<\/p>\n<\/div><\/div><\/div><\/div><\/div><\/div><\/section><section class=\"l-section wpb_row height_auto width_full color_primary\"><div class=\"l-section-overlay\" style=\"background:#000000\"><\/div><div class=\"l-section-h i-cf\"><div class=\"g-cols vc_row via_grid cols_1 laptops-cols_inherit tablets-cols_inherit mobiles-cols_1 valign_top type_default stacking_default\"><div class=\"wpb_column vc_column_container\"><div class=\"vc_column-inner\"><section class=\"l-section wpb_row height_auto\"><div class=\"l-section-overlay\" style=\"background:#000000\"><\/div><div class=\"l-section-h i-cf\"><div class=\"g-cols vc_row via_grid cols_1 laptops-cols_inherit tablets-cols_inherit mobiles-cols_1 valign_top type_default stacking_default\"><div class=\"wpb_column vc_column_container\"><div class=\"vc_column-inner\"><div class=\"w-separator size_small\"><\/div><div class=\"w-separator size_small\"><\/div><\/div><\/div><\/div><\/div><\/section>\n<\/div><\/div><\/div><\/div><\/section><section class=\"l-section wpb_row height_auto width_full\"><div class=\"l-section-h i-cf\"><div class=\"g-cols vc_row via_grid cols_1 laptops-cols_inherit tablets-cols_inherit mobiles-cols_1 valign_top type_default stacking_default\"><div class=\"wpb_column vc_column_container\"><div class=\"vc_column-inner\"><section class=\"l-section wpb_row us_custom_e4988f48 has_text_color height_auto\"><div class=\"l-section-overlay\" style=\"background:#E3E4E4\"><\/div><div class=\"l-section-h i-cf\"><div class=\"g-cols vc_row via_grid cols_1 laptops-cols_inherit tablets-cols_inherit mobiles-cols_1 valign_top type_default stacking_default\"><div class=\"wpb_column vc_column_container\"><div class=\"vc_column-inner\"><nav class=\"g-breadcrumbs us_custom_492179a4 separator_icon align_left\" itemscope itemtype=\"http:\/\/schema.org\/BreadcrumbList\"><div class=\"g-breadcrumbs-item\" itemscope itemprop=\"itemListElement\" itemtype=\"http:\/\/schema.org\/ListItem\"><a itemprop=\"item\" href=\"https:\/\/turisme.mutxamel.org\/ca\/\"><span itemprop=\"name\">Inici<\/span><\/a><meta itemprop=\"position\" content=\"1\"\/><\/div><div class=\"g-breadcrumbs-separator\"><i class=\"far fa-angle-right\"><\/i><\/div><div class=\"g-breadcrumbs-item\">P\u00e0gines<\/div><\/nav><\/div><\/div><\/div><\/div><\/section><section class=\"l-section wpb_row height_auto\"><div class=\"l-section-h i-cf\"><div class=\"g-cols vc_row via_grid cols_1 laptops-cols_inherit tablets-cols_inherit mobiles-cols_1 valign_top type_default stacking_default\"><div class=\"wpb_column vc_column_container\"><div class=\"vc_column-inner\"><div class=\"w-separator size_small\"><\/div><\/div><\/div><\/div><\/div><\/section>\n<\/div><\/div><\/div><\/div><\/section>\n<\/div><\/div><\/div><\/div><\/section><section class=\"l-section wpb_row height_small\"><div class=\"l-section-h i-cf\"><div class=\"g-cols vc_row via_grid cols_1 laptops-cols_inherit tablets-cols_inherit mobiles-cols_1 valign_top type_default stacking_default\"><div class=\"wpb_column vc_column_container\"><div class=\"vc_column-inner\"><div id=\"ultimate-heading-196269f29f005fd94\" class=\"uvc-heading ult-adjust-bottom-margin ultimate-heading-196269f29f005fd94 uvc-1432 \" data-hspacer=\"no_spacer\"  data-halign=\"left\" style=\"text-align:left\"><div class=\"uvc-heading-spacer no_spacer\" style=\"top\"><\/div><div class=\"uvc-main-heading ult-responsive\"  data-ultimate-target='.uvc-heading.ultimate-heading-196269f29f005fd94 h1'  data-responsive-json-new='{\"font-size\":\"\",\"line-height\":\"\"}' ><h1 style=\"font-weight:normal;\">Ruta Assut Vell \u2013 Lloma de Ramos<\/h1><\/div><\/div><div class=\"w-separator size_small\"><\/div><\/div><\/div><\/div><\/div><\/section><section class=\"l-section wpb_row height_auto\"><div class=\"l-section-h i-cf\"><div class=\"g-cols vc_row via_grid cols_1 laptops-cols_inherit tablets-cols_inherit mobiles-cols_1 valign_top type_default stacking_default\"><div class=\"wpb_column vc_column_container\"><div class=\"vc_column-inner\"><div class=\"w-image us_custom_2d9ebfef align_center\"><div class=\"w-image-h\"><img decoding=\"async\" width=\"1340\" height=\"400\" src=\"https:\/\/turisme.mutxamel.org\/wp-content\/uploads\/2023\/11\/llomaRamos.jpg\" class=\"attachment-full size-full\" alt=\"Ruta Assut Mutxamel - Lloma de ramos\" loading=\"lazy\" srcset=\"https:\/\/turisme.mutxamel.org\/wp-content\/uploads\/2023\/11\/llomaRamos.jpg 1340w, https:\/\/turisme.mutxamel.org\/wp-content\/uploads\/2023\/11\/llomaRamos-300x90.jpg 300w, https:\/\/turisme.mutxamel.org\/wp-content\/uploads\/2023\/11\/llomaRamos-1024x306.jpg 1024w\" sizes=\"auto, (max-width: 1340px) 100vw, 1340px\" \/><\/div><\/div><div class=\"w-separator size_small\"><\/div><\/div><\/div><\/div><\/div><\/section><section class=\"l-section wpb_row height_medium\"><div class=\"l-section-h i-cf\"><div class=\"g-cols vc_row via_grid cols_2 laptops-cols_inherit tablets-cols_inherit mobiles-cols_1 valign_top type_default stacking_default\"><div class=\"wpb_column vc_column_container us_custom_0ccc3812\"><div class=\"vc_column-inner\"><div class=\"wpb_text_column\"><div class=\"wpb_wrapper\"><p>Este recorregut permet con\u00e9ixer diferents infraestructures hidr\u00e0uliques constru\u00efdes per a aprofitar les aig\u00fces del riu Sec. Al llarg de la senda podem disfrutar de dos tipus de paisatge, l\u2019associat al llit del riu, amb una vegetaci\u00f3 caracter\u00edstica i un terreny on abunden els vessants molt erosionats pel vent i l\u2019aigua (abarrancaments), i l\u2019associat a les elevacions suaus del terreny, com \u00e9s la Lloma de Ramos amb el t\u00edpic espartar.<\/p>\n<\/div><\/div><div class=\"w-separator size_medium\"><\/div><div class=\"w-iconbox us_custom_a517cbce iconpos_left style_default color_custom align_left no_text\"><div class=\"w-iconbox-icon\" style=\"font-size:1.5rem;--icon-color:#0D803E;\"><i class=\"fas fa-map-marker\"><\/i><\/div><div class=\"w-iconbox-meta\"><h6 class=\"w-iconbox-title\">Inici: \u00c0rea Recreativa de la Sabateta<\/h6><\/div><\/div><div class=\"w-iconbox us_custom_a517cbce iconpos_left style_default color_custom align_left no_text\"><div class=\"w-iconbox-icon\" style=\"font-size:1.5rem;--icon-color:#0D803E;\"><i class=\"fas fa-route\"><\/i><\/div><div class=\"w-iconbox-meta\"><h6 class=\"w-iconbox-title\">Longitud: 3.150 m (nom\u00e9s anada)<\/h6><\/div><\/div><div class=\"w-iconbox us_custom_a517cbce iconpos_left style_default color_custom align_left no_text\"><div class=\"w-iconbox-icon\" style=\"font-size:1.5rem;--icon-color:#0D803E;\"><i class=\"fas fa-chart-line\"><\/i><\/div><div class=\"w-iconbox-meta\"><h6 class=\"w-iconbox-title\">Dificultat: Baixa<\/h6><\/div><\/div><div class=\"w-iconbox us_custom_a517cbce iconpos_left style_default color_custom align_left no_text\"><div class=\"w-iconbox-icon\" style=\"font-size:1.5rem;--icon-color:#0D803E;\"><i class=\"fas fa-clock\"><\/i><\/div><div class=\"w-iconbox-meta\"><h6 class=\"w-iconbox-title\">Duraci\u00f3: 1h 15 m<\/h6><\/div><\/div><div class=\"w-separator size_medium\"><\/div><div class=\"w-iconbox us_custom_fe886e40 iconpos_left style_default color_custom align_left no_text\"><a target=\"_blank\" href=\"https:\/\/turisme.mutxamel.org\/wp-content\/uploads\/2023\/11\/21221SL-CV-153-ASSUT-MUTXAMEL-LLOMA-RAMOS.pdf\" class=\"w-iconbox-link\" aria-label=\"Descarregar PDF\"><div class=\"w-iconbox-icon\" style=\"font-size:2rem;--icon-color:#0D803E;\"><i class=\"fas fa-file-pdf\"><\/i><\/div><\/a><div class=\"w-iconbox-meta\"><h5 class=\"w-iconbox-title\"><a target=\"_blank\" href=\"https:\/\/turisme.mutxamel.org\/wp-content\/uploads\/2023\/11\/21221SL-CV-153-ASSUT-MUTXAMEL-LLOMA-RAMOS.pdf\" class=\"w-iconbox-link\" aria-label=\"Descarregar PDF\">Descarregar PDF<\/a><\/h5><\/div><\/div><\/div><\/div><div class=\"wpb_column vc_column_container us_custom_1e61d90b has_bg_color\"><div class=\"vc_column-inner\"><div class=\"w-image hide_on_default hide_on_laptops align_center\"><a ref=\"magnificPopup\" href=\"https:\/\/turisme.mutxamel.org\/wp-content\/uploads\/2023\/11\/llomaRamosRuta.jpg\" aria-label=\"llomaRamosRuta\" class=\"w-image-h\"><img decoding=\"async\" width=\"1024\" height=\"944\" src=\"https:\/\/turisme.mutxamel.org\/wp-content\/uploads\/2023\/11\/llomaRamosRuta-1024x944.jpg\" class=\"attachment-large size-large\" alt=\"Ruta Assut Mutxamel - Lloma de ramos\" loading=\"lazy\" srcset=\"https:\/\/turisme.mutxamel.org\/wp-content\/uploads\/2023\/11\/llomaRamosRuta-1024x944.jpg 1024w, https:\/\/turisme.mutxamel.org\/wp-content\/uploads\/2023\/11\/llomaRamosRuta-300x276.jpg 300w, https:\/\/turisme.mutxamel.org\/wp-content\/uploads\/2023\/11\/llomaRamosRuta.jpg 1340w\" sizes=\"auto, (max-width: 1024px) 100vw, 1024px\" \/><\/a><\/div><\/div><\/div><\/div><\/div><\/section><section class=\"l-section wpb_row height_auto\"><div class=\"l-section-h i-cf\"><div class=\"g-cols vc_row via_grid cols_1 laptops-cols_inherit tablets-cols_inherit mobiles-cols_1 valign_top type_default stacking_default\"><div class=\"wpb_column vc_column_container\"><div class=\"vc_column-inner\"><div class=\"w-actionbox us_custom_74a0e6c7 color_secondary controls_right\"><div class=\"w-actionbox-text\"><p class=\"w-actionbox-title\">Realitzar el Tour Virtual 360\u00ba<\/p><\/div><div class=\"w-actionbox-controls\"><a class=\"w-btn us-btn-style_5 icon_atleft\" style=\"font-size:1.1rem\" target=\"_blank\" href=\"https:\/\/api.lookishtg.com\/360\/alicante-provincia\/mutxamel\/cv154\/index.htm\"><i class=\"fas fa-vr-cardboard\"><\/i><span class=\"w-btn-label\">Clic ac\u00ed<\/span><\/a><\/div><\/div><div class=\"w-separator size_medium\"><\/div><\/div><\/div><\/div><\/div><\/section><section class=\"l-section wpb_row height_auto\"><div class=\"l-section-overlay\" style=\"background:#E3E4E4\"><\/div><div class=\"l-section-h i-cf\"><div class=\"g-cols vc_row via_grid cols_1 laptops-cols_inherit tablets-cols_inherit mobiles-cols_1 valign_top type_default stacking_default\" style=\"--columns-gap:0rem;\"><div class=\"wpb_column vc_column_container\"><div class=\"vc_column-inner\"><section class=\"l-section wpb_row us_custom_8591a7b2 height_medium\" id=\"fila-otros-elementos\"><div class=\"l-section-overlay\" style=\"background:#E3E4E4\"><\/div><div class=\"l-section-h i-cf\"><div class=\"g-cols vc_row via_grid cols_1 laptops-cols_inherit tablets-cols_inherit mobiles-cols_1 valign_top type_default stacking_default\" style=\"--columns-gap:0rem;\"><div class=\"wpb_column vc_column_container us_custom_8591a7b2\"><div class=\"vc_column-inner\"><\/div><\/div><\/div><\/div><\/section>\n<\/div><\/div><\/div><\/div><\/section>\n","protected":false},"excerpt":{"rendered":"QU\u00c8 FER IniciP\u00e0gines Ruta Assut Vell \u2013 Lloma de RamosEste recorregut permet con\u00e9ixer diferents infraestructures hidr\u00e0uliques constru\u00efdes per a aprofitar les aig\u00fces del riu Sec. Al llarg de la senda podem disfrutar de dos tipus de paisatge, l\u2019associat al llit del riu, amb una vegetaci\u00f3 caracter\u00edstica i un terreny on abunden els vessants molt erosionats...","protected":false},"author":1,"featured_media":681,"parent":1450,"menu_order":128,"comment_status":"closed","ping_status":"closed","template":"","meta":{"footnotes":""},"clasificacion":[18],"class_list":["post-1495","page","type-page","status-publish","has-post-thumbnail","hentry","clasificacion-turismo-activo"],"yoast_head":"<!-- This site is optimized with the Yoast SEO plugin v27.4 - https:\/\/yoast.com\/product\/yoast-seo-wordpress\/ -->\n<title>Ruta Assut Vell \u2013 Lloma de Ramos - Turismo Mutxamel<\/title>\n<meta name=\"robots\" content=\"index, follow, max-snippet:-1, max-image-preview:large, max-video-preview:-1\" \/>\n<link rel=\"canonical\" href=\"https:\/\/turisme.mutxamel.org\/ca\/turisme-actiu\/ruta-assut-vell-lloma-de-ramos\/\" \/>\n<meta property=\"og:locale\" content=\"ca_ES\" \/>\n<meta property=\"og:type\" content=\"article\" \/>\n<meta property=\"og:title\" content=\"Ruta Assut Vell \u2013 Lloma de Ramos - Turismo Mutxamel\" \/>\n<meta property=\"og:url\" content=\"https:\/\/turisme.mutxamel.org\/ca\/turisme-actiu\/ruta-assut-vell-lloma-de-ramos\/\" \/>\n<meta property=\"og:site_name\" content=\"Turismo Mutxamel\" \/>\n<meta property=\"article:publisher\" content=\"https:\/\/www.facebook.com\/mutxamelturismo\" \/>\n<meta property=\"article:modified_time\" content=\"2025-03-07T08:33:04+00:00\" \/>\n<meta property=\"og:image\" content=\"https:\/\/turisme.mutxamel.org\/wp-content\/uploads\/2023\/11\/llomaRamos.jpg\" \/>\n\t<meta property=\"og:image:width\" content=\"1340\" \/>\n\t<meta property=\"og:image:height\" content=\"400\" \/>\n\t<meta property=\"og:image:type\" content=\"image\/jpeg\" \/>\n<meta name=\"twitter:card\" content=\"summary_large_image\" \/>\n<meta name=\"twitter:label1\" content=\"Temps estimat de lectura\" \/>\n\t<meta name=\"twitter:data1\" content=\"2 minuts\" \/>\n<script type=\"application\/ld+json\" class=\"yoast-schema-graph\">{\"@context\":\"https:\\\/\\\/schema.org\",\"@graph\":[{\"@type\":\"WebPage\",\"@id\":\"https:\\\/\\\/turisme.mutxamel.org\\\/ca\\\/turisme-actiu\\\/ruta-assut-vell-lloma-de-ramos\\\/\",\"url\":\"https:\\\/\\\/turisme.mutxamel.org\\\/ca\\\/turisme-actiu\\\/ruta-assut-vell-lloma-de-ramos\\\/\",\"name\":\"Ruta Assut Vell \u2013 Lloma de Ramos - Turismo Mutxamel\",\"isPartOf\":{\"@id\":\"https:\\\/\\\/turisme.mutxamel.org\\\/ca\\\/#website\"},\"primaryImageOfPage\":{\"@id\":\"https:\\\/\\\/turisme.mutxamel.org\\\/ca\\\/turisme-actiu\\\/ruta-assut-vell-lloma-de-ramos\\\/#primaryimage\"},\"image\":{\"@id\":\"https:\\\/\\\/turisme.mutxamel.org\\\/ca\\\/turisme-actiu\\\/ruta-assut-vell-lloma-de-ramos\\\/#primaryimage\"},\"thumbnailUrl\":\"https:\\\/\\\/turisme.mutxamel.org\\\/wp-content\\\/uploads\\\/2023\\\/11\\\/llomaRamos.jpg\",\"datePublished\":\"2023-11-11T12:07:21+00:00\",\"dateModified\":\"2025-03-07T08:33:04+00:00\",\"breadcrumb\":{\"@id\":\"https:\\\/\\\/turisme.mutxamel.org\\\/ca\\\/turisme-actiu\\\/ruta-assut-vell-lloma-de-ramos\\\/#breadcrumb\"},\"inLanguage\":\"ca\",\"potentialAction\":[{\"@type\":\"ReadAction\",\"target\":[\"https:\\\/\\\/turisme.mutxamel.org\\\/ca\\\/turisme-actiu\\\/ruta-assut-vell-lloma-de-ramos\\\/\"]}]},{\"@type\":\"ImageObject\",\"inLanguage\":\"ca\",\"@id\":\"https:\\\/\\\/turisme.mutxamel.org\\\/ca\\\/turisme-actiu\\\/ruta-assut-vell-lloma-de-ramos\\\/#primaryimage\",\"url\":\"https:\\\/\\\/turisme.mutxamel.org\\\/wp-content\\\/uploads\\\/2023\\\/11\\\/llomaRamos.jpg\",\"contentUrl\":\"https:\\\/\\\/turisme.mutxamel.org\\\/wp-content\\\/uploads\\\/2023\\\/11\\\/llomaRamos.jpg\",\"width\":1340,\"height\":400,\"caption\":\"Ruta Assut Mutxamel - Lloma de ramos\"},{\"@type\":\"BreadcrumbList\",\"@id\":\"https:\\\/\\\/turisme.mutxamel.org\\\/ca\\\/turisme-actiu\\\/ruta-assut-vell-lloma-de-ramos\\\/#breadcrumb\",\"itemListElement\":[{\"@type\":\"ListItem\",\"position\":1,\"name\":\"Portada\",\"item\":\"https:\\\/\\\/turisme.mutxamel.org\\\/ca\\\/inicio\\\/\"},{\"@type\":\"ListItem\",\"position\":2,\"name\":\"Turisme Actiu\",\"item\":\"https:\\\/\\\/turisme.mutxamel.org\\\/ca\\\/turisme-actiu\\\/\"},{\"@type\":\"ListItem\",\"position\":3,\"name\":\"Ruta Assut Vell \u2013 Lloma de Ramos\"}]},{\"@type\":\"WebSite\",\"@id\":\"https:\\\/\\\/turisme.mutxamel.org\\\/ca\\\/#website\",\"url\":\"https:\\\/\\\/turisme.mutxamel.org\\\/ca\\\/\",\"name\":\"Turismo Mutxamel\",\"description\":\"\",\"publisher\":{\"@id\":\"https:\\\/\\\/turisme.mutxamel.org\\\/ca\\\/#organization\"},\"potentialAction\":[{\"@type\":\"SearchAction\",\"target\":{\"@type\":\"EntryPoint\",\"urlTemplate\":\"https:\\\/\\\/turisme.mutxamel.org\\\/ca\\\/?s={search_term_string}\"},\"query-input\":{\"@type\":\"PropertyValueSpecification\",\"valueRequired\":true,\"valueName\":\"search_term_string\"}}],\"inLanguage\":\"ca\"},{\"@type\":\"Organization\",\"@id\":\"https:\\\/\\\/turisme.mutxamel.org\\\/ca\\\/#organization\",\"name\":\"Turismo Mutxamel\",\"url\":\"https:\\\/\\\/turisme.mutxamel.org\\\/ca\\\/\",\"logo\":{\"@type\":\"ImageObject\",\"inLanguage\":\"ca\",\"@id\":\"https:\\\/\\\/turisme.mutxamel.org\\\/ca\\\/#\\\/schema\\\/logo\\\/image\\\/\",\"url\":\"https:\\\/\\\/turisme.mutxamel.org\\\/wp-content\\\/uploads\\\/2024\\\/01\\\/logo-turismo-mutxamel.jpg\",\"contentUrl\":\"https:\\\/\\\/turisme.mutxamel.org\\\/wp-content\\\/uploads\\\/2024\\\/01\\\/logo-turismo-mutxamel.jpg\",\"width\":195,\"height\":81,\"caption\":\"Turismo Mutxamel\"},\"image\":{\"@id\":\"https:\\\/\\\/turisme.mutxamel.org\\\/ca\\\/#\\\/schema\\\/logo\\\/image\\\/\"},\"sameAs\":[\"https:\\\/\\\/www.facebook.com\\\/mutxamelturismo\",\"https:\\\/\\\/www.instagram.com\\\/mutxamelturismo\\\/\",\"https:\\\/\\\/www.youtube.com\\\/aytomutxamel\"]}]}<\/script>\n<!-- \/ Yoast SEO plugin. -->","yoast_head_json":{"title":"Ruta Assut Vell \u2013 Lloma de Ramos - Turismo Mutxamel","robots":{"index":"index","follow":"follow","max-snippet":"max-snippet:-1","max-image-preview":"max-image-preview:large","max-video-preview":"max-video-preview:-1"},"canonical":"https:\/\/turisme.mutxamel.org\/ca\/turisme-actiu\/ruta-assut-vell-lloma-de-ramos\/","og_locale":"ca_ES","og_type":"article","og_title":"Ruta Assut Vell \u2013 Lloma de Ramos - Turismo Mutxamel","og_url":"https:\/\/turisme.mutxamel.org\/ca\/turisme-actiu\/ruta-assut-vell-lloma-de-ramos\/","og_site_name":"Turismo Mutxamel","article_publisher":"https:\/\/www.facebook.com\/mutxamelturismo","article_modified_time":"2025-03-07T08:33:04+00:00","og_image":[{"width":1340,"height":400,"url":"https:\/\/turisme.mutxamel.org\/wp-content\/uploads\/2023\/11\/llomaRamos.jpg","type":"image\/jpeg"}],"twitter_card":"summary_large_image","twitter_misc":{"Temps estimat de lectura":"2 minuts"},"schema":{"@context":"https:\/\/schema.org","@graph":[{"@type":"WebPage","@id":"https:\/\/turisme.mutxamel.org\/ca\/turisme-actiu\/ruta-assut-vell-lloma-de-ramos\/","url":"https:\/\/turisme.mutxamel.org\/ca\/turisme-actiu\/ruta-assut-vell-lloma-de-ramos\/","name":"Ruta Assut Vell \u2013 Lloma de Ramos - Turismo Mutxamel","isPartOf":{"@id":"https:\/\/turisme.mutxamel.org\/ca\/#website"},"primaryImageOfPage":{"@id":"https:\/\/turisme.mutxamel.org\/ca\/turisme-actiu\/ruta-assut-vell-lloma-de-ramos\/#primaryimage"},"image":{"@id":"https:\/\/turisme.mutxamel.org\/ca\/turisme-actiu\/ruta-assut-vell-lloma-de-ramos\/#primaryimage"},"thumbnailUrl":"https:\/\/turisme.mutxamel.org\/wp-content\/uploads\/2023\/11\/llomaRamos.jpg","datePublished":"2023-11-11T12:07:21+00:00","dateModified":"2025-03-07T08:33:04+00:00","breadcrumb":{"@id":"https:\/\/turisme.mutxamel.org\/ca\/turisme-actiu\/ruta-assut-vell-lloma-de-ramos\/#breadcrumb"},"inLanguage":"ca","potentialAction":[{"@type":"ReadAction","target":["https:\/\/turisme.mutxamel.org\/ca\/turisme-actiu\/ruta-assut-vell-lloma-de-ramos\/"]}]},{"@type":"ImageObject","inLanguage":"ca","@id":"https:\/\/turisme.mutxamel.org\/ca\/turisme-actiu\/ruta-assut-vell-lloma-de-ramos\/#primaryimage","url":"https:\/\/turisme.mutxamel.org\/wp-content\/uploads\/2023\/11\/llomaRamos.jpg","contentUrl":"https:\/\/turisme.mutxamel.org\/wp-content\/uploads\/2023\/11\/llomaRamos.jpg","width":1340,"height":400,"caption":"Ruta Assut Mutxamel - Lloma de ramos"},{"@type":"BreadcrumbList","@id":"https:\/\/turisme.mutxamel.org\/ca\/turisme-actiu\/ruta-assut-vell-lloma-de-ramos\/#breadcrumb","itemListElement":[{"@type":"ListItem","position":1,"name":"Portada","item":"https:\/\/turisme.mutxamel.org\/ca\/inicio\/"},{"@type":"ListItem","position":2,"name":"Turisme Actiu","item":"https:\/\/turisme.mutxamel.org\/ca\/turisme-actiu\/"},{"@type":"ListItem","position":3,"name":"Ruta Assut Vell \u2013 Lloma de Ramos"}]},{"@type":"WebSite","@id":"https:\/\/turisme.mutxamel.org\/ca\/#website","url":"https:\/\/turisme.mutxamel.org\/ca\/","name":"Turismo Mutxamel","description":"","publisher":{"@id":"https:\/\/turisme.mutxamel.org\/ca\/#organization"},"potentialAction":[{"@type":"SearchAction","target":{"@type":"EntryPoint","urlTemplate":"https:\/\/turisme.mutxamel.org\/ca\/?s={search_term_string}"},"query-input":{"@type":"PropertyValueSpecification","valueRequired":true,"valueName":"search_term_string"}}],"inLanguage":"ca"},{"@type":"Organization","@id":"https:\/\/turisme.mutxamel.org\/ca\/#organization","name":"Turismo Mutxamel","url":"https:\/\/turisme.mutxamel.org\/ca\/","logo":{"@type":"ImageObject","inLanguage":"ca","@id":"https:\/\/turisme.mutxamel.org\/ca\/#\/schema\/logo\/image\/","url":"https:\/\/turisme.mutxamel.org\/wp-content\/uploads\/2024\/01\/logo-turismo-mutxamel.jpg","contentUrl":"https:\/\/turisme.mutxamel.org\/wp-content\/uploads\/2024\/01\/logo-turismo-mutxamel.jpg","width":195,"height":81,"caption":"Turismo Mutxamel"},"image":{"@id":"https:\/\/turisme.mutxamel.org\/ca\/#\/schema\/logo\/image\/"},"sameAs":["https:\/\/www.facebook.com\/mutxamelturismo","https:\/\/www.instagram.com\/mutxamelturismo\/","https:\/\/www.youtube.com\/aytomutxamel"]}]}},"_links":{"self":[{"href":"https:\/\/turisme.mutxamel.org\/ca\/wp-json\/wp\/v2\/pages\/1495","targetHints":{"allow":["GET"]}}],"collection":[{"href":"https:\/\/turisme.mutxamel.org\/ca\/wp-json\/wp\/v2\/pages"}],"about":[{"href":"https:\/\/turisme.mutxamel.org\/ca\/wp-json\/wp\/v2\/types\/page"}],"author":[{"embeddable":true,"href":"https:\/\/turisme.mutxamel.org\/ca\/wp-json\/wp\/v2\/users\/1"}],"replies":[{"embeddable":true,"href":"https:\/\/turisme.mutxamel.org\/ca\/wp-json\/wp\/v2\/comments?post=1495"}],"version-history":[{"count":4,"href":"https:\/\/turisme.mutxamel.org\/ca\/wp-json\/wp\/v2\/pages\/1495\/revisions"}],"predecessor-version":[{"id":15718,"href":"https:\/\/turisme.mutxamel.org\/ca\/wp-json\/wp\/v2\/pages\/1495\/revisions\/15718"}],"up":[{"embeddable":true,"href":"https:\/\/turisme.mutxamel.org\/ca\/wp-json\/wp\/v2\/pages\/1450"}],"wp:featuredmedia":[{"embeddable":true,"href":"https:\/\/turisme.mutxamel.org\/ca\/wp-json\/wp\/v2\/media\/681"}],"wp:attachment":[{"href":"https:\/\/turisme.mutxamel.org\/ca\/wp-json\/wp\/v2\/media?parent=1495"}],"wp:term":[{"taxonomy":"clasificacion","embeddable":true,"href":"https:\/\/turisme.mutxamel.org\/ca\/wp-json\/wp\/v2\/clasificacion?post=1495"}],"curies":[{"name":"wp","href":"https:\/\/api.w.org\/{rel}","templated":true}]}}